{"version":"1.0","provider_name":"Lyc\u00e9e Franco-Allemand de Sarrebruck","provider_url":"https:\/\/dfg-lfa.org\/fr","title":"Le DFG-LFA invit\u00e9 \u00e0 Paris pour la f\u00eate de l'armistice (Reportages \u00e0 la t\u00e9l\u00e9) - Lyc\u00e9e Franco-Allemand de Sarrebruck","type":"rich","width":600,"height":338,"html":"<blockquote class=\"wp-embedded-content\" data-secret=\"3psTXWUx3n\"><a href=\"https:\/\/dfg-lfa.org\/fr\/2009\/11\/einladung-des-dfg-zur-waffenstillstandsfeier-in-paris\/\">Le DFG-LFA invit\u00e9 \u00e0 Paris pour la f\u00eate de l&rsquo;armistice (Reportages \u00e0 la t\u00e9l\u00e9)<\/a><\/blockquote><iframe sandbox=\"allow-scripts\" security=\"restricted\" src=\"https:\/\/dfg-lfa.org\/fr\/2009\/11\/einladung-des-dfg-zur-waffenstillstandsfeier-in-paris\/embed\/#?secret=3psTXWUx3n\" width=\"600\" height=\"338\" title=\"\u00ab\u00a0Le DFG-LFA invit\u00e9 \u00e0 Paris pour la f\u00eate de l&rsquo;armistice (Reportages \u00e0 la t\u00e9l\u00e9)\u00a0\u00bb &#8212; Lyc\u00e9e Franco-Allemand de Sarrebruck\" data-secret=\"3psTXWUx3n\" frameborder=\"0\" marginwidth=\"0\" marginheight=\"0\" scrolling=\"no\" class=\"wp-embedded-content\"><\/iframe><script>\n\/*! This file is auto-generated *\/\n!function(d,l){\"use strict\";l.querySelector&&d.addEventListener&&\"undefined\"!=typeof URL&&(d.wp=d.wp||{},d.wp.receiveEmbedMessage||(d.wp.receiveEmbedMessage=function(e){var t=e.data;if((t||t.secret||t.message||t.value)&&!\/[^a-zA-Z0-9]\/.test(t.secret)){for(var s,r,n,a=l.querySelectorAll('iframe[data-secret=\"'+t.secret+'\"]'),o=l.querySelectorAll('blockquote[data-secret=\"'+t.secret+'\"]'),c=new RegExp(\"^https?:$\",\"i\"),i=0;i<o.length;i++)o[i].style.display=\"none\";for(i=0;i<a.length;i++)s=a[i],e.source===s.contentWindow&&(s.removeAttribute(\"style\"),\"height\"===t.message?(1e3<(r=parseInt(t.value,10))?r=1e3:~~r<200&&(r=200),s.height=r):\"link\"===t.message&&(r=new URL(s.getAttribute(\"src\")),n=new URL(t.value),c.test(n.protocol))&&n.host===r.host&&l.activeElement===s&&(d.top.location.href=t.value))}},d.addEventListener(\"message\",d.wp.receiveEmbedMessage,!1),l.addEventListener(\"DOMContentLoaded\",function(){for(var e,t,s=l.querySelectorAll(\"iframe.wp-embedded-content\"),r=0;r<s.length;r++)(t=(e=s[r]).getAttribute(\"data-secret\"))||(t=Math.random().toString(36).substring(2,12),e.src+=\"#?secret=\"+t,e.setAttribute(\"data-secret\",t)),e.contentWindow.postMessage({message:\"ready\",secret:t},\"*\")},!1)))}(window,document);\n\/\/# sourceURL=https:\/\/dfg-lfa.org\/wp-includes\/js\/wp-embed.min.js\n<\/script>\n","thumbnail_url":"https:\/\/dfg-lfa.org\/wp-content\/uploads\/R\u00e9publique_fran\u00e7aise.jpg","thumbnail_width":"800","thumbnail_height":"471","description":"La t\u00e9l\u00e9vision fran\u00e7aise (France 2) et allemande (SR) ont diffus\u00e9 mercredi 11 novembre 2009 des reportages exclusifs concernant la participation exceptionnelle du lyc\u00e9e franco-allemand de Sarrebr\u00fcck aux festivit\u00e9s organis\u00e9es \u00e0 Paris en l&rsquo;honneur de l&rsquo;armistice sign\u00e9 le 11 novembre 1918. Le directeur allemand, Monsieur B\u00e4chle, le proviseur fran\u00e7ais, Monsieur Seitz, &hellip;"}