{"version":"1.0","provider_name":"Lyc\u00e9e Franco-Allemand de Sarrebruck","provider_url":"https:\/\/dfg-lfa.org\/fr","title":"Reportage sur le cinquanti\u00e8me anniversaire du LFA, sur la cha\u00eene sarroise SR - Lyc\u00e9e Franco-Allemand de Sarrebruck","type":"rich","width":600,"height":338,"html":"<blockquote class=\"wp-embedded-content\" data-secret=\"dll6nhKoHE\"><a href=\"https:\/\/dfg-lfa.org\/fr\/2011\/03\/50-jahriges-dfg-jubilaum-fernsehbericht-im-sr\/\">Reportage sur le cinquanti\u00e8me anniversaire du LFA, sur la cha\u00eene sarroise SR<\/a><\/blockquote><iframe sandbox=\"allow-scripts\" security=\"restricted\" src=\"https:\/\/dfg-lfa.org\/fr\/2011\/03\/50-jahriges-dfg-jubilaum-fernsehbericht-im-sr\/embed\/#?secret=dll6nhKoHE\" width=\"600\" height=\"338\" title=\"\u00ab\u00a0Reportage sur le cinquanti\u00e8me anniversaire du LFA, sur la cha\u00eene sarroise SR\u00a0\u00bb &#8212; Lyc\u00e9e Franco-Allemand de Sarrebruck\" data-secret=\"dll6nhKoHE\" frameborder=\"0\" marginwidth=\"0\" marginheight=\"0\" scrolling=\"no\" class=\"wp-embedded-content\"><\/iframe><script>\n\/*! This file is auto-generated *\/\n!function(d,l){\"use strict\";l.querySelector&&d.addEventListener&&\"undefined\"!=typeof URL&&(d.wp=d.wp||{},d.wp.receiveEmbedMessage||(d.wp.receiveEmbedMessage=function(e){var t=e.data;if((t||t.secret||t.message||t.value)&&!\/[^a-zA-Z0-9]\/.test(t.secret)){for(var s,r,n,a=l.querySelectorAll('iframe[data-secret=\"'+t.secret+'\"]'),o=l.querySelectorAll('blockquote[data-secret=\"'+t.secret+'\"]'),c=new RegExp(\"^https?:$\",\"i\"),i=0;i<o.length;i++)o[i].style.display=\"none\";for(i=0;i<a.length;i++)s=a[i],e.source===s.contentWindow&&(s.removeAttribute(\"style\"),\"height\"===t.message?(1e3<(r=parseInt(t.value,10))?r=1e3:~~r<200&&(r=200),s.height=r):\"link\"===t.message&&(r=new URL(s.getAttribute(\"src\")),n=new URL(t.value),c.test(n.protocol))&&n.host===r.host&&l.activeElement===s&&(d.top.location.href=t.value))}},d.addEventListener(\"message\",d.wp.receiveEmbedMessage,!1),l.addEventListener(\"DOMContentLoaded\",function(){for(var e,t,s=l.querySelectorAll(\"iframe.wp-embedded-content\"),r=0;r<s.length;r++)(t=(e=s[r]).getAttribute(\"data-secret\"))||(t=Math.random().toString(36).substring(2,12),e.src+=\"#?secret=\"+t,e.setAttribute(\"data-secret\",t)),e.contentWindow.postMessage({message:\"ready\",secret:t},\"*\")},!1)))}(window,document);\n\/\/# sourceURL=https:\/\/dfg-lfa.org\/wp-includes\/js\/wp-embed.min.js\n<\/script>\n","thumbnail_url":"https:\/\/dfg-lfa.org\/wp-content\/uploads\/50-Jahre-DFG-im-Fernsehen.JPG","thumbnail_width":738,"thumbnail_height":410,"description":"A l&rsquo;occasion du cinquanti\u00e8me anniversaire du LFA, la cha\u00eene de t\u00e9l\u00e9vision sarroise, SR, a pr\u00e9sent\u00e9 notre \u00e9cole et le r\u00f4le particulier qu&rsquo;elle joue dans notre r\u00e9gion, dans son \u00e9mission\u00a0 \u201cAktueller Bericht\u201d du 18 mars 2011. Dans ce reportage, il est question de la signature du Trait\u00e9 de l&rsquo;Elys\u00e9e, en 1963, &hellip;"}