{"version":"1.0","provider_name":"Lyc\u00e9e Franco-Allemand de Sarrebruck","provider_url":"https:\/\/dfg-lfa.org\/fr","title":"\u00ab Le mot d\u2019or 2011 \u00bb : remise des prix - Lyc\u00e9e Franco-Allemand de Sarrebruck","type":"rich","width":600,"height":338,"html":"<blockquote class=\"wp-embedded-content\" data-secret=\"gCWtXHAk56\"><a href=\"https:\/\/dfg-lfa.org\/fr\/2011\/06\/le-mot-dor-2011-preisverleihung\/\">\u00ab Le mot d\u2019or 2011 \u00bb : remise des prix<\/a><\/blockquote><iframe sandbox=\"allow-scripts\" security=\"restricted\" src=\"https:\/\/dfg-lfa.org\/fr\/2011\/06\/le-mot-dor-2011-preisverleihung\/embed\/#?secret=gCWtXHAk56\" width=\"600\" height=\"338\" title=\"\u00ab\u00a0\u00ab Le mot d\u2019or 2011 \u00bb : remise des prix\u00a0\u00bb &#8212; Lyc\u00e9e Franco-Allemand de Sarrebruck\" data-secret=\"gCWtXHAk56\" frameborder=\"0\" marginwidth=\"0\" marginheight=\"0\" scrolling=\"no\" class=\"wp-embedded-content\"><\/iframe><script>\n\/*! This file is auto-generated *\/\n!function(d,l){\"use strict\";l.querySelector&&d.addEventListener&&\"undefined\"!=typeof URL&&(d.wp=d.wp||{},d.wp.receiveEmbedMessage||(d.wp.receiveEmbedMessage=function(e){var t=e.data;if((t||t.secret||t.message||t.value)&&!\/[^a-zA-Z0-9]\/.test(t.secret)){for(var s,r,n,a=l.querySelectorAll('iframe[data-secret=\"'+t.secret+'\"]'),o=l.querySelectorAll('blockquote[data-secret=\"'+t.secret+'\"]'),c=new RegExp(\"^https?:$\",\"i\"),i=0;i<o.length;i++)o[i].style.display=\"none\";for(i=0;i<a.length;i++)s=a[i],e.source===s.contentWindow&&(s.removeAttribute(\"style\"),\"height\"===t.message?(1e3<(r=parseInt(t.value,10))?r=1e3:~~r<200&&(r=200),s.height=r):\"link\"===t.message&&(r=new URL(s.getAttribute(\"src\")),n=new URL(t.value),c.test(n.protocol))&&n.host===r.host&&l.activeElement===s&&(d.top.location.href=t.value))}},d.addEventListener(\"message\",d.wp.receiveEmbedMessage,!1),l.addEventListener(\"DOMContentLoaded\",function(){for(var e,t,s=l.querySelectorAll(\"iframe.wp-embedded-content\"),r=0;r<s.length;r++)(t=(e=s[r]).getAttribute(\"data-secret\"))||(t=Math.random().toString(36).substring(2,12),e.src+=\"#?secret=\"+t,e.setAttribute(\"data-secret\",t)),e.contentWindow.postMessage({message:\"ready\",secret:t},\"*\")},!1)))}(window,document);\n\/\/# sourceURL=https:\/\/dfg-lfa.org\/wp-includes\/js\/wp-embed.min.js\n<\/script>\n","thumbnail_url":"https:\/\/dfg-lfa.org\/wp-content\/uploads\/le-mot-dor.jpg","thumbnail_width":600,"thumbnail_height":449,"description":"Les 2es ont particip\u00e9 en mars 2011 au jeu \u201ele mot d\u2019or\u201c organis\u00e9 par l\u2019organisation internationale de la francophonie et coordonn\u00e9e par M. F\u00e8vre. Cette ann\u00e9e 13 \u00e9l\u00e8ves de la classe de 2es ont \u00e9t\u00e9 laur\u00e9ats et ont re\u00e7u de nombreux prix, \u00e0 l\u2019occasion d\u2019une petite r\u00e9ception, dans les locaux &hellip;"}