{"version":"1.0","provider_name":"Lyc\u00e9e Franco-Allemand de Sarrebruck","provider_url":"https:\/\/dfg-lfa.org\/fr","title":"Nouveaux membres de l'\u00e9quipe des d\u00e9l\u00e9gu\u00e9s d'\u00e9l\u00e8ves : Clara Niesporek & Lois Gro\u00df - Lyc\u00e9e Franco-Allemand de Sarrebruck","type":"rich","width":600,"height":338,"html":"<blockquote class=\"wp-embedded-content\" data-secret=\"L6Na6nCpn3\"><a href=\"https:\/\/dfg-lfa.org\/fr\/2021\/03\/neue-sv-mitglieder-clara-niesporek-lois-gross\/\">Nouveaux membres de l&rsquo;\u00e9quipe des d\u00e9l\u00e9gu\u00e9s d&rsquo;\u00e9l\u00e8ves : Clara Niesporek &#038; Lois Gro\u00df<\/a><\/blockquote><iframe sandbox=\"allow-scripts\" security=\"restricted\" src=\"https:\/\/dfg-lfa.org\/fr\/2021\/03\/neue-sv-mitglieder-clara-niesporek-lois-gross\/embed\/#?secret=L6Na6nCpn3\" width=\"600\" height=\"338\" title=\"\u00ab\u00a0Nouveaux membres de l&rsquo;\u00e9quipe des d\u00e9l\u00e9gu\u00e9s d&rsquo;\u00e9l\u00e8ves : Clara Niesporek &#038; Lois Gro\u00df\u00a0\u00bb &#8212; Lyc\u00e9e Franco-Allemand de Sarrebruck\" data-secret=\"L6Na6nCpn3\" frameborder=\"0\" marginwidth=\"0\" marginheight=\"0\" scrolling=\"no\" class=\"wp-embedded-content\"><\/iframe><script>\n\/*! This file is auto-generated *\/\n!function(d,l){\"use strict\";l.querySelector&&d.addEventListener&&\"undefined\"!=typeof URL&&(d.wp=d.wp||{},d.wp.receiveEmbedMessage||(d.wp.receiveEmbedMessage=function(e){var t=e.data;if((t||t.secret||t.message||t.value)&&!\/[^a-zA-Z0-9]\/.test(t.secret)){for(var s,r,n,a=l.querySelectorAll('iframe[data-secret=\"'+t.secret+'\"]'),o=l.querySelectorAll('blockquote[data-secret=\"'+t.secret+'\"]'),c=new RegExp(\"^https?:$\",\"i\"),i=0;i<o.length;i++)o[i].style.display=\"none\";for(i=0;i<a.length;i++)s=a[i],e.source===s.contentWindow&&(s.removeAttribute(\"style\"),\"height\"===t.message?(1e3<(r=parseInt(t.value,10))?r=1e3:~~r<200&&(r=200),s.height=r):\"link\"===t.message&&(r=new URL(s.getAttribute(\"src\")),n=new URL(t.value),c.test(n.protocol))&&n.host===r.host&&l.activeElement===s&&(d.top.location.href=t.value))}},d.addEventListener(\"message\",d.wp.receiveEmbedMessage,!1),l.addEventListener(\"DOMContentLoaded\",function(){for(var e,t,s=l.querySelectorAll(\"iframe.wp-embedded-content\"),r=0;r<s.length;r++)(t=(e=s[r]).getAttribute(\"data-secret\"))||(t=Math.random().toString(36).substring(2,12),e.src+=\"#?secret=\"+t,e.setAttribute(\"data-secret\",t)),e.contentWindow.postMessage({message:\"ready\",secret:t},\"*\")},!1)))}(window,document);\n\/\/# sourceURL=https:\/\/dfg-lfa.org\/wp-includes\/js\/wp-embed.min.js\n<\/script>\n","thumbnail_url":"https:\/\/dfg-lfa.org\/wp-content\/uploads\/SV-ClaraLois.jpg","thumbnail_width":1500,"thumbnail_height":1032,"description":"Cette semaine, deux nouveaux d\u00e9l\u00e9gu\u00e9s ont \u00e9t\u00e9 \u00e9lus pour repr\u00e9senter les \u00e9l\u00e8ves. Nous sommes heureux de pouvoir f\u00e9liciter Lois Gro\u00df de la 2L1 et Clara Niesporek de la 2L2! La t\u00e2che des d\u00e9l\u00e9gu\u00e9s consiste \u00e0 repr\u00e9senter les int\u00e9r\u00eats et id\u00e9es des \u00e9l\u00e8ves et \u00e0 servir de m\u00e9diateur entre les \u00e9l\u00e8ves &hellip;"}