{"version":"1.0","provider_name":"Lyc\u00e9e Franco-Allemand de Sarrebruck","provider_url":"https:\/\/dfg-lfa.org\/fr","title":"Manifestation de solidarit\u00e9 des \u00e9l\u00e8ves du LFA - Lyc\u00e9e Franco-Allemand de Sarrebruck","type":"rich","width":600,"height":338,"html":"<blockquote class=\"wp-embedded-content\" data-secret=\"1Ddk0RIOsn\"><a href=\"https:\/\/dfg-lfa.org\/fr\/2022\/03\/solidaritaetskundgebung-der-dfg-schuelerinnen\/\">Manifestation de solidarit\u00e9 des \u00e9l\u00e8ves du LFA<\/a><\/blockquote><iframe sandbox=\"allow-scripts\" security=\"restricted\" src=\"https:\/\/dfg-lfa.org\/fr\/2022\/03\/solidaritaetskundgebung-der-dfg-schuelerinnen\/embed\/#?secret=1Ddk0RIOsn\" width=\"600\" height=\"338\" title=\"\u00ab\u00a0Manifestation de solidarit\u00e9 des \u00e9l\u00e8ves du LFA\u00a0\u00bb &#8212; Lyc\u00e9e Franco-Allemand de Sarrebruck\" data-secret=\"1Ddk0RIOsn\" frameborder=\"0\" marginwidth=\"0\" marginheight=\"0\" scrolling=\"no\" class=\"wp-embedded-content\"><\/iframe><script>\n\/*! This file is auto-generated *\/\n!function(d,l){\"use strict\";l.querySelector&&d.addEventListener&&\"undefined\"!=typeof URL&&(d.wp=d.wp||{},d.wp.receiveEmbedMessage||(d.wp.receiveEmbedMessage=function(e){var t=e.data;if((t||t.secret||t.message||t.value)&&!\/[^a-zA-Z0-9]\/.test(t.secret)){for(var s,r,n,a=l.querySelectorAll('iframe[data-secret=\"'+t.secret+'\"]'),o=l.querySelectorAll('blockquote[data-secret=\"'+t.secret+'\"]'),c=new RegExp(\"^https?:$\",\"i\"),i=0;i<o.length;i++)o[i].style.display=\"none\";for(i=0;i<a.length;i++)s=a[i],e.source===s.contentWindow&&(s.removeAttribute(\"style\"),\"height\"===t.message?(1e3<(r=parseInt(t.value,10))?r=1e3:~~r<200&&(r=200),s.height=r):\"link\"===t.message&&(r=new URL(s.getAttribute(\"src\")),n=new URL(t.value),c.test(n.protocol))&&n.host===r.host&&l.activeElement===s&&(d.top.location.href=t.value))}},d.addEventListener(\"message\",d.wp.receiveEmbedMessage,!1),l.addEventListener(\"DOMContentLoaded\",function(){for(var e,t,s=l.querySelectorAll(\"iframe.wp-embedded-content\"),r=0;r<s.length;r++)(t=(e=s[r]).getAttribute(\"data-secret\"))||(t=Math.random().toString(36).substring(2,12),e.src+=\"#?secret=\"+t,e.setAttribute(\"data-secret\",t)),e.contentWindow.postMessage({message:\"ready\",secret:t},\"*\")},!1)))}(window,document);\n\/\/# sourceURL=https:\/\/dfg-lfa.org\/wp-includes\/js\/wp-embed.min.js\n<\/script>\n","thumbnail_url":"https:\/\/dfg-lfa.org\/wp-content\/uploads\/IMG-20220305-WA0016-1.jpg","thumbnail_width":1600,"thumbnail_height":1200,"description":"\u00ab Faisons rugir l\u2019appel, le v\u0153u ultime de la paix dans le monde, et an\u00e9antissons celui de la guerre. \u00bb C\u2019est avec ces mots forts que les repr\u00e9sentants des \u00e9l\u00e8ves du LFA de Sarrebruck ont conclu leur discours aux tr\u00e8s nombreux \u00e9l\u00e8ves de notre \u00e9tablissement, samedi 5 mars 2022. Ils &hellip;"}