{"version":"1.0","provider_name":"Lyc\u00e9e Franco-Allemand de Sarrebruck","provider_url":"https:\/\/dfg-lfa.org\/fr","title":"Les \u00e9l\u00e8ves du LFA participent au Parlement europ\u00e9en des lyc\u00e9ens - Lyc\u00e9e Franco-Allemand de Sarrebruck","type":"rich","width":600,"height":338,"html":"<blockquote class=\"wp-embedded-content\" data-secret=\"X9TJqE3afB\"><a href=\"https:\/\/dfg-lfa.org\/fr\/2023\/05\/dfg-schuelerinnen-im-europaeischen-schuelerparlament\/\">Les \u00e9l\u00e8ves du LFA participent au Parlement europ\u00e9en des lyc\u00e9ens<\/a><\/blockquote><iframe sandbox=\"allow-scripts\" security=\"restricted\" src=\"https:\/\/dfg-lfa.org\/fr\/2023\/05\/dfg-schuelerinnen-im-europaeischen-schuelerparlament\/embed\/#?secret=X9TJqE3afB\" width=\"600\" height=\"338\" title=\"\u00ab\u00a0Les \u00e9l\u00e8ves du LFA participent au Parlement europ\u00e9en des lyc\u00e9ens\u00a0\u00bb &#8212; Lyc\u00e9e Franco-Allemand de Sarrebruck\" data-secret=\"X9TJqE3afB\" frameborder=\"0\" marginwidth=\"0\" marginheight=\"0\" scrolling=\"no\" class=\"wp-embedded-content\"><\/iframe><script>\n\/*! This file is auto-generated *\/\n!function(d,l){\"use strict\";l.querySelector&&d.addEventListener&&\"undefined\"!=typeof URL&&(d.wp=d.wp||{},d.wp.receiveEmbedMessage||(d.wp.receiveEmbedMessage=function(e){var t=e.data;if((t||t.secret||t.message||t.value)&&!\/[^a-zA-Z0-9]\/.test(t.secret)){for(var s,r,n,a=l.querySelectorAll('iframe[data-secret=\"'+t.secret+'\"]'),o=l.querySelectorAll('blockquote[data-secret=\"'+t.secret+'\"]'),c=new RegExp(\"^https?:$\",\"i\"),i=0;i<o.length;i++)o[i].style.display=\"none\";for(i=0;i<a.length;i++)s=a[i],e.source===s.contentWindow&&(s.removeAttribute(\"style\"),\"height\"===t.message?(1e3<(r=parseInt(t.value,10))?r=1e3:~~r<200&&(r=200),s.height=r):\"link\"===t.message&&(r=new URL(s.getAttribute(\"src\")),n=new URL(t.value),c.test(n.protocol))&&n.host===r.host&&l.activeElement===s&&(d.top.location.href=t.value))}},d.addEventListener(\"message\",d.wp.receiveEmbedMessage,!1),l.addEventListener(\"DOMContentLoaded\",function(){for(var e,t,s=l.querySelectorAll(\"iframe.wp-embedded-content\"),r=0;r<s.length;r++)(t=(e=s[r]).getAttribute(\"data-secret\"))||(t=Math.random().toString(36).substring(2,12),e.src+=\"#?secret=\"+t,e.setAttribute(\"data-secret\",t)),e.contentWindow.postMessage({message:\"ready\",secret:t},\"*\")},!1)))}(window,document);\n\/\/# sourceURL=https:\/\/dfg-lfa.org\/wp-includes\/js\/wp-embed.min.js\n<\/script>\n","thumbnail_url":"https:\/\/dfg-lfa.org\/wp-content\/uploads\/PEL-2023.jpg","thumbnail_width":1600,"thumbnail_height":901,"description":"Du 15-17 mai 2023, Cherine Ben Tahir (2ES2), Julian Bidot (2L), Oph\u00e9lia Blume (1L1), Katharina B\u00fcch (1L1), Max Ernst (1ES), Nicolas Fran\u00e7ois (2ES1), Sarah Gill (2L), Madeleine Hossfeld (2ES2), Elsa Plontz (2ES2), Galo Schmidt Moreno (2L), Klara Seebald, Nathana\u00ebl Tchoquessi (1ES), Apolline Toscani (2ES1), Leela Tusel (2ES2) et Elise Zwolinski &hellip;"}