{"version":"1.0","provider_name":"Lyc\u00e9e Franco-Allemand de Sarrebruck","provider_url":"https:\/\/dfg-lfa.org\/fr","title":"S\u00e9minaire candidatures pour nos \u00e9l\u00e8ves de terminale - Lyc\u00e9e Franco-Allemand de Sarrebruck","type":"rich","width":600,"height":338,"html":"<blockquote class=\"wp-embedded-content\" data-secret=\"hiNstkXJbJ\"><a href=\"https:\/\/dfg-lfa.org\/fr\/2025\/09\/bewerbertraining-fuer-terminale-klassen\/\">S\u00e9minaire candidatures pour nos \u00e9l\u00e8ves de terminale<\/a><\/blockquote><iframe sandbox=\"allow-scripts\" security=\"restricted\" src=\"https:\/\/dfg-lfa.org\/fr\/2025\/09\/bewerbertraining-fuer-terminale-klassen\/embed\/#?secret=hiNstkXJbJ\" width=\"600\" height=\"338\" title=\"\u00ab\u00a0S\u00e9minaire candidatures pour nos \u00e9l\u00e8ves de terminale\u00a0\u00bb &#8212; Lyc\u00e9e Franco-Allemand de Sarrebruck\" data-secret=\"hiNstkXJbJ\" frameborder=\"0\" marginwidth=\"0\" marginheight=\"0\" scrolling=\"no\" class=\"wp-embedded-content\"><\/iframe><script>\n\/*! This file is auto-generated *\/\n!function(d,l){\"use strict\";l.querySelector&&d.addEventListener&&\"undefined\"!=typeof URL&&(d.wp=d.wp||{},d.wp.receiveEmbedMessage||(d.wp.receiveEmbedMessage=function(e){var t=e.data;if((t||t.secret||t.message||t.value)&&!\/[^a-zA-Z0-9]\/.test(t.secret)){for(var s,r,n,a=l.querySelectorAll('iframe[data-secret=\"'+t.secret+'\"]'),o=l.querySelectorAll('blockquote[data-secret=\"'+t.secret+'\"]'),c=new RegExp(\"^https?:$\",\"i\"),i=0;i<o.length;i++)o[i].style.display=\"none\";for(i=0;i<a.length;i++)s=a[i],e.source===s.contentWindow&&(s.removeAttribute(\"style\"),\"height\"===t.message?(1e3<(r=parseInt(t.value,10))?r=1e3:~~r<200&&(r=200),s.height=r):\"link\"===t.message&&(r=new URL(s.getAttribute(\"src\")),n=new URL(t.value),c.test(n.protocol))&&n.host===r.host&&l.activeElement===s&&(d.top.location.href=t.value))}},d.addEventListener(\"message\",d.wp.receiveEmbedMessage,!1),l.addEventListener(\"DOMContentLoaded\",function(){for(var e,t,s=l.querySelectorAll(\"iframe.wp-embedded-content\"),r=0;r<s.length;r++)(t=(e=s[r]).getAttribute(\"data-secret\"))||(t=Math.random().toString(36).substring(2,12),e.src+=\"#?secret=\"+t,e.setAttribute(\"data-secret\",t)),e.contentWindow.postMessage({message:\"ready\",secret:t},\"*\")},!1)))}(window,document);\n\/\/# sourceURL=https:\/\/dfg-lfa.org\/wp-includes\/js\/wp-embed.min.js\n<\/script>\n","thumbnail_url":"https:\/\/dfg-lfa.org\/wp-content\/uploads\/WhatsApp-Bild-2025-09-10-um-19.07.07_10896b0b-1.jpg","thumbnail_width":1194,"thumbnail_height":681,"description":"Mercredi 10 septembre, nos \u00e9l\u00e8ves de Terminale ont eu l\u2019opportunit\u00e9 de participer \u00e0 un s\u00e9minaire in\u00e9dit, subventionn\u00e9 par Alfa, consacr\u00e9 aux candidatures et au march\u00e9 de l\u2019emploi. Anim\u00e9 par Madame Dupr\u00e9 Nicole, cet atelier de pr\u00e9paration \u00e0 l\u2019emploi d\u2019une demi-journ\u00e9e a permis d\u2019aborder trois th\u00e9matiques essentielles : Candidatures : optimiser &hellip;"}