{"version":"1.0","provider_name":"Lyc\u00e9e Franco-Allemand de Sarrebruck","provider_url":"https:\/\/dfg-lfa.org\/fr","title":"Invitation au concert de l\u2019Avent - Lyc\u00e9e Franco-Allemand de Sarrebruck","type":"rich","width":600,"height":338,"html":"<blockquote class=\"wp-embedded-content\" data-secret=\"hkYDDlkdp9\"><a href=\"https:\/\/dfg-lfa.org\/fr\/2025\/11\/einladung-zum-adventskonzert-adventszeit-mit-den-choristes\/\">Invitation au concert de l\u2019Avent<\/a><\/blockquote><iframe sandbox=\"allow-scripts\" security=\"restricted\" src=\"https:\/\/dfg-lfa.org\/fr\/2025\/11\/einladung-zum-adventskonzert-adventszeit-mit-den-choristes\/embed\/#?secret=hkYDDlkdp9\" width=\"600\" height=\"338\" title=\"\u00ab\u00a0Invitation au concert de l\u2019Avent\u00a0\u00bb &#8212; Lyc\u00e9e Franco-Allemand de Sarrebruck\" data-secret=\"hkYDDlkdp9\" frameborder=\"0\" marginwidth=\"0\" marginheight=\"0\" scrolling=\"no\" class=\"wp-embedded-content\"><\/iframe><script>\n\/*! This file is auto-generated *\/\n!function(d,l){\"use strict\";l.querySelector&&d.addEventListener&&\"undefined\"!=typeof URL&&(d.wp=d.wp||{},d.wp.receiveEmbedMessage||(d.wp.receiveEmbedMessage=function(e){var t=e.data;if((t||t.secret||t.message||t.value)&&!\/[^a-zA-Z0-9]\/.test(t.secret)){for(var s,r,n,a=l.querySelectorAll('iframe[data-secret=\"'+t.secret+'\"]'),o=l.querySelectorAll('blockquote[data-secret=\"'+t.secret+'\"]'),c=new RegExp(\"^https?:$\",\"i\"),i=0;i<o.length;i++)o[i].style.display=\"none\";for(i=0;i<a.length;i++)s=a[i],e.source===s.contentWindow&&(s.removeAttribute(\"style\"),\"height\"===t.message?(1e3<(r=parseInt(t.value,10))?r=1e3:~~r<200&&(r=200),s.height=r):\"link\"===t.message&&(r=new URL(s.getAttribute(\"src\")),n=new URL(t.value),c.test(n.protocol))&&n.host===r.host&&l.activeElement===s&&(d.top.location.href=t.value))}},d.addEventListener(\"message\",d.wp.receiveEmbedMessage,!1),l.addEventListener(\"DOMContentLoaded\",function(){for(var e,t,s=l.querySelectorAll(\"iframe.wp-embedded-content\"),r=0;r<s.length;r++)(t=(e=s[r]).getAttribute(\"data-secret\"))||(t=Math.random().toString(36).substring(2,12),e.src+=\"#?secret=\"+t,e.setAttribute(\"data-secret\",t)),e.contentWindow.postMessage({message:\"ready\",secret:t},\"*\")},!1)))}(window,document);\n\/\/# sourceURL=https:\/\/dfg-lfa.org\/wp-includes\/js\/wp-embed.min.js\n<\/script>\n","thumbnail_url":"https:\/\/dfg-lfa.org\/wp-content\/uploads\/dfg-adventskonzert.jpg","thumbnail_width":1447,"thumbnail_height":766,"description":"L\u2018orchestre du \u00a0lyc\u00e9e franco-allemand de Sarrebruck a le plaisir de vous inviter \u00e0 son concert de l\u2019Avent.Sous le th\u00e8me \u00ab Le temps de l\u2019Avent avec les\u00a0Choristes\u00a0\u00bb, l\u2019orchestre du lyc\u00e9e ainsi que le ch\u0153ur du LFA Sarrebruck et le ch\u0153ur du Deutsch-Luxemburgischen Schengenlyzeums Perl vous offriront une soir\u00e9e musicale chaleureuse et &hellip;"}