{"id":30422,"date":"2016-08-26T07:34:39","date_gmt":"2016-08-26T05:34:39","guid":{"rendered":"http:\/\/dfg-lfa.org\/?page_id=30422"},"modified":"2026-08-26T16:23:01","modified_gmt":"2026-08-26T14:23:01","slug":"kalender","status":"publish","type":"page","link":"https:\/\/dfg-lfa.org\/fr\/termine\/kalender\/","title":{"rendered":"Calendrier 2026-27"},"content":{"rendered":"<p><img loading=\"lazy\" decoding=\"async\" class=\"aligncenter size-full wp-image-52474\" src=\"https:\/\/dfg-lfa.org\/wp-content\/uploads\/Calendrier-LFA-Kopie.jpg\" alt=\"\" width=\"1920\" height=\"711\" srcset=\"https:\/\/dfg-lfa.org\/wp-content\/uploads\/Calendrier-LFA-Kopie.jpg 1920w, https:\/\/dfg-lfa.org\/wp-content\/uploads\/Calendrier-LFA-Kopie-300x111.jpg 300w, https:\/\/dfg-lfa.org\/wp-content\/uploads\/Calendrier-LFA-Kopie-150x56.jpg 150w, https:\/\/dfg-lfa.org\/wp-content\/uploads\/Calendrier-LFA-Kopie-768x284.jpg 768w, https:\/\/dfg-lfa.org\/wp-content\/uploads\/Calendrier-LFA-Kopie-1536x569.jpg 1536w, https:\/\/dfg-lfa.org\/wp-content\/uploads\/Calendrier-LFA-Kopie-386x143.jpg 386w\" sizes=\"auto, (max-width: 1920px) 100vw, 1920px\" \/><\/p>\n\r\n<div id='mc-6f84060dbbfdbe6dcf8603dbe3992c11' class='mc-main mcjs listjs gridjs minijs ajaxjs list month mc-6f84060dbbfdbe6dcf8603dbe3992c11 has-modal is-main-view' >\n<script type=\"application\/ld+json\">\n[{\"@context\":\"https:\/\/schema.org\",\"@type\":\"Event\",\"name\":\"Rentr\\u00e9e\",\"description\":\"Mardi 1 septembre : les cours se termineront apr\\u00e8s la p\\u00e9riode 6, 13h15, pour les \\u00e9l\\u00e8ves des classes de 6 a, b, c et toutes les autres classes, jusqu\\u2019 \\u00e0 la Terminale. Pendant les trois premi\\u00e8res p\\u00e9riodes, les classes seront prises en charge par leurs professeurs principaux. Puis, les cours auront lieu selon l\\u2019emploi du\\u2026\",\"image\":\"https:\/\/dfg-lfa.org\/wp-content\/uploads\/cropped-DFG-Logo-2010-2.jpg\",\"url\":\"https:\/\/dfg-lfa.org\/fr\/mc-events\/rentree-1-schultag\/\",\"startDate\":\"2026-09-01T00:00:00+02:00\",\"endDate\":\"2026-09-02T00:00:59+02:00\",\"duration\":\"PD1TH0M0\",\"eventAttendanceMode\":\"https:\/\/schema.org\/OnlineEventAttendanceMode\",\"location\":{\"@type\":\"VirtualLocation\",\"url\":\"https:\/\/dfg-lfa.org\/fr\/mc-events\/rentree-1-schultag\/\"}},{\"@context\":\"https:\/\/schema.org\",\"@type\":\"Event\",\"name\":\"Samedi travaill\\u00e9\",\"description\":\"\",\"image\":\"https:\/\/dfg-lfa.org\/wp-content\/uploads\/cropped-DFG-Logo-2010-2.jpg\",\"url\":\"https:\/\/dfg-lfa.org\/fr\/mc-events\/schulsamstag-samedi-travaille-19\/\",\"startDate\":\"2026-09-05T00:00:00+02:00\",\"endDate\":\"2026-09-06T00:00:59+02:00\",\"duration\":\"PD1TH0M0\",\"eventAttendanceMode\":\"https:\/\/schema.org\/OnlineEventAttendanceMode\",\"location\":{\"@type\":\"VirtualLocation\",\"url\":\"https:\/\/dfg-lfa.org\/fr\/mc-events\/schulsamstag-samedi-travaille-19\/\"}},{\"@context\":\"https:\/\/schema.org\",\"@type\":\"Event\",\"name\":\"Photos de classe\",\"description\":\"\",\"image\":\"https:\/\/dfg-lfa.org\/wp-content\/uploads\/cropped-DFG-Logo-2010-2.jpg\",\"url\":\"https:\/\/dfg-lfa.org\/fr\/mc-events\/klassenfotos\/\",\"startDate\":\"2026-09-07T00:00:00+02:00\",\"endDate\":\"2026-09-12T00:00:59+02:00\",\"duration\":\"PD5TH0M0\",\"eventAttendanceMode\":\"https:\/\/schema.org\/OnlineEventAttendanceMode\",\"location\":{\"@type\":\"VirtualLocation\",\"url\":\"https:\/\/dfg-lfa.org\/fr\/mc-events\/klassenfotos\/\"}},{\"@context\":\"https:\/\/schema.org\",\"@type\":\"Event\",\"name\":\"Photos de classe\",\"description\":\"\",\"image\":\"https:\/\/dfg-lfa.org\/wp-content\/uploads\/cropped-DFG-Logo-2010-2.jpg\",\"url\":\"https:\/\/dfg-lfa.org\/fr\/mc-events\/klassenfotos\/\",\"startDate\":\"2026-09-07T00:00:00+02:00\",\"endDate\":\"2026-09-12T00:00:59+02:00\",\"duration\":\"PD5TH0M0\",\"eventAttendanceMode\":\"https:\/\/schema.org\/OnlineEventAttendanceMode\",\"location\":{\"@type\":\"VirtualLocation\",\"url\":\"https:\/\/dfg-lfa.org\/fr\/mc-events\/klassenfotos\/\"}},{\"@context\":\"https:\/\/schema.org\",\"@type\":\"Event\",\"name\":\"Photos de classe\",\"description\":\"\",\"image\":\"https:\/\/dfg-lfa.org\/wp-content\/uploads\/cropped-DFG-Logo-2010-2.jpg\",\"url\":\"https:\/\/dfg-lfa.org\/fr\/mc-events\/klassenfotos\/\",\"startDate\":\"2026-09-07T00:00:00+02:00\",\"endDate\":\"2026-09-12T00:00:59+02:00\",\"duration\":\"PD5TH0M0\",\"eventAttendanceMode\":\"https:\/\/schema.org\/OnlineEventAttendanceMode\",\"location\":{\"@type\":\"VirtualLocation\",\"url\":\"https:\/\/dfg-lfa.org\/fr\/mc-events\/klassenfotos\/\"}},{\"@context\":\"https:\/\/schema.org\",\"@type\":\"Event\",\"name\":\"R\\u00e9union parents-professeurs (classes existantes : 6a\/b\/c, 5\\u00e8me, 9, 2nde, Tle)\",\"description\":\"\",\"image\":\"https:\/\/dfg-lfa.org\/wp-content\/uploads\/cropped-DFG-Logo-2010-2.jpg\",\"url\":\"https:\/\/dfg-lfa.org\/fr\/mc-events\/elternabende-bestehende-klassen-6a-b-c-7-5eme-3eme-9-2nde-tle\/\",\"startDate\":\"2026-09-10T18:00:00+02:00\",\"endDate\":\"2026-09-10T19:00:00+02:00\",\"duration\":\"PT1H\",\"eventAttendanceMode\":\"https:\/\/schema.org\/OnlineEventAttendanceMode\",\"location\":{\"@type\":\"VirtualLocation\",\"url\":\"https:\/\/dfg-lfa.org\/fr\/mc-events\/elternabende-bestehende-klassen-6a-b-c-7-5eme-3eme-9-2nde-tle\/\"}},{\"@context\":\"https:\/\/schema.org\",\"@type\":\"Event\",\"name\":\"Photos de classe\",\"description\":\"\",\"image\":\"https:\/\/dfg-lfa.org\/wp-content\/uploads\/cropped-DFG-Logo-2010-2.jpg\",\"url\":\"https:\/\/dfg-lfa.org\/fr\/mc-events\/klassenfotos\/\",\"startDate\":\"2026-09-07T00:00:00+02:00\",\"endDate\":\"2026-09-12T00:00:59+02:00\",\"duration\":\"PD5TH0M0\",\"eventAttendanceMode\":\"https:\/\/schema.org\/OnlineEventAttendanceMode\",\"location\":{\"@type\":\"VirtualLocation\",\"url\":\"https:\/\/dfg-lfa.org\/fr\/mc-events\/klassenfotos\/\"}},{\"@context\":\"https:\/\/schema.org\",\"@type\":\"Event\",\"name\":\"Samedi travaill\\u00e9\",\"description\":\"\",\"image\":\"https:\/\/dfg-lfa.org\/wp-content\/uploads\/cropped-DFG-Logo-2010-2.jpg\",\"url\":\"https:\/\/dfg-lfa.org\/fr\/mc-events\/schulsamstag\/\",\"startDate\":\"2026-09-19T00:00:00+02:00\",\"endDate\":\"2026-09-20T00:00:59+02:00\",\"duration\":\"PD1TH0M0\",\"eventAttendanceMode\":\"https:\/\/schema.org\/OnlineEventAttendanceMode\",\"location\":{\"@type\":\"VirtualLocation\",\"url\":\"https:\/\/dfg-lfa.org\/fr\/mc-events\/schulsamstag\/\"}},{\"@context\":\"https:\/\/schema.org\",\"@type\":\"Event\",\"name\":\"Sorties scolaires\",\"description\":\"\",\"image\":\"https:\/\/dfg-lfa.org\/wp-content\/uploads\/cropped-DFG-Logo-2010-2.jpg\",\"url\":\"https:\/\/dfg-lfa.org\/fr\/mc-events\/wandertag\/\",\"startDate\":\"2026-09-23T00:00:00+02:00\",\"endDate\":\"2026-09-24T00:00:59+02:00\",\"duration\":\"PD1TH0M0\",\"eventAttendanceMode\":\"https:\/\/schema.org\/OnlineEventAttendanceMode\",\"location\":{\"@type\":\"VirtualLocation\",\"url\":\"https:\/\/dfg-lfa.org\/fr\/mc-events\/wandertag\/\"}},{\"@context\":\"https:\/\/schema.org\",\"@type\":\"Event\",\"name\":\"Samedi travaill\\u00e9\",\"description\":\"\",\"image\":\"https:\/\/dfg-lfa.org\/wp-content\/uploads\/cropped-DFG-Logo-2010-2.jpg\",\"url\":\"https:\/\/dfg-lfa.org\/fr\/mc-events\/schulsamstag-2\/\",\"startDate\":\"2026-09-26T00:00:00+02:00\",\"endDate\":\"2026-09-27T00:00:59+02:00\",\"duration\":\"PD1TH0M0\",\"eventAttendanceMode\":\"https:\/\/schema.org\/OnlineEventAttendanceMode\",\"location\":{\"@type\":\"VirtualLocation\",\"url\":\"https:\/\/dfg-lfa.org\/fr\/mc-events\/schulsamstag-2\/\"}},{\"@context\":\"https:\/\/schema.org\",\"@type\":\"Event\",\"name\":\"Intervention biologiste marine\",\"description\":\"\",\"image\":\"https:\/\/dfg-lfa.org\/wp-content\/uploads\/cropped-DFG-Logo-2010-2.jpg\",\"url\":\"https:\/\/dfg-lfa.org\/fr\/mc-events\/vortrag-einer-meeresbiologin\/\",\"startDate\":\"2026-09-28T00:00:00+02:00\",\"endDate\":\"2026-09-30T00:00:59+02:00\",\"duration\":\"PD2TH0M0\",\"eventAttendanceMode\":\"https:\/\/schema.org\/OnlineEventAttendanceMode\",\"location\":{\"@type\":\"VirtualLocation\",\"url\":\"https:\/\/dfg-lfa.org\/fr\/mc-events\/vortrag-einer-meeresbiologin\/\"}},{\"@context\":\"https:\/\/schema.org\",\"@type\":\"Event\",\"name\":\"Intervention Campus France\",\"description\":\"informations Etudes post-bac en France, \\u00e9l\\u00e8ves de Terminale &nbsp;\",\"image\":\"https:\/\/dfg-lfa.org\/wp-content\/uploads\/cropped-DFG-Logo-2010-2.jpg\",\"url\":\"https:\/\/dfg-lfa.org\/fr\/mc-events\/infoveranstaltung-campus-france\/\",\"startDate\":\"2026-09-29T13:45:00+02:00\",\"endDate\":\"2026-09-29T15:30:00+02:00\",\"duration\":\"PT1H45M\",\"eventAttendanceMode\":\"https:\/\/schema.org\/OnlineEventAttendanceMode\",\"location\":{\"@type\":\"VirtualLocation\",\"url\":\"https:\/\/dfg-lfa.org\/fr\/mc-events\/infoveranstaltung-campus-france\/\"}},{\"@context\":\"https:\/\/schema.org\",\"@type\":\"Event\",\"name\":\"Stage d&#039;int\\u00e9gration (classe de F\\u00fcnfte et 6\\u00e8me 1,2,3)\",\"description\":\"\",\"image\":\"https:\/\/dfg-lfa.org\/wp-content\/uploads\/cropped-DFG-Logo-2010-2.jpg\",\"url\":\"https:\/\/dfg-lfa.org\/fr\/mc-events\/erlebnispaedagogische-veranstaltung-5-klassen-6eme-123\/\",\"startDate\":\"2026-09-28T00:00:00+02:00\",\"endDate\":\"2026-10-01T00:00:59+02:00\",\"duration\":\"PD3TH0M0\",\"eventAttendanceMode\":\"https:\/\/schema.org\/OnlineEventAttendanceMode\",\"location\":{\"@type\":\"VirtualLocation\",\"url\":\"https:\/\/dfg-lfa.org\/fr\/mc-events\/erlebnispaedagogische-veranstaltung-5-klassen-6eme-123\/\"}},{\"@context\":\"https:\/\/schema.org\",\"@type\":\"Event\",\"name\":\"R\\u00e9union d&#039;informations sur la classe de 1\\u00e8re\",\"description\":\"pour les parents et \\u00e9l\\u00e8ves de 2nde &nbsp;\",\"image\":\"https:\/\/dfg-lfa.org\/wp-content\/uploads\/cropped-DFG-Logo-2010-2.jpg\",\"url\":\"https:\/\/dfg-lfa.org\/fr\/mc-events\/informationsveranstaltung-zur-klassenstufe-premiere\/\",\"startDate\":\"2026-10-01T13:45:00+02:00\",\"endDate\":\"2026-10-01T15:30:00+02:00\",\"duration\":\"PT1H45M\",\"eventAttendanceMode\":\"https:\/\/schema.org\/OnlineEventAttendanceMode\",\"location\":{\"@type\":\"VirtualLocation\",\"url\":\"https:\/\/dfg-lfa.org\/fr\/mc-events\/informationsveranstaltung-zur-klassenstufe-premiere\/\"}},{\"@context\":\"https:\/\/schema.org\",\"@type\":\"Event\",\"name\":\"Longue Nuit de la D\\u00e9mocratie\",\"description\":\"pour les \\u00e9l\\u00e8ves de Premi\\u00e8re\",\"image\":\"https:\/\/dfg-lfa.org\/wp-content\/uploads\/cropped-DFG-Logo-2010-2.jpg\",\"url\":\"https:\/\/dfg-lfa.org\/fr\/mc-events\/lange-nacht-der-demokratie\/\",\"startDate\":\"2026-10-02T00:00:00+02:00\",\"endDate\":\"2026-10-03T00:00:59+02:00\",\"duration\":\"PD1TH0M0\",\"eventAttendanceMode\":\"https:\/\/schema.org\/OnlineEventAttendanceMode\",\"location\":{\"@type\":\"VirtualLocation\",\"url\":\"https:\/\/dfg-lfa.org\/fr\/mc-events\/lange-nacht-der-demokratie\/\"}},{\"@context\":\"https:\/\/schema.org\",\"@type\":\"Event\",\"name\":\"Gesamt- &amp; Schulkonferenz\",\"description\":\"\",\"image\":\"https:\/\/dfg-lfa.org\/wp-content\/uploads\/cropped-DFG-Logo-2010-2.jpg\",\"url\":\"https:\/\/dfg-lfa.org\/fr\/mc-events\/gesamt-und-schulkonferenz\/\",\"startDate\":\"2026-10-06T00:00:00+02:00\",\"endDate\":\"2026-10-07T00:00:59+02:00\",\"duration\":\"PD1TH0M0\",\"eventAttendanceMode\":\"https:\/\/schema.org\/OnlineEventAttendanceMode\",\"location\":{\"@type\":\"VirtualLocation\",\"url\":\"https:\/\/dfg-lfa.org\/fr\/mc-events\/gesamt-und-schulkonferenz\/\"}},{\"@context\":\"https:\/\/schema.org\",\"@type\":\"Event\",\"name\":\"Sortie des enseignant.e.s\",\"description\":\"\",\"image\":\"https:\/\/dfg-lfa.org\/wp-content\/uploads\/cropped-DFG-Logo-2010-2.jpg\",\"url\":\"https:\/\/dfg-lfa.org\/fr\/mc-events\/kollegiumsausflug\/\",\"startDate\":\"2026-10-08T00:00:00+02:00\",\"endDate\":\"2026-10-09T00:00:59+02:00\",\"duration\":\"PD1TH0M0\",\"eventAttendanceMode\":\"https:\/\/schema.org\/OnlineEventAttendanceMode\",\"location\":{\"@type\":\"VirtualLocation\",\"url\":\"https:\/\/dfg-lfa.org\/fr\/mc-events\/kollegiumsausflug\/\"}},{\"@context\":\"https:\/\/schema.org\",\"@type\":\"Event\",\"name\":\"Vacances d&#039;automne\",\"description\":\"\",\"image\":\"https:\/\/dfg-lfa.org\/wp-content\/uploads\/cropped-DFG-Logo-2010-2.jpg\",\"url\":\"https:\/\/dfg-lfa.org\/fr\/mc-events\/herbstferien\/\",\"startDate\":\"2026-10-12T00:00:00+02:00\",\"endDate\":\"2026-10-24T00:00:59+02:00\",\"duration\":\"PD12TH0M0\",\"eventAttendanceMode\":\"https:\/\/schema.org\/OnlineEventAttendanceMode\",\"location\":{\"@type\":\"VirtualLocation\",\"url\":\"https:\/\/dfg-lfa.org\/fr\/mc-events\/herbstferien\/\"}},{\"@context\":\"https:\/\/schema.org\",\"@type\":\"Event\",\"name\":\"Vacances d&#039;automne\",\"description\":\"\",\"image\":\"https:\/\/dfg-lfa.org\/wp-content\/uploads\/cropped-DFG-Logo-2010-2.jpg\",\"url\":\"https:\/\/dfg-lfa.org\/fr\/mc-events\/herbstferien\/\",\"startDate\":\"2026-10-12T00:00:00+02:00\",\"endDate\":\"2026-10-24T00:00:59+02:00\",\"duration\":\"PD12TH0M0\",\"eventAttendanceMode\":\"https:\/\/schema.org\/OnlineEventAttendanceMode\",\"location\":{\"@type\":\"VirtualLocation\",\"url\":\"https:\/\/dfg-lfa.org\/fr\/mc-events\/herbstferien\/\"}},{\"@context\":\"https:\/\/schema.org\",\"@type\":\"Event\",\"name\":\"Vacances d&#039;automne\",\"description\":\"\",\"image\":\"https:\/\/dfg-lfa.org\/wp-content\/uploads\/cropped-DFG-Logo-2010-2.jpg\",\"url\":\"https:\/\/dfg-lfa.org\/fr\/mc-events\/herbstferien\/\",\"startDate\":\"2026-10-12T00:00:00+02:00\",\"endDate\":\"2026-10-24T00:00:59+02:00\",\"duration\":\"PD12TH0M0\",\"eventAttendanceMode\":\"https:\/\/schema.org\/OnlineEventAttendanceMode\",\"location\":{\"@type\":\"VirtualLocation\",\"url\":\"https:\/\/dfg-lfa.org\/fr\/mc-events\/herbstferien\/\"}},{\"@context\":\"https:\/\/schema.org\",\"@type\":\"Event\",\"name\":\"Vacances d&#039;automne\",\"description\":\"\",\"image\":\"https:\/\/dfg-lfa.org\/wp-content\/uploads\/cropped-DFG-Logo-2010-2.jpg\",\"url\":\"https:\/\/dfg-lfa.org\/fr\/mc-events\/herbstferien\/\",\"startDate\":\"2026-10-12T00:00:00+02:00\",\"endDate\":\"2026-10-24T00:00:59+02:00\",\"duration\":\"PD12TH0M0\",\"eventAttendanceMode\":\"https:\/\/schema.org\/OnlineEventAttendanceMode\",\"location\":{\"@type\":\"VirtualLocation\",\"url\":\"https:\/\/dfg-lfa.org\/fr\/mc-events\/herbstferien\/\"}},{\"@context\":\"https:\/\/schema.org\",\"@type\":\"Event\",\"name\":\"Vacances d&#039;automne\",\"description\":\"\",\"image\":\"https:\/\/dfg-lfa.org\/wp-content\/uploads\/cropped-DFG-Logo-2010-2.jpg\",\"url\":\"https:\/\/dfg-lfa.org\/fr\/mc-events\/herbstferien\/\",\"startDate\":\"2026-10-12T00:00:00+02:00\",\"endDate\":\"2026-10-24T00:00:59+02:00\",\"duration\":\"PD12TH0M0\",\"eventAttendanceMode\":\"https:\/\/schema.org\/OnlineEventAttendanceMode\",\"location\":{\"@type\":\"VirtualLocation\",\"url\":\"https:\/\/dfg-lfa.org\/fr\/mc-events\/herbstferien\/\"}},{\"@context\":\"https:\/\/schema.org\",\"@type\":\"Event\",\"name\":\"Vacances d&#039;automne\",\"description\":\"\",\"image\":\"https:\/\/dfg-lfa.org\/wp-content\/uploads\/cropped-DFG-Logo-2010-2.jpg\",\"url\":\"https:\/\/dfg-lfa.org\/fr\/mc-events\/herbstferien\/\",\"startDate\":\"2026-10-12T00:00:00+02:00\",\"endDate\":\"2026-10-24T00:00:59+02:00\",\"duration\":\"PD12TH0M0\",\"eventAttendanceMode\":\"https:\/\/schema.org\/OnlineEventAttendanceMode\",\"location\":{\"@type\":\"VirtualLocation\",\"url\":\"https:\/\/dfg-lfa.org\/fr\/mc-events\/herbstferien\/\"}},{\"@context\":\"https:\/\/schema.org\",\"@type\":\"Event\",\"name\":\"Vacances d&#039;automne\",\"description\":\"\",\"image\":\"https:\/\/dfg-lfa.org\/wp-content\/uploads\/cropped-DFG-Logo-2010-2.jpg\",\"url\":\"https:\/\/dfg-lfa.org\/fr\/mc-events\/herbstferien\/\",\"startDate\":\"2026-10-12T00:00:00+02:00\",\"endDate\":\"2026-10-24T00:00:59+02:00\",\"duration\":\"PD12TH0M0\",\"eventAttendanceMode\":\"https:\/\/schema.org\/OnlineEventAttendanceMode\",\"location\":{\"@type\":\"VirtualLocation\",\"url\":\"https:\/\/dfg-lfa.org\/fr\/mc-events\/herbstferien\/\"}},{\"@context\":\"https:\/\/schema.org\",\"@type\":\"Event\",\"name\":\"Vacances d&#039;automne\",\"description\":\"\",\"image\":\"https:\/\/dfg-lfa.org\/wp-content\/uploads\/cropped-DFG-Logo-2010-2.jpg\",\"url\":\"https:\/\/dfg-lfa.org\/fr\/mc-events\/herbstferien\/\",\"startDate\":\"2026-10-12T00:00:00+02:00\",\"endDate\":\"2026-10-24T00:00:59+02:00\",\"duration\":\"PD12TH0M0\",\"eventAttendanceMode\":\"https:\/\/schema.org\/OnlineEventAttendanceMode\",\"location\":{\"@type\":\"VirtualLocation\",\"url\":\"https:\/\/dfg-lfa.org\/fr\/mc-events\/herbstferien\/\"}},{\"@context\":\"https:\/\/schema.org\",\"@type\":\"Event\",\"name\":\"Vacances d&#039;automne\",\"description\":\"\",\"image\":\"https:\/\/dfg-lfa.org\/wp-content\/uploads\/cropped-DFG-Logo-2010-2.jpg\",\"url\":\"https:\/\/dfg-lfa.org\/fr\/mc-events\/herbstferien\/\",\"startDate\":\"2026-10-12T00:00:00+02:00\",\"endDate\":\"2026-10-24T00:00:59+02:00\",\"duration\":\"PD12TH0M0\",\"eventAttendanceMode\":\"https:\/\/schema.org\/OnlineEventAttendanceMode\",\"location\":{\"@type\":\"VirtualLocation\",\"url\":\"https:\/\/dfg-lfa.org\/fr\/mc-events\/herbstferien\/\"}},{\"@context\":\"https:\/\/schema.org\",\"@type\":\"Event\",\"name\":\"Vacances d&#039;automne\",\"description\":\"\",\"image\":\"https:\/\/dfg-lfa.org\/wp-content\/uploads\/cropped-DFG-Logo-2010-2.jpg\",\"url\":\"https:\/\/dfg-lfa.org\/fr\/mc-events\/herbstferien\/\",\"startDate\":\"2026-10-12T00:00:00+02:00\",\"endDate\":\"2026-10-24T00:00:59+02:00\",\"duration\":\"PD12TH0M0\",\"eventAttendanceMode\":\"https:\/\/schema.org\/OnlineEventAttendanceMode\",\"location\":{\"@type\":\"VirtualLocation\",\"url\":\"https:\/\/dfg-lfa.org\/fr\/mc-events\/herbstferien\/\"}},{\"@context\":\"https:\/\/schema.org\",\"@type\":\"Event\",\"name\":\"Vacances d&#039;automne\",\"description\":\"\",\"image\":\"https:\/\/dfg-lfa.org\/wp-content\/uploads\/cropped-DFG-Logo-2010-2.jpg\",\"url\":\"https:\/\/dfg-lfa.org\/fr\/mc-events\/herbstferien\/\",\"startDate\":\"2026-10-12T00:00:00+02:00\",\"endDate\":\"2026-10-24T00:00:59+02:00\",\"duration\":\"PD12TH0M0\",\"eventAttendanceMode\":\"https:\/\/schema.org\/OnlineEventAttendanceMode\",\"location\":{\"@type\":\"VirtualLocation\",\"url\":\"https:\/\/dfg-lfa.org\/fr\/mc-events\/herbstferien\/\"}},{\"@context\":\"https:\/\/schema.org\",\"@type\":\"Event\",\"name\":\"Vacances d&#039;automne\",\"description\":\"\",\"image\":\"https:\/\/dfg-lfa.org\/wp-content\/uploads\/cropped-DFG-Logo-2010-2.jpg\",\"url\":\"https:\/\/dfg-lfa.org\/fr\/mc-events\/herbstferien\/\",\"startDate\":\"2026-10-12T00:00:00+02:00\",\"endDate\":\"2026-10-24T00:00:59+02:00\",\"duration\":\"PD12TH0M0\",\"eventAttendanceMode\":\"https:\/\/schema.org\/OnlineEventAttendanceMode\",\"location\":{\"@type\":\"VirtualLocation\",\"url\":\"https:\/\/dfg-lfa.org\/fr\/mc-events\/herbstferien\/\"}},{\"@context\":\"https:\/\/schema.org\",\"@type\":\"Event\",\"name\":\"Journ\\u00e9e Contre le Harc\\u00e8lement Scolaire\",\"description\":\"\",\"image\":\"https:\/\/dfg-lfa.org\/wp-content\/uploads\/cropped-DFG-Logo-2010-2.jpg\",\"url\":\"https:\/\/dfg-lfa.org\/fr\/mc-events\/aktionstag-gegen-mobbing-in-der-schule\/\",\"startDate\":\"2026-11-05T00:00:00+02:00\",\"endDate\":\"2026-11-06T00:00:59+02:00\",\"duration\":\"PD1TH0M0\",\"eventAttendanceMode\":\"https:\/\/schema.org\/OnlineEventAttendanceMode\",\"location\":{\"@type\":\"VirtualLocation\",\"url\":\"https:\/\/dfg-lfa.org\/fr\/mc-events\/aktionstag-gegen-mobbing-in-der-schule\/\"}},{\"@context\":\"https:\/\/schema.org\",\"@type\":\"Event\",\"name\":\"White Horse Theatre - Macbeth\",\"description\":\"\",\"image\":\"https:\/\/dfg-lfa.org\/wp-content\/uploads\/cropped-DFG-Logo-2010-2.jpg\",\"url\":\"https:\/\/dfg-lfa.org\/fr\/mc-events\/white-horse-theatre-macbeth\/\",\"startDate\":\"2026-11-10T00:00:00+02:00\",\"endDate\":\"2026-11-11T00:00:59+02:00\",\"duration\":\"PD1TH0M0\",\"eventAttendanceMode\":\"https:\/\/schema.org\/OnlineEventAttendanceMode\",\"location\":{\"@type\":\"VirtualLocation\",\"url\":\"https:\/\/dfg-lfa.org\/fr\/mc-events\/white-horse-theatre-macbeth\/\"}},{\"@context\":\"https:\/\/schema.org\",\"@type\":\"Event\",\"name\":\"C\\u00e9r\\u00e9monie au Jardin Franco-Allemand, Sarrebruck\",\"description\":\"\",\"image\":\"https:\/\/dfg-lfa.org\/wp-content\/uploads\/cropped-DFG-Logo-2010-2.jpg\",\"url\":\"https:\/\/dfg-lfa.org\/fr\/mc-events\/gedenkveranstaltung-im-deutsch-franzoesishen-gymnasium\/\",\"startDate\":\"2026-11-11T00:00:00+02:00\",\"endDate\":\"2026-11-12T00:00:59+02:00\",\"duration\":\"PD1TH0M0\",\"eventAttendanceMode\":\"https:\/\/schema.org\/OnlineEventAttendanceMode\",\"location\":{\"@type\":\"VirtualLocation\",\"url\":\"https:\/\/dfg-lfa.org\/fr\/mc-events\/gedenkveranstaltung-im-deutsch-franzoesishen-gymnasium\/\"}},{\"@context\":\"https:\/\/schema.org\",\"@type\":\"Event\",\"name\":\"Samedi travaill\\u00e9\",\"description\":\"\",\"image\":\"https:\/\/dfg-lfa.org\/wp-content\/uploads\/cropped-DFG-Logo-2010-2.jpg\",\"url\":\"https:\/\/dfg-lfa.org\/fr\/mc-events\/schulsamstag-3\/\",\"startDate\":\"2026-11-14T00:00:00+02:00\",\"endDate\":\"2026-11-15T00:00:59+02:00\",\"duration\":\"PD1TH0M0\",\"eventAttendanceMode\":\"https:\/\/schema.org\/OnlineEventAttendanceMode\",\"location\":{\"@type\":\"VirtualLocation\",\"url\":\"https:\/\/dfg-lfa.org\/fr\/mc-events\/schulsamstag-3\/\"}},{\"@context\":\"https:\/\/schema.org\",\"@type\":\"Event\",\"name\":\"Remise des dipl\\u00f4mes DNB et de BIA\",\"description\":\"\",\"image\":\"https:\/\/dfg-lfa.org\/wp-content\/uploads\/cropped-DFG-Logo-2010-2.jpg\",\"url\":\"https:\/\/dfg-lfa.org\/fr\/mc-events\/verleihung-des-brevet-diploms\/\",\"startDate\":\"2026-11-28T00:00:00+02:00\",\"endDate\":\"2026-11-29T00:00:59+02:00\",\"duration\":\"PD1TH0M0\",\"eventAttendanceMode\":\"https:\/\/schema.org\/OnlineEventAttendanceMode\",\"location\":{\"@type\":\"VirtualLocation\",\"url\":\"https:\/\/dfg-lfa.org\/fr\/mc-events\/verleihung-des-brevet-diploms\/\"}},{\"@context\":\"https:\/\/schema.org\",\"@type\":\"Event\",\"name\":\"Samedi travaill\\u00e9\",\"description\":\"\",\"image\":\"https:\/\/dfg-lfa.org\/wp-content\/uploads\/cropped-DFG-Logo-2010-2.jpg\",\"url\":\"https:\/\/dfg-lfa.org\/fr\/mc-events\/schulsamstag-4\/\",\"startDate\":\"2026-12-12T00:00:00+02:00\",\"endDate\":\"2026-12-13T00:00:59+02:00\",\"duration\":\"PD1TH0M0\",\"eventAttendanceMode\":\"https:\/\/schema.org\/OnlineEventAttendanceMode\",\"location\":{\"@type\":\"VirtualLocation\",\"url\":\"https:\/\/dfg-lfa.org\/fr\/mc-events\/schulsamstag-4\/\"}},{\"@context\":\"https:\/\/schema.org\",\"@type\":\"Event\",\"name\":\"Remise bulletins classe de Terminale\",\"description\":\"\",\"image\":\"https:\/\/dfg-lfa.org\/wp-content\/uploads\/cropped-DFG-Logo-2010-2.jpg\",\"url\":\"https:\/\/dfg-lfa.org\/fr\/mc-events\/ausgabe-der-zeugnisse-fuer-terminale-klassen\/\",\"startDate\":\"2026-12-18T09:50:00+02:00\",\"endDate\":\"2026-12-18T10:35:00+02:00\",\"duration\":\"P45M\",\"eventAttendanceMode\":\"https:\/\/schema.org\/OnlineEventAttendanceMode\",\"location\":{\"@type\":\"VirtualLocation\",\"url\":\"https:\/\/dfg-lfa.org\/fr\/mc-events\/ausgabe-der-zeugnisse-fuer-terminale-klassen\/\"}},{\"@context\":\"https:\/\/schema.org\",\"@type\":\"Event\",\"name\":\"Vacances de No\\u00ebl\",\"description\":\"\",\"image\":\"https:\/\/dfg-lfa.org\/wp-content\/uploads\/cropped-DFG-Logo-2010-2.jpg\",\"url\":\"https:\/\/dfg-lfa.org\/fr\/mc-events\/weihnachtsferien\/\",\"startDate\":\"2026-12-21T00:00:00+02:00\",\"endDate\":\"2027-01-05T00:00:59+02:00\",\"duration\":\"PD15TH0M0\",\"eventAttendanceMode\":\"https:\/\/schema.org\/OnlineEventAttendanceMode\",\"location\":{\"@type\":\"VirtualLocation\",\"url\":\"https:\/\/dfg-lfa.org\/fr\/mc-events\/weihnachtsferien\/\"}},{\"@context\":\"https:\/\/schema.org\",\"@type\":\"Event\",\"name\":\"Vacances de No\\u00ebl\",\"description\":\"\",\"image\":\"https:\/\/dfg-lfa.org\/wp-content\/uploads\/cropped-DFG-Logo-2010-2.jpg\",\"url\":\"https:\/\/dfg-lfa.org\/fr\/mc-events\/weihnachtsferien\/\",\"startDate\":\"2026-12-21T00:00:00+02:00\",\"endDate\":\"2027-01-05T00:00:59+02:00\",\"duration\":\"PD15TH0M0\",\"eventAttendanceMode\":\"https:\/\/schema.org\/OnlineEventAttendanceMode\",\"location\":{\"@type\":\"VirtualLocation\",\"url\":\"https:\/\/dfg-lfa.org\/fr\/mc-events\/weihnachtsferien\/\"}},{\"@context\":\"https:\/\/schema.org\",\"@type\":\"Event\",\"name\":\"Vacances de No\\u00ebl\",\"description\":\"\",\"image\":\"https:\/\/dfg-lfa.org\/wp-content\/uploads\/cropped-DFG-Logo-2010-2.jpg\",\"url\":\"https:\/\/dfg-lfa.org\/fr\/mc-events\/weihnachtsferien\/\",\"startDate\":\"2026-12-21T00:00:00+02:00\",\"endDate\":\"2027-01-05T00:00:59+02:00\",\"duration\":\"PD15TH0M0\",\"eventAttendanceMode\":\"https:\/\/schema.org\/OnlineEventAttendanceMode\",\"location\":{\"@type\":\"VirtualLocation\",\"url\":\"https:\/\/dfg-lfa.org\/fr\/mc-events\/weihnachtsferien\/\"}},{\"@context\":\"https:\/\/schema.org\",\"@type\":\"Event\",\"name\":\"Vacances de No\\u00ebl\",\"description\":\"\",\"image\":\"https:\/\/dfg-lfa.org\/wp-content\/uploads\/cropped-DFG-Logo-2010-2.jpg\",\"url\":\"https:\/\/dfg-lfa.org\/fr\/mc-events\/weihnachtsferien\/\",\"startDate\":\"2026-12-21T00:00:00+02:00\",\"endDate\":\"2027-01-05T00:00:59+02:00\",\"duration\":\"PD15TH0M0\",\"eventAttendanceMode\":\"https:\/\/schema.org\/OnlineEventAttendanceMode\",\"location\":{\"@type\":\"VirtualLocation\",\"url\":\"https:\/\/dfg-lfa.org\/fr\/mc-events\/weihnachtsferien\/\"}},{\"@context\":\"https:\/\/schema.org\",\"@type\":\"Event\",\"name\":\"Vacances de No\\u00ebl\",\"description\":\"\",\"image\":\"https:\/\/dfg-lfa.org\/wp-content\/uploads\/cropped-DFG-Logo-2010-2.jpg\",\"url\":\"https:\/\/dfg-lfa.org\/fr\/mc-events\/weihnachtsferien\/\",\"startDate\":\"2026-12-21T00:00:00+02:00\",\"endDate\":\"2027-01-05T00:00:59+02:00\",\"duration\":\"PD15TH0M0\",\"eventAttendanceMode\":\"https:\/\/schema.org\/OnlineEventAttendanceMode\",\"location\":{\"@type\":\"VirtualLocation\",\"url\":\"https:\/\/dfg-lfa.org\/fr\/mc-events\/weihnachtsferien\/\"}},{\"@context\":\"https:\/\/schema.org\",\"@type\":\"Event\",\"name\":\"Vacances de No\\u00ebl\",\"description\":\"\",\"image\":\"https:\/\/dfg-lfa.org\/wp-content\/uploads\/cropped-DFG-Logo-2010-2.jpg\",\"url\":\"https:\/\/dfg-lfa.org\/fr\/mc-events\/weihnachtsferien\/\",\"startDate\":\"2026-12-21T00:00:00+02:00\",\"endDate\":\"2027-01-05T00:00:59+02:00\",\"duration\":\"PD15TH0M0\",\"eventAttendanceMode\":\"https:\/\/schema.org\/OnlineEventAttendanceMode\",\"location\":{\"@type\":\"VirtualLocation\",\"url\":\"https:\/\/dfg-lfa.org\/fr\/mc-events\/weihnachtsferien\/\"}},{\"@context\":\"https:\/\/schema.org\",\"@type\":\"Event\",\"name\":\"Vacances de No\\u00ebl\",\"description\":\"\",\"image\":\"https:\/\/dfg-lfa.org\/wp-content\/uploads\/cropped-DFG-Logo-2010-2.jpg\",\"url\":\"https:\/\/dfg-lfa.org\/fr\/mc-events\/weihnachtsferien\/\",\"startDate\":\"2026-12-21T00:00:00+02:00\",\"endDate\":\"2027-01-05T00:00:59+02:00\",\"duration\":\"PD15TH0M0\",\"eventAttendanceMode\":\"https:\/\/schema.org\/OnlineEventAttendanceMode\",\"location\":{\"@type\":\"VirtualLocation\",\"url\":\"https:\/\/dfg-lfa.org\/fr\/mc-events\/weihnachtsferien\/\"}},{\"@context\":\"https:\/\/schema.org\",\"@type\":\"Event\",\"name\":\"Vacances de No\\u00ebl\",\"description\":\"\",\"image\":\"https:\/\/dfg-lfa.org\/wp-content\/uploads\/cropped-DFG-Logo-2010-2.jpg\",\"url\":\"https:\/\/dfg-lfa.org\/fr\/mc-events\/weihnachtsferien\/\",\"startDate\":\"2026-12-21T00:00:00+02:00\",\"endDate\":\"2027-01-05T00:00:59+02:00\",\"duration\":\"PD15TH0M0\",\"eventAttendanceMode\":\"https:\/\/schema.org\/OnlineEventAttendanceMode\",\"location\":{\"@type\":\"VirtualLocation\",\"url\":\"https:\/\/dfg-lfa.org\/fr\/mc-events\/weihnachtsferien\/\"}},{\"@context\":\"https:\/\/schema.org\",\"@type\":\"Event\",\"name\":\"Vacances de No\\u00ebl\",\"description\":\"\",\"image\":\"https:\/\/dfg-lfa.org\/wp-content\/uploads\/cropped-DFG-Logo-2010-2.jpg\",\"url\":\"https:\/\/dfg-lfa.org\/fr\/mc-events\/weihnachtsferien\/\",\"startDate\":\"2026-12-21T00:00:00+02:00\",\"endDate\":\"2027-01-05T00:00:59+02:00\",\"duration\":\"PD15TH0M0\",\"eventAttendanceMode\":\"https:\/\/schema.org\/OnlineEventAttendanceMode\",\"location\":{\"@type\":\"VirtualLocation\",\"url\":\"https:\/\/dfg-lfa.org\/fr\/mc-events\/weihnachtsferien\/\"}},{\"@context\":\"https:\/\/schema.org\",\"@type\":\"Event\",\"name\":\"Vacances de No\\u00ebl\",\"description\":\"\",\"image\":\"https:\/\/dfg-lfa.org\/wp-content\/uploads\/cropped-DFG-Logo-2010-2.jpg\",\"url\":\"https:\/\/dfg-lfa.org\/fr\/mc-events\/weihnachtsferien\/\",\"startDate\":\"2026-12-21T00:00:00+02:00\",\"endDate\":\"2027-01-05T00:00:59+02:00\",\"duration\":\"PD15TH0M0\",\"eventAttendanceMode\":\"https:\/\/schema.org\/OnlineEventAttendanceMode\",\"location\":{\"@type\":\"VirtualLocation\",\"url\":\"https:\/\/dfg-lfa.org\/fr\/mc-events\/weihnachtsferien\/\"}},{\"@context\":\"https:\/\/schema.org\",\"@type\":\"Event\",\"name\":\"Vacances de No\\u00ebl\",\"description\":\"\",\"image\":\"https:\/\/dfg-lfa.org\/wp-content\/uploads\/cropped-DFG-Logo-2010-2.jpg\",\"url\":\"https:\/\/dfg-lfa.org\/fr\/mc-events\/weihnachtsferien\/\",\"startDate\":\"2026-12-21T00:00:00+02:00\",\"endDate\":\"2027-01-05T00:00:59+02:00\",\"duration\":\"PD15TH0M0\",\"eventAttendanceMode\":\"https:\/\/schema.org\/OnlineEventAttendanceMode\",\"location\":{\"@type\":\"VirtualLocation\",\"url\":\"https:\/\/dfg-lfa.org\/fr\/mc-events\/weihnachtsferien\/\"}},{\"@context\":\"https:\/\/schema.org\",\"@type\":\"Event\",\"name\":\"Vacances de No\\u00ebl\",\"description\":\"\",\"image\":\"https:\/\/dfg-lfa.org\/wp-content\/uploads\/cropped-DFG-Logo-2010-2.jpg\",\"url\":\"https:\/\/dfg-lfa.org\/fr\/mc-events\/weihnachtsferien\/\",\"startDate\":\"2026-12-21T00:00:00+02:00\",\"endDate\":\"2027-01-05T00:00:59+02:00\",\"duration\":\"PD15TH0M0\",\"eventAttendanceMode\":\"https:\/\/schema.org\/OnlineEventAttendanceMode\",\"location\":{\"@type\":\"VirtualLocation\",\"url\":\"https:\/\/dfg-lfa.org\/fr\/mc-events\/weihnachtsferien\/\"}},{\"@context\":\"https:\/\/schema.org\",\"@type\":\"Event\",\"name\":\"Vacances de No\\u00ebl\",\"description\":\"\",\"image\":\"https:\/\/dfg-lfa.org\/wp-content\/uploads\/cropped-DFG-Logo-2010-2.jpg\",\"url\":\"https:\/\/dfg-lfa.org\/fr\/mc-events\/weihnachtsferien\/\",\"startDate\":\"2026-12-21T00:00:00+02:00\",\"endDate\":\"2027-01-05T00:00:59+02:00\",\"duration\":\"PD15TH0M0\",\"eventAttendanceMode\":\"https:\/\/schema.org\/OnlineEventAttendanceMode\",\"location\":{\"@type\":\"VirtualLocation\",\"url\":\"https:\/\/dfg-lfa.org\/fr\/mc-events\/weihnachtsferien\/\"}},{\"@context\":\"https:\/\/schema.org\",\"@type\":\"Event\",\"name\":\"Vacances de No\\u00ebl\",\"description\":\"\",\"image\":\"https:\/\/dfg-lfa.org\/wp-content\/uploads\/cropped-DFG-Logo-2010-2.jpg\",\"url\":\"https:\/\/dfg-lfa.org\/fr\/mc-events\/weihnachtsferien\/\",\"startDate\":\"2026-12-21T00:00:00+02:00\",\"endDate\":\"2027-01-05T00:00:59+02:00\",\"duration\":\"PD15TH0M0\",\"eventAttendanceMode\":\"https:\/\/schema.org\/OnlineEventAttendanceMode\",\"location\":{\"@type\":\"VirtualLocation\",\"url\":\"https:\/\/dfg-lfa.org\/fr\/mc-events\/weihnachtsferien\/\"}},{\"@context\":\"https:\/\/schema.org\",\"@type\":\"Event\",\"name\":\"Vacances de No\\u00ebl\",\"description\":\"\",\"image\":\"https:\/\/dfg-lfa.org\/wp-content\/uploads\/cropped-DFG-Logo-2010-2.jpg\",\"url\":\"https:\/\/dfg-lfa.org\/fr\/mc-events\/weihnachtsferien\/\",\"startDate\":\"2026-12-21T00:00:00+02:00\",\"endDate\":\"2027-01-05T00:00:59+02:00\",\"duration\":\"PD15TH0M0\",\"eventAttendanceMode\":\"https:\/\/schema.org\/OnlineEventAttendanceMode\",\"location\":{\"@type\":\"VirtualLocation\",\"url\":\"https:\/\/dfg-lfa.org\/fr\/mc-events\/weihnachtsferien\/\"}},{\"@context\":\"https:\/\/schema.org\",\"@type\":\"Event\",\"name\":\"Samedi travaill\\u00e9\",\"description\":\"\",\"image\":\"https:\/\/dfg-lfa.org\/wp-content\/uploads\/cropped-DFG-Logo-2010-2.jpg\",\"url\":\"https:\/\/dfg-lfa.org\/fr\/mc-events\/schulsamstag-5\/\",\"startDate\":\"2027-01-09T00:00:00+02:00\",\"endDate\":\"2027-01-10T00:00:59+02:00\",\"duration\":\"PD1TH0M0\",\"eventAttendanceMode\":\"https:\/\/schema.org\/OnlineEventAttendanceMode\",\"location\":{\"@type\":\"VirtualLocation\",\"url\":\"https:\/\/dfg-lfa.org\/fr\/mc-events\/schulsamstag-5\/\"}},{\"@context\":\"https:\/\/schema.org\",\"@type\":\"Event\",\"name\":\"Samedi travaill\\u00e9\",\"description\":\"\",\"image\":\"https:\/\/dfg-lfa.org\/wp-content\/uploads\/cropped-DFG-Logo-2010-2.jpg\",\"url\":\"https:\/\/dfg-lfa.org\/fr\/mc-events\/schulsamstag-6\/\",\"startDate\":\"2027-01-16T00:00:00+02:00\",\"endDate\":\"2027-01-17T00:00:59+02:00\",\"duration\":\"PD1TH0M0\",\"eventAttendanceMode\":\"https:\/\/schema.org\/OnlineEventAttendanceMode\",\"location\":{\"@type\":\"VirtualLocation\",\"url\":\"https:\/\/dfg-lfa.org\/fr\/mc-events\/schulsamstag-6\/\"}},{\"@context\":\"https:\/\/schema.org\",\"@type\":\"Event\",\"name\":\"Remise des bulletins, F\\u00fcnfte \\u00e0 1\\u00e8re\",\"description\":\"\",\"image\":\"https:\/\/dfg-lfa.org\/wp-content\/uploads\/cropped-DFG-Logo-2010-2.jpg\",\"url\":\"https:\/\/dfg-lfa.org\/fr\/mc-events\/zeugnisvergabe-fuer-klassen-5-bis-premiere\/\",\"startDate\":\"2027-01-29T12:30:00+02:00\",\"endDate\":\"2027-01-29T13:15:00+02:00\",\"duration\":\"P45M\",\"eventAttendanceMode\":\"https:\/\/schema.org\/OnlineEventAttendanceMode\",\"location\":{\"@type\":\"VirtualLocation\",\"url\":\"https:\/\/dfg-lfa.org\/fr\/mc-events\/zeugnisvergabe-fuer-klassen-5-bis-premiere\/\"}},{\"@context\":\"https:\/\/schema.org\",\"@type\":\"Event\",\"name\":\"Samedi travaill\\u00e9\",\"description\":\"\",\"image\":\"https:\/\/dfg-lfa.org\/wp-content\/uploads\/cropped-DFG-Logo-2010-2.jpg\",\"url\":\"https:\/\/dfg-lfa.org\/fr\/mc-events\/schulsamstag-7\/\",\"startDate\":\"2027-01-30T00:00:00+02:00\",\"endDate\":\"2027-01-31T00:00:59+02:00\",\"duration\":\"PD1TH0M0\",\"eventAttendanceMode\":\"https:\/\/schema.org\/OnlineEventAttendanceMode\",\"location\":{\"@type\":\"VirtualLocation\",\"url\":\"https:\/\/dfg-lfa.org\/fr\/mc-events\/schulsamstag-7\/\"}},{\"@context\":\"https:\/\/schema.org\",\"@type\":\"Event\",\"name\":\"R\\u00e9union d&#039;informations pour les parents et les \\u00e9l\\u00e8ves de 3\\u00e8me sur la classe de 2nde\",\"description\":\"\",\"image\":\"https:\/\/dfg-lfa.org\/wp-content\/uploads\/cropped-DFG-Logo-2010-2.jpg\",\"url\":\"https:\/\/dfg-lfa.org\/fr\/mc-events\/unbenannte-veranstaltung\/\",\"startDate\":\"2027-02-04T00:00:00+02:00\",\"endDate\":\"2027-02-05T00:00:59+02:00\",\"duration\":\"PD1TH0M0\",\"eventAttendanceMode\":\"https:\/\/schema.org\/OnlineEventAttendanceMode\",\"location\":{\"@type\":\"VirtualLocation\",\"url\":\"https:\/\/dfg-lfa.org\/fr\/mc-events\/unbenannte-veranstaltung\/\"}},{\"@context\":\"https:\/\/schema.org\",\"@type\":\"Event\",\"name\":\"Vacances de f\\u00e9vrier\",\"description\":\"\",\"image\":\"https:\/\/dfg-lfa.org\/wp-content\/uploads\/cropped-DFG-Logo-2010-2.jpg\",\"url\":\"https:\/\/dfg-lfa.org\/fr\/mc-events\/februarferien\/\",\"startDate\":\"2027-02-08T00:00:00+02:00\",\"endDate\":\"2027-02-17T00:00:59+02:00\",\"duration\":\"PD9TH0M0\",\"eventAttendanceMode\":\"https:\/\/schema.org\/OnlineEventAttendanceMode\",\"location\":{\"@type\":\"VirtualLocation\",\"url\":\"https:\/\/dfg-lfa.org\/fr\/mc-events\/februarferien\/\"}},{\"@context\":\"https:\/\/schema.org\",\"@type\":\"Event\",\"name\":\"Vacances de f\\u00e9vrier\",\"description\":\"\",\"image\":\"https:\/\/dfg-lfa.org\/wp-content\/uploads\/cropped-DFG-Logo-2010-2.jpg\",\"url\":\"https:\/\/dfg-lfa.org\/fr\/mc-events\/februarferien\/\",\"startDate\":\"2027-02-08T00:00:00+02:00\",\"endDate\":\"2027-02-17T00:00:59+02:00\",\"duration\":\"PD9TH0M0\",\"eventAttendanceMode\":\"https:\/\/schema.org\/OnlineEventAttendanceMode\",\"location\":{\"@type\":\"VirtualLocation\",\"url\":\"https:\/\/dfg-lfa.org\/fr\/mc-events\/februarferien\/\"}},{\"@context\":\"https:\/\/schema.org\",\"@type\":\"Event\",\"name\":\"Vacances de f\\u00e9vrier\",\"description\":\"\",\"image\":\"https:\/\/dfg-lfa.org\/wp-content\/uploads\/cropped-DFG-Logo-2010-2.jpg\",\"url\":\"https:\/\/dfg-lfa.org\/fr\/mc-events\/februarferien\/\",\"startDate\":\"2027-02-08T00:00:00+02:00\",\"endDate\":\"2027-02-17T00:00:59+02:00\",\"duration\":\"PD9TH0M0\",\"eventAttendanceMode\":\"https:\/\/schema.org\/OnlineEventAttendanceMode\",\"location\":{\"@type\":\"VirtualLocation\",\"url\":\"https:\/\/dfg-lfa.org\/fr\/mc-events\/februarferien\/\"}},{\"@context\":\"https:\/\/schema.org\",\"@type\":\"Event\",\"name\":\"Vacances de f\\u00e9vrier\",\"description\":\"\",\"image\":\"https:\/\/dfg-lfa.org\/wp-content\/uploads\/cropped-DFG-Logo-2010-2.jpg\",\"url\":\"https:\/\/dfg-lfa.org\/fr\/mc-events\/februarferien\/\",\"startDate\":\"2027-02-08T00:00:00+02:00\",\"endDate\":\"2027-02-17T00:00:59+02:00\",\"duration\":\"PD9TH0M0\",\"eventAttendanceMode\":\"https:\/\/schema.org\/OnlineEventAttendanceMode\",\"location\":{\"@type\":\"VirtualLocation\",\"url\":\"https:\/\/dfg-lfa.org\/fr\/mc-events\/februarferien\/\"}},{\"@context\":\"https:\/\/schema.org\",\"@type\":\"Event\",\"name\":\"Vacances de f\\u00e9vrier\",\"description\":\"\",\"image\":\"https:\/\/dfg-lfa.org\/wp-content\/uploads\/cropped-DFG-Logo-2010-2.jpg\",\"url\":\"https:\/\/dfg-lfa.org\/fr\/mc-events\/februarferien\/\",\"startDate\":\"2027-02-08T00:00:00+02:00\",\"endDate\":\"2027-02-17T00:00:59+02:00\",\"duration\":\"PD9TH0M0\",\"eventAttendanceMode\":\"https:\/\/schema.org\/OnlineEventAttendanceMode\",\"location\":{\"@type\":\"VirtualLocation\",\"url\":\"https:\/\/dfg-lfa.org\/fr\/mc-events\/februarferien\/\"}},{\"@context\":\"https:\/\/schema.org\",\"@type\":\"Event\",\"name\":\"Vacances de f\\u00e9vrier\",\"description\":\"\",\"image\":\"https:\/\/dfg-lfa.org\/wp-content\/uploads\/cropped-DFG-Logo-2010-2.jpg\",\"url\":\"https:\/\/dfg-lfa.org\/fr\/mc-events\/februarferien\/\",\"startDate\":\"2027-02-08T00:00:00+02:00\",\"endDate\":\"2027-02-17T00:00:59+02:00\",\"duration\":\"PD9TH0M0\",\"eventAttendanceMode\":\"https:\/\/schema.org\/OnlineEventAttendanceMode\",\"location\":{\"@type\":\"VirtualLocation\",\"url\":\"https:\/\/dfg-lfa.org\/fr\/mc-events\/februarferien\/\"}},{\"@context\":\"https:\/\/schema.org\",\"@type\":\"Event\",\"name\":\"Vacances de f\\u00e9vrier\",\"description\":\"\",\"image\":\"https:\/\/dfg-lfa.org\/wp-content\/uploads\/cropped-DFG-Logo-2010-2.jpg\",\"url\":\"https:\/\/dfg-lfa.org\/fr\/mc-events\/februarferien\/\",\"startDate\":\"2027-02-08T00:00:00+02:00\",\"endDate\":\"2027-02-17T00:00:59+02:00\",\"duration\":\"PD9TH0M0\",\"eventAttendanceMode\":\"https:\/\/schema.org\/OnlineEventAttendanceMode\",\"location\":{\"@type\":\"VirtualLocation\",\"url\":\"https:\/\/dfg-lfa.org\/fr\/mc-events\/februarferien\/\"}},{\"@context\":\"https:\/\/schema.org\",\"@type\":\"Event\",\"name\":\"Vacances de f\\u00e9vrier\",\"description\":\"\",\"image\":\"https:\/\/dfg-lfa.org\/wp-content\/uploads\/cropped-DFG-Logo-2010-2.jpg\",\"url\":\"https:\/\/dfg-lfa.org\/fr\/mc-events\/februarferien\/\",\"startDate\":\"2027-02-08T00:00:00+02:00\",\"endDate\":\"2027-02-17T00:00:59+02:00\",\"duration\":\"PD9TH0M0\",\"eventAttendanceMode\":\"https:\/\/schema.org\/OnlineEventAttendanceMode\",\"location\":{\"@type\":\"VirtualLocation\",\"url\":\"https:\/\/dfg-lfa.org\/fr\/mc-events\/februarferien\/\"}},{\"@context\":\"https:\/\/schema.org\",\"@type\":\"Event\",\"name\":\"Vacances de f\\u00e9vrier\",\"description\":\"\",\"image\":\"https:\/\/dfg-lfa.org\/wp-content\/uploads\/cropped-DFG-Logo-2010-2.jpg\",\"url\":\"https:\/\/dfg-lfa.org\/fr\/mc-events\/februarferien\/\",\"startDate\":\"2027-02-08T00:00:00+02:00\",\"endDate\":\"2027-02-17T00:00:59+02:00\",\"duration\":\"PD9TH0M0\",\"eventAttendanceMode\":\"https:\/\/schema.org\/OnlineEventAttendanceMode\",\"location\":{\"@type\":\"VirtualLocation\",\"url\":\"https:\/\/dfg-lfa.org\/fr\/mc-events\/februarferien\/\"}},{\"@context\":\"https:\/\/schema.org\",\"@type\":\"Event\",\"name\":\"Voyage \\u00e0 Berlin des classes de seconde\",\"description\":\"\",\"image\":\"https:\/\/dfg-lfa.org\/wp-content\/uploads\/cropped-DFG-Logo-2010-2.jpg\",\"url\":\"https:\/\/dfg-lfa.org\/fr\/mc-events\/berlinfahrt-der-klassenstufe-seconde\/\",\"startDate\":\"2027-02-22T00:00:00+02:00\",\"endDate\":\"2027-02-27T00:00:59+02:00\",\"duration\":\"PD5TH0M0\",\"eventAttendanceMode\":\"https:\/\/schema.org\/OnlineEventAttendanceMode\",\"location\":{\"@type\":\"VirtualLocation\",\"url\":\"https:\/\/dfg-lfa.org\/fr\/mc-events\/berlinfahrt-der-klassenstufe-seconde\/\"}},{\"@context\":\"https:\/\/schema.org\",\"@type\":\"Event\",\"name\":\"Voyage \\u00e0 Berlin des classes de seconde\",\"description\":\"\",\"image\":\"https:\/\/dfg-lfa.org\/wp-content\/uploads\/cropped-DFG-Logo-2010-2.jpg\",\"url\":\"https:\/\/dfg-lfa.org\/fr\/mc-events\/berlinfahrt-der-klassenstufe-seconde\/\",\"startDate\":\"2027-02-22T00:00:00+02:00\",\"endDate\":\"2027-02-27T00:00:59+02:00\",\"duration\":\"PD5TH0M0\",\"eventAttendanceMode\":\"https:\/\/schema.org\/OnlineEventAttendanceMode\",\"location\":{\"@type\":\"VirtualLocation\",\"url\":\"https:\/\/dfg-lfa.org\/fr\/mc-events\/berlinfahrt-der-klassenstufe-seconde\/\"}},{\"@context\":\"https:\/\/schema.org\",\"@type\":\"Event\",\"name\":\"Voyage \\u00e0 Berlin des classes de seconde\",\"description\":\"\",\"image\":\"https:\/\/dfg-lfa.org\/wp-content\/uploads\/cropped-DFG-Logo-2010-2.jpg\",\"url\":\"https:\/\/dfg-lfa.org\/fr\/mc-events\/berlinfahrt-der-klassenstufe-seconde\/\",\"startDate\":\"2027-02-22T00:00:00+02:00\",\"endDate\":\"2027-02-27T00:00:59+02:00\",\"duration\":\"PD5TH0M0\",\"eventAttendanceMode\":\"https:\/\/schema.org\/OnlineEventAttendanceMode\",\"location\":{\"@type\":\"VirtualLocation\",\"url\":\"https:\/\/dfg-lfa.org\/fr\/mc-events\/berlinfahrt-der-klassenstufe-seconde\/\"}},{\"@context\":\"https:\/\/schema.org\",\"@type\":\"Event\",\"name\":\"Voyage \\u00e0 Berlin des classes de seconde\",\"description\":\"\",\"image\":\"https:\/\/dfg-lfa.org\/wp-content\/uploads\/cropped-DFG-Logo-2010-2.jpg\",\"url\":\"https:\/\/dfg-lfa.org\/fr\/mc-events\/berlinfahrt-der-klassenstufe-seconde\/\",\"startDate\":\"2027-02-22T00:00:00+02:00\",\"endDate\":\"2027-02-27T00:00:59+02:00\",\"duration\":\"PD5TH0M0\",\"eventAttendanceMode\":\"https:\/\/schema.org\/OnlineEventAttendanceMode\",\"location\":{\"@type\":\"VirtualLocation\",\"url\":\"https:\/\/dfg-lfa.org\/fr\/mc-events\/berlinfahrt-der-klassenstufe-seconde\/\"}},{\"@context\":\"https:\/\/schema.org\",\"@type\":\"Event\",\"name\":\"Voyage \\u00e0 Berlin des classes de seconde\",\"description\":\"\",\"image\":\"https:\/\/dfg-lfa.org\/wp-content\/uploads\/cropped-DFG-Logo-2010-2.jpg\",\"url\":\"https:\/\/dfg-lfa.org\/fr\/mc-events\/berlinfahrt-der-klassenstufe-seconde\/\",\"startDate\":\"2027-02-22T00:00:00+02:00\",\"endDate\":\"2027-02-27T00:00:59+02:00\",\"duration\":\"PD5TH0M0\",\"eventAttendanceMode\":\"https:\/\/schema.org\/OnlineEventAttendanceMode\",\"location\":{\"@type\":\"VirtualLocation\",\"url\":\"https:\/\/dfg-lfa.org\/fr\/mc-events\/berlinfahrt-der-klassenstufe-seconde\/\"}},{\"@context\":\"https:\/\/schema.org\",\"@type\":\"Event\",\"name\":\"Samedi travaill\\u00e9\",\"description\":\"\",\"image\":\"https:\/\/dfg-lfa.org\/wp-content\/uploads\/cropped-DFG-Logo-2010-2.jpg\",\"url\":\"https:\/\/dfg-lfa.org\/fr\/mc-events\/schulsamstag-8\/\",\"startDate\":\"2027-02-27T00:00:00+02:00\",\"endDate\":\"2027-02-28T00:00:59+02:00\",\"duration\":\"PD1TH0M0\",\"eventAttendanceMode\":\"https:\/\/schema.org\/OnlineEventAttendanceMode\",\"location\":{\"@type\":\"VirtualLocation\",\"url\":\"https:\/\/dfg-lfa.org\/fr\/mc-events\/schulsamstag-8\/\"}},{\"@context\":\"https:\/\/schema.org\",\"@type\":\"Event\",\"name\":\"Samedi travaill\\u00e9\",\"description\":\"\",\"image\":\"https:\/\/dfg-lfa.org\/wp-content\/uploads\/cropped-DFG-Logo-2010-2.jpg\",\"url\":\"https:\/\/dfg-lfa.org\/fr\/mc-events\/schulsamstag-9\/\",\"startDate\":\"2027-03-06T00:00:00+02:00\",\"endDate\":\"2027-03-07T00:00:59+02:00\",\"duration\":\"PD1TH0M0\",\"eventAttendanceMode\":\"https:\/\/schema.org\/OnlineEventAttendanceMode\",\"location\":{\"@type\":\"VirtualLocation\",\"url\":\"https:\/\/dfg-lfa.org\/fr\/mc-events\/schulsamstag-9\/\"}},{\"@context\":\"https:\/\/schema.org\",\"@type\":\"Event\",\"name\":\"Stage milieu professionnel des classes de 3\\u00e8me\",\"description\":\"\",\"image\":\"https:\/\/dfg-lfa.org\/wp-content\/uploads\/cropped-DFG-Logo-2010-2.jpg\",\"url\":\"https:\/\/dfg-lfa.org\/fr\/mc-events\/berufsprakikum-der-klassentufe-9\/\",\"startDate\":\"2027-03-08T00:00:00+02:00\",\"endDate\":\"2027-03-21T00:00:59+02:00\",\"duration\":\"PD13TH0M0\",\"eventAttendanceMode\":\"https:\/\/schema.org\/OnlineEventAttendanceMode\",\"location\":{\"@type\":\"VirtualLocation\",\"url\":\"https:\/\/dfg-lfa.org\/fr\/mc-events\/berufsprakikum-der-klassentufe-9\/\"}},{\"@context\":\"https:\/\/schema.org\",\"@type\":\"Event\",\"name\":\"Stage milieu professionnel des classes de 3\\u00e8me\",\"description\":\"\",\"image\":\"https:\/\/dfg-lfa.org\/wp-content\/uploads\/cropped-DFG-Logo-2010-2.jpg\",\"url\":\"https:\/\/dfg-lfa.org\/fr\/mc-events\/berufsprakikum-der-klassentufe-9\/\",\"startDate\":\"2027-03-08T00:00:00+02:00\",\"endDate\":\"2027-03-21T00:00:59+02:00\",\"duration\":\"PD13TH0M0\",\"eventAttendanceMode\":\"https:\/\/schema.org\/OnlineEventAttendanceMode\",\"location\":{\"@type\":\"VirtualLocation\",\"url\":\"https:\/\/dfg-lfa.org\/fr\/mc-events\/berufsprakikum-der-klassentufe-9\/\"}},{\"@context\":\"https:\/\/schema.org\",\"@type\":\"Event\",\"name\":\"Stage milieu professionnel des classes de 3\\u00e8me\",\"description\":\"\",\"image\":\"https:\/\/dfg-lfa.org\/wp-content\/uploads\/cropped-DFG-Logo-2010-2.jpg\",\"url\":\"https:\/\/dfg-lfa.org\/fr\/mc-events\/berufsprakikum-der-klassentufe-9\/\",\"startDate\":\"2027-03-08T00:00:00+02:00\",\"endDate\":\"2027-03-21T00:00:59+02:00\",\"duration\":\"PD13TH0M0\",\"eventAttendanceMode\":\"https:\/\/schema.org\/OnlineEventAttendanceMode\",\"location\":{\"@type\":\"VirtualLocation\",\"url\":\"https:\/\/dfg-lfa.org\/fr\/mc-events\/berufsprakikum-der-klassentufe-9\/\"}},{\"@context\":\"https:\/\/schema.org\",\"@type\":\"Event\",\"name\":\"Stage milieu professionnel des classes de 3\\u00e8me\",\"description\":\"\",\"image\":\"https:\/\/dfg-lfa.org\/wp-content\/uploads\/cropped-DFG-Logo-2010-2.jpg\",\"url\":\"https:\/\/dfg-lfa.org\/fr\/mc-events\/berufsprakikum-der-klassentufe-9\/\",\"startDate\":\"2027-03-08T00:00:00+02:00\",\"endDate\":\"2027-03-21T00:00:59+02:00\",\"duration\":\"PD13TH0M0\",\"eventAttendanceMode\":\"https:\/\/schema.org\/OnlineEventAttendanceMode\",\"location\":{\"@type\":\"VirtualLocation\",\"url\":\"https:\/\/dfg-lfa.org\/fr\/mc-events\/berufsprakikum-der-klassentufe-9\/\"}},{\"@context\":\"https:\/\/schema.org\",\"@type\":\"Event\",\"name\":\"Stage milieu professionnel des classes de 3\\u00e8me\",\"description\":\"\",\"image\":\"https:\/\/dfg-lfa.org\/wp-content\/uploads\/cropped-DFG-Logo-2010-2.jpg\",\"url\":\"https:\/\/dfg-lfa.org\/fr\/mc-events\/berufsprakikum-der-klassentufe-9\/\",\"startDate\":\"2027-03-08T00:00:00+02:00\",\"endDate\":\"2027-03-21T00:00:59+02:00\",\"duration\":\"PD13TH0M0\",\"eventAttendanceMode\":\"https:\/\/schema.org\/OnlineEventAttendanceMode\",\"location\":{\"@type\":\"VirtualLocation\",\"url\":\"https:\/\/dfg-lfa.org\/fr\/mc-events\/berufsprakikum-der-klassentufe-9\/\"}},{\"@context\":\"https:\/\/schema.org\",\"@type\":\"Event\",\"name\":\"Stage milieu professionnel des classes de 3\\u00e8me\",\"description\":\"\",\"image\":\"https:\/\/dfg-lfa.org\/wp-content\/uploads\/cropped-DFG-Logo-2010-2.jpg\",\"url\":\"https:\/\/dfg-lfa.org\/fr\/mc-events\/berufsprakikum-der-klassentufe-9\/\",\"startDate\":\"2027-03-08T00:00:00+02:00\",\"endDate\":\"2027-03-21T00:00:59+02:00\",\"duration\":\"PD13TH0M0\",\"eventAttendanceMode\":\"https:\/\/schema.org\/OnlineEventAttendanceMode\",\"location\":{\"@type\":\"VirtualLocation\",\"url\":\"https:\/\/dfg-lfa.org\/fr\/mc-events\/berufsprakikum-der-klassentufe-9\/\"}},{\"@context\":\"https:\/\/schema.org\",\"@type\":\"Event\",\"name\":\"Stage milieu professionnel des classes de 3\\u00e8me\",\"description\":\"\",\"image\":\"https:\/\/dfg-lfa.org\/wp-content\/uploads\/cropped-DFG-Logo-2010-2.jpg\",\"url\":\"https:\/\/dfg-lfa.org\/fr\/mc-events\/berufsprakikum-der-klassentufe-9\/\",\"startDate\":\"2027-03-08T00:00:00+02:00\",\"endDate\":\"2027-03-21T00:00:59+02:00\",\"duration\":\"PD13TH0M0\",\"eventAttendanceMode\":\"https:\/\/schema.org\/OnlineEventAttendanceMode\",\"location\":{\"@type\":\"VirtualLocation\",\"url\":\"https:\/\/dfg-lfa.org\/fr\/mc-events\/berufsprakikum-der-klassentufe-9\/\"}},{\"@context\":\"https:\/\/schema.org\",\"@type\":\"Event\",\"name\":\"Epreuves sport baccalaur\\u00e9at\",\"description\":\"\",\"image\":\"https:\/\/dfg-lfa.org\/wp-content\/uploads\/cropped-DFG-Logo-2010-2.jpg\",\"url\":\"https:\/\/dfg-lfa.org\/fr\/mc-events\/abiturpruefungen-sport\/\",\"startDate\":\"2027-03-15T00:00:00+02:00\",\"endDate\":\"2027-03-16T00:00:59+02:00\",\"duration\":\"PD1TH0M0\",\"eventAttendanceMode\":\"https:\/\/schema.org\/OnlineEventAttendanceMode\",\"location\":{\"@type\":\"VirtualLocation\",\"url\":\"https:\/\/dfg-lfa.org\/fr\/mc-events\/abiturpruefungen-sport\/\"}},{\"@context\":\"https:\/\/schema.org\",\"@type\":\"Event\",\"name\":\"Dernier jour de classe des Terminales\",\"description\":\"\",\"image\":\"https:\/\/dfg-lfa.org\/wp-content\/uploads\/cropped-DFG-Logo-2010-2.jpg\",\"url\":\"https:\/\/dfg-lfa.org\/fr\/mc-events\/letzter-schultag-fuer-die-klassenstufe-terminale\/\",\"startDate\":\"2027-03-16T00:00:00+02:00\",\"endDate\":\"2027-03-17T00:00:59+02:00\",\"duration\":\"PD1TH0M0\",\"eventAttendanceMode\":\"https:\/\/schema.org\/OnlineEventAttendanceMode\",\"location\":{\"@type\":\"VirtualLocation\",\"url\":\"https:\/\/dfg-lfa.org\/fr\/mc-events\/letzter-schultag-fuer-die-klassenstufe-terminale\/\"}},{\"@context\":\"https:\/\/schema.org\",\"@type\":\"Event\",\"name\":\"Stage milieu professionnel des classes de 3\\u00e8me\",\"description\":\"\",\"image\":\"https:\/\/dfg-lfa.org\/wp-content\/uploads\/cropped-DFG-Logo-2010-2.jpg\",\"url\":\"https:\/\/dfg-lfa.org\/fr\/mc-events\/berufsprakikum-der-klassentufe-9\/\",\"startDate\":\"2027-03-08T00:00:00+02:00\",\"endDate\":\"2027-03-21T00:00:59+02:00\",\"duration\":\"PD13TH0M0\",\"eventAttendanceMode\":\"https:\/\/schema.org\/OnlineEventAttendanceMode\",\"location\":{\"@type\":\"VirtualLocation\",\"url\":\"https:\/\/dfg-lfa.org\/fr\/mc-events\/berufsprakikum-der-klassentufe-9\/\"}},{\"@context\":\"https:\/\/schema.org\",\"@type\":\"Event\",\"name\":\"Stage milieu professionnel des classes de 3\\u00e8me\",\"description\":\"\",\"image\":\"https:\/\/dfg-lfa.org\/wp-content\/uploads\/cropped-DFG-Logo-2010-2.jpg\",\"url\":\"https:\/\/dfg-lfa.org\/fr\/mc-events\/berufsprakikum-der-klassentufe-9\/\",\"startDate\":\"2027-03-08T00:00:00+02:00\",\"endDate\":\"2027-03-21T00:00:59+02:00\",\"duration\":\"PD13TH0M0\",\"eventAttendanceMode\":\"https:\/\/schema.org\/OnlineEventAttendanceMode\",\"location\":{\"@type\":\"VirtualLocation\",\"url\":\"https:\/\/dfg-lfa.org\/fr\/mc-events\/berufsprakikum-der-klassentufe-9\/\"}},{\"@context\":\"https:\/\/schema.org\",\"@type\":\"Event\",\"name\":\"Oraux en langue du partenaire\",\"description\":\"\",\"image\":\"https:\/\/dfg-lfa.org\/wp-content\/uploads\/cropped-DFG-Logo-2010-2.jpg\",\"url\":\"https:\/\/dfg-lfa.org\/fr\/mc-events\/muendliche-pruefungen-in-partnersprache\/\",\"startDate\":\"2027-03-19T00:00:00+02:00\",\"endDate\":\"2027-03-20T00:00:59+02:00\",\"duration\":\"PD1TH0M0\",\"eventAttendanceMode\":\"https:\/\/schema.org\/OnlineEventAttendanceMode\",\"location\":{\"@type\":\"VirtualLocation\",\"url\":\"https:\/\/dfg-lfa.org\/fr\/mc-events\/muendliche-pruefungen-in-partnersprache\/\"}},{\"@context\":\"https:\/\/schema.org\",\"@type\":\"Event\",\"name\":\"Samedi travaill\\u00e9\",\"description\":\"\",\"image\":\"https:\/\/dfg-lfa.org\/wp-content\/uploads\/cropped-DFG-Logo-2010-2.jpg\",\"url\":\"https:\/\/dfg-lfa.org\/fr\/mc-events\/schulsamstag-10\/\",\"startDate\":\"2027-03-20T00:00:00+02:00\",\"endDate\":\"2027-03-21T00:00:59+02:00\",\"duration\":\"PD1TH0M0\",\"eventAttendanceMode\":\"https:\/\/schema.org\/OnlineEventAttendanceMode\",\"location\":{\"@type\":\"VirtualLocation\",\"url\":\"https:\/\/dfg-lfa.org\/fr\/mc-events\/schulsamstag-10\/\"}},{\"@context\":\"https:\/\/schema.org\",\"@type\":\"Event\",\"name\":\"Oraux en langue du partenaire\",\"description\":\"\",\"image\":\"https:\/\/dfg-lfa.org\/wp-content\/uploads\/cropped-DFG-Logo-2010-2.jpg\",\"url\":\"https:\/\/dfg-lfa.org\/fr\/mc-events\/muendliche-pruefungen-in-partnersprache-2\/\",\"startDate\":\"2027-03-22T00:00:00+02:00\",\"endDate\":\"2027-03-26T00:00:59+02:00\",\"duration\":\"PD4TH0M0\",\"eventAttendanceMode\":\"https:\/\/schema.org\/OnlineEventAttendanceMode\",\"location\":{\"@type\":\"VirtualLocation\",\"url\":\"https:\/\/dfg-lfa.org\/fr\/mc-events\/muendliche-pruefungen-in-partnersprache-2\/\"}},{\"@context\":\"https:\/\/schema.org\",\"@type\":\"Event\",\"name\":\"Oraux en langue du partenaire\",\"description\":\"\",\"image\":\"https:\/\/dfg-lfa.org\/wp-content\/uploads\/cropped-DFG-Logo-2010-2.jpg\",\"url\":\"https:\/\/dfg-lfa.org\/fr\/mc-events\/muendliche-pruefungen-in-partnersprache-2\/\",\"startDate\":\"2027-03-22T00:00:00+02:00\",\"endDate\":\"2027-03-26T00:00:59+02:00\",\"duration\":\"PD4TH0M0\",\"eventAttendanceMode\":\"https:\/\/schema.org\/OnlineEventAttendanceMode\",\"location\":{\"@type\":\"VirtualLocation\",\"url\":\"https:\/\/dfg-lfa.org\/fr\/mc-events\/muendliche-pruefungen-in-partnersprache-2\/\"}},{\"@context\":\"https:\/\/schema.org\",\"@type\":\"Event\",\"name\":\"Oraux en langue du partenaire\",\"description\":\"\",\"image\":\"https:\/\/dfg-lfa.org\/wp-content\/uploads\/cropped-DFG-Logo-2010-2.jpg\",\"url\":\"https:\/\/dfg-lfa.org\/fr\/mc-events\/muendliche-pruefungen-in-partnersprache-2\/\",\"startDate\":\"2027-03-22T00:00:00+02:00\",\"endDate\":\"2027-03-26T00:00:59+02:00\",\"duration\":\"PD4TH0M0\",\"eventAttendanceMode\":\"https:\/\/schema.org\/OnlineEventAttendanceMode\",\"location\":{\"@type\":\"VirtualLocation\",\"url\":\"https:\/\/dfg-lfa.org\/fr\/mc-events\/muendliche-pruefungen-in-partnersprache-2\/\"}},{\"@context\":\"https:\/\/schema.org\",\"@type\":\"Event\",\"name\":\"Oraux en langue du partenaire\",\"description\":\"\",\"image\":\"https:\/\/dfg-lfa.org\/wp-content\/uploads\/cropped-DFG-Logo-2010-2.jpg\",\"url\":\"https:\/\/dfg-lfa.org\/fr\/mc-events\/muendliche-pruefungen-in-partnersprache-2\/\",\"startDate\":\"2027-03-22T00:00:00+02:00\",\"endDate\":\"2027-03-26T00:00:59+02:00\",\"duration\":\"PD4TH0M0\",\"eventAttendanceMode\":\"https:\/\/schema.org\/OnlineEventAttendanceMode\",\"location\":{\"@type\":\"VirtualLocation\",\"url\":\"https:\/\/dfg-lfa.org\/fr\/mc-events\/muendliche-pruefungen-in-partnersprache-2\/\"}},{\"@context\":\"https:\/\/schema.org\",\"@type\":\"Event\",\"name\":\"Vendredi Saint (pas cours)\",\"description\":\"\",\"image\":\"https:\/\/dfg-lfa.org\/wp-content\/uploads\/cropped-DFG-Logo-2010-2.jpg\",\"url\":\"https:\/\/dfg-lfa.org\/fr\/mc-events\/karfreitag-unterrichtsfrei\/\",\"startDate\":\"2027-03-26T00:00:00+02:00\",\"endDate\":\"2027-03-27T00:00:59+02:00\",\"duration\":\"PD1TH0M0\",\"eventAttendanceMode\":\"https:\/\/schema.org\/OnlineEventAttendanceMode\",\"location\":{\"@type\":\"VirtualLocation\",\"url\":\"https:\/\/dfg-lfa.org\/fr\/mc-events\/karfreitag-unterrichtsfrei\/\"}},{\"@context\":\"https:\/\/schema.org\",\"@type\":\"Event\",\"name\":\"Lundi de P\\u00e2ques (jour f\\u00e9ri\\u00e9)\",\"description\":\"\",\"image\":\"https:\/\/dfg-lfa.org\/wp-content\/uploads\/cropped-DFG-Logo-2010-2.jpg\",\"url\":\"https:\/\/dfg-lfa.org\/fr\/mc-events\/ostermontag\/\",\"startDate\":\"2027-03-29T00:00:00+02:00\",\"endDate\":\"2027-03-30T00:00:59+02:00\",\"duration\":\"PD1TH0M0\",\"eventAttendanceMode\":\"https:\/\/schema.org\/OnlineEventAttendanceMode\",\"location\":{\"@type\":\"VirtualLocation\",\"url\":\"https:\/\/dfg-lfa.org\/fr\/mc-events\/ostermontag\/\"}},{\"@context\":\"https:\/\/schema.org\",\"@type\":\"Event\",\"name\":\"Vacances de P\\u00e2ques\",\"description\":\"\",\"image\":\"https:\/\/dfg-lfa.org\/wp-content\/uploads\/cropped-DFG-Logo-2010-2.jpg\",\"url\":\"https:\/\/dfg-lfa.org\/fr\/mc-events\/osterferien\/\",\"startDate\":\"2027-03-30T00:00:00+02:00\",\"endDate\":\"2027-04-10T00:00:59+02:00\",\"duration\":\"PD11TH0M0\",\"eventAttendanceMode\":\"https:\/\/schema.org\/OnlineEventAttendanceMode\",\"location\":{\"@type\":\"VirtualLocation\",\"url\":\"https:\/\/dfg-lfa.org\/fr\/mc-events\/osterferien\/\"}},{\"@context\":\"https:\/\/schema.org\",\"@type\":\"Event\",\"name\":\"Vacances de P\\u00e2ques\",\"description\":\"\",\"image\":\"https:\/\/dfg-lfa.org\/wp-content\/uploads\/cropped-DFG-Logo-2010-2.jpg\",\"url\":\"https:\/\/dfg-lfa.org\/fr\/mc-events\/osterferien\/\",\"startDate\":\"2027-03-30T00:00:00+02:00\",\"endDate\":\"2027-04-10T00:00:59+02:00\",\"duration\":\"PD11TH0M0\",\"eventAttendanceMode\":\"https:\/\/schema.org\/OnlineEventAttendanceMode\",\"location\":{\"@type\":\"VirtualLocation\",\"url\":\"https:\/\/dfg-lfa.org\/fr\/mc-events\/osterferien\/\"}},{\"@context\":\"https:\/\/schema.org\",\"@type\":\"Event\",\"name\":\"Vacances de P\\u00e2ques\",\"description\":\"\",\"image\":\"https:\/\/dfg-lfa.org\/wp-content\/uploads\/cropped-DFG-Logo-2010-2.jpg\",\"url\":\"https:\/\/dfg-lfa.org\/fr\/mc-events\/osterferien\/\",\"startDate\":\"2027-03-30T00:00:00+02:00\",\"endDate\":\"2027-04-10T00:00:59+02:00\",\"duration\":\"PD11TH0M0\",\"eventAttendanceMode\":\"https:\/\/schema.org\/OnlineEventAttendanceMode\",\"location\":{\"@type\":\"VirtualLocation\",\"url\":\"https:\/\/dfg-lfa.org\/fr\/mc-events\/osterferien\/\"}},{\"@context\":\"https:\/\/schema.org\",\"@type\":\"Event\",\"name\":\"Vacances de P\\u00e2ques\",\"description\":\"\",\"image\":\"https:\/\/dfg-lfa.org\/wp-content\/uploads\/cropped-DFG-Logo-2010-2.jpg\",\"url\":\"https:\/\/dfg-lfa.org\/fr\/mc-events\/osterferien\/\",\"startDate\":\"2027-03-30T00:00:00+02:00\",\"endDate\":\"2027-04-10T00:00:59+02:00\",\"duration\":\"PD11TH0M0\",\"eventAttendanceMode\":\"https:\/\/schema.org\/OnlineEventAttendanceMode\",\"location\":{\"@type\":\"VirtualLocation\",\"url\":\"https:\/\/dfg-lfa.org\/fr\/mc-events\/osterferien\/\"}},{\"@context\":\"https:\/\/schema.org\",\"@type\":\"Event\",\"name\":\"Vacances de P\\u00e2ques\",\"description\":\"\",\"image\":\"https:\/\/dfg-lfa.org\/wp-content\/uploads\/cropped-DFG-Logo-2010-2.jpg\",\"url\":\"https:\/\/dfg-lfa.org\/fr\/mc-events\/osterferien\/\",\"startDate\":\"2027-03-30T00:00:00+02:00\",\"endDate\":\"2027-04-10T00:00:59+02:00\",\"duration\":\"PD11TH0M0\",\"eventAttendanceMode\":\"https:\/\/schema.org\/OnlineEventAttendanceMode\",\"location\":{\"@type\":\"VirtualLocation\",\"url\":\"https:\/\/dfg-lfa.org\/fr\/mc-events\/osterferien\/\"}},{\"@context\":\"https:\/\/schema.org\",\"@type\":\"Event\",\"name\":\"Vacances de P\\u00e2ques\",\"description\":\"\",\"image\":\"https:\/\/dfg-lfa.org\/wp-content\/uploads\/cropped-DFG-Logo-2010-2.jpg\",\"url\":\"https:\/\/dfg-lfa.org\/fr\/mc-events\/osterferien\/\",\"startDate\":\"2027-03-30T00:00:00+02:00\",\"endDate\":\"2027-04-10T00:00:59+02:00\",\"duration\":\"PD11TH0M0\",\"eventAttendanceMode\":\"https:\/\/schema.org\/OnlineEventAttendanceMode\",\"location\":{\"@type\":\"VirtualLocation\",\"url\":\"https:\/\/dfg-lfa.org\/fr\/mc-events\/osterferien\/\"}},{\"@context\":\"https:\/\/schema.org\",\"@type\":\"Event\",\"name\":\"Vacances de P\\u00e2ques\",\"description\":\"\",\"image\":\"https:\/\/dfg-lfa.org\/wp-content\/uploads\/cropped-DFG-Logo-2010-2.jpg\",\"url\":\"https:\/\/dfg-lfa.org\/fr\/mc-events\/osterferien\/\",\"startDate\":\"2027-03-30T00:00:00+02:00\",\"endDate\":\"2027-04-10T00:00:59+02:00\",\"duration\":\"PD11TH0M0\",\"eventAttendanceMode\":\"https:\/\/schema.org\/OnlineEventAttendanceMode\",\"location\":{\"@type\":\"VirtualLocation\",\"url\":\"https:\/\/dfg-lfa.org\/fr\/mc-events\/osterferien\/\"}},{\"@context\":\"https:\/\/schema.org\",\"@type\":\"Event\",\"name\":\"Vacances de P\\u00e2ques\",\"description\":\"\",\"image\":\"https:\/\/dfg-lfa.org\/wp-content\/uploads\/cropped-DFG-Logo-2010-2.jpg\",\"url\":\"https:\/\/dfg-lfa.org\/fr\/mc-events\/osterferien\/\",\"startDate\":\"2027-03-30T00:00:00+02:00\",\"endDate\":\"2027-04-10T00:00:59+02:00\",\"duration\":\"PD11TH0M0\",\"eventAttendanceMode\":\"https:\/\/schema.org\/OnlineEventAttendanceMode\",\"location\":{\"@type\":\"VirtualLocation\",\"url\":\"https:\/\/dfg-lfa.org\/fr\/mc-events\/osterferien\/\"}},{\"@context\":\"https:\/\/schema.org\",\"@type\":\"Event\",\"name\":\"Vacances de P\\u00e2ques\",\"description\":\"\",\"image\":\"https:\/\/dfg-lfa.org\/wp-content\/uploads\/cropped-DFG-Logo-2010-2.jpg\",\"url\":\"https:\/\/dfg-lfa.org\/fr\/mc-events\/osterferien\/\",\"startDate\":\"2027-03-30T00:00:00+02:00\",\"endDate\":\"2027-04-10T00:00:59+02:00\",\"duration\":\"PD11TH0M0\",\"eventAttendanceMode\":\"https:\/\/schema.org\/OnlineEventAttendanceMode\",\"location\":{\"@type\":\"VirtualLocation\",\"url\":\"https:\/\/dfg-lfa.org\/fr\/mc-events\/osterferien\/\"}},{\"@context\":\"https:\/\/schema.org\",\"@type\":\"Event\",\"name\":\"Vacances de P\\u00e2ques\",\"description\":\"\",\"image\":\"https:\/\/dfg-lfa.org\/wp-content\/uploads\/cropped-DFG-Logo-2010-2.jpg\",\"url\":\"https:\/\/dfg-lfa.org\/fr\/mc-events\/osterferien\/\",\"startDate\":\"2027-03-30T00:00:00+02:00\",\"endDate\":\"2027-04-10T00:00:59+02:00\",\"duration\":\"PD11TH0M0\",\"eventAttendanceMode\":\"https:\/\/schema.org\/OnlineEventAttendanceMode\",\"location\":{\"@type\":\"VirtualLocation\",\"url\":\"https:\/\/dfg-lfa.org\/fr\/mc-events\/osterferien\/\"}},{\"@context\":\"https:\/\/schema.org\",\"@type\":\"Event\",\"name\":\"Vacances de P\\u00e2ques\",\"description\":\"\",\"image\":\"https:\/\/dfg-lfa.org\/wp-content\/uploads\/cropped-DFG-Logo-2010-2.jpg\",\"url\":\"https:\/\/dfg-lfa.org\/fr\/mc-events\/osterferien\/\",\"startDate\":\"2027-03-30T00:00:00+02:00\",\"endDate\":\"2027-04-10T00:00:59+02:00\",\"duration\":\"PD11TH0M0\",\"eventAttendanceMode\":\"https:\/\/schema.org\/OnlineEventAttendanceMode\",\"location\":{\"@type\":\"VirtualLocation\",\"url\":\"https:\/\/dfg-lfa.org\/fr\/mc-events\/osterferien\/\"}},{\"@context\":\"https:\/\/schema.org\",\"@type\":\"Event\",\"name\":\"\\u00c9preuves orales facultatives du bacclaur\\u00e9at\",\"description\":\"\",\"image\":\"https:\/\/dfg-lfa.org\/wp-content\/uploads\/cropped-DFG-Logo-2010-2.jpg\",\"url\":\"https:\/\/dfg-lfa.org\/fr\/mc-events\/fakultative-muendliche-abiturpruefungen\/\",\"startDate\":\"2027-04-12T00:00:00+02:00\",\"endDate\":\"2027-04-17T00:00:59+02:00\",\"duration\":\"PD5TH0M0\",\"eventAttendanceMode\":\"https:\/\/schema.org\/OnlineEventAttendanceMode\",\"location\":{\"@type\":\"VirtualLocation\",\"url\":\"https:\/\/dfg-lfa.org\/fr\/mc-events\/fakultative-muendliche-abiturpruefungen\/\"}},{\"@context\":\"https:\/\/schema.org\",\"@type\":\"Event\",\"name\":\"\\u00c9preuves orales facultatives du bacclaur\\u00e9at\",\"description\":\"\",\"image\":\"https:\/\/dfg-lfa.org\/wp-content\/uploads\/cropped-DFG-Logo-2010-2.jpg\",\"url\":\"https:\/\/dfg-lfa.org\/fr\/mc-events\/fakultative-muendliche-abiturpruefungen\/\",\"startDate\":\"2027-04-12T00:00:00+02:00\",\"endDate\":\"2027-04-17T00:00:59+02:00\",\"duration\":\"PD5TH0M0\",\"eventAttendanceMode\":\"https:\/\/schema.org\/OnlineEventAttendanceMode\",\"location\":{\"@type\":\"VirtualLocation\",\"url\":\"https:\/\/dfg-lfa.org\/fr\/mc-events\/fakultative-muendliche-abiturpruefungen\/\"}},{\"@context\":\"https:\/\/schema.org\",\"@type\":\"Event\",\"name\":\"\\u00c9preuves orales facultatives du bacclaur\\u00e9at\",\"description\":\"\",\"image\":\"https:\/\/dfg-lfa.org\/wp-content\/uploads\/cropped-DFG-Logo-2010-2.jpg\",\"url\":\"https:\/\/dfg-lfa.org\/fr\/mc-events\/fakultative-muendliche-abiturpruefungen\/\",\"startDate\":\"2027-04-12T00:00:00+02:00\",\"endDate\":\"2027-04-17T00:00:59+02:00\",\"duration\":\"PD5TH0M0\",\"eventAttendanceMode\":\"https:\/\/schema.org\/OnlineEventAttendanceMode\",\"location\":{\"@type\":\"VirtualLocation\",\"url\":\"https:\/\/dfg-lfa.org\/fr\/mc-events\/fakultative-muendliche-abiturpruefungen\/\"}},{\"@context\":\"https:\/\/schema.org\",\"@type\":\"Event\",\"name\":\"\\u00c9preuves orales facultatives du bacclaur\\u00e9at\",\"description\":\"\",\"image\":\"https:\/\/dfg-lfa.org\/wp-content\/uploads\/cropped-DFG-Logo-2010-2.jpg\",\"url\":\"https:\/\/dfg-lfa.org\/fr\/mc-events\/fakultative-muendliche-abiturpruefungen\/\",\"startDate\":\"2027-04-12T00:00:00+02:00\",\"endDate\":\"2027-04-17T00:00:59+02:00\",\"duration\":\"PD5TH0M0\",\"eventAttendanceMode\":\"https:\/\/schema.org\/OnlineEventAttendanceMode\",\"location\":{\"@type\":\"VirtualLocation\",\"url\":\"https:\/\/dfg-lfa.org\/fr\/mc-events\/fakultative-muendliche-abiturpruefungen\/\"}},{\"@context\":\"https:\/\/schema.org\",\"@type\":\"Event\",\"name\":\"\\u00c9preuves orales facultatives du bacclaur\\u00e9at\",\"description\":\"\",\"image\":\"https:\/\/dfg-lfa.org\/wp-content\/uploads\/cropped-DFG-Logo-2010-2.jpg\",\"url\":\"https:\/\/dfg-lfa.org\/fr\/mc-events\/fakultative-muendliche-abiturpruefungen\/\",\"startDate\":\"2027-04-12T00:00:00+02:00\",\"endDate\":\"2027-04-17T00:00:59+02:00\",\"duration\":\"PD5TH0M0\",\"eventAttendanceMode\":\"https:\/\/schema.org\/OnlineEventAttendanceMode\",\"location\":{\"@type\":\"VirtualLocation\",\"url\":\"https:\/\/dfg-lfa.org\/fr\/mc-events\/fakultative-muendliche-abiturpruefungen\/\"}},{\"@context\":\"https:\/\/schema.org\",\"@type\":\"Event\",\"name\":\"Samedi travaill\\u00e9\",\"description\":\"\",\"image\":\"https:\/\/dfg-lfa.org\/wp-content\/uploads\/cropped-DFG-Logo-2010-2.jpg\",\"url\":\"https:\/\/dfg-lfa.org\/fr\/mc-events\/schulsamstag-11\/\",\"startDate\":\"2027-04-17T00:00:00+02:00\",\"endDate\":\"2027-04-18T00:00:59+02:00\",\"duration\":\"PD1TH0M0\",\"eventAttendanceMode\":\"https:\/\/schema.org\/OnlineEventAttendanceMode\",\"location\":{\"@type\":\"VirtualLocation\",\"url\":\"https:\/\/dfg-lfa.org\/fr\/mc-events\/schulsamstag-11\/\"}},{\"@context\":\"https:\/\/schema.org\",\"@type\":\"Event\",\"name\":\"Epreuves \\u00e9crites du baccalaur\\u00e9at\",\"description\":\"\",\"image\":\"https:\/\/dfg-lfa.org\/wp-content\/uploads\/cropped-DFG-Logo-2010-2.jpg\",\"url\":\"https:\/\/dfg-lfa.org\/fr\/mc-events\/schriftliche-abiturpruefungen\/\",\"startDate\":\"2027-04-19T00:00:00+02:00\",\"endDate\":\"2027-04-24T00:00:59+02:00\",\"duration\":\"PD5TH0M0\",\"eventAttendanceMode\":\"https:\/\/schema.org\/OnlineEventAttendanceMode\",\"location\":{\"@type\":\"VirtualLocation\",\"url\":\"https:\/\/dfg-lfa.org\/fr\/mc-events\/schriftliche-abiturpruefungen\/\"}},{\"@context\":\"https:\/\/schema.org\",\"@type\":\"Event\",\"name\":\"Journ\\u00e9e campus pour tous les \\u00e9l\\u00e8ves de 1e\",\"description\":\"\",\"image\":\"https:\/\/dfg-lfa.org\/wp-content\/uploads\/cropped-DFG-Logo-2010-2.jpg\",\"url\":\"https:\/\/dfg-lfa.org\/fr\/mc-events\/campustag-fuer-alle-schuelerinnen-der-klassenstufe-1e\/\",\"startDate\":\"2027-04-20T00:00:00+02:00\",\"endDate\":\"2027-04-21T00:00:59+02:00\",\"duration\":\"PD1TH0M0\",\"eventAttendanceMode\":\"https:\/\/schema.org\/OnlineEventAttendanceMode\",\"location\":{\"@type\":\"VirtualLocation\",\"url\":\"https:\/\/dfg-lfa.org\/fr\/mc-events\/campustag-fuer-alle-schuelerinnen-der-klassenstufe-1e\/\"}},{\"@context\":\"https:\/\/schema.org\",\"@type\":\"Event\",\"name\":\"Epreuves \\u00e9crites du baccalaur\\u00e9at\",\"description\":\"\",\"image\":\"https:\/\/dfg-lfa.org\/wp-content\/uploads\/cropped-DFG-Logo-2010-2.jpg\",\"url\":\"https:\/\/dfg-lfa.org\/fr\/mc-events\/schriftliche-abiturpruefungen\/\",\"startDate\":\"2027-04-19T00:00:00+02:00\",\"endDate\":\"2027-04-24T00:00:59+02:00\",\"duration\":\"PD5TH0M0\",\"eventAttendanceMode\":\"https:\/\/schema.org\/OnlineEventAttendanceMode\",\"location\":{\"@type\":\"VirtualLocation\",\"url\":\"https:\/\/dfg-lfa.org\/fr\/mc-events\/schriftliche-abiturpruefungen\/\"}},{\"@context\":\"https:\/\/schema.org\",\"@type\":\"Event\",\"name\":\"Epreuves \\u00e9crites du baccalaur\\u00e9at\",\"description\":\"\",\"image\":\"https:\/\/dfg-lfa.org\/wp-content\/uploads\/cropped-DFG-Logo-2010-2.jpg\",\"url\":\"https:\/\/dfg-lfa.org\/fr\/mc-events\/schriftliche-abiturpruefungen\/\",\"startDate\":\"2027-04-19T00:00:00+02:00\",\"endDate\":\"2027-04-24T00:00:59+02:00\",\"duration\":\"PD5TH0M0\",\"eventAttendanceMode\":\"https:\/\/schema.org\/OnlineEventAttendanceMode\",\"location\":{\"@type\":\"VirtualLocation\",\"url\":\"https:\/\/dfg-lfa.org\/fr\/mc-events\/schriftliche-abiturpruefungen\/\"}},{\"@context\":\"https:\/\/schema.org\",\"@type\":\"Event\",\"name\":\"Epreuves \\u00e9crites du baccalaur\\u00e9at\",\"description\":\"\",\"image\":\"https:\/\/dfg-lfa.org\/wp-content\/uploads\/cropped-DFG-Logo-2010-2.jpg\",\"url\":\"https:\/\/dfg-lfa.org\/fr\/mc-events\/schriftliche-abiturpruefungen\/\",\"startDate\":\"2027-04-19T00:00:00+02:00\",\"endDate\":\"2027-04-24T00:00:59+02:00\",\"duration\":\"PD5TH0M0\",\"eventAttendanceMode\":\"https:\/\/schema.org\/OnlineEventAttendanceMode\",\"location\":{\"@type\":\"VirtualLocation\",\"url\":\"https:\/\/dfg-lfa.org\/fr\/mc-events\/schriftliche-abiturpruefungen\/\"}},{\"@context\":\"https:\/\/schema.org\",\"@type\":\"Event\",\"name\":\"Science Slam\",\"description\":\"\",\"image\":\"https:\/\/dfg-lfa.org\/wp-content\/uploads\/cropped-DFG-Logo-2010-2.jpg\",\"url\":\"https:\/\/dfg-lfa.org\/fr\/mc-events\/science-slam\/\",\"startDate\":\"2027-06-03T00:00:00+02:00\",\"endDate\":\"2027-06-04T00:00:59+02:00\",\"duration\":\"PD1TH0M0\",\"eventAttendanceMode\":\"https:\/\/schema.org\/OnlineEventAttendanceMode\",\"location\":{\"@type\":\"VirtualLocation\",\"url\":\"https:\/\/dfg-lfa.org\/fr\/mc-events\/science-slam\/\"}},{\"@context\":\"https:\/\/schema.org\",\"@type\":\"Event\",\"name\":\"S\\u00e9jour d&#039;int\\u00e9gration des classes de 6\\u00e8me\",\"description\":\"\",\"image\":\"https:\/\/dfg-lfa.org\/wp-content\/uploads\/cropped-DFG-Logo-2010-2.jpg\",\"url\":\"https:\/\/dfg-lfa.org\/fr\/mc-events\/integrationsfahrt-der-klassentufe-6-6eme\/\",\"startDate\":\"2027-06-07T00:00:00+02:00\",\"endDate\":\"2027-06-12T00:00:59+02:00\",\"duration\":\"PD5TH0M0\",\"eventAttendanceMode\":\"https:\/\/schema.org\/OfflineEventAttendanceMode\",\"location\":{\"@context\":\"https:\/\/schema.org\",\"@type\":\"Place\",\"name\":\"Oberthal\",\"description\":\"\",\"url\":\"https:\/\/dfg-lfa.org\/fr\/mc-locations\/oberthal\/\",\"address\":{\"@type\":\"PostalAddress\",\"streetAddress\":\"\",\"addressLocality\":\"\",\"addressRegion\":\"\",\"postalCode\":\"\",\"addressCountry\":\"\"},\"telephone\":\"n\/a\",\"sameAs\":\"\"}},{\"@context\":\"https:\/\/schema.org\",\"@type\":\"Event\",\"name\":\"S\\u00e9jour d&#039;int\\u00e9gration des classes de 6\\u00e8me\",\"description\":\"\",\"image\":\"https:\/\/dfg-lfa.org\/wp-content\/uploads\/cropped-DFG-Logo-2010-2.jpg\",\"url\":\"https:\/\/dfg-lfa.org\/fr\/mc-events\/integrationsfahrt-der-klassentufe-6-6eme\/\",\"startDate\":\"2027-06-07T00:00:00+02:00\",\"endDate\":\"2027-06-12T00:00:59+02:00\",\"duration\":\"PD5TH0M0\",\"eventAttendanceMode\":\"https:\/\/schema.org\/OfflineEventAttendanceMode\",\"location\":{\"@context\":\"https:\/\/schema.org\",\"@type\":\"Place\",\"name\":\"Oberthal\",\"description\":\"\",\"url\":\"https:\/\/dfg-lfa.org\/fr\/mc-locations\/oberthal\/\",\"address\":{\"@type\":\"PostalAddress\",\"streetAddress\":\"\",\"addressLocality\":\"\",\"addressRegion\":\"\",\"postalCode\":\"\",\"addressCountry\":\"\"},\"telephone\":\"n\/a\",\"sameAs\":\"\"}},{\"@context\":\"https:\/\/schema.org\",\"@type\":\"Event\",\"name\":\"S\\u00e9jour d&#039;int\\u00e9gration des classes de 6\\u00e8me\",\"description\":\"\",\"image\":\"https:\/\/dfg-lfa.org\/wp-content\/uploads\/cropped-DFG-Logo-2010-2.jpg\",\"url\":\"https:\/\/dfg-lfa.org\/fr\/mc-events\/integrationsfahrt-der-klassentufe-6-6eme\/\",\"startDate\":\"2027-06-07T00:00:00+02:00\",\"endDate\":\"2027-06-12T00:00:59+02:00\",\"duration\":\"PD5TH0M0\",\"eventAttendanceMode\":\"https:\/\/schema.org\/OfflineEventAttendanceMode\",\"location\":{\"@context\":\"https:\/\/schema.org\",\"@type\":\"Place\",\"name\":\"Oberthal\",\"description\":\"\",\"url\":\"https:\/\/dfg-lfa.org\/fr\/mc-locations\/oberthal\/\",\"address\":{\"@type\":\"PostalAddress\",\"streetAddress\":\"\",\"addressLocality\":\"\",\"addressRegion\":\"\",\"postalCode\":\"\",\"addressCountry\":\"\"},\"telephone\":\"n\/a\",\"sameAs\":\"\"}},{\"@context\":\"https:\/\/schema.org\",\"@type\":\"Event\",\"name\":\"S\\u00e9jour d&#039;int\\u00e9gration des classes de 6\\u00e8me\",\"description\":\"\",\"image\":\"https:\/\/dfg-lfa.org\/wp-content\/uploads\/cropped-DFG-Logo-2010-2.jpg\",\"url\":\"https:\/\/dfg-lfa.org\/fr\/mc-events\/integrationsfahrt-der-klassentufe-6-6eme\/\",\"startDate\":\"2027-06-07T00:00:00+02:00\",\"endDate\":\"2027-06-12T00:00:59+02:00\",\"duration\":\"PD5TH0M0\",\"eventAttendanceMode\":\"https:\/\/schema.org\/OfflineEventAttendanceMode\",\"location\":{\"@context\":\"https:\/\/schema.org\",\"@type\":\"Place\",\"name\":\"Oberthal\",\"description\":\"\",\"url\":\"https:\/\/dfg-lfa.org\/fr\/mc-locations\/oberthal\/\",\"address\":{\"@type\":\"PostalAddress\",\"streetAddress\":\"\",\"addressLocality\":\"\",\"addressRegion\":\"\",\"postalCode\":\"\",\"addressCountry\":\"\"},\"telephone\":\"n\/a\",\"sameAs\":\"\"}},{\"@context\":\"https:\/\/schema.org\",\"@type\":\"Event\",\"name\":\"S\\u00e9jour d&#039;int\\u00e9gration des classes de 6\\u00e8me\",\"description\":\"\",\"image\":\"https:\/\/dfg-lfa.org\/wp-content\/uploads\/cropped-DFG-Logo-2010-2.jpg\",\"url\":\"https:\/\/dfg-lfa.org\/fr\/mc-events\/integrationsfahrt-der-klassentufe-6-6eme\/\",\"startDate\":\"2027-06-07T00:00:00+02:00\",\"endDate\":\"2027-06-12T00:00:59+02:00\",\"duration\":\"PD5TH0M0\",\"eventAttendanceMode\":\"https:\/\/schema.org\/OfflineEventAttendanceMode\",\"location\":{\"@context\":\"https:\/\/schema.org\",\"@type\":\"Place\",\"name\":\"Oberthal\",\"description\":\"\",\"url\":\"https:\/\/dfg-lfa.org\/fr\/mc-locations\/oberthal\/\",\"address\":{\"@type\":\"PostalAddress\",\"streetAddress\":\"\",\"addressLocality\":\"\",\"addressRegion\":\"\",\"postalCode\":\"\",\"addressCountry\":\"\"},\"telephone\":\"n\/a\",\"sameAs\":\"\"}},{\"@context\":\"https:\/\/schema.org\",\"@type\":\"Event\",\"name\":\"Oraux du baccalaur\\u00e9at - rattrapage\",\"description\":\"\",\"image\":\"https:\/\/dfg-lfa.org\/wp-content\/uploads\/cropped-DFG-Logo-2010-2.jpg\",\"url\":\"https:\/\/dfg-lfa.org\/fr\/mc-events\/muendliche-abitur-nachpruefungen\/\",\"startDate\":\"2027-06-14T00:00:00+02:00\",\"endDate\":\"2027-06-16T00:00:59+02:00\",\"duration\":\"PD2TH0M0\",\"eventAttendanceMode\":\"https:\/\/schema.org\/OnlineEventAttendanceMode\",\"location\":{\"@type\":\"VirtualLocation\",\"url\":\"https:\/\/dfg-lfa.org\/fr\/mc-events\/muendliche-abitur-nachpruefungen\/\"}},{\"@context\":\"https:\/\/schema.org\",\"@type\":\"Event\",\"name\":\"Oraux du baccalaur\\u00e9at - rattrapage\",\"description\":\"\",\"image\":\"https:\/\/dfg-lfa.org\/wp-content\/uploads\/cropped-DFG-Logo-2010-2.jpg\",\"url\":\"https:\/\/dfg-lfa.org\/fr\/mc-events\/muendliche-abitur-nachpruefungen\/\",\"startDate\":\"2027-06-14T00:00:00+02:00\",\"endDate\":\"2027-06-16T00:00:59+02:00\",\"duration\":\"PD2TH0M0\",\"eventAttendanceMode\":\"https:\/\/schema.org\/OnlineEventAttendanceMode\",\"location\":{\"@type\":\"VirtualLocation\",\"url\":\"https:\/\/dfg-lfa.org\/fr\/mc-events\/muendliche-abitur-nachpruefungen\/\"}},{\"@context\":\"https:\/\/schema.org\",\"@type\":\"Event\",\"name\":\"Samedi travaill\\u00e9\",\"description\":\"\",\"image\":\"https:\/\/dfg-lfa.org\/wp-content\/uploads\/cropped-DFG-Logo-2010-2.jpg\",\"url\":\"https:\/\/dfg-lfa.org\/fr\/mc-events\/schulsamstag-12\/\",\"startDate\":\"2027-06-19T00:00:00+02:00\",\"endDate\":\"2027-06-20T00:00:59+02:00\",\"duration\":\"PD1TH0M0\",\"eventAttendanceMode\":\"https:\/\/schema.org\/OnlineEventAttendanceMode\",\"location\":{\"@type\":\"VirtualLocation\",\"url\":\"https:\/\/dfg-lfa.org\/fr\/mc-events\/schulsamstag-12\/\"}},{\"@context\":\"https:\/\/schema.org\",\"@type\":\"Event\",\"name\":\"Premi\\u00e8re-Fahrt\",\"description\":\"\",\"image\":\"https:\/\/dfg-lfa.org\/wp-content\/uploads\/cropped-DFG-Logo-2010-2.jpg\",\"url\":\"https:\/\/dfg-lfa.org\/fr\/mc-events\/sejour-pedagogique-1ere\/\",\"startDate\":\"2027-06-20T00:00:00+02:00\",\"endDate\":\"2027-06-26T00:00:59+02:00\",\"duration\":\"PD6TH0M0\",\"eventAttendanceMode\":\"https:\/\/schema.org\/OnlineEventAttendanceMode\",\"location\":{\"@type\":\"VirtualLocation\",\"url\":\"https:\/\/dfg-lfa.org\/fr\/mc-events\/sejour-pedagogique-1ere\/\"}},{\"@context\":\"https:\/\/schema.org\",\"@type\":\"Event\",\"name\":\"Premi\\u00e8re-Fahrt\",\"description\":\"\",\"image\":\"https:\/\/dfg-lfa.org\/wp-content\/uploads\/cropped-DFG-Logo-2010-2.jpg\",\"url\":\"https:\/\/dfg-lfa.org\/fr\/mc-events\/sejour-pedagogique-1ere\/\",\"startDate\":\"2027-06-20T00:00:00+02:00\",\"endDate\":\"2027-06-26T00:00:59+02:00\",\"duration\":\"PD6TH0M0\",\"eventAttendanceMode\":\"https:\/\/schema.org\/OnlineEventAttendanceMode\",\"location\":{\"@type\":\"VirtualLocation\",\"url\":\"https:\/\/dfg-lfa.org\/fr\/mc-events\/sejour-pedagogique-1ere\/\"}},{\"@context\":\"https:\/\/schema.org\",\"@type\":\"Event\",\"name\":\"Premi\\u00e8re-Fahrt\",\"description\":\"\",\"image\":\"https:\/\/dfg-lfa.org\/wp-content\/uploads\/cropped-DFG-Logo-2010-2.jpg\",\"url\":\"https:\/\/dfg-lfa.org\/fr\/mc-events\/sejour-pedagogique-1ere\/\",\"startDate\":\"2027-06-20T00:00:00+02:00\",\"endDate\":\"2027-06-26T00:00:59+02:00\",\"duration\":\"PD6TH0M0\",\"eventAttendanceMode\":\"https:\/\/schema.org\/OnlineEventAttendanceMode\",\"location\":{\"@type\":\"VirtualLocation\",\"url\":\"https:\/\/dfg-lfa.org\/fr\/mc-events\/sejour-pedagogique-1ere\/\"}},{\"@context\":\"https:\/\/schema.org\",\"@type\":\"Event\",\"name\":\"Premi\\u00e8re-Fahrt\",\"description\":\"\",\"image\":\"https:\/\/dfg-lfa.org\/wp-content\/uploads\/cropped-DFG-Logo-2010-2.jpg\",\"url\":\"https:\/\/dfg-lfa.org\/fr\/mc-events\/sejour-pedagogique-1ere\/\",\"startDate\":\"2027-06-20T00:00:00+02:00\",\"endDate\":\"2027-06-26T00:00:59+02:00\",\"duration\":\"PD6TH0M0\",\"eventAttendanceMode\":\"https:\/\/schema.org\/OnlineEventAttendanceMode\",\"location\":{\"@type\":\"VirtualLocation\",\"url\":\"https:\/\/dfg-lfa.org\/fr\/mc-events\/sejour-pedagogique-1ere\/\"}},{\"@context\":\"https:\/\/schema.org\",\"@type\":\"Event\",\"name\":\"Premi\\u00e8re-Fahrt\",\"description\":\"\",\"image\":\"https:\/\/dfg-lfa.org\/wp-content\/uploads\/cropped-DFG-Logo-2010-2.jpg\",\"url\":\"https:\/\/dfg-lfa.org\/fr\/mc-events\/sejour-pedagogique-1ere\/\",\"startDate\":\"2027-06-20T00:00:00+02:00\",\"endDate\":\"2027-06-26T00:00:59+02:00\",\"duration\":\"PD6TH0M0\",\"eventAttendanceMode\":\"https:\/\/schema.org\/OnlineEventAttendanceMode\",\"location\":{\"@type\":\"VirtualLocation\",\"url\":\"https:\/\/dfg-lfa.org\/fr\/mc-events\/sejour-pedagogique-1ere\/\"}},{\"@context\":\"https:\/\/schema.org\",\"@type\":\"Event\",\"name\":\"Premi\\u00e8re-Fahrt\",\"description\":\"\",\"image\":\"https:\/\/dfg-lfa.org\/wp-content\/uploads\/cropped-DFG-Logo-2010-2.jpg\",\"url\":\"https:\/\/dfg-lfa.org\/fr\/mc-events\/sejour-pedagogique-1ere\/\",\"startDate\":\"2027-06-20T00:00:00+02:00\",\"endDate\":\"2027-06-26T00:00:59+02:00\",\"duration\":\"PD6TH0M0\",\"eventAttendanceMode\":\"https:\/\/schema.org\/OnlineEventAttendanceMode\",\"location\":{\"@type\":\"VirtualLocation\",\"url\":\"https:\/\/dfg-lfa.org\/fr\/mc-events\/sejour-pedagogique-1ere\/\"}},{\"@context\":\"https:\/\/schema.org\",\"@type\":\"Event\",\"name\":\"Vacances d&#039;\\u00e9t\\u00e9\",\"description\":\"\",\"image\":\"https:\/\/dfg-lfa.org\/wp-content\/uploads\/cropped-DFG-Logo-2010-2.jpg\",\"url\":\"https:\/\/dfg-lfa.org\/fr\/mc-events\/sommerferien\/\",\"startDate\":\"2027-07-03T00:00:00+02:00\",\"endDate\":\"2027-08-30T00:00:59+02:00\",\"duration\":\"P1MD27TH0M0\",\"eventAttendanceMode\":\"https:\/\/schema.org\/OnlineEventAttendanceMode\",\"location\":{\"@type\":\"VirtualLocation\",\"url\":\"https:\/\/dfg-lfa.org\/fr\/mc-events\/sommerferien\/\"}},{\"@context\":\"https:\/\/schema.org\",\"@type\":\"Event\",\"name\":\"Vacances d&#039;\\u00e9t\\u00e9\",\"description\":\"\",\"image\":\"https:\/\/dfg-lfa.org\/wp-content\/uploads\/cropped-DFG-Logo-2010-2.jpg\",\"url\":\"https:\/\/dfg-lfa.org\/fr\/mc-events\/sommerferien\/\",\"startDate\":\"2027-07-03T00:00:00+02:00\",\"endDate\":\"2027-08-30T00:00:59+02:00\",\"duration\":\"P1MD27TH0M0\",\"eventAttendanceMode\":\"https:\/\/schema.org\/OnlineEventAttendanceMode\",\"location\":{\"@type\":\"VirtualLocation\",\"url\":\"https:\/\/dfg-lfa.org\/fr\/mc-events\/sommerferien\/\"}},{\"@context\":\"https:\/\/schema.org\",\"@type\":\"Event\",\"name\":\"Vacances d&#039;\\u00e9t\\u00e9\",\"description\":\"\",\"image\":\"https:\/\/dfg-lfa.org\/wp-content\/uploads\/cropped-DFG-Logo-2010-2.jpg\",\"url\":\"https:\/\/dfg-lfa.org\/fr\/mc-events\/sommerferien\/\",\"startDate\":\"2027-07-03T00:00:00+02:00\",\"endDate\":\"2027-08-30T00:00:59+02:00\",\"duration\":\"P1MD27TH0M0\",\"eventAttendanceMode\":\"https:\/\/schema.org\/OnlineEventAttendanceMode\",\"location\":{\"@type\":\"VirtualLocation\",\"url\":\"https:\/\/dfg-lfa.org\/fr\/mc-events\/sommerferien\/\"}},{\"@context\":\"https:\/\/schema.org\",\"@type\":\"Event\",\"name\":\"Vacances d&#039;\\u00e9t\\u00e9\",\"description\":\"\",\"image\":\"https:\/\/dfg-lfa.org\/wp-content\/uploads\/cropped-DFG-Logo-2010-2.jpg\",\"url\":\"https:\/\/dfg-lfa.org\/fr\/mc-events\/sommerferien\/\",\"startDate\":\"2027-07-03T00:00:00+02:00\",\"endDate\":\"2027-08-30T00:00:59+02:00\",\"duration\":\"P1MD27TH0M0\",\"eventAttendanceMode\":\"https:\/\/schema.org\/OnlineEventAttendanceMode\",\"location\":{\"@type\":\"VirtualLocation\",\"url\":\"https:\/\/dfg-lfa.org\/fr\/mc-events\/sommerferien\/\"}},{\"@context\":\"https:\/\/schema.org\",\"@type\":\"Event\",\"name\":\"Vacances d&#039;\\u00e9t\\u00e9\",\"description\":\"\",\"image\":\"https:\/\/dfg-lfa.org\/wp-content\/uploads\/cropped-DFG-Logo-2010-2.jpg\",\"url\":\"https:\/\/dfg-lfa.org\/fr\/mc-events\/sommerferien\/\",\"startDate\":\"2027-07-03T00:00:00+02:00\",\"endDate\":\"2027-08-30T00:00:59+02:00\",\"duration\":\"P1MD27TH0M0\",\"eventAttendanceMode\":\"https:\/\/schema.org\/OnlineEventAttendanceMode\",\"location\":{\"@type\":\"VirtualLocation\",\"url\":\"https:\/\/dfg-lfa.org\/fr\/mc-events\/sommerferien\/\"}},{\"@context\":\"https:\/\/schema.org\",\"@type\":\"Event\",\"name\":\"Vacances d&#039;\\u00e9t\\u00e9\",\"description\":\"\",\"image\":\"https:\/\/dfg-lfa.org\/wp-content\/uploads\/cropped-DFG-Logo-2010-2.jpg\",\"url\":\"https:\/\/dfg-lfa.org\/fr\/mc-events\/sommerferien\/\",\"startDate\":\"2027-07-03T00:00:00+02:00\",\"endDate\":\"2027-08-30T00:00:59+02:00\",\"duration\":\"P1MD27TH0M0\",\"eventAttendanceMode\":\"https:\/\/schema.org\/OnlineEventAttendanceMode\",\"location\":{\"@type\":\"VirtualLocation\",\"url\":\"https:\/\/dfg-lfa.org\/fr\/mc-events\/sommerferien\/\"}},{\"@context\":\"https:\/\/schema.org\",\"@type\":\"Event\",\"name\":\"Vacances d&#039;\\u00e9t\\u00e9\",\"description\":\"\",\"image\":\"https:\/\/dfg-lfa.org\/wp-content\/uploads\/cropped-DFG-Logo-2010-2.jpg\",\"url\":\"https:\/\/dfg-lfa.org\/fr\/mc-events\/sommerferien\/\",\"startDate\":\"2027-07-03T00:00:00+02:00\",\"endDate\":\"2027-08-30T00:00:59+02:00\",\"duration\":\"P1MD27TH0M0\",\"eventAttendanceMode\":\"https:\/\/schema.org\/OnlineEventAttendanceMode\",\"location\":{\"@type\":\"VirtualLocation\",\"url\":\"https:\/\/dfg-lfa.org\/fr\/mc-events\/sommerferien\/\"}},{\"@context\":\"https:\/\/schema.org\",\"@type\":\"Event\",\"name\":\"Vacances d&#039;\\u00e9t\\u00e9\",\"description\":\"\",\"image\":\"https:\/\/dfg-lfa.org\/wp-content\/uploads\/cropped-DFG-Logo-2010-2.jpg\",\"url\":\"https:\/\/dfg-lfa.org\/fr\/mc-events\/sommerferien\/\",\"startDate\":\"2027-07-03T00:00:00+02:00\",\"endDate\":\"2027-08-30T00:00:59+02:00\",\"duration\":\"P1MD27TH0M0\",\"eventAttendanceMode\":\"https:\/\/schema.org\/OnlineEventAttendanceMode\",\"location\":{\"@type\":\"VirtualLocation\",\"url\":\"https:\/\/dfg-lfa.org\/fr\/mc-events\/sommerferien\/\"}},{\"@context\":\"https:\/\/schema.org\",\"@type\":\"Event\",\"name\":\"Vacances d&#039;\\u00e9t\\u00e9\",\"description\":\"\",\"image\":\"https:\/\/dfg-lfa.org\/wp-content\/uploads\/cropped-DFG-Logo-2010-2.jpg\",\"url\":\"https:\/\/dfg-lfa.org\/fr\/mc-events\/sommerferien\/\",\"startDate\":\"2027-07-03T00:00:00+02:00\",\"endDate\":\"2027-08-30T00:00:59+02:00\",\"duration\":\"P1MD27TH0M0\",\"eventAttendanceMode\":\"https:\/\/schema.org\/OnlineEventAttendanceMode\",\"location\":{\"@type\":\"VirtualLocation\",\"url\":\"https:\/\/dfg-lfa.org\/fr\/mc-events\/sommerferien\/\"}},{\"@context\":\"https:\/\/schema.org\",\"@type\":\"Event\",\"name\":\"Vacances d&#039;\\u00e9t\\u00e9\",\"description\":\"\",\"image\":\"https:\/\/dfg-lfa.org\/wp-content\/uploads\/cropped-DFG-Logo-2010-2.jpg\",\"url\":\"https:\/\/dfg-lfa.org\/fr\/mc-events\/sommerferien\/\",\"startDate\":\"2027-07-03T00:00:00+02:00\",\"endDate\":\"2027-08-30T00:00:59+02:00\",\"duration\":\"P1MD27TH0M0\",\"eventAttendanceMode\":\"https:\/\/schema.org\/OnlineEventAttendanceMode\",\"location\":{\"@type\":\"VirtualLocation\",\"url\":\"https:\/\/dfg-lfa.org\/fr\/mc-events\/sommerferien\/\"}},{\"@context\":\"https:\/\/schema.org\",\"@type\":\"Event\",\"name\":\"Vacances d&#039;\\u00e9t\\u00e9\",\"description\":\"\",\"image\":\"https:\/\/dfg-lfa.org\/wp-content\/uploads\/cropped-DFG-Logo-2010-2.jpg\",\"url\":\"https:\/\/dfg-lfa.org\/fr\/mc-events\/sommerferien\/\",\"startDate\":\"2027-07-03T00:00:00+02:00\",\"endDate\":\"2027-08-30T00:00:59+02:00\",\"duration\":\"P1MD27TH0M0\",\"eventAttendanceMode\":\"https:\/\/schema.org\/OnlineEventAttendanceMode\",\"location\":{\"@type\":\"VirtualLocation\",\"url\":\"https:\/\/dfg-lfa.org\/fr\/mc-events\/sommerferien\/\"}},{\"@context\":\"https:\/\/schema.org\",\"@type\":\"Event\",\"name\":\"Vacances d&#039;\\u00e9t\\u00e9\",\"description\":\"\",\"image\":\"https:\/\/dfg-lfa.org\/wp-content\/uploads\/cropped-DFG-Logo-2010-2.jpg\",\"url\":\"https:\/\/dfg-lfa.org\/fr\/mc-events\/sommerferien\/\",\"startDate\":\"2027-07-03T00:00:00+02:00\",\"endDate\":\"2027-08-30T00:00:59+02:00\",\"duration\":\"P1MD27TH0M0\",\"eventAttendanceMode\":\"https:\/\/schema.org\/OnlineEventAttendanceMode\",\"location\":{\"@type\":\"VirtualLocation\",\"url\":\"https:\/\/dfg-lfa.org\/fr\/mc-events\/sommerferien\/\"}},{\"@context\":\"https:\/\/schema.org\",\"@type\":\"Event\",\"name\":\"Vacances d&#039;\\u00e9t\\u00e9\",\"description\":\"\",\"image\":\"https:\/\/dfg-lfa.org\/wp-content\/uploads\/cropped-DFG-Logo-2010-2.jpg\",\"url\":\"https:\/\/dfg-lfa.org\/fr\/mc-events\/sommerferien\/\",\"startDate\":\"2027-07-03T00:00:00+02:00\",\"endDate\":\"2027-08-30T00:00:59+02:00\",\"duration\":\"P1MD27TH0M0\",\"eventAttendanceMode\":\"https:\/\/schema.org\/OnlineEventAttendanceMode\",\"location\":{\"@type\":\"VirtualLocation\",\"url\":\"https:\/\/dfg-lfa.org\/fr\/mc-events\/sommerferien\/\"}},{\"@context\":\"https:\/\/schema.org\",\"@type\":\"Event\",\"name\":\"Vacances d&#039;\\u00e9t\\u00e9\",\"description\":\"\",\"image\":\"https:\/\/dfg-lfa.org\/wp-content\/uploads\/cropped-DFG-Logo-2010-2.jpg\",\"url\":\"https:\/\/dfg-lfa.org\/fr\/mc-events\/sommerferien\/\",\"startDate\":\"2027-07-03T00:00:00+02:00\",\"endDate\":\"2027-08-30T00:00:59+02:00\",\"duration\":\"P1MD27TH0M0\",\"eventAttendanceMode\":\"https:\/\/schema.org\/OnlineEventAttendanceMode\",\"location\":{\"@type\":\"VirtualLocation\",\"url\":\"https:\/\/dfg-lfa.org\/fr\/mc-events\/sommerferien\/\"}},{\"@context\":\"https:\/\/schema.org\",\"@type\":\"Event\",\"name\":\"Vacances d&#039;\\u00e9t\\u00e9\",\"description\":\"\",\"image\":\"https:\/\/dfg-lfa.org\/wp-content\/uploads\/cropped-DFG-Logo-2010-2.jpg\",\"url\":\"https:\/\/dfg-lfa.org\/fr\/mc-events\/sommerferien\/\",\"startDate\":\"2027-07-03T00:00:00+02:00\",\"endDate\":\"2027-08-30T00:00:59+02:00\",\"duration\":\"P1MD27TH0M0\",\"eventAttendanceMode\":\"https:\/\/schema.org\/OnlineEventAttendanceMode\",\"location\":{\"@type\":\"VirtualLocation\",\"url\":\"https:\/\/dfg-lfa.org\/fr\/mc-events\/sommerferien\/\"}},{\"@context\":\"https:\/\/schema.org\",\"@type\":\"Event\",\"name\":\"Vacances d&#039;\\u00e9t\\u00e9\",\"description\":\"\",\"image\":\"https:\/\/dfg-lfa.org\/wp-content\/uploads\/cropped-DFG-Logo-2010-2.jpg\",\"url\":\"https:\/\/dfg-lfa.org\/fr\/mc-events\/sommerferien\/\",\"startDate\":\"2027-07-03T00:00:00+02:00\",\"endDate\":\"2027-08-30T00:00:59+02:00\",\"duration\":\"P1MD27TH0M0\",\"eventAttendanceMode\":\"https:\/\/schema.org\/OnlineEventAttendanceMode\",\"location\":{\"@type\":\"VirtualLocation\",\"url\":\"https:\/\/dfg-lfa.org\/fr\/mc-events\/sommerferien\/\"}},{\"@context\":\"https:\/\/schema.org\",\"@type\":\"Event\",\"name\":\"Vacances d&#039;\\u00e9t\\u00e9\",\"description\":\"\",\"image\":\"https:\/\/dfg-lfa.org\/wp-content\/uploads\/cropped-DFG-Logo-2010-2.jpg\",\"url\":\"https:\/\/dfg-lfa.org\/fr\/mc-events\/sommerferien\/\",\"startDate\":\"2027-07-03T00:00:00+02:00\",\"endDate\":\"2027-08-30T00:00:59+02:00\",\"duration\":\"P1MD27TH0M0\",\"eventAttendanceMode\":\"https:\/\/schema.org\/OnlineEventAttendanceMode\",\"location\":{\"@type\":\"VirtualLocation\",\"url\":\"https:\/\/dfg-lfa.org\/fr\/mc-events\/sommerferien\/\"}},{\"@context\":\"https:\/\/schema.org\",\"@type\":\"Event\",\"name\":\"Vacances d&#039;\\u00e9t\\u00e9\",\"description\":\"\",\"image\":\"https:\/\/dfg-lfa.org\/wp-content\/uploads\/cropped-DFG-Logo-2010-2.jpg\",\"url\":\"https:\/\/dfg-lfa.org\/fr\/mc-events\/sommerferien\/\",\"startDate\":\"2027-07-03T00:00:00+02:00\",\"endDate\":\"2027-08-30T00:00:59+02:00\",\"duration\":\"P1MD27TH0M0\",\"eventAttendanceMode\":\"https:\/\/schema.org\/OnlineEventAttendanceMode\",\"location\":{\"@type\":\"VirtualLocation\",\"url\":\"https:\/\/dfg-lfa.org\/fr\/mc-events\/sommerferien\/\"}},{\"@context\":\"https:\/\/schema.org\",\"@type\":\"Event\",\"name\":\"Vacances d&#039;\\u00e9t\\u00e9\",\"description\":\"\",\"image\":\"https:\/\/dfg-lfa.org\/wp-content\/uploads\/cropped-DFG-Logo-2010-2.jpg\",\"url\":\"https:\/\/dfg-lfa.org\/fr\/mc-events\/sommerferien\/\",\"startDate\":\"2027-07-03T00:00:00+02:00\",\"endDate\":\"2027-08-30T00:00:59+02:00\",\"duration\":\"P1MD27TH0M0\",\"eventAttendanceMode\":\"https:\/\/schema.org\/OnlineEventAttendanceMode\",\"location\":{\"@type\":\"VirtualLocation\",\"url\":\"https:\/\/dfg-lfa.org\/fr\/mc-events\/sommerferien\/\"}},{\"@context\":\"https:\/\/schema.org\",\"@type\":\"Event\",\"name\":\"Vacances d&#039;\\u00e9t\\u00e9\",\"description\":\"\",\"image\":\"https:\/\/dfg-lfa.org\/wp-content\/uploads\/cropped-DFG-Logo-2010-2.jpg\",\"url\":\"https:\/\/dfg-lfa.org\/fr\/mc-events\/sommerferien\/\",\"startDate\":\"2027-07-03T00:00:00+02:00\",\"endDate\":\"2027-08-30T00:00:59+02:00\",\"duration\":\"P1MD27TH0M0\",\"eventAttendanceMode\":\"https:\/\/schema.org\/OnlineEventAttendanceMode\",\"location\":{\"@type\":\"VirtualLocation\",\"url\":\"https:\/\/dfg-lfa.org\/fr\/mc-events\/sommerferien\/\"}},{\"@context\":\"https:\/\/schema.org\",\"@type\":\"Event\",\"name\":\"Vacances d&#039;\\u00e9t\\u00e9\",\"description\":\"\",\"image\":\"https:\/\/dfg-lfa.org\/wp-content\/uploads\/cropped-DFG-Logo-2010-2.jpg\",\"url\":\"https:\/\/dfg-lfa.org\/fr\/mc-events\/sommerferien\/\",\"startDate\":\"2027-07-03T00:00:00+02:00\",\"endDate\":\"2027-08-30T00:00:59+02:00\",\"duration\":\"P1MD27TH0M0\",\"eventAttendanceMode\":\"https:\/\/schema.org\/OnlineEventAttendanceMode\",\"location\":{\"@type\":\"VirtualLocation\",\"url\":\"https:\/\/dfg-lfa.org\/fr\/mc-events\/sommerferien\/\"}},{\"@context\":\"https:\/\/schema.org\",\"@type\":\"Event\",\"name\":\"Vacances d&#039;\\u00e9t\\u00e9\",\"description\":\"\",\"image\":\"https:\/\/dfg-lfa.org\/wp-content\/uploads\/cropped-DFG-Logo-2010-2.jpg\",\"url\":\"https:\/\/dfg-lfa.org\/fr\/mc-events\/sommerferien\/\",\"startDate\":\"2027-07-03T00:00:00+02:00\",\"endDate\":\"2027-08-30T00:00:59+02:00\",\"duration\":\"P1MD27TH0M0\",\"eventAttendanceMode\":\"https:\/\/schema.org\/OnlineEventAttendanceMode\",\"location\":{\"@type\":\"VirtualLocation\",\"url\":\"https:\/\/dfg-lfa.org\/fr\/mc-events\/sommerferien\/\"}},{\"@context\":\"https:\/\/schema.org\",\"@type\":\"Event\",\"name\":\"Vacances d&#039;\\u00e9t\\u00e9\",\"description\":\"\",\"image\":\"https:\/\/dfg-lfa.org\/wp-content\/uploads\/cropped-DFG-Logo-2010-2.jpg\",\"url\":\"https:\/\/dfg-lfa.org\/fr\/mc-events\/sommerferien\/\",\"startDate\":\"2027-07-03T00:00:00+02:00\",\"endDate\":\"2027-08-30T00:00:59+02:00\",\"duration\":\"P1MD27TH0M0\",\"eventAttendanceMode\":\"https:\/\/schema.org\/OnlineEventAttendanceMode\",\"location\":{\"@type\":\"VirtualLocation\",\"url\":\"https:\/\/dfg-lfa.org\/fr\/mc-events\/sommerferien\/\"}},{\"@context\":\"https:\/\/schema.org\",\"@type\":\"Event\",\"name\":\"Vacances d&#039;\\u00e9t\\u00e9\",\"description\":\"\",\"image\":\"https:\/\/dfg-lfa.org\/wp-content\/uploads\/cropped-DFG-Logo-2010-2.jpg\",\"url\":\"https:\/\/dfg-lfa.org\/fr\/mc-events\/sommerferien\/\",\"startDate\":\"2027-07-03T00:00:00+02:00\",\"endDate\":\"2027-08-30T00:00:59+02:00\",\"duration\":\"P1MD27TH0M0\",\"eventAttendanceMode\":\"https:\/\/schema.org\/OnlineEventAttendanceMode\",\"location\":{\"@type\":\"VirtualLocation\",\"url\":\"https:\/\/dfg-lfa.org\/fr\/mc-events\/sommerferien\/\"}},{\"@context\":\"https:\/\/schema.org\",\"@type\":\"Event\",\"name\":\"Vacances d&#039;\\u00e9t\\u00e9\",\"description\":\"\",\"image\":\"https:\/\/dfg-lfa.org\/wp-content\/uploads\/cropped-DFG-Logo-2010-2.jpg\",\"url\":\"https:\/\/dfg-lfa.org\/fr\/mc-events\/sommerferien\/\",\"startDate\":\"2027-07-03T00:00:00+02:00\",\"endDate\":\"2027-08-30T00:00:59+02:00\",\"duration\":\"P1MD27TH0M0\",\"eventAttendanceMode\":\"https:\/\/schema.org\/OnlineEventAttendanceMode\",\"location\":{\"@type\":\"VirtualLocation\",\"url\":\"https:\/\/dfg-lfa.org\/fr\/mc-events\/sommerferien\/\"}},{\"@context\":\"https:\/\/schema.org\",\"@type\":\"Event\",\"name\":\"Vacances d&#039;\\u00e9t\\u00e9\",\"description\":\"\",\"image\":\"https:\/\/dfg-lfa.org\/wp-content\/uploads\/cropped-DFG-Logo-2010-2.jpg\",\"url\":\"https:\/\/dfg-lfa.org\/fr\/mc-events\/sommerferien\/\",\"startDate\":\"2027-07-03T00:00:00+02:00\",\"endDate\":\"2027-08-30T00:00:59+02:00\",\"duration\":\"P1MD27TH0M0\",\"eventAttendanceMode\":\"https:\/\/schema.org\/OnlineEventAttendanceMode\",\"location\":{\"@type\":\"VirtualLocation\",\"url\":\"https:\/\/dfg-lfa.org\/fr\/mc-events\/sommerferien\/\"}},{\"@context\":\"https:\/\/schema.org\",\"@type\":\"Event\",\"name\":\"Vacances d&#039;\\u00e9t\\u00e9\",\"description\":\"\",\"image\":\"https:\/\/dfg-lfa.org\/wp-content\/uploads\/cropped-DFG-Logo-2010-2.jpg\",\"url\":\"https:\/\/dfg-lfa.org\/fr\/mc-events\/sommerferien\/\",\"startDate\":\"2027-07-03T00:00:00+02:00\",\"endDate\":\"2027-08-30T00:00:59+02:00\",\"duration\":\"P1MD27TH0M0\",\"eventAttendanceMode\":\"https:\/\/schema.org\/OnlineEventAttendanceMode\",\"location\":{\"@type\":\"VirtualLocation\",\"url\":\"https:\/\/dfg-lfa.org\/fr\/mc-events\/sommerferien\/\"}},{\"@context\":\"https:\/\/schema.org\",\"@type\":\"Event\",\"name\":\"Vacances d&#039;\\u00e9t\\u00e9\",\"description\":\"\",\"image\":\"https:\/\/dfg-lfa.org\/wp-content\/uploads\/cropped-DFG-Logo-2010-2.jpg\",\"url\":\"https:\/\/dfg-lfa.org\/fr\/mc-events\/sommerferien\/\",\"startDate\":\"2027-07-03T00:00:00+02:00\",\"endDate\":\"2027-08-30T00:00:59+02:00\",\"duration\":\"P1MD27TH0M0\",\"eventAttendanceMode\":\"https:\/\/schema.org\/OnlineEventAttendanceMode\",\"location\":{\"@type\":\"VirtualLocation\",\"url\":\"https:\/\/dfg-lfa.org\/fr\/mc-events\/sommerferien\/\"}},{\"@context\":\"https:\/\/schema.org\",\"@type\":\"Event\",\"name\":\"Vacances d&#039;\\u00e9t\\u00e9\",\"description\":\"\",\"image\":\"https:\/\/dfg-lfa.org\/wp-content\/uploads\/cropped-DFG-Logo-2010-2.jpg\",\"url\":\"https:\/\/dfg-lfa.org\/fr\/mc-events\/sommerferien\/\",\"startDate\":\"2027-07-03T00:00:00+02:00\",\"endDate\":\"2027-08-30T00:00:59+02:00\",\"duration\":\"P1MD27TH0M0\",\"eventAttendanceMode\":\"https:\/\/schema.org\/OnlineEventAttendanceMode\",\"location\":{\"@type\":\"VirtualLocation\",\"url\":\"https:\/\/dfg-lfa.org\/fr\/mc-events\/sommerferien\/\"}},{\"@context\":\"https:\/\/schema.org\",\"@type\":\"Event\",\"name\":\"Vacances d&#039;\\u00e9t\\u00e9\",\"description\":\"\",\"image\":\"https:\/\/dfg-lfa.org\/wp-content\/uploads\/cropped-DFG-Logo-2010-2.jpg\",\"url\":\"https:\/\/dfg-lfa.org\/fr\/mc-events\/sommerferien\/\",\"startDate\":\"2027-07-03T00:00:00+02:00\",\"endDate\":\"2027-08-30T00:00:59+02:00\",\"duration\":\"P1MD27TH0M0\",\"eventAttendanceMode\":\"https:\/\/schema.org\/OnlineEventAttendanceMode\",\"location\":{\"@type\":\"VirtualLocation\",\"url\":\"https:\/\/dfg-lfa.org\/fr\/mc-events\/sommerferien\/\"}},{\"@context\":\"https:\/\/schema.org\",\"@type\":\"Event\",\"name\":\"Vacances d&#039;\\u00e9t\\u00e9\",\"description\":\"\",\"image\":\"https:\/\/dfg-lfa.org\/wp-content\/uploads\/cropped-DFG-Logo-2010-2.jpg\",\"url\":\"https:\/\/dfg-lfa.org\/fr\/mc-events\/sommerferien\/\",\"startDate\":\"2027-07-03T00:00:00+02:00\",\"endDate\":\"2027-08-30T00:00:59+02:00\",\"duration\":\"P1MD27TH0M0\",\"eventAttendanceMode\":\"https:\/\/schema.org\/OnlineEventAttendanceMode\",\"location\":{\"@type\":\"VirtualLocation\",\"url\":\"https:\/\/dfg-lfa.org\/fr\/mc-events\/sommerferien\/\"}},{\"@context\":\"https:\/\/schema.org\",\"@type\":\"Event\",\"name\":\"Vacances d&#039;\\u00e9t\\u00e9\",\"description\":\"\",\"image\":\"https:\/\/dfg-lfa.org\/wp-content\/uploads\/cropped-DFG-Logo-2010-2.jpg\",\"url\":\"https:\/\/dfg-lfa.org\/fr\/mc-events\/sommerferien\/\",\"startDate\":\"2027-07-03T00:00:00+02:00\",\"endDate\":\"2027-08-30T00:00:59+02:00\",\"duration\":\"P1MD27TH0M0\",\"eventAttendanceMode\":\"https:\/\/schema.org\/OnlineEventAttendanceMode\",\"location\":{\"@type\":\"VirtualLocation\",\"url\":\"https:\/\/dfg-lfa.org\/fr\/mc-events\/sommerferien\/\"}},{\"@context\":\"https:\/\/schema.org\",\"@type\":\"Event\",\"name\":\"Vacances d&#039;\\u00e9t\\u00e9\",\"description\":\"\",\"image\":\"https:\/\/dfg-lfa.org\/wp-content\/uploads\/cropped-DFG-Logo-2010-2.jpg\",\"url\":\"https:\/\/dfg-lfa.org\/fr\/mc-events\/sommerferien\/\",\"startDate\":\"2027-07-03T00:00:00+02:00\",\"endDate\":\"2027-08-30T00:00:59+02:00\",\"duration\":\"P1MD27TH0M0\",\"eventAttendanceMode\":\"https:\/\/schema.org\/OnlineEventAttendanceMode\",\"location\":{\"@type\":\"VirtualLocation\",\"url\":\"https:\/\/dfg-lfa.org\/fr\/mc-events\/sommerferien\/\"}},{\"@context\":\"https:\/\/schema.org\",\"@type\":\"Event\",\"name\":\"Vacances d&#039;\\u00e9t\\u00e9\",\"description\":\"\",\"image\":\"https:\/\/dfg-lfa.org\/wp-content\/uploads\/cropped-DFG-Logo-2010-2.jpg\",\"url\":\"https:\/\/dfg-lfa.org\/fr\/mc-events\/sommerferien\/\",\"startDate\":\"2027-07-03T00:00:00+02:00\",\"endDate\":\"2027-08-30T00:00:59+02:00\",\"duration\":\"P1MD27TH0M0\",\"eventAttendanceMode\":\"https:\/\/schema.org\/OnlineEventAttendanceMode\",\"location\":{\"@type\":\"VirtualLocation\",\"url\":\"https:\/\/dfg-lfa.org\/fr\/mc-events\/sommerferien\/\"}},{\"@context\":\"https:\/\/schema.org\",\"@type\":\"Event\",\"name\":\"Vacances d&#039;\\u00e9t\\u00e9\",\"description\":\"\",\"image\":\"https:\/\/dfg-lfa.org\/wp-content\/uploads\/cropped-DFG-Logo-2010-2.jpg\",\"url\":\"https:\/\/dfg-lfa.org\/fr\/mc-events\/sommerferien\/\",\"startDate\":\"2027-07-03T00:00:00+02:00\",\"endDate\":\"2027-08-30T00:00:59+02:00\",\"duration\":\"P1MD27TH0M0\",\"eventAttendanceMode\":\"https:\/\/schema.org\/OnlineEventAttendanceMode\",\"location\":{\"@type\":\"VirtualLocation\",\"url\":\"https:\/\/dfg-lfa.org\/fr\/mc-events\/sommerferien\/\"}},{\"@context\":\"https:\/\/schema.org\",\"@type\":\"Event\",\"name\":\"Vacances d&#039;\\u00e9t\\u00e9\",\"description\":\"\",\"image\":\"https:\/\/dfg-lfa.org\/wp-content\/uploads\/cropped-DFG-Logo-2010-2.jpg\",\"url\":\"https:\/\/dfg-lfa.org\/fr\/mc-events\/sommerferien\/\",\"startDate\":\"2027-07-03T00:00:00+02:00\",\"endDate\":\"2027-08-30T00:00:59+02:00\",\"duration\":\"P1MD27TH0M0\",\"eventAttendanceMode\":\"https:\/\/schema.org\/OnlineEventAttendanceMode\",\"location\":{\"@type\":\"VirtualLocation\",\"url\":\"https:\/\/dfg-lfa.org\/fr\/mc-events\/sommerferien\/\"}},{\"@context\":\"https:\/\/schema.org\",\"@type\":\"Event\",\"name\":\"Vacances d&#039;\\u00e9t\\u00e9\",\"description\":\"\",\"image\":\"https:\/\/dfg-lfa.org\/wp-content\/uploads\/cropped-DFG-Logo-2010-2.jpg\",\"url\":\"https:\/\/dfg-lfa.org\/fr\/mc-events\/sommerferien\/\",\"startDate\":\"2027-07-03T00:00:00+02:00\",\"endDate\":\"2027-08-30T00:00:59+02:00\",\"duration\":\"P1MD27TH0M0\",\"eventAttendanceMode\":\"https:\/\/schema.org\/OnlineEventAttendanceMode\",\"location\":{\"@type\":\"VirtualLocation\",\"url\":\"https:\/\/dfg-lfa.org\/fr\/mc-events\/sommerferien\/\"}},{\"@context\":\"https:\/\/schema.org\",\"@type\":\"Event\",\"name\":\"Vacances d&#039;\\u00e9t\\u00e9\",\"description\":\"\",\"image\":\"https:\/\/dfg-lfa.org\/wp-content\/uploads\/cropped-DFG-Logo-2010-2.jpg\",\"url\":\"https:\/\/dfg-lfa.org\/fr\/mc-events\/sommerferien\/\",\"startDate\":\"2027-07-03T00:00:00+02:00\",\"endDate\":\"2027-08-30T00:00:59+02:00\",\"duration\":\"P1MD27TH0M0\",\"eventAttendanceMode\":\"https:\/\/schema.org\/OnlineEventAttendanceMode\",\"location\":{\"@type\":\"VirtualLocation\",\"url\":\"https:\/\/dfg-lfa.org\/fr\/mc-events\/sommerferien\/\"}},{\"@context\":\"https:\/\/schema.org\",\"@type\":\"Event\",\"name\":\"Vacances d&#039;\\u00e9t\\u00e9\",\"description\":\"\",\"image\":\"https:\/\/dfg-lfa.org\/wp-content\/uploads\/cropped-DFG-Logo-2010-2.jpg\",\"url\":\"https:\/\/dfg-lfa.org\/fr\/mc-events\/sommerferien\/\",\"startDate\":\"2027-07-03T00:00:00+02:00\",\"endDate\":\"2027-08-30T00:00:59+02:00\",\"duration\":\"P1MD27TH0M0\",\"eventAttendanceMode\":\"https:\/\/schema.org\/OnlineEventAttendanceMode\",\"location\":{\"@type\":\"VirtualLocation\",\"url\":\"https:\/\/dfg-lfa.org\/fr\/mc-events\/sommerferien\/\"}},{\"@context\":\"https:\/\/schema.org\",\"@type\":\"Event\",\"name\":\"Vacances d&#039;\\u00e9t\\u00e9\",\"description\":\"\",\"image\":\"https:\/\/dfg-lfa.org\/wp-content\/uploads\/cropped-DFG-Logo-2010-2.jpg\",\"url\":\"https:\/\/dfg-lfa.org\/fr\/mc-events\/sommerferien\/\",\"startDate\":\"2027-07-03T00:00:00+02:00\",\"endDate\":\"2027-08-30T00:00:59+02:00\",\"duration\":\"P1MD27TH0M0\",\"eventAttendanceMode\":\"https:\/\/schema.org\/OnlineEventAttendanceMode\",\"location\":{\"@type\":\"VirtualLocation\",\"url\":\"https:\/\/dfg-lfa.org\/fr\/mc-events\/sommerferien\/\"}},{\"@context\":\"https:\/\/schema.org\",\"@type\":\"Event\",\"name\":\"Vacances d&#039;\\u00e9t\\u00e9\",\"description\":\"\",\"image\":\"https:\/\/dfg-lfa.org\/wp-content\/uploads\/cropped-DFG-Logo-2010-2.jpg\",\"url\":\"https:\/\/dfg-lfa.org\/fr\/mc-events\/sommerferien\/\",\"startDate\":\"2027-07-03T00:00:00+02:00\",\"endDate\":\"2027-08-30T00:00:59+02:00\",\"duration\":\"P1MD27TH0M0\",\"eventAttendanceMode\":\"https:\/\/schema.org\/OnlineEventAttendanceMode\",\"location\":{\"@type\":\"VirtualLocation\",\"url\":\"https:\/\/dfg-lfa.org\/fr\/mc-events\/sommerferien\/\"}},{\"@context\":\"https:\/\/schema.org\",\"@type\":\"Event\",\"name\":\"Vacances d&#039;\\u00e9t\\u00e9\",\"description\":\"\",\"image\":\"https:\/\/dfg-lfa.org\/wp-content\/uploads\/cropped-DFG-Logo-2010-2.jpg\",\"url\":\"https:\/\/dfg-lfa.org\/fr\/mc-events\/sommerferien\/\",\"startDate\":\"2027-07-03T00:00:00+02:00\",\"endDate\":\"2027-08-30T00:00:59+02:00\",\"duration\":\"P1MD27TH0M0\",\"eventAttendanceMode\":\"https:\/\/schema.org\/OnlineEventAttendanceMode\",\"location\":{\"@type\":\"VirtualLocation\",\"url\":\"https:\/\/dfg-lfa.org\/fr\/mc-events\/sommerferien\/\"}},{\"@context\":\"https:\/\/schema.org\",\"@type\":\"Event\",\"name\":\"Vacances d&#039;\\u00e9t\\u00e9\",\"description\":\"\",\"image\":\"https:\/\/dfg-lfa.org\/wp-content\/uploads\/cropped-DFG-Logo-2010-2.jpg\",\"url\":\"https:\/\/dfg-lfa.org\/fr\/mc-events\/sommerferien\/\",\"startDate\":\"2027-07-03T00:00:00+02:00\",\"endDate\":\"2027-08-30T00:00:59+02:00\",\"duration\":\"P1MD27TH0M0\",\"eventAttendanceMode\":\"https:\/\/schema.org\/OnlineEventAttendanceMode\",\"location\":{\"@type\":\"VirtualLocation\",\"url\":\"https:\/\/dfg-lfa.org\/fr\/mc-events\/sommerferien\/\"}},{\"@context\":\"https:\/\/schema.org\",\"@type\":\"Event\",\"name\":\"Vacances d&#039;\\u00e9t\\u00e9\",\"description\":\"\",\"image\":\"https:\/\/dfg-lfa.org\/wp-content\/uploads\/cropped-DFG-Logo-2010-2.jpg\",\"url\":\"https:\/\/dfg-lfa.org\/fr\/mc-events\/sommerferien\/\",\"startDate\":\"2027-07-03T00:00:00+02:00\",\"endDate\":\"2027-08-30T00:00:59+02:00\",\"duration\":\"P1MD27TH0M0\",\"eventAttendanceMode\":\"https:\/\/schema.org\/OnlineEventAttendanceMode\",\"location\":{\"@type\":\"VirtualLocation\",\"url\":\"https:\/\/dfg-lfa.org\/fr\/mc-events\/sommerferien\/\"}},{\"@context\":\"https:\/\/schema.org\",\"@type\":\"Event\",\"name\":\"Vacances d&#039;\\u00e9t\\u00e9\",\"description\":\"\",\"image\":\"https:\/\/dfg-lfa.org\/wp-content\/uploads\/cropped-DFG-Logo-2010-2.jpg\",\"url\":\"https:\/\/dfg-lfa.org\/fr\/mc-events\/sommerferien\/\",\"startDate\":\"2027-07-03T00:00:00+02:00\",\"endDate\":\"2027-08-30T00:00:59+02:00\",\"duration\":\"P1MD27TH0M0\",\"eventAttendanceMode\":\"https:\/\/schema.org\/OnlineEventAttendanceMode\",\"location\":{\"@type\":\"VirtualLocation\",\"url\":\"https:\/\/dfg-lfa.org\/fr\/mc-events\/sommerferien\/\"}},{\"@context\":\"https:\/\/schema.org\",\"@type\":\"Event\",\"name\":\"Vacances d&#039;\\u00e9t\\u00e9\",\"description\":\"\",\"image\":\"https:\/\/dfg-lfa.org\/wp-content\/uploads\/cropped-DFG-Logo-2010-2.jpg\",\"url\":\"https:\/\/dfg-lfa.org\/fr\/mc-events\/sommerferien\/\",\"startDate\":\"2027-07-03T00:00:00+02:00\",\"endDate\":\"2027-08-30T00:00:59+02:00\",\"duration\":\"P1MD27TH0M0\",\"eventAttendanceMode\":\"https:\/\/schema.org\/OnlineEventAttendanceMode\",\"location\":{\"@type\":\"VirtualLocation\",\"url\":\"https:\/\/dfg-lfa.org\/fr\/mc-events\/sommerferien\/\"}},{\"@context\":\"https:\/\/schema.org\",\"@type\":\"Event\",\"name\":\"Vacances d&#039;\\u00e9t\\u00e9\",\"description\":\"\",\"image\":\"https:\/\/dfg-lfa.org\/wp-content\/uploads\/cropped-DFG-Logo-2010-2.jpg\",\"url\":\"https:\/\/dfg-lfa.org\/fr\/mc-events\/sommerferien\/\",\"startDate\":\"2027-07-03T00:00:00+02:00\",\"endDate\":\"2027-08-30T00:00:59+02:00\",\"duration\":\"P1MD27TH0M0\",\"eventAttendanceMode\":\"https:\/\/schema.org\/OnlineEventAttendanceMode\",\"location\":{\"@type\":\"VirtualLocation\",\"url\":\"https:\/\/dfg-lfa.org\/fr\/mc-events\/sommerferien\/\"}},{\"@context\":\"https:\/\/schema.org\",\"@type\":\"Event\",\"name\":\"Vacances d&#039;\\u00e9t\\u00e9\",\"description\":\"\",\"image\":\"https:\/\/dfg-lfa.org\/wp-content\/uploads\/cropped-DFG-Logo-2010-2.jpg\",\"url\":\"https:\/\/dfg-lfa.org\/fr\/mc-events\/sommerferien\/\",\"startDate\":\"2027-07-03T00:00:00+02:00\",\"endDate\":\"2027-08-30T00:00:59+02:00\",\"duration\":\"P1MD27TH0M0\",\"eventAttendanceMode\":\"https:\/\/schema.org\/OnlineEventAttendanceMode\",\"location\":{\"@type\":\"VirtualLocation\",\"url\":\"https:\/\/dfg-lfa.org\/fr\/mc-events\/sommerferien\/\"}},{\"@context\":\"https:\/\/schema.org\",\"@type\":\"Event\",\"name\":\"Vacances d&#039;\\u00e9t\\u00e9\",\"description\":\"\",\"image\":\"https:\/\/dfg-lfa.org\/wp-content\/uploads\/cropped-DFG-Logo-2010-2.jpg\",\"url\":\"https:\/\/dfg-lfa.org\/fr\/mc-events\/sommerferien\/\",\"startDate\":\"2027-07-03T00:00:00+02:00\",\"endDate\":\"2027-08-30T00:00:59+02:00\",\"duration\":\"P1MD27TH0M0\",\"eventAttendanceMode\":\"https:\/\/schema.org\/OnlineEventAttendanceMode\",\"location\":{\"@type\":\"VirtualLocation\",\"url\":\"https:\/\/dfg-lfa.org\/fr\/mc-events\/sommerferien\/\"}},{\"@context\":\"https:\/\/schema.org\",\"@type\":\"Event\",\"name\":\"Vacances d&#039;\\u00e9t\\u00e9\",\"description\":\"\",\"image\":\"https:\/\/dfg-lfa.org\/wp-content\/uploads\/cropped-DFG-Logo-2010-2.jpg\",\"url\":\"https:\/\/dfg-lfa.org\/fr\/mc-events\/sommerferien\/\",\"startDate\":\"2027-07-03T00:00:00+02:00\",\"endDate\":\"2027-08-30T00:00:59+02:00\",\"duration\":\"P1MD27TH0M0\",\"eventAttendanceMode\":\"https:\/\/schema.org\/OnlineEventAttendanceMode\",\"location\":{\"@type\":\"VirtualLocation\",\"url\":\"https:\/\/dfg-lfa.org\/fr\/mc-events\/sommerferien\/\"}},{\"@context\":\"https:\/\/schema.org\",\"@type\":\"Event\",\"name\":\"Vacances d&#039;\\u00e9t\\u00e9\",\"description\":\"\",\"image\":\"https:\/\/dfg-lfa.org\/wp-content\/uploads\/cropped-DFG-Logo-2010-2.jpg\",\"url\":\"https:\/\/dfg-lfa.org\/fr\/mc-events\/sommerferien\/\",\"startDate\":\"2027-07-03T00:00:00+02:00\",\"endDate\":\"2027-08-30T00:00:59+02:00\",\"duration\":\"P1MD27TH0M0\",\"eventAttendanceMode\":\"https:\/\/schema.org\/OnlineEventAttendanceMode\",\"location\":{\"@type\":\"VirtualLocation\",\"url\":\"https:\/\/dfg-lfa.org\/fr\/mc-events\/sommerferien\/\"}},{\"@context\":\"https:\/\/schema.org\",\"@type\":\"Event\",\"name\":\"Vacances d&#039;\\u00e9t\\u00e9\",\"description\":\"\",\"image\":\"https:\/\/dfg-lfa.org\/wp-content\/uploads\/cropped-DFG-Logo-2010-2.jpg\",\"url\":\"https:\/\/dfg-lfa.org\/fr\/mc-events\/sommerferien\/\",\"startDate\":\"2027-07-03T00:00:00+02:00\",\"endDate\":\"2027-08-30T00:00:59+02:00\",\"duration\":\"P1MD27TH0M0\",\"eventAttendanceMode\":\"https:\/\/schema.org\/OnlineEventAttendanceMode\",\"location\":{\"@type\":\"VirtualLocation\",\"url\":\"https:\/\/dfg-lfa.org\/fr\/mc-events\/sommerferien\/\"}},{\"@context\":\"https:\/\/schema.org\",\"@type\":\"Event\",\"name\":\"Vacances d&#039;\\u00e9t\\u00e9\",\"description\":\"\",\"image\":\"https:\/\/dfg-lfa.org\/wp-content\/uploads\/cropped-DFG-Logo-2010-2.jpg\",\"url\":\"https:\/\/dfg-lfa.org\/fr\/mc-events\/sommerferien\/\",\"startDate\":\"2027-07-03T00:00:00+02:00\",\"endDate\":\"2027-08-30T00:00:59+02:00\",\"duration\":\"P1MD27TH0M0\",\"eventAttendanceMode\":\"https:\/\/schema.org\/OnlineEventAttendanceMode\",\"location\":{\"@type\":\"VirtualLocation\",\"url\":\"https:\/\/dfg-lfa.org\/fr\/mc-events\/sommerferien\/\"}},{\"@context\":\"https:\/\/schema.org\",\"@type\":\"Event\",\"name\":\"Vacances d&#039;\\u00e9t\\u00e9\",\"description\":\"\",\"image\":\"https:\/\/dfg-lfa.org\/wp-content\/uploads\/cropped-DFG-Logo-2010-2.jpg\",\"url\":\"https:\/\/dfg-lfa.org\/fr\/mc-events\/sommerferien\/\",\"startDate\":\"2027-07-03T00:00:00+02:00\",\"endDate\":\"2027-08-30T00:00:59+02:00\",\"duration\":\"P1MD27TH0M0\",\"eventAttendanceMode\":\"https:\/\/schema.org\/OnlineEventAttendanceMode\",\"location\":{\"@type\":\"VirtualLocation\",\"url\":\"https:\/\/dfg-lfa.org\/fr\/mc-events\/sommerferien\/\"}},{\"@context\":\"https:\/\/schema.org\",\"@type\":\"Event\",\"name\":\"Vacances d&#039;\\u00e9t\\u00e9\",\"description\":\"\",\"image\":\"https:\/\/dfg-lfa.org\/wp-content\/uploads\/cropped-DFG-Logo-2010-2.jpg\",\"url\":\"https:\/\/dfg-lfa.org\/fr\/mc-events\/sommerferien\/\",\"startDate\":\"2027-07-03T00:00:00+02:00\",\"endDate\":\"2027-08-30T00:00:59+02:00\",\"duration\":\"P1MD27TH0M0\",\"eventAttendanceMode\":\"https:\/\/schema.org\/OnlineEventAttendanceMode\",\"location\":{\"@type\":\"VirtualLocation\",\"url\":\"https:\/\/dfg-lfa.org\/fr\/mc-events\/sommerferien\/\"}},{\"@context\":\"https:\/\/schema.org\",\"@type\":\"Event\",\"name\":\"Vacances d&#039;\\u00e9t\\u00e9\",\"description\":\"\",\"image\":\"https:\/\/dfg-lfa.org\/wp-content\/uploads\/cropped-DFG-Logo-2010-2.jpg\",\"url\":\"https:\/\/dfg-lfa.org\/fr\/mc-events\/sommerferien\/\",\"startDate\":\"2027-07-03T00:00:00+02:00\",\"endDate\":\"2027-08-30T00:00:59+02:00\",\"duration\":\"P1MD27TH0M0\",\"eventAttendanceMode\":\"https:\/\/schema.org\/OnlineEventAttendanceMode\",\"location\":{\"@type\":\"VirtualLocation\",\"url\":\"https:\/\/dfg-lfa.org\/fr\/mc-events\/sommerferien\/\"}},{\"@context\":\"https:\/\/schema.org\",\"@type\":\"Event\",\"name\":\"Vacances d&#039;\\u00e9t\\u00e9\",\"description\":\"\",\"image\":\"https:\/\/dfg-lfa.org\/wp-content\/uploads\/cropped-DFG-Logo-2010-2.jpg\",\"url\":\"https:\/\/dfg-lfa.org\/fr\/mc-events\/sommerferien\/\",\"startDate\":\"2027-07-03T00:00:00+02:00\",\"endDate\":\"2027-08-30T00:00:59+02:00\",\"duration\":\"P1MD27TH0M0\",\"eventAttendanceMode\":\"https:\/\/schema.org\/OnlineEventAttendanceMode\",\"location\":{\"@type\":\"VirtualLocation\",\"url\":\"https:\/\/dfg-lfa.org\/fr\/mc-events\/sommerferien\/\"}},{\"@context\":\"https:\/\/schema.org\",\"@type\":\"Event\",\"name\":\"Vacances d&#039;\\u00e9t\\u00e9\",\"description\":\"\",\"image\":\"https:\/\/dfg-lfa.org\/wp-content\/uploads\/cropped-DFG-Logo-2010-2.jpg\",\"url\":\"https:\/\/dfg-lfa.org\/fr\/mc-events\/sommerferien\/\",\"startDate\":\"2027-07-03T00:00:00+02:00\",\"endDate\":\"2027-08-30T00:00:59+02:00\",\"duration\":\"P1MD27TH0M0\",\"eventAttendanceMode\":\"https:\/\/schema.org\/OnlineEventAttendanceMode\",\"location\":{\"@type\":\"VirtualLocation\",\"url\":\"https:\/\/dfg-lfa.org\/fr\/mc-events\/sommerferien\/\"}}]\n<\/script>\n<h2 id=\"mc_head_mc-6f84060dbbfdbe6dcf8603dbe3992c11\" class=\"heading my-calendar-month\"><span>\u00c9v\u00e8nements en septembre 2026&ndash;ao\u00fbt 2027<\/span><\/h2>\n<div class=\"mc-content\"><ul id='list-mc-6f84060dbbfdbe6dcf8603dbe3992c11' class='mc-list'><!-- Date Hidden --><li id='list-2026-09-05' class='mc-events samedi sam future-day has-events author2 mcat_general'><h2 class=\"event-date\"><span class=\"mc-list-details-text\">05\/09\/2026<\/span><\/h2><div id='list-date-2026-09-05' class='mc-list-date-wrapper'><article id='mc_list_05_172-list-172' class='mc-has-category-colors mc-mc_list_172 list-event mc_general mc_no-location  future-event mc_primary_general nonrecurring mc-24-heures mc-start-00-00 ungrouped mc-event-107 mc-events mc-event mc_rel_general'><header>\t<h4 class='event-title summary' id='mc_172-title-mc-6f84060dbbfdbe6dcf8603dbe3992c11'><button type='button' id='modal-button-mc_list_05_172-list-details-172' data-modal-content-id='mc_list_05_172-list-details-172' data-modal-prefix-class='my-calendar' data-modal-close-text='Fermer' data-modal-title='Samedi travaill\u00e9' aria-controls='mc_list_05_172-list-details-172' class='list mc-modal button mc-text-button button-link url summary'><div class=\"event-title-container\">Samedi travaill\u00e9<\/div><\/button><\/h4>\n<\/header><div id='mc_list_05_172-list-details-172' class='details no-image uses-modal single-details list-details'  aria-labelledby='mc_172-title-mc-6f84060dbbfdbe6dcf8603dbe3992c11'>\n\n\t\r\n\t<div class='time-block'>\r\n\t\t<span class='mc-icon' aria-hidden='true'><\/span>\r\n\t\t<p><span class=\"time-wrapper\">  <\/span><span class=\"date-wrapper\"><span class='mc-start-date dtstart' title='2026-09-05T00:00:00+7200:00' content='2026-09-05T00:00:00+7200:00'>05\/09\/2026<\/span>  <\/span><\/p>\r\n\t<\/div>\n\t\t<div class=\"sharing\">\t<p class='mc-details'><a aria-label='Lire la suite: Samedi travaill\u00e9' href='https:\/\/dfg-lfa.org\/fr\/mc-events\/schulsamstag-samedi-travaille-19\/'>Lire la suite<\/a><\/p>\n<\/div><\/div><!--end .details--><\/article><\/div><\/li><li id='list-2026-09-07' class='mc-events lundi lun future-day has-events author2 mcat_general'><h2 class=\"event-date\"><span class=\"mc-list-details-text\">07\/09\/2026<\/span><\/h2><div id='list-date-2026-09-07' class='mc-list-date-wrapper'><article id='mc_list_07_173-list-173' class='mc-has-category-colors mc-mc_list_173 list-event mc_general mc_no-location  future-event mc_primary_general nonrecurring mc-5-jours mc-start-00-00 ungrouped mc-event-108 mc-events multidate mc-event mc_rel_general'><header>\t<h4 class='event-title summary' id='mc_173-title-mc-6f84060dbbfdbe6dcf8603dbe3992c11'><button type='button' id='modal-button-mc_list_07_173-list-details-173' data-modal-content-id='mc_list_07_173-list-details-173' data-modal-prefix-class='my-calendar' data-modal-close-text='Fermer' data-modal-title='Photos de classe' aria-controls='mc_list_07_173-list-details-173' class='list mc-modal button mc-text-button button-link url summary'><div class=\"event-title-container\">Photos de classe<\/div><\/button><\/h4>\n<\/header><div id='mc_list_07_173-list-details-173' class='details no-image uses-modal single-details list-details'  aria-labelledby='mc_173-title-mc-6f84060dbbfdbe6dcf8603dbe3992c11'>\n\n\t\r\n\t<div class='time-block'>\r\n\t\t<span class='mc-icon' aria-hidden='true'><\/span>\r\n\t\t<p><span class=\"time-wrapper\">  <\/span><span class=\"date-wrapper\"><span class='mc-start-date dtstart' title='2026-09-07T00:00:00+7200:00' content='2026-09-07T00:00:00+7200:00'>07\/09\/2026<\/span> <span class='date-separator'> &ndash; <\/span> <span class=\"event-time dtend\">11\/09\/2026<\/span><\/span><\/p>\r\n\t<\/div>\n\t\t<div class=\"sharing\">\t<p class='mc-details'><a aria-label='Lire la suite: Photos de classe' href='https:\/\/dfg-lfa.org\/fr\/mc-events\/klassenfotos\/'>Lire la suite<\/a><\/p>\n<\/div><\/div><!--end .details--><\/article><\/div><\/li><li id='list-2026-09-08' class='mc-events mardi mar future-day has-events author2 mcat_general'><h2 class=\"event-date\"><span class=\"mc-list-details-text\">08\/09\/2026<\/span><\/h2><div id='list-date-2026-09-08' class='mc-list-date-wrapper'><article id='mc_list_08_173-list-173' class='mc-has-category-colors mc-mc_list_173 list-event mc_general mc_no-location  future-event mc_primary_general nonrecurring mc-5-jours mc-start-00-00 ungrouped mc-event-108 mc-events multidate mc-event mc_rel_general'><header>\t<h4 class='event-title summary' id='mc_173-title-mc-6f84060dbbfdbe6dcf8603dbe3992c11'><button type='button' id='modal-button-mc_list_08_173-list-details-173' data-modal-content-id='mc_list_08_173-list-details-173' data-modal-prefix-class='my-calendar' data-modal-close-text='Fermer' data-modal-title='Photos de classe' aria-controls='mc_list_08_173-list-details-173' class='list mc-modal button mc-text-button button-link url summary'><div class=\"event-title-container\">Photos de classe<\/div><\/button><\/h4>\n<\/header><div id='mc_list_08_173-list-details-173' class='details no-image uses-modal single-details list-details'  aria-labelledby='mc_173-title-mc-6f84060dbbfdbe6dcf8603dbe3992c11'>\n\n\t\r\n\t<div class='time-block'>\r\n\t\t<span class='mc-icon' aria-hidden='true'><\/span>\r\n\t\t<p><span class=\"time-wrapper\">  <\/span><span class=\"date-wrapper\"><span class='mc-start-date dtstart' title='2026-09-07T00:00:00+7200:00' content='2026-09-07T00:00:00+7200:00'>07\/09\/2026<\/span> <span class='date-separator'> &ndash; <\/span> <span class=\"event-time dtend\">11\/09\/2026<\/span><\/span><\/p>\r\n\t<\/div>\n\t\t<div class=\"sharing\">\t<p class='mc-details'><a aria-label='Lire la suite: Photos de classe' href='https:\/\/dfg-lfa.org\/fr\/mc-events\/klassenfotos\/'>Lire la suite<\/a><\/p>\n<\/div><\/div><!--end .details--><\/article><\/div><\/li><li id='list-2026-09-09' class='mc-events mercredi mer future-day has-events author2 mcat_general'><h2 class=\"event-date\"><span class=\"mc-list-details-text\">09\/09\/2026<\/span><\/h2><div id='list-date-2026-09-09' class='mc-list-date-wrapper'><article id='mc_list_09_173-list-173' class='mc-has-category-colors mc-mc_list_173 list-event mc_general mc_no-location  future-event mc_primary_general nonrecurring mc-5-jours mc-start-00-00 ungrouped mc-event-108 mc-events multidate mc-event mc_rel_general'><header>\t<h4 class='event-title summary' id='mc_173-title-mc-6f84060dbbfdbe6dcf8603dbe3992c11'><button type='button' id='modal-button-mc_list_09_173-list-details-173' data-modal-content-id='mc_list_09_173-list-details-173' data-modal-prefix-class='my-calendar' data-modal-close-text='Fermer' data-modal-title='Photos de classe' aria-controls='mc_list_09_173-list-details-173' class='list mc-modal button mc-text-button button-link url summary'><div class=\"event-title-container\">Photos de classe<\/div><\/button><\/h4>\n<\/header><div id='mc_list_09_173-list-details-173' class='details no-image uses-modal single-details list-details'  aria-labelledby='mc_173-title-mc-6f84060dbbfdbe6dcf8603dbe3992c11'>\n\n\t\r\n\t<div class='time-block'>\r\n\t\t<span class='mc-icon' aria-hidden='true'><\/span>\r\n\t\t<p><span class=\"time-wrapper\">  <\/span><span class=\"date-wrapper\"><span class='mc-start-date dtstart' title='2026-09-07T00:00:00+7200:00' content='2026-09-07T00:00:00+7200:00'>07\/09\/2026<\/span> <span class='date-separator'> &ndash; <\/span> <span class=\"event-time dtend\">11\/09\/2026<\/span><\/span><\/p>\r\n\t<\/div>\n\t\t<div class=\"sharing\">\t<p class='mc-details'><a aria-label='Lire la suite: Photos de classe' href='https:\/\/dfg-lfa.org\/fr\/mc-events\/klassenfotos\/'>Lire la suite<\/a><\/p>\n<\/div><\/div><!--end .details--><\/article><\/div><\/li><li id='list-2026-09-10' class='mc-events jeudi jeu future-day has-events author2 mcat_general'><h2 class=\"event-date\"><span class=\"mc-list-details-text\">10\/09\/2026<\/span><\/h2><div id='list-date-2026-09-10' class='mc-list-date-wrapper'><article id='mc_list_10_173-list-173' class='mc-has-category-colors mc-mc_list_173 list-event mc_general mc_no-location  future-event mc_primary_general nonrecurring mc-5-jours mc-start-00-00 ungrouped mc-event-108 mc-events multidate mc-event mc_rel_general'><header>\t<h4 class='event-title summary' id='mc_173-title-mc-6f84060dbbfdbe6dcf8603dbe3992c11'><button type='button' id='modal-button-mc_list_10_173-list-details-173' data-modal-content-id='mc_list_10_173-list-details-173' data-modal-prefix-class='my-calendar' data-modal-close-text='Fermer' data-modal-title='Photos de classe' aria-controls='mc_list_10_173-list-details-173' class='list mc-modal button mc-text-button button-link url summary'><div class=\"event-title-container\">Photos de classe<\/div><\/button><\/h4>\n<\/header><div id='mc_list_10_173-list-details-173' class='details no-image uses-modal single-details list-details'  aria-labelledby='mc_173-title-mc-6f84060dbbfdbe6dcf8603dbe3992c11'>\n\n\t\r\n\t<div class='time-block'>\r\n\t\t<span class='mc-icon' aria-hidden='true'><\/span>\r\n\t\t<p><span class=\"time-wrapper\">  <\/span><span class=\"date-wrapper\"><span class='mc-start-date dtstart' title='2026-09-07T00:00:00+7200:00' content='2026-09-07T00:00:00+7200:00'>07\/09\/2026<\/span> <span class='date-separator'> &ndash; <\/span> <span class=\"event-time dtend\">11\/09\/2026<\/span><\/span><\/p>\r\n\t<\/div>\n\t\t<div class=\"sharing\">\t<p class='mc-details'><a aria-label='Lire la suite: Photos de classe' href='https:\/\/dfg-lfa.org\/fr\/mc-events\/klassenfotos\/'>Lire la suite<\/a><\/p>\n<\/div><\/div><!--end .details--><\/article><article id='mc_list_10_225-list-225' class='mc-has-category-colors mc-mc_list_225 list-event mc_general mc_no-location  future-event mc_primary_general nonrecurring mc mc-start-18-00 ungrouped mc-event-109 mc-events mc-event mc_rel_general'><header>\t<h4 class='event-title summary' id='mc_225-title-mc-6f84060dbbfdbe6dcf8603dbe3992c11'><button type='button' id='modal-button-mc_list_10_225-list-details-225' data-modal-content-id='mc_list_10_225-list-details-225' data-modal-prefix-class='my-calendar' data-modal-close-text='Fermer' data-modal-title='R\u00e9union parents-professeurs (classes existantes : 6a\/b\/c, 5\u00e8me, 9, 2nde, Tle)' aria-controls='mc_list_10_225-list-details-225' class='list mc-modal button mc-text-button button-link url summary'><div class=\"event-title-container\">18:00: R\u00e9union parents-professeurs (classes existantes : 6a\/b\/c, 5\u00e8me, 9, 2nde, Tle)<\/div><\/button><\/h4>\n<\/header><div id='mc_list_10_225-list-details-225' class='details no-image uses-modal single-details list-details'  aria-labelledby='mc_225-title-mc-6f84060dbbfdbe6dcf8603dbe3992c11'>\n\n\t\r\n\t<div class='time-block'>\r\n\t\t<span class='mc-icon' aria-hidden='true'><\/span>\r\n\t\t<p><span class=\"time-wrapper\"><span class='event-time dtstart'><time class='value-title' datetime='2026-09-10T18:00:00+7200:00' title='2026-09-10T18:00:00+7200:00'>18:00<\/time><\/span>  <\/span><br \/><span class=\"date-wrapper\"><span class='mc-start-date dtstart' title='2026-09-10T18:00:00+7200:00' content='2026-09-10T18:00:00+7200:00'>10\/09\/2026<\/span>  <\/span><\/p>\r\n\t<\/div>\n\t\t<div class=\"sharing\">\t<p class='mc-details'><a aria-label='Lire la suite: 18:00: R\u00e9union parents-professeurs (classes existantes : 6a\/b\/c, 5\u00e8me, 9, 2nde, Tle)' href='https:\/\/dfg-lfa.org\/fr\/mc-events\/elternabende-bestehende-klassen-6a-b-c-7-5eme-3eme-9-2nde-tle\/'>Lire la suite<\/a><\/p>\n<\/div><\/div><!--end .details--><\/article><\/div><\/li><li id='list-2026-09-11' class='mc-events vendredi ven future-day has-events author2 mcat_general'><h2 class=\"event-date\"><span class=\"mc-list-details-text\">11\/09\/2026<\/span><\/h2><div id='list-date-2026-09-11' class='mc-list-date-wrapper'><article id='mc_list_11_173-list-173' class='mc-has-category-colors mc-mc_list_173 list-event mc_general mc_no-location  future-event mc_primary_general nonrecurring mc-5-jours mc-start-00-00 ungrouped mc-event-108 mc-events multidate mc-event mc_rel_general'><header>\t<h4 class='event-title summary' id='mc_173-title-mc-6f84060dbbfdbe6dcf8603dbe3992c11'><button type='button' id='modal-button-mc_list_11_173-list-details-173' data-modal-content-id='mc_list_11_173-list-details-173' data-modal-prefix-class='my-calendar' data-modal-close-text='Fermer' data-modal-title='Photos de classe' aria-controls='mc_list_11_173-list-details-173' class='list mc-modal button mc-text-button button-link url summary'><div class=\"event-title-container\">Photos de classe<\/div><\/button><\/h4>\n<\/header><div id='mc_list_11_173-list-details-173' class='details no-image uses-modal single-details list-details'  aria-labelledby='mc_173-title-mc-6f84060dbbfdbe6dcf8603dbe3992c11'>\n\n\t\r\n\t<div class='time-block'>\r\n\t\t<span class='mc-icon' aria-hidden='true'><\/span>\r\n\t\t<p><span class=\"time-wrapper\">  <\/span><span class=\"date-wrapper\"><span class='mc-start-date dtstart' title='2026-09-07T00:00:00+7200:00' content='2026-09-07T00:00:00+7200:00'>07\/09\/2026<\/span> <span class='date-separator'> &ndash; <\/span> <span class=\"event-time dtend\">11\/09\/2026<\/span><\/span><\/p>\r\n\t<\/div>\n\t\t<div class=\"sharing\">\t<p class='mc-details'><a aria-label='Lire la suite: Photos de classe' href='https:\/\/dfg-lfa.org\/fr\/mc-events\/klassenfotos\/'>Lire la suite<\/a><\/p>\n<\/div><\/div><!--end .details--><\/article><\/div><\/li><li id='list-2026-09-19' class='mc-events samedi sam future-day has-events author2 mcat_general'><h2 class=\"event-date\"><span class=\"mc-list-details-text\">19\/09\/2026<\/span><\/h2><div id='list-date-2026-09-19' class='mc-list-date-wrapper'><article id='mc_list_19_176-list-176' class='mc-has-category-colors mc-mc_list_176 list-event mc_general mc_no-location  future-event mc_primary_general nonrecurring mc-24-heures mc-start-00-00 ungrouped mc-event-110 mc-events mc-event mc_rel_general'><header>\t<h4 class='event-title summary' id='mc_176-title-mc-6f84060dbbfdbe6dcf8603dbe3992c11'><button type='button' id='modal-button-mc_list_19_176-list-details-176' data-modal-content-id='mc_list_19_176-list-details-176' data-modal-prefix-class='my-calendar' data-modal-close-text='Fermer' data-modal-title='Samedi travaill\u00e9' aria-controls='mc_list_19_176-list-details-176' class='list mc-modal button mc-text-button button-link url summary'><div class=\"event-title-container\">Samedi travaill\u00e9<\/div><\/button><\/h4>\n<\/header><div id='mc_list_19_176-list-details-176' class='details no-image uses-modal single-details list-details'  aria-labelledby='mc_176-title-mc-6f84060dbbfdbe6dcf8603dbe3992c11'>\n\n\t\r\n\t<div class='time-block'>\r\n\t\t<span class='mc-icon' aria-hidden='true'><\/span>\r\n\t\t<p><span class=\"time-wrapper\">  <\/span><span class=\"date-wrapper\"><span class='mc-start-date dtstart' title='2026-09-19T00:00:00+7200:00' content='2026-09-19T00:00:00+7200:00'>19\/09\/2026<\/span>  <\/span><\/p>\r\n\t<\/div>\n\t\t<div class=\"sharing\">\t<p class='mc-details'><a aria-label='Lire la suite: Samedi travaill\u00e9' href='https:\/\/dfg-lfa.org\/fr\/mc-events\/schulsamstag\/'>Lire la suite<\/a><\/p>\n<\/div><\/div><!--end .details--><\/article><\/div><\/li><li id='list-2026-09-23' class='mc-events mercredi mer future-day has-events author2 mcat_general'><h2 class=\"event-date\"><span class=\"mc-list-details-text\">23\/09\/2026<\/span><\/h2><div id='list-date-2026-09-23' class='mc-list-date-wrapper'><article id='mc_list_23_177-list-177' class='mc-has-category-colors mc-mc_list_177 list-event mc_general mc_no-location  future-event mc_primary_general nonrecurring mc-24-heures mc-start-00-00 ungrouped mc-event-111 mc-events mc-event mc_rel_general'><header>\t<h4 class='event-title summary' id='mc_177-title-mc-6f84060dbbfdbe6dcf8603dbe3992c11'><button type='button' id='modal-button-mc_list_23_177-list-details-177' data-modal-content-id='mc_list_23_177-list-details-177' data-modal-prefix-class='my-calendar' data-modal-close-text='Fermer' data-modal-title='Sorties scolaires' aria-controls='mc_list_23_177-list-details-177' class='list mc-modal button mc-text-button button-link url summary'><div class=\"event-title-container\">Sorties scolaires<\/div><\/button><\/h4>\n<\/header><div id='mc_list_23_177-list-details-177' class='details no-image uses-modal single-details list-details'  aria-labelledby='mc_177-title-mc-6f84060dbbfdbe6dcf8603dbe3992c11'>\n\n\t\r\n\t<div class='time-block'>\r\n\t\t<span class='mc-icon' aria-hidden='true'><\/span>\r\n\t\t<p><span class=\"time-wrapper\">  <\/span><span class=\"date-wrapper\"><span class='mc-start-date dtstart' title='2026-09-23T00:00:00+7200:00' content='2026-09-23T00:00:00+7200:00'>23\/09\/2026<\/span>  <\/span><\/p>\r\n\t<\/div>\n\t\t<div class=\"sharing\">\t<p class='mc-details'><a aria-label='Lire la suite: Sorties scolaires' href='https:\/\/dfg-lfa.org\/fr\/mc-events\/wandertag\/'>Lire la suite<\/a><\/p>\n<\/div><\/div><!--end .details--><\/article><\/div><\/li><li id='list-2026-09-26' class='mc-events samedi sam future-day has-events author2 mcat_general'><h2 class=\"event-date\"><span class=\"mc-list-details-text\">26\/09\/2026<\/span><\/h2><div id='list-date-2026-09-26' class='mc-list-date-wrapper'><article id='mc_list_26_178-list-178' class='mc-has-category-colors mc-mc_list_178 list-event mc_general mc_no-location  future-event mc_primary_general nonrecurring mc-24-heures mc-start-00-00 ungrouped mc-event-112 mc-events mc-event mc_rel_general'><header>\t<h4 class='event-title summary' id='mc_178-title-mc-6f84060dbbfdbe6dcf8603dbe3992c11'><button type='button' id='modal-button-mc_list_26_178-list-details-178' data-modal-content-id='mc_list_26_178-list-details-178' data-modal-prefix-class='my-calendar' data-modal-close-text='Fermer' data-modal-title='Samedi travaill\u00e9' aria-controls='mc_list_26_178-list-details-178' class='list mc-modal button mc-text-button button-link url summary'><div class=\"event-title-container\">Samedi travaill\u00e9<\/div><\/button><\/h4>\n<\/header><div id='mc_list_26_178-list-details-178' class='details no-image uses-modal single-details list-details'  aria-labelledby='mc_178-title-mc-6f84060dbbfdbe6dcf8603dbe3992c11'>\n\n\t\r\n\t<div class='time-block'>\r\n\t\t<span class='mc-icon' aria-hidden='true'><\/span>\r\n\t\t<p><span class=\"time-wrapper\">  <\/span><span class=\"date-wrapper\"><span class='mc-start-date dtstart' title='2026-09-26T00:00:00+7200:00' content='2026-09-26T00:00:00+7200:00'>26\/09\/2026<\/span>  <\/span><\/p>\r\n\t<\/div>\n\t\t<div class=\"sharing\">\t<p class='mc-details'><a aria-label='Lire la suite: Samedi travaill\u00e9' href='https:\/\/dfg-lfa.org\/fr\/mc-events\/schulsamstag-2\/'>Lire la suite<\/a><\/p>\n<\/div><\/div><!--end .details--><\/article><\/div><\/li><li id='list-2026-09-28' class='mc-events lundi lun future-day has-events author2 mcat_general'><h2 class=\"event-date\"><span class=\"mc-list-details-text\">28\/09\/2026<\/span><\/h2><div id='list-date-2026-09-28' class='mc-list-date-wrapper'><article id='mc_list_28_180-list-180' class='mc-has-category-colors mc-mc_list_180 list-event mc_general mc_no-location  future-event mc_primary_general nonrecurring mc-3-jours mc-start-00-00 ungrouped mc-event-114 mc-events multidate mc-event mc_rel_general'><header>\t<h4 class='event-title summary' id='mc_180-title-mc-6f84060dbbfdbe6dcf8603dbe3992c11'><button type='button' id='modal-button-mc_list_28_180-list-details-180' data-modal-content-id='mc_list_28_180-list-details-180' data-modal-prefix-class='my-calendar' data-modal-close-text='Fermer' data-modal-title='Stage d&#039;int\u00e9gration (classe de F\u00fcnfte et 6\u00e8me 1,2,3)' aria-controls='mc_list_28_180-list-details-180' class='list mc-modal button mc-text-button button-link url summary'><div class=\"event-title-container\">Stage d'int\u00e9gration (classe de F\u00fcnfte et 6\u00e8me 1,2,3)<\/div><\/button><\/h4>\n<\/header><div id='mc_list_28_180-list-details-180' class='details no-image uses-modal single-details list-details'  aria-labelledby='mc_180-title-mc-6f84060dbbfdbe6dcf8603dbe3992c11'>\n\n\t\r\n\t<div class='time-block'>\r\n\t\t<span class='mc-icon' aria-hidden='true'><\/span>\r\n\t\t<p><span class=\"time-wrapper\">  <\/span><span class=\"date-wrapper\"><span class='mc-start-date dtstart' title='2026-09-28T00:00:00+7200:00' content='2026-09-28T00:00:00+7200:00'>28\/09\/2026<\/span> <span class='date-separator'> &ndash; <\/span> <span class=\"event-time dtend\">30\/09\/2026<\/span><\/span><\/p>\r\n\t<\/div>\n\t\t<div class=\"sharing\">\t<p class='mc-details'><a aria-label='Lire la suite: Stage d&#039;int\u00e9gration (classe de F\u00fcnfte et 6\u00e8me 1,2,3)' href='https:\/\/dfg-lfa.org\/fr\/mc-events\/erlebnispaedagogische-veranstaltung-5-klassen-6eme-123\/'>Lire la suite<\/a><\/p>\n<\/div><\/div><!--end .details--><\/article><article id='mc_list_28_179-list-179' class='mc-has-category-colors mc-mc_list_179 list-event mc_general mc_no-location  future-event mc_primary_general nonrecurring mc-2-jours mc-start-00-00 ungrouped mc-event-113 mc-events multidate mc-event mc_rel_general'><header>\t<h4 class='event-title summary' id='mc_179-title-mc-6f84060dbbfdbe6dcf8603dbe3992c11'><button type='button' id='modal-button-mc_list_28_179-list-details-179' data-modal-content-id='mc_list_28_179-list-details-179' data-modal-prefix-class='my-calendar' data-modal-close-text='Fermer' data-modal-title='Intervention biologiste marine' aria-controls='mc_list_28_179-list-details-179' class='list mc-modal button mc-text-button button-link url summary'><div class=\"event-title-container\">Intervention biologiste marine<\/div><\/button><\/h4>\n<\/header><div id='mc_list_28_179-list-details-179' class='details no-image uses-modal single-details list-details'  aria-labelledby='mc_179-title-mc-6f84060dbbfdbe6dcf8603dbe3992c11'>\n\n\t\r\n\t<div class='time-block'>\r\n\t\t<span class='mc-icon' aria-hidden='true'><\/span>\r\n\t\t<p><span class=\"time-wrapper\">  <\/span><span class=\"date-wrapper\"><span class='mc-start-date dtstart' title='2026-09-28T00:00:00+7200:00' content='2026-09-28T00:00:00+7200:00'>28\/09\/2026<\/span> <span class='date-separator'> &ndash; <\/span> <span class=\"event-time dtend\">29\/09\/2026<\/span><\/span><\/p>\r\n\t<\/div>\n\t\t<div class=\"sharing\">\t<p class='mc-details'><a aria-label='Lire la suite: Intervention biologiste marine' href='https:\/\/dfg-lfa.org\/fr\/mc-events\/vortrag-einer-meeresbiologin\/'>Lire la suite<\/a><\/p>\n<\/div><\/div><!--end .details--><\/article><\/div><\/li><li id='list-2026-09-29' class='mc-events mardi mar future-day has-events author2 mcat_general'><h2 class=\"event-date\"><span class=\"mc-list-details-text\">29\/09\/2026<\/span><\/h2><div id='list-date-2026-09-29' class='mc-list-date-wrapper'><article id='mc_list_29_180-list-180' class='mc-has-category-colors mc-mc_list_180 list-event mc_general mc_no-location  future-event mc_primary_general nonrecurring mc-3-jours mc-start-00-00 ungrouped mc-event-114 mc-events multidate mc-event mc_rel_general'><header>\t<h4 class='event-title summary' id='mc_180-title-mc-6f84060dbbfdbe6dcf8603dbe3992c11'><button type='button' id='modal-button-mc_list_29_180-list-details-180' data-modal-content-id='mc_list_29_180-list-details-180' data-modal-prefix-class='my-calendar' data-modal-close-text='Fermer' data-modal-title='Stage d&#039;int\u00e9gration (classe de F\u00fcnfte et 6\u00e8me 1,2,3)' aria-controls='mc_list_29_180-list-details-180' class='list mc-modal button mc-text-button button-link url summary'><div class=\"event-title-container\">Stage d'int\u00e9gration (classe de F\u00fcnfte et 6\u00e8me 1,2,3)<\/div><\/button><\/h4>\n<\/header><div id='mc_list_29_180-list-details-180' class='details no-image uses-modal single-details list-details'  aria-labelledby='mc_180-title-mc-6f84060dbbfdbe6dcf8603dbe3992c11'>\n\n\t\r\n\t<div class='time-block'>\r\n\t\t<span class='mc-icon' aria-hidden='true'><\/span>\r\n\t\t<p><span class=\"time-wrapper\">  <\/span><span class=\"date-wrapper\"><span class='mc-start-date dtstart' title='2026-09-28T00:00:00+7200:00' content='2026-09-28T00:00:00+7200:00'>28\/09\/2026<\/span> <span class='date-separator'> &ndash; <\/span> <span class=\"event-time dtend\">30\/09\/2026<\/span><\/span><\/p>\r\n\t<\/div>\n\t\t<div class=\"sharing\">\t<p class='mc-details'><a aria-label='Lire la suite: Stage d&#039;int\u00e9gration (classe de F\u00fcnfte et 6\u00e8me 1,2,3)' href='https:\/\/dfg-lfa.org\/fr\/mc-events\/erlebnispaedagogische-veranstaltung-5-klassen-6eme-123\/'>Lire la suite<\/a><\/p>\n<\/div><\/div><!--end .details--><\/article><article id='mc_list_29_179-list-179' class='mc-has-category-colors mc-mc_list_179 list-event mc_general mc_no-location  future-event mc_primary_general nonrecurring mc-2-jours mc-start-00-00 ungrouped mc-event-113 mc-events multidate mc-event mc_rel_general'><header>\t<h4 class='event-title summary' id='mc_179-title-mc-6f84060dbbfdbe6dcf8603dbe3992c11'><button type='button' id='modal-button-mc_list_29_179-list-details-179' data-modal-content-id='mc_list_29_179-list-details-179' data-modal-prefix-class='my-calendar' data-modal-close-text='Fermer' data-modal-title='Intervention biologiste marine' aria-controls='mc_list_29_179-list-details-179' class='list mc-modal button mc-text-button button-link url summary'><div class=\"event-title-container\">Intervention biologiste marine<\/div><\/button><\/h4>\n<\/header><div id='mc_list_29_179-list-details-179' class='details no-image uses-modal single-details list-details'  aria-labelledby='mc_179-title-mc-6f84060dbbfdbe6dcf8603dbe3992c11'>\n\n\t\r\n\t<div class='time-block'>\r\n\t\t<span class='mc-icon' aria-hidden='true'><\/span>\r\n\t\t<p><span class=\"time-wrapper\">  <\/span><span class=\"date-wrapper\"><span class='mc-start-date dtstart' title='2026-09-28T00:00:00+7200:00' content='2026-09-28T00:00:00+7200:00'>28\/09\/2026<\/span> <span class='date-separator'> &ndash; <\/span> <span class=\"event-time dtend\">29\/09\/2026<\/span><\/span><\/p>\r\n\t<\/div>\n\t\t<div class=\"sharing\">\t<p class='mc-details'><a aria-label='Lire la suite: Intervention biologiste marine' href='https:\/\/dfg-lfa.org\/fr\/mc-events\/vortrag-einer-meeresbiologin\/'>Lire la suite<\/a><\/p>\n<\/div><\/div><!--end .details--><\/article><article id='mc_list_29_181-list-181' class='mc-has-category-colors mc-mc_list_181 list-event mc_general mc_no-location  future-event mc_primary_general nonrecurring mc-24-heures mc-start-00-00 ungrouped mc-event-115 mc-events mc-event mc_rel_general'><header>\t<h4 class='event-title summary' id='mc_181-title-mc-6f84060dbbfdbe6dcf8603dbe3992c11'><button type='button' id='modal-button-mc_list_29_181-list-details-181' data-modal-content-id='mc_list_29_181-list-details-181' data-modal-prefix-class='my-calendar' data-modal-close-text='Fermer' data-modal-title='\u00c9lections d\u00e9l\u00e9gu\u00e9s de classe et SV' aria-controls='mc_list_29_181-list-details-181' class='list mc-modal button mc-text-button button-link url summary'><div class=\"event-title-container\">\u00c9lections d\u00e9l\u00e9gu\u00e9s de classe et SV<\/div><\/button><\/h4>\n<\/header><div id='mc_list_29_181-list-details-181' class='details no-image uses-modal single-details list-details'  aria-labelledby='mc_181-title-mc-6f84060dbbfdbe6dcf8603dbe3992c11'>\n\n\t\r\n\t<div class='time-block'>\r\n\t\t<span class='mc-icon' aria-hidden='true'><\/span>\r\n\t\t<p><span class=\"time-wrapper\">  <\/span><span class=\"date-wrapper\"><span class='mc-start-date dtstart' title='2026-09-29T00:00:00+7200:00' content='2026-09-29T00:00:00+7200:00'>29\/09\/2026<\/span>  <\/span><\/p>\r\n\t<\/div>\n\t\t<div class=\"sharing\">\t<p class='mc-details'><a aria-label='Lire la suite: \u00c9lections d\u00e9l\u00e9gu\u00e9s de classe et SV' href='https:\/\/dfg-lfa.org\/fr\/mc-events\/wahl-der-klassen-und-schuelersprecherinnen\/'>Lire la suite<\/a><\/p>\n<\/div><\/div><!--end .details--><\/article><article id='mc_list_29_182-list-182' class='mc-has-category-colors mc-mc_list_182 list-event mc_general mc_no-location  future-event mc_primary_general nonrecurring mc-2-heures mc-start-13-45 ungrouped mc-event-116 mc-events mc-event mc_rel_general'><header>\t<h4 class='event-title summary' id='mc_182-title-mc-6f84060dbbfdbe6dcf8603dbe3992c11'><button type='button' id='modal-button-mc_list_29_182-list-details-182' data-modal-content-id='mc_list_29_182-list-details-182' data-modal-prefix-class='my-calendar' data-modal-close-text='Fermer' data-modal-title='Intervention Campus France' aria-controls='mc_list_29_182-list-details-182' class='list mc-modal button mc-text-button button-link url summary'><div class=\"event-title-container\">13:45: Intervention Campus France<\/div><\/button><\/h4>\n<\/header><div id='mc_list_29_182-list-details-182' class='details no-image uses-modal single-details list-details'  aria-labelledby='mc_182-title-mc-6f84060dbbfdbe6dcf8603dbe3992c11'>\n\n\t\r\n\t<div class='time-block'>\r\n\t\t<span class='mc-icon' aria-hidden='true'><\/span>\r\n\t\t<p><span class=\"time-wrapper\"><span class='event-time dtstart'><time class='value-title' datetime='2026-09-29T13:45:00+7200:00' title='2026-09-29T13:45:00+7200:00'>13:45<\/time><\/span> <span class='time-separator'> &ndash; <\/span> <span class='end-time dtend'> <time class='value-title' datetime='2026-09-29T15:30:00+7200:00' title='2026-09-29T15:30:00+7200:00'>15:30<\/time><\/span><\/span><br \/><span class=\"date-wrapper\"><span class='mc-start-date dtstart' title='2026-09-29T13:45:00+7200:00' content='2026-09-29T13:45:00+7200:00'>29\/09\/2026<\/span>  <\/span><\/p>\r\n\t<\/div>\n\t\t<div class=\"sharing\">\t<p class='mc-details'><a aria-label='Lire la suite: 13:45: Intervention Campus France' href='https:\/\/dfg-lfa.org\/fr\/mc-events\/infoveranstaltung-campus-france\/'>Lire la suite<\/a><\/p>\n<\/div><\/div><!--end .details--><\/article><\/div><\/li><li id='list-2026-09-30' class='mc-events mercredi mer future-day has-events author2 mcat_general'><h2 class=\"event-date\"><span class=\"mc-list-details-text\">30\/09\/2026<\/span><\/h2><div id='list-date-2026-09-30' class='mc-list-date-wrapper'><article id='mc_list_30_180-list-180' class='mc-has-category-colors mc-mc_list_180 list-event mc_general mc_no-location  future-event mc_primary_general nonrecurring mc-3-jours mc-start-00-00 ungrouped mc-event-114 mc-events multidate mc-event mc_rel_general'><header>\t<h4 class='event-title summary' id='mc_180-title-mc-6f84060dbbfdbe6dcf8603dbe3992c11'><button type='button' id='modal-button-mc_list_30_180-list-details-180' data-modal-content-id='mc_list_30_180-list-details-180' data-modal-prefix-class='my-calendar' data-modal-close-text='Fermer' data-modal-title='Stage d&#039;int\u00e9gration (classe de F\u00fcnfte et 6\u00e8me 1,2,3)' aria-controls='mc_list_30_180-list-details-180' class='list mc-modal button mc-text-button button-link url summary'><div class=\"event-title-container\">Stage d'int\u00e9gration (classe de F\u00fcnfte et 6\u00e8me 1,2,3)<\/div><\/button><\/h4>\n<\/header><div id='mc_list_30_180-list-details-180' class='details no-image uses-modal single-details list-details'  aria-labelledby='mc_180-title-mc-6f84060dbbfdbe6dcf8603dbe3992c11'>\n\n\t\r\n\t<div class='time-block'>\r\n\t\t<span class='mc-icon' aria-hidden='true'><\/span>\r\n\t\t<p><span class=\"time-wrapper\">  <\/span><span class=\"date-wrapper\"><span class='mc-start-date dtstart' title='2026-09-28T00:00:00+7200:00' content='2026-09-28T00:00:00+7200:00'>28\/09\/2026<\/span> <span class='date-separator'> &ndash; <\/span> <span class=\"event-time dtend\">30\/09\/2026<\/span><\/span><\/p>\r\n\t<\/div>\n\t\t<div class=\"sharing\">\t<p class='mc-details'><a aria-label='Lire la suite: Stage d&#039;int\u00e9gration (classe de F\u00fcnfte et 6\u00e8me 1,2,3)' href='https:\/\/dfg-lfa.org\/fr\/mc-events\/erlebnispaedagogische-veranstaltung-5-klassen-6eme-123\/'>Lire la suite<\/a><\/p>\n<\/div><\/div><!--end .details--><\/article><\/div><\/li><li id='list-2026-10-01' class='mc-events jeudi jeu future-day has-events author2 mcat_general'><h2 class=\"event-date\"><span class=\"mc-list-details-text\">01\/10\/2026<\/span><\/h2><div id='list-date-2026-10-01' class='mc-list-date-wrapper'><article id='mc_list_01_183-list-183' class='mc-has-category-colors mc-mc_list_183 list-event mc_general mc_no-location  future-event mc_primary_general nonrecurring mc-2-heures mc-start-13-45 ungrouped mc-event-117 mc-events mc-event mc_rel_general'><header>\t<h4 class='event-title summary' id='mc_183-title-mc-6f84060dbbfdbe6dcf8603dbe3992c11'><button type='button' id='modal-button-mc_list_01_183-list-details-183' data-modal-content-id='mc_list_01_183-list-details-183' data-modal-prefix-class='my-calendar' data-modal-close-text='Fermer' data-modal-title='R\u00e9union d&#039;informations sur la classe de 1\u00e8re' aria-controls='mc_list_01_183-list-details-183' class='list mc-modal button mc-text-button button-link url summary'><div class=\"event-title-container\">13:45: R\u00e9union d'informations sur la classe de 1\u00e8re<\/div><\/button><\/h4>\n<\/header><div id='mc_list_01_183-list-details-183' class='details no-image uses-modal single-details list-details'  aria-labelledby='mc_183-title-mc-6f84060dbbfdbe6dcf8603dbe3992c11'>\n\n\t\r\n\t<div class='time-block'>\r\n\t\t<span class='mc-icon' aria-hidden='true'><\/span>\r\n\t\t<p><span class=\"time-wrapper\"><span class='event-time dtstart'><time class='value-title' datetime='2026-10-01T13:45:00+7200:00' title='2026-10-01T13:45:00+7200:00'>13:45<\/time><\/span> <span class='time-separator'> &ndash; <\/span> <span class='end-time dtend'> <time class='value-title' datetime='2026-10-01T15:30:00+7200:00' title='2026-10-01T15:30:00+7200:00'>15:30<\/time><\/span><\/span><br \/><span class=\"date-wrapper\"><span class='mc-start-date dtstart' title='2026-10-01T13:45:00+7200:00' content='2026-10-01T13:45:00+7200:00'>01\/10\/2026<\/span>  <\/span><\/p>\r\n\t<\/div>\n\t\t<div class=\"sharing\">\t<p class='mc-details'><a aria-label='Lire la suite: 13:45: R\u00e9union d&#039;informations sur la classe de 1\u00e8re' href='https:\/\/dfg-lfa.org\/fr\/mc-events\/informationsveranstaltung-zur-klassenstufe-premiere\/'>Lire la suite<\/a><\/p>\n<\/div><\/div><!--end .details--><\/article><\/div><\/li><li id='list-2026-10-02' class='mc-events vendredi ven future-day has-events author2 mcat_general'><h2 class=\"event-date\"><span class=\"mc-list-details-text\">02\/10\/2026<\/span><\/h2><div id='list-date-2026-10-02' class='mc-list-date-wrapper'><article id='mc_list_02_184-list-184' class='mc-has-category-colors mc-mc_list_184 list-event mc_general mc_no-location  future-event mc_primary_general nonrecurring mc-24-heures mc-start-00-00 ungrouped mc-event-118 mc-events mc-event mc_rel_general'><header>\t<h4 class='event-title summary' id='mc_184-title-mc-6f84060dbbfdbe6dcf8603dbe3992c11'><button type='button' id='modal-button-mc_list_02_184-list-details-184' data-modal-content-id='mc_list_02_184-list-details-184' data-modal-prefix-class='my-calendar' data-modal-close-text='Fermer' data-modal-title='Longue Nuit de la D\u00e9mocratie' aria-controls='mc_list_02_184-list-details-184' class='list mc-modal button mc-text-button button-link url summary'><div class=\"event-title-container\">Longue Nuit de la D\u00e9mocratie<\/div><\/button><\/h4>\n<\/header><div id='mc_list_02_184-list-details-184' class='details no-image uses-modal single-details list-details'  aria-labelledby='mc_184-title-mc-6f84060dbbfdbe6dcf8603dbe3992c11'>\n\n\t\r\n\t<div class='time-block'>\r\n\t\t<span class='mc-icon' aria-hidden='true'><\/span>\r\n\t\t<p><span class=\"time-wrapper\">  <\/span><span class=\"date-wrapper\"><span class='mc-start-date dtstart' title='2026-10-02T00:00:00+7200:00' content='2026-10-02T00:00:00+7200:00'>02\/10\/2026<\/span>  <\/span><\/p>\r\n\t<\/div>\n\t\t<div class=\"sharing\">\t<p class='mc-details'><a aria-label='Lire la suite: Longue Nuit de la D\u00e9mocratie' href='https:\/\/dfg-lfa.org\/fr\/mc-events\/lange-nacht-der-demokratie\/'>Lire la suite<\/a><\/p>\n<\/div><\/div><!--end .details--><\/article><\/div><\/li><li id='list-2026-10-06' class='mc-events mardi mar future-day has-events author2 mcat_general'><h2 class=\"event-date\"><span class=\"mc-list-details-text\">06\/10\/2026<\/span><\/h2><div id='list-date-2026-10-06' class='mc-list-date-wrapper'><article id='mc_list_06_185-list-185' class='mc-has-category-colors mc-mc_list_185 list-event mc_general mc_no-location  future-event mc_primary_general nonrecurring mc-24-heures mc-start-00-00 ungrouped mc-event-119 mc-events mc-event mc_rel_general'><header>\t<h4 class='event-title summary' id='mc_185-title-mc-6f84060dbbfdbe6dcf8603dbe3992c11'><button type='button' id='modal-button-mc_list_06_185-list-details-185' data-modal-content-id='mc_list_06_185-list-details-185' data-modal-prefix-class='my-calendar' data-modal-close-text='Fermer' data-modal-title='Gesamt- &amp; Schulkonferenz' aria-controls='mc_list_06_185-list-details-185' class='list mc-modal button mc-text-button button-link url summary'><div class=\"event-title-container\">Gesamt- &amp; Schulkonferenz<\/div><\/button><\/h4>\n<\/header><div id='mc_list_06_185-list-details-185' class='details no-image uses-modal single-details list-details'  aria-labelledby='mc_185-title-mc-6f84060dbbfdbe6dcf8603dbe3992c11'>\n\n\t\r\n\t<div class='time-block'>\r\n\t\t<span class='mc-icon' aria-hidden='true'><\/span>\r\n\t\t<p><span class=\"time-wrapper\">  <\/span><span class=\"date-wrapper\"><span class='mc-start-date dtstart' title='2026-10-06T00:00:00+7200:00' content='2026-10-06T00:00:00+7200:00'>06\/10\/2026<\/span>  <\/span><\/p>\r\n\t<\/div>\n\t\t<div class=\"sharing\">\t<p class='mc-details'><a aria-label='Lire la suite: Gesamt- &amp; Schulkonferenz' href='https:\/\/dfg-lfa.org\/fr\/mc-events\/gesamt-und-schulkonferenz\/'>Lire la suite<\/a><\/p>\n<\/div><\/div><!--end .details--><\/article><\/div><\/li><li id='list-2026-10-08' class='mc-events jeudi jeu future-day has-events author2 mcat_general'><h2 class=\"event-date\"><span class=\"mc-list-details-text\">08\/10\/2026<\/span><\/h2><div id='list-date-2026-10-08' class='mc-list-date-wrapper'><article id='mc_list_08_226-list-226' class='mc-has-category-colors mc-mc_list_226 list-event mc_general mc_no-location  future-event mc_primary_general nonrecurring mc-24-heures mc-start-00-00 ungrouped mc-event-120 mc-events mc-event mc_rel_general'><header>\t<h4 class='event-title summary' id='mc_226-title-mc-6f84060dbbfdbe6dcf8603dbe3992c11'><button type='button' id='modal-button-mc_list_08_226-list-details-226' data-modal-content-id='mc_list_08_226-list-details-226' data-modal-prefix-class='my-calendar' data-modal-close-text='Fermer' data-modal-title='Sortie des enseignant.e.s' aria-controls='mc_list_08_226-list-details-226' class='list mc-modal button mc-text-button button-link url summary'><div class=\"event-title-container\">Sortie des enseignant.e.s<\/div><\/button><\/h4>\n<\/header><div id='mc_list_08_226-list-details-226' class='details no-image uses-modal single-details list-details'  aria-labelledby='mc_226-title-mc-6f84060dbbfdbe6dcf8603dbe3992c11'>\n\n\t\r\n\t<div class='time-block'>\r\n\t\t<span class='mc-icon' aria-hidden='true'><\/span>\r\n\t\t<p><span class=\"time-wrapper\">  <\/span><span class=\"date-wrapper\"><span class='mc-start-date dtstart' title='2026-10-08T00:00:00+7200:00' content='2026-10-08T00:00:00+7200:00'>08\/10\/2026<\/span>  <\/span><\/p>\r\n\t<\/div>\n\t\t<div class=\"sharing\">\t<p class='mc-details'><a aria-label='Lire la suite: Sortie des enseignant.e.s' href='https:\/\/dfg-lfa.org\/fr\/mc-events\/kollegiumsausflug\/'>Lire la suite<\/a><\/p>\n<\/div><\/div><!--end .details--><\/article><\/div><\/li><li id='list-2026-10-12' class='mc-events lundi lun future-day has-events author2 mcat_general'><h2 class=\"event-date\"><span class=\"mc-list-details-text\">12\/10\/2026<\/span><\/h2><div id='list-date-2026-10-12' class='mc-list-date-wrapper'><article id='mc_list_12_187-list-187' class='mc-has-category-colors mc-mc_list_187 list-event mc_general mc_no-location  future-event mc_primary_general nonrecurring mc-2-semaines mc-start-00-00 ungrouped mc-event-121 mc-events multidate mc-event mc_rel_general'><header>\t<h4 class='event-title summary' id='mc_187-title-mc-6f84060dbbfdbe6dcf8603dbe3992c11'><button type='button' id='modal-button-mc_list_12_187-list-details-187' data-modal-content-id='mc_list_12_187-list-details-187' data-modal-prefix-class='my-calendar' data-modal-close-text='Fermer' data-modal-title='Vacances d&#039;automne' aria-controls='mc_list_12_187-list-details-187' class='list mc-modal button mc-text-button button-link url summary'><div class=\"event-title-container\">Vacances d'automne<\/div><\/button><\/h4>\n<\/header><div id='mc_list_12_187-list-details-187' class='details no-image uses-modal single-details list-details'  aria-labelledby='mc_187-title-mc-6f84060dbbfdbe6dcf8603dbe3992c11'>\n\n\t\r\n\t<div class='time-block'>\r\n\t\t<span class='mc-icon' aria-hidden='true'><\/span>\r\n\t\t<p><span class=\"time-wrapper\">  <\/span><span class=\"date-wrapper\"><span class='mc-start-date dtstart' title='2026-10-12T00:00:00+7200:00' content='2026-10-12T00:00:00+7200:00'>12\/10\/2026<\/span> <span class='date-separator'> &ndash; <\/span> <span class=\"event-time dtend\">23\/10\/2026<\/span><\/span><\/p>\r\n\t<\/div>\n\t\t<div class=\"sharing\">\t<p class='mc-details'><a aria-label='Lire la suite: Vacances d&#039;automne' href='https:\/\/dfg-lfa.org\/fr\/mc-events\/herbstferien\/'>Lire la suite<\/a><\/p>\n<\/div><\/div><!--end .details--><\/article><\/div><\/li><li id='list-2026-10-13' class='mc-events mardi mar future-day has-events author2 mcat_general'><h2 class=\"event-date\"><span class=\"mc-list-details-text\">13\/10\/2026<\/span><\/h2><div id='list-date-2026-10-13' class='mc-list-date-wrapper'><article id='mc_list_13_187-list-187' class='mc-has-category-colors mc-mc_list_187 list-event mc_general mc_no-location  future-event mc_primary_general nonrecurring mc-2-semaines mc-start-00-00 ungrouped mc-event-121 mc-events multidate mc-event mc_rel_general'><header>\t<h4 class='event-title summary' id='mc_187-title-mc-6f84060dbbfdbe6dcf8603dbe3992c11'><button type='button' id='modal-button-mc_list_13_187-list-details-187' data-modal-content-id='mc_list_13_187-list-details-187' data-modal-prefix-class='my-calendar' data-modal-close-text='Fermer' data-modal-title='Vacances d&#039;automne' aria-controls='mc_list_13_187-list-details-187' class='list mc-modal button mc-text-button button-link url summary'><div class=\"event-title-container\">Vacances d'automne<\/div><\/button><\/h4>\n<\/header><div id='mc_list_13_187-list-details-187' class='details no-image uses-modal single-details list-details'  aria-labelledby='mc_187-title-mc-6f84060dbbfdbe6dcf8603dbe3992c11'>\n\n\t\r\n\t<div class='time-block'>\r\n\t\t<span class='mc-icon' aria-hidden='true'><\/span>\r\n\t\t<p><span class=\"time-wrapper\">  <\/span><span class=\"date-wrapper\"><span class='mc-start-date dtstart' title='2026-10-12T00:00:00+7200:00' content='2026-10-12T00:00:00+7200:00'>12\/10\/2026<\/span> <span class='date-separator'> &ndash; <\/span> <span class=\"event-time dtend\">23\/10\/2026<\/span><\/span><\/p>\r\n\t<\/div>\n\t\t<div class=\"sharing\">\t<p class='mc-details'><a aria-label='Lire la suite: Vacances d&#039;automne' href='https:\/\/dfg-lfa.org\/fr\/mc-events\/herbstferien\/'>Lire la suite<\/a><\/p>\n<\/div><\/div><!--end .details--><\/article><\/div><\/li><li id='list-2026-10-14' class='mc-events mercredi mer future-day has-events author2 mcat_general'><h2 class=\"event-date\"><span class=\"mc-list-details-text\">14\/10\/2026<\/span><\/h2><div id='list-date-2026-10-14' class='mc-list-date-wrapper'><article id='mc_list_14_187-list-187' class='mc-has-category-colors mc-mc_list_187 list-event mc_general mc_no-location  future-event mc_primary_general nonrecurring mc-2-semaines mc-start-00-00 ungrouped mc-event-121 mc-events multidate mc-event mc_rel_general'><header>\t<h4 class='event-title summary' id='mc_187-title-mc-6f84060dbbfdbe6dcf8603dbe3992c11'><button type='button' id='modal-button-mc_list_14_187-list-details-187' data-modal-content-id='mc_list_14_187-list-details-187' data-modal-prefix-class='my-calendar' data-modal-close-text='Fermer' data-modal-title='Vacances d&#039;automne' aria-controls='mc_list_14_187-list-details-187' class='list mc-modal button mc-text-button button-link url summary'><div class=\"event-title-container\">Vacances d'automne<\/div><\/button><\/h4>\n<\/header><div id='mc_list_14_187-list-details-187' class='details no-image uses-modal single-details list-details'  aria-labelledby='mc_187-title-mc-6f84060dbbfdbe6dcf8603dbe3992c11'>\n\n\t\r\n\t<div class='time-block'>\r\n\t\t<span class='mc-icon' aria-hidden='true'><\/span>\r\n\t\t<p><span class=\"time-wrapper\">  <\/span><span class=\"date-wrapper\"><span class='mc-start-date dtstart' title='2026-10-12T00:00:00+7200:00' content='2026-10-12T00:00:00+7200:00'>12\/10\/2026<\/span> <span class='date-separator'> &ndash; <\/span> <span class=\"event-time dtend\">23\/10\/2026<\/span><\/span><\/p>\r\n\t<\/div>\n\t\t<div class=\"sharing\">\t<p class='mc-details'><a aria-label='Lire la suite: Vacances d&#039;automne' href='https:\/\/dfg-lfa.org\/fr\/mc-events\/herbstferien\/'>Lire la suite<\/a><\/p>\n<\/div><\/div><!--end .details--><\/article><\/div><\/li><li id='list-2026-10-15' class='mc-events jeudi jeu future-day has-events author2 mcat_general'><h2 class=\"event-date\"><span class=\"mc-list-details-text\">15\/10\/2026<\/span><\/h2><div id='list-date-2026-10-15' class='mc-list-date-wrapper'><article id='mc_list_15_187-list-187' class='mc-has-category-colors mc-mc_list_187 list-event mc_general mc_no-location  future-event mc_primary_general nonrecurring mc-2-semaines mc-start-00-00 ungrouped mc-event-121 mc-events multidate mc-event mc_rel_general'><header>\t<h4 class='event-title summary' id='mc_187-title-mc-6f84060dbbfdbe6dcf8603dbe3992c11'><button type='button' id='modal-button-mc_list_15_187-list-details-187' data-modal-content-id='mc_list_15_187-list-details-187' data-modal-prefix-class='my-calendar' data-modal-close-text='Fermer' data-modal-title='Vacances d&#039;automne' aria-controls='mc_list_15_187-list-details-187' class='list mc-modal button mc-text-button button-link url summary'><div class=\"event-title-container\">Vacances d'automne<\/div><\/button><\/h4>\n<\/header><div id='mc_list_15_187-list-details-187' class='details no-image uses-modal single-details list-details'  aria-labelledby='mc_187-title-mc-6f84060dbbfdbe6dcf8603dbe3992c11'>\n\n\t\r\n\t<div class='time-block'>\r\n\t\t<span class='mc-icon' aria-hidden='true'><\/span>\r\n\t\t<p><span class=\"time-wrapper\">  <\/span><span class=\"date-wrapper\"><span class='mc-start-date dtstart' title='2026-10-12T00:00:00+7200:00' content='2026-10-12T00:00:00+7200:00'>12\/10\/2026<\/span> <span class='date-separator'> &ndash; <\/span> <span class=\"event-time dtend\">23\/10\/2026<\/span><\/span><\/p>\r\n\t<\/div>\n\t\t<div class=\"sharing\">\t<p class='mc-details'><a aria-label='Lire la suite: Vacances d&#039;automne' href='https:\/\/dfg-lfa.org\/fr\/mc-events\/herbstferien\/'>Lire la suite<\/a><\/p>\n<\/div><\/div><!--end .details--><\/article><\/div><\/li><li id='list-2026-10-16' class='mc-events vendredi ven future-day has-events author2 mcat_general'><h2 class=\"event-date\"><span class=\"mc-list-details-text\">16\/10\/2026<\/span><\/h2><div id='list-date-2026-10-16' class='mc-list-date-wrapper'><article id='mc_list_16_187-list-187' class='mc-has-category-colors mc-mc_list_187 list-event mc_general mc_no-location  future-event mc_primary_general nonrecurring mc-2-semaines mc-start-00-00 ungrouped mc-event-121 mc-events multidate mc-event mc_rel_general'><header>\t<h4 class='event-title summary' id='mc_187-title-mc-6f84060dbbfdbe6dcf8603dbe3992c11'><button type='button' id='modal-button-mc_list_16_187-list-details-187' data-modal-content-id='mc_list_16_187-list-details-187' data-modal-prefix-class='my-calendar' data-modal-close-text='Fermer' data-modal-title='Vacances d&#039;automne' aria-controls='mc_list_16_187-list-details-187' class='list mc-modal button mc-text-button button-link url summary'><div class=\"event-title-container\">Vacances d'automne<\/div><\/button><\/h4>\n<\/header><div id='mc_list_16_187-list-details-187' class='details no-image uses-modal single-details list-details'  aria-labelledby='mc_187-title-mc-6f84060dbbfdbe6dcf8603dbe3992c11'>\n\n\t\r\n\t<div class='time-block'>\r\n\t\t<span class='mc-icon' aria-hidden='true'><\/span>\r\n\t\t<p><span class=\"time-wrapper\">  <\/span><span class=\"date-wrapper\"><span class='mc-start-date dtstart' title='2026-10-12T00:00:00+7200:00' content='2026-10-12T00:00:00+7200:00'>12\/10\/2026<\/span> <span class='date-separator'> &ndash; <\/span> <span class=\"event-time dtend\">23\/10\/2026<\/span><\/span><\/p>\r\n\t<\/div>\n\t\t<div class=\"sharing\">\t<p class='mc-details'><a aria-label='Lire la suite: Vacances d&#039;automne' href='https:\/\/dfg-lfa.org\/fr\/mc-events\/herbstferien\/'>Lire la suite<\/a><\/p>\n<\/div><\/div><!--end .details--><\/article><\/div><\/li><li id='list-2026-10-17' class='mc-events samedi sam future-day has-events author2 mcat_general'><h2 class=\"event-date\"><span class=\"mc-list-details-text\">17\/10\/2026<\/span><\/h2><div id='list-date-2026-10-17' class='mc-list-date-wrapper'><article id='mc_list_17_187-list-187' class='mc-has-category-colors mc-mc_list_187 list-event mc_general mc_no-location  future-event mc_primary_general nonrecurring mc-2-semaines mc-start-00-00 ungrouped mc-event-121 mc-events multidate mc-event mc_rel_general'><header>\t<h4 class='event-title summary' id='mc_187-title-mc-6f84060dbbfdbe6dcf8603dbe3992c11'><button type='button' id='modal-button-mc_list_17_187-list-details-187' data-modal-content-id='mc_list_17_187-list-details-187' data-modal-prefix-class='my-calendar' data-modal-close-text='Fermer' data-modal-title='Vacances d&#039;automne' aria-controls='mc_list_17_187-list-details-187' class='list mc-modal button mc-text-button button-link url summary'><div class=\"event-title-container\">Vacances d'automne<\/div><\/button><\/h4>\n<\/header><div id='mc_list_17_187-list-details-187' class='details no-image uses-modal single-details list-details'  aria-labelledby='mc_187-title-mc-6f84060dbbfdbe6dcf8603dbe3992c11'>\n\n\t\r\n\t<div class='time-block'>\r\n\t\t<span class='mc-icon' aria-hidden='true'><\/span>\r\n\t\t<p><span class=\"time-wrapper\">  <\/span><span class=\"date-wrapper\"><span class='mc-start-date dtstart' title='2026-10-12T00:00:00+7200:00' content='2026-10-12T00:00:00+7200:00'>12\/10\/2026<\/span> <span class='date-separator'> &ndash; <\/span> <span class=\"event-time dtend\">23\/10\/2026<\/span><\/span><\/p>\r\n\t<\/div>\n\t\t<div class=\"sharing\">\t<p class='mc-details'><a aria-label='Lire la suite: Vacances d&#039;automne' href='https:\/\/dfg-lfa.org\/fr\/mc-events\/herbstferien\/'>Lire la suite<\/a><\/p>\n<\/div><\/div><!--end .details--><\/article><\/div><\/li><li id='list-2026-10-18' class='mc-events dimanche dim future-day has-events author2 mcat_general'><h2 class=\"event-date\"><span class=\"mc-list-details-text\">18\/10\/2026<\/span><\/h2><div id='list-date-2026-10-18' class='mc-list-date-wrapper'><article id='mc_list_18_187-list-187' class='mc-has-category-colors mc-mc_list_187 list-event mc_general mc_no-location  future-event mc_primary_general nonrecurring mc-2-semaines mc-start-00-00 ungrouped mc-event-121 mc-events multidate mc-event mc_rel_general'><header>\t<h4 class='event-title summary' id='mc_187-title-mc-6f84060dbbfdbe6dcf8603dbe3992c11'><button type='button' id='modal-button-mc_list_18_187-list-details-187' data-modal-content-id='mc_list_18_187-list-details-187' data-modal-prefix-class='my-calendar' data-modal-close-text='Fermer' data-modal-title='Vacances d&#039;automne' aria-controls='mc_list_18_187-list-details-187' class='list mc-modal button mc-text-button button-link url summary'><div class=\"event-title-container\">Vacances d'automne<\/div><\/button><\/h4>\n<\/header><div id='mc_list_18_187-list-details-187' class='details no-image uses-modal single-details list-details'  aria-labelledby='mc_187-title-mc-6f84060dbbfdbe6dcf8603dbe3992c11'>\n\n\t\r\n\t<div class='time-block'>\r\n\t\t<span class='mc-icon' aria-hidden='true'><\/span>\r\n\t\t<p><span class=\"time-wrapper\">  <\/span><span class=\"date-wrapper\"><span class='mc-start-date dtstart' title='2026-10-12T00:00:00+7200:00' content='2026-10-12T00:00:00+7200:00'>12\/10\/2026<\/span> <span class='date-separator'> &ndash; <\/span> <span class=\"event-time dtend\">23\/10\/2026<\/span><\/span><\/p>\r\n\t<\/div>\n\t\t<div class=\"sharing\">\t<p class='mc-details'><a aria-label='Lire la suite: Vacances d&#039;automne' href='https:\/\/dfg-lfa.org\/fr\/mc-events\/herbstferien\/'>Lire la suite<\/a><\/p>\n<\/div><\/div><!--end .details--><\/article><\/div><\/li><li id='list-2026-10-19' class='mc-events lundi lun future-day has-events author2 mcat_general'><h2 class=\"event-date\"><span class=\"mc-list-details-text\">19\/10\/2026<\/span><\/h2><div id='list-date-2026-10-19' class='mc-list-date-wrapper'><article id='mc_list_19_187-list-187' class='mc-has-category-colors mc-mc_list_187 list-event mc_general mc_no-location  future-event mc_primary_general nonrecurring mc-2-semaines mc-start-00-00 ungrouped mc-event-121 mc-events multidate mc-event mc_rel_general'><header>\t<h4 class='event-title summary' id='mc_187-title-mc-6f84060dbbfdbe6dcf8603dbe3992c11'><button type='button' id='modal-button-mc_list_19_187-list-details-187' data-modal-content-id='mc_list_19_187-list-details-187' data-modal-prefix-class='my-calendar' data-modal-close-text='Fermer' data-modal-title='Vacances d&#039;automne' aria-controls='mc_list_19_187-list-details-187' class='list mc-modal button mc-text-button button-link url summary'><div class=\"event-title-container\">Vacances d'automne<\/div><\/button><\/h4>\n<\/header><div id='mc_list_19_187-list-details-187' class='details no-image uses-modal single-details list-details'  aria-labelledby='mc_187-title-mc-6f84060dbbfdbe6dcf8603dbe3992c11'>\n\n\t\r\n\t<div class='time-block'>\r\n\t\t<span class='mc-icon' aria-hidden='true'><\/span>\r\n\t\t<p><span class=\"time-wrapper\">  <\/span><span class=\"date-wrapper\"><span class='mc-start-date dtstart' title='2026-10-12T00:00:00+7200:00' content='2026-10-12T00:00:00+7200:00'>12\/10\/2026<\/span> <span class='date-separator'> &ndash; <\/span> <span class=\"event-time dtend\">23\/10\/2026<\/span><\/span><\/p>\r\n\t<\/div>\n\t\t<div class=\"sharing\">\t<p class='mc-details'><a aria-label='Lire la suite: Vacances d&#039;automne' href='https:\/\/dfg-lfa.org\/fr\/mc-events\/herbstferien\/'>Lire la suite<\/a><\/p>\n<\/div><\/div><!--end .details--><\/article><\/div><\/li><li id='list-2026-10-20' class='mc-events mardi mar future-day has-events author2 mcat_general'><h2 class=\"event-date\"><span class=\"mc-list-details-text\">20\/10\/2026<\/span><\/h2><div id='list-date-2026-10-20' class='mc-list-date-wrapper'><article id='mc_list_20_187-list-187' class='mc-has-category-colors mc-mc_list_187 list-event mc_general mc_no-location  future-event mc_primary_general nonrecurring mc-2-semaines mc-start-00-00 ungrouped mc-event-121 mc-events multidate mc-event mc_rel_general'><header>\t<h4 class='event-title summary' id='mc_187-title-mc-6f84060dbbfdbe6dcf8603dbe3992c11'><button type='button' id='modal-button-mc_list_20_187-list-details-187' data-modal-content-id='mc_list_20_187-list-details-187' data-modal-prefix-class='my-calendar' data-modal-close-text='Fermer' data-modal-title='Vacances d&#039;automne' aria-controls='mc_list_20_187-list-details-187' class='list mc-modal button mc-text-button button-link url summary'><div class=\"event-title-container\">Vacances d'automne<\/div><\/button><\/h4>\n<\/header><div id='mc_list_20_187-list-details-187' class='details no-image uses-modal single-details list-details'  aria-labelledby='mc_187-title-mc-6f84060dbbfdbe6dcf8603dbe3992c11'>\n\n\t\r\n\t<div class='time-block'>\r\n\t\t<span class='mc-icon' aria-hidden='true'><\/span>\r\n\t\t<p><span class=\"time-wrapper\">  <\/span><span class=\"date-wrapper\"><span class='mc-start-date dtstart' title='2026-10-12T00:00:00+7200:00' content='2026-10-12T00:00:00+7200:00'>12\/10\/2026<\/span> <span class='date-separator'> &ndash; <\/span> <span class=\"event-time dtend\">23\/10\/2026<\/span><\/span><\/p>\r\n\t<\/div>\n\t\t<div class=\"sharing\">\t<p class='mc-details'><a aria-label='Lire la suite: Vacances d&#039;automne' href='https:\/\/dfg-lfa.org\/fr\/mc-events\/herbstferien\/'>Lire la suite<\/a><\/p>\n<\/div><\/div><!--end .details--><\/article><\/div><\/li><li id='list-2026-10-21' class='mc-events mercredi mer future-day has-events author2 mcat_general'><h2 class=\"event-date\"><span class=\"mc-list-details-text\">21\/10\/2026<\/span><\/h2><div id='list-date-2026-10-21' class='mc-list-date-wrapper'><article id='mc_list_21_187-list-187' class='mc-has-category-colors mc-mc_list_187 list-event mc_general mc_no-location  future-event mc_primary_general nonrecurring mc-2-semaines mc-start-00-00 ungrouped mc-event-121 mc-events multidate mc-event mc_rel_general'><header>\t<h4 class='event-title summary' id='mc_187-title-mc-6f84060dbbfdbe6dcf8603dbe3992c11'><button type='button' id='modal-button-mc_list_21_187-list-details-187' data-modal-content-id='mc_list_21_187-list-details-187' data-modal-prefix-class='my-calendar' data-modal-close-text='Fermer' data-modal-title='Vacances d&#039;automne' aria-controls='mc_list_21_187-list-details-187' class='list mc-modal button mc-text-button button-link url summary'><div class=\"event-title-container\">Vacances d'automne<\/div><\/button><\/h4>\n<\/header><div id='mc_list_21_187-list-details-187' class='details no-image uses-modal single-details list-details'  aria-labelledby='mc_187-title-mc-6f84060dbbfdbe6dcf8603dbe3992c11'>\n\n\t\r\n\t<div class='time-block'>\r\n\t\t<span class='mc-icon' aria-hidden='true'><\/span>\r\n\t\t<p><span class=\"time-wrapper\">  <\/span><span class=\"date-wrapper\"><span class='mc-start-date dtstart' title='2026-10-12T00:00:00+7200:00' content='2026-10-12T00:00:00+7200:00'>12\/10\/2026<\/span> <span class='date-separator'> &ndash; <\/span> <span class=\"event-time dtend\">23\/10\/2026<\/span><\/span><\/p>\r\n\t<\/div>\n\t\t<div class=\"sharing\">\t<p class='mc-details'><a aria-label='Lire la suite: Vacances d&#039;automne' href='https:\/\/dfg-lfa.org\/fr\/mc-events\/herbstferien\/'>Lire la suite<\/a><\/p>\n<\/div><\/div><!--end .details--><\/article><\/div><\/li><li id='list-2026-10-22' class='mc-events jeudi jeu future-day has-events author2 mcat_general'><h2 class=\"event-date\"><span class=\"mc-list-details-text\">22\/10\/2026<\/span><\/h2><div id='list-date-2026-10-22' class='mc-list-date-wrapper'><article id='mc_list_22_187-list-187' class='mc-has-category-colors mc-mc_list_187 list-event mc_general mc_no-location  future-event mc_primary_general nonrecurring mc-2-semaines mc-start-00-00 ungrouped mc-event-121 mc-events multidate mc-event mc_rel_general'><header>\t<h4 class='event-title summary' id='mc_187-title-mc-6f84060dbbfdbe6dcf8603dbe3992c11'><button type='button' id='modal-button-mc_list_22_187-list-details-187' data-modal-content-id='mc_list_22_187-list-details-187' data-modal-prefix-class='my-calendar' data-modal-close-text='Fermer' data-modal-title='Vacances d&#039;automne' aria-controls='mc_list_22_187-list-details-187' class='list mc-modal button mc-text-button button-link url summary'><div class=\"event-title-container\">Vacances d'automne<\/div><\/button><\/h4>\n<\/header><div id='mc_list_22_187-list-details-187' class='details no-image uses-modal single-details list-details'  aria-labelledby='mc_187-title-mc-6f84060dbbfdbe6dcf8603dbe3992c11'>\n\n\t\r\n\t<div class='time-block'>\r\n\t\t<span class='mc-icon' aria-hidden='true'><\/span>\r\n\t\t<p><span class=\"time-wrapper\">  <\/span><span class=\"date-wrapper\"><span class='mc-start-date dtstart' title='2026-10-12T00:00:00+7200:00' content='2026-10-12T00:00:00+7200:00'>12\/10\/2026<\/span> <span class='date-separator'> &ndash; <\/span> <span class=\"event-time dtend\">23\/10\/2026<\/span><\/span><\/p>\r\n\t<\/div>\n\t\t<div class=\"sharing\">\t<p class='mc-details'><a aria-label='Lire la suite: Vacances d&#039;automne' href='https:\/\/dfg-lfa.org\/fr\/mc-events\/herbstferien\/'>Lire la suite<\/a><\/p>\n<\/div><\/div><!--end .details--><\/article><\/div><\/li><li id='list-2026-10-23' class='mc-events vendredi ven future-day has-events author2 mcat_general'><h2 class=\"event-date\"><span class=\"mc-list-details-text\">23\/10\/2026<\/span><\/h2><div id='list-date-2026-10-23' class='mc-list-date-wrapper'><article id='mc_list_23_187-list-187' class='mc-has-category-colors mc-mc_list_187 list-event mc_general mc_no-location  future-event mc_primary_general nonrecurring mc-2-semaines mc-start-00-00 ungrouped mc-event-121 mc-events multidate mc-event mc_rel_general'><header>\t<h4 class='event-title summary' id='mc_187-title-mc-6f84060dbbfdbe6dcf8603dbe3992c11'><button type='button' id='modal-button-mc_list_23_187-list-details-187' data-modal-content-id='mc_list_23_187-list-details-187' data-modal-prefix-class='my-calendar' data-modal-close-text='Fermer' data-modal-title='Vacances d&#039;automne' aria-controls='mc_list_23_187-list-details-187' class='list mc-modal button mc-text-button button-link url summary'><div class=\"event-title-container\">Vacances d'automne<\/div><\/button><\/h4>\n<\/header><div id='mc_list_23_187-list-details-187' class='details no-image uses-modal single-details list-details'  aria-labelledby='mc_187-title-mc-6f84060dbbfdbe6dcf8603dbe3992c11'>\n\n\t\r\n\t<div class='time-block'>\r\n\t\t<span class='mc-icon' aria-hidden='true'><\/span>\r\n\t\t<p><span class=\"time-wrapper\">  <\/span><span class=\"date-wrapper\"><span class='mc-start-date dtstart' title='2026-10-12T00:00:00+7200:00' content='2026-10-12T00:00:00+7200:00'>12\/10\/2026<\/span> <span class='date-separator'> &ndash; <\/span> <span class=\"event-time dtend\">23\/10\/2026<\/span><\/span><\/p>\r\n\t<\/div>\n\t\t<div class=\"sharing\">\t<p class='mc-details'><a aria-label='Lire la suite: Vacances d&#039;automne' href='https:\/\/dfg-lfa.org\/fr\/mc-events\/herbstferien\/'>Lire la suite<\/a><\/p>\n<\/div><\/div><!--end .details--><\/article><\/div><\/li><li id='list-2026-11-05' class='mc-events jeudi jeu future-day has-events author2 mcat_general'><h2 class=\"event-date\"><span class=\"mc-list-details-text\">05\/11\/2026<\/span><\/h2><div id='list-date-2026-11-05' class='mc-list-date-wrapper'><article id='mc_list_05_188-list-188' class='mc-has-category-colors mc-mc_list_188 list-event mc_general mc_no-location  future-event mc_primary_general nonrecurring mc-24-heures mc-start-01-00 ungrouped mc-event-122 mc-events mc-event mc_rel_general'><header>\t<h4 class='event-title summary' id='mc_188-title-mc-6f84060dbbfdbe6dcf8603dbe3992c11'><button type='button' id='modal-button-mc_list_05_188-list-details-188' data-modal-content-id='mc_list_05_188-list-details-188' data-modal-prefix-class='my-calendar' data-modal-close-text='Fermer' data-modal-title='Journ\u00e9e Contre le Harc\u00e8lement Scolaire' aria-controls='mc_list_05_188-list-details-188' class='list mc-modal button mc-text-button button-link url summary'><div class=\"event-title-container\">Journ\u00e9e Contre le Harc\u00e8lement Scolaire<\/div><\/button><\/h4>\n<\/header><div id='mc_list_05_188-list-details-188' class='details no-image uses-modal single-details list-details'  aria-labelledby='mc_188-title-mc-6f84060dbbfdbe6dcf8603dbe3992c11'>\n\n\t\r\n\t<div class='time-block'>\r\n\t\t<span class='mc-icon' aria-hidden='true'><\/span>\r\n\t\t<p><span class=\"time-wrapper\">  <\/span><span class=\"date-wrapper\"><span class='mc-start-date dtstart' title='2026-11-05T00:00:00+7200:00' content='2026-11-05T00:00:00+7200:00'>05\/11\/2026<\/span>  <\/span><\/p>\r\n\t<\/div>\n\t\t<div class=\"sharing\">\t<p class='mc-details'><a aria-label='Lire la suite: Journ\u00e9e Contre le Harc\u00e8lement Scolaire' href='https:\/\/dfg-lfa.org\/fr\/mc-events\/aktionstag-gegen-mobbing-in-der-schule\/'>Lire la suite<\/a><\/p>\n<\/div><\/div><!--end .details--><\/article><\/div><\/li><li id='list-2026-11-10' class='mc-events mardi mar future-day has-events author2 mcat_general'><h2 class=\"event-date\"><span class=\"mc-list-details-text\">10\/11\/2026<\/span><\/h2><div id='list-date-2026-11-10' class='mc-list-date-wrapper'><article id='mc_list_10_189-list-189' class='mc-has-category-colors mc-mc_list_189 list-event mc_general mc_no-location  future-event mc_primary_general nonrecurring mc-24-heures mc-start-01-00 ungrouped mc-event-123 mc-events mc-event mc_rel_general'><header>\t<h4 class='event-title summary' id='mc_189-title-mc-6f84060dbbfdbe6dcf8603dbe3992c11'><button type='button' id='modal-button-mc_list_10_189-list-details-189' data-modal-content-id='mc_list_10_189-list-details-189' data-modal-prefix-class='my-calendar' data-modal-close-text='Fermer' data-modal-title='White Horse Theatre - Macbeth' aria-controls='mc_list_10_189-list-details-189' class='list mc-modal button mc-text-button button-link url summary'><div class=\"event-title-container\">White Horse Theatre - Macbeth<\/div><\/button><\/h4>\n<\/header><div id='mc_list_10_189-list-details-189' class='details no-image uses-modal single-details list-details'  aria-labelledby='mc_189-title-mc-6f84060dbbfdbe6dcf8603dbe3992c11'>\n\n\t\r\n\t<div class='time-block'>\r\n\t\t<span class='mc-icon' aria-hidden='true'><\/span>\r\n\t\t<p><span class=\"time-wrapper\">  <\/span><span class=\"date-wrapper\"><span class='mc-start-date dtstart' title='2026-11-10T00:00:00+7200:00' content='2026-11-10T00:00:00+7200:00'>10\/11\/2026<\/span>  <\/span><\/p>\r\n\t<\/div>\n\t\t<div class=\"sharing\">\t<p class='mc-details'><a aria-label='Lire la suite: White Horse Theatre - Macbeth' href='https:\/\/dfg-lfa.org\/fr\/mc-events\/white-horse-theatre-macbeth\/'>Lire la suite<\/a><\/p>\n<\/div><\/div><!--end .details--><\/article><\/div><\/li><li id='list-2026-11-11' class='mc-events mercredi mer future-day has-events author2 mcat_general'><h2 class=\"event-date\"><span class=\"mc-list-details-text\">11\/11\/2026<\/span><\/h2><div id='list-date-2026-11-11' class='mc-list-date-wrapper'><article id='mc_list_11_190-list-190' class='mc-has-category-colors mc-mc_list_190 list-event mc_general mc_no-location  future-event mc_primary_general nonrecurring mc-24-heures mc-start-01-00 ungrouped mc-event-124 mc-events mc-event mc_rel_general'><header>\t<h4 class='event-title summary' id='mc_190-title-mc-6f84060dbbfdbe6dcf8603dbe3992c11'><button type='button' id='modal-button-mc_list_11_190-list-details-190' data-modal-content-id='mc_list_11_190-list-details-190' data-modal-prefix-class='my-calendar' data-modal-close-text='Fermer' data-modal-title='C\u00e9r\u00e9monie au Jardin Franco-Allemand, Sarrebruck' aria-controls='mc_list_11_190-list-details-190' class='list mc-modal button mc-text-button button-link url summary'><div class=\"event-title-container\">C\u00e9r\u00e9monie au Jardin Franco-Allemand, Sarrebruck<\/div><\/button><\/h4>\n<\/header><div id='mc_list_11_190-list-details-190' class='details no-image uses-modal single-details list-details'  aria-labelledby='mc_190-title-mc-6f84060dbbfdbe6dcf8603dbe3992c11'>\n\n\t\r\n\t<div class='time-block'>\r\n\t\t<span class='mc-icon' aria-hidden='true'><\/span>\r\n\t\t<p><span class=\"time-wrapper\">  <\/span><span class=\"date-wrapper\"><span class='mc-start-date dtstart' title='2026-11-11T00:00:00+7200:00' content='2026-11-11T00:00:00+7200:00'>11\/11\/2026<\/span>  <\/span><\/p>\r\n\t<\/div>\n\t\t<div class=\"sharing\">\t<p class='mc-details'><a aria-label='Lire la suite: C\u00e9r\u00e9monie au Jardin Franco-Allemand, Sarrebruck' href='https:\/\/dfg-lfa.org\/fr\/mc-events\/gedenkveranstaltung-im-deutsch-franzoesishen-gymnasium\/'>Lire la suite<\/a><\/p>\n<\/div><\/div><!--end .details--><\/article><\/div><\/li><li id='list-2026-11-14' class='mc-events samedi sam future-day has-events author2 mcat_general'><h2 class=\"event-date\"><span class=\"mc-list-details-text\">14\/11\/2026<\/span><\/h2><div id='list-date-2026-11-14' class='mc-list-date-wrapper'><article id='mc_list_14_191-list-191' class='mc-has-category-colors mc-mc_list_191 list-event mc_general mc_no-location  future-event mc_primary_general nonrecurring mc-24-heures mc-start-01-00 ungrouped mc-event-125 mc-events mc-event mc_rel_general'><header>\t<h4 class='event-title summary' id='mc_191-title-mc-6f84060dbbfdbe6dcf8603dbe3992c11'><button type='button' id='modal-button-mc_list_14_191-list-details-191' data-modal-content-id='mc_list_14_191-list-details-191' data-modal-prefix-class='my-calendar' data-modal-close-text='Fermer' data-modal-title='Samedi travaill\u00e9' aria-controls='mc_list_14_191-list-details-191' class='list mc-modal button mc-text-button button-link url summary'><div class=\"event-title-container\">Samedi travaill\u00e9<\/div><\/button><\/h4>\n<\/header><div id='mc_list_14_191-list-details-191' class='details no-image uses-modal single-details list-details'  aria-labelledby='mc_191-title-mc-6f84060dbbfdbe6dcf8603dbe3992c11'>\n\n\t\r\n\t<div class='time-block'>\r\n\t\t<span class='mc-icon' aria-hidden='true'><\/span>\r\n\t\t<p><span class=\"time-wrapper\">  <\/span><span class=\"date-wrapper\"><span class='mc-start-date dtstart' title='2026-11-14T00:00:00+7200:00' content='2026-11-14T00:00:00+7200:00'>14\/11\/2026<\/span>  <\/span><\/p>\r\n\t<\/div>\n\t\t<div class=\"sharing\">\t<p class='mc-details'><a aria-label='Lire la suite: Samedi travaill\u00e9' href='https:\/\/dfg-lfa.org\/fr\/mc-events\/schulsamstag-3\/'>Lire la suite<\/a><\/p>\n<\/div><\/div><!--end .details--><\/article><\/div><\/li><li id='list-2026-11-28' class='mc-events samedi sam future-day has-events author2 mcat_general'><h2 class=\"event-date\"><span class=\"mc-list-details-text\">28\/11\/2026<\/span><\/h2><div id='list-date-2026-11-28' class='mc-list-date-wrapper'><article id='mc_list_28_192-list-192' class='mc-has-category-colors mc-mc_list_192 list-event mc_general mc_no-location  future-event mc_primary_general nonrecurring mc-24-heures mc-start-01-00 ungrouped mc-event-126 mc-events mc-event mc_rel_general'><header>\t<h4 class='event-title summary' id='mc_192-title-mc-6f84060dbbfdbe6dcf8603dbe3992c11'><button type='button' id='modal-button-mc_list_28_192-list-details-192' data-modal-content-id='mc_list_28_192-list-details-192' data-modal-prefix-class='my-calendar' data-modal-close-text='Fermer' data-modal-title='Remise des dipl\u00f4mes DNB et de BIA' aria-controls='mc_list_28_192-list-details-192' class='list mc-modal button mc-text-button button-link url summary'><div class=\"event-title-container\">Remise des dipl\u00f4mes DNB et de BIA<\/div><\/button><\/h4>\n<\/header><div id='mc_list_28_192-list-details-192' class='details no-image uses-modal single-details list-details'  aria-labelledby='mc_192-title-mc-6f84060dbbfdbe6dcf8603dbe3992c11'>\n\n\t\r\n\t<div class='time-block'>\r\n\t\t<span class='mc-icon' aria-hidden='true'><\/span>\r\n\t\t<p><span class=\"time-wrapper\">  <\/span><span class=\"date-wrapper\"><span class='mc-start-date dtstart' title='2026-11-28T00:00:00+7200:00' content='2026-11-28T00:00:00+7200:00'>28\/11\/2026<\/span>  <\/span><\/p>\r\n\t<\/div>\n\t\t<div class=\"sharing\">\t<p class='mc-details'><a aria-label='Lire la suite: Remise des dipl\u00f4mes DNB et de BIA' href='https:\/\/dfg-lfa.org\/fr\/mc-events\/verleihung-des-brevet-diploms\/'>Lire la suite<\/a><\/p>\n<\/div><\/div><!--end .details--><\/article><\/div><\/li><li id='list-2026-12-12' class='mc-events samedi sam future-day has-events author2 mcat_general'><h2 class=\"event-date\"><span class=\"mc-list-details-text\">12\/12\/2026<\/span><\/h2><div id='list-date-2026-12-12' class='mc-list-date-wrapper'><article id='mc_list_12_193-list-193' class='mc-has-category-colors mc-mc_list_193 list-event mc_general mc_no-location  future-event mc_primary_general nonrecurring mc-24-heures mc-start-01-00 ungrouped mc-event-127 mc-events mc-event mc_rel_general'><header>\t<h4 class='event-title summary' id='mc_193-title-mc-6f84060dbbfdbe6dcf8603dbe3992c11'><button type='button' id='modal-button-mc_list_12_193-list-details-193' data-modal-content-id='mc_list_12_193-list-details-193' data-modal-prefix-class='my-calendar' data-modal-close-text='Fermer' data-modal-title='Samedi travaill\u00e9' aria-controls='mc_list_12_193-list-details-193' class='list mc-modal button mc-text-button button-link url summary'><div class=\"event-title-container\">Samedi travaill\u00e9<\/div><\/button><\/h4>\n<\/header><div id='mc_list_12_193-list-details-193' class='details no-image uses-modal single-details list-details'  aria-labelledby='mc_193-title-mc-6f84060dbbfdbe6dcf8603dbe3992c11'>\n\n\t\r\n\t<div class='time-block'>\r\n\t\t<span class='mc-icon' aria-hidden='true'><\/span>\r\n\t\t<p><span class=\"time-wrapper\">  <\/span><span class=\"date-wrapper\"><span class='mc-start-date dtstart' title='2026-12-12T00:00:00+7200:00' content='2026-12-12T00:00:00+7200:00'>12\/12\/2026<\/span>  <\/span><\/p>\r\n\t<\/div>\n\t\t<div class=\"sharing\">\t<p class='mc-details'><a aria-label='Lire la suite: Samedi travaill\u00e9' href='https:\/\/dfg-lfa.org\/fr\/mc-events\/schulsamstag-4\/'>Lire la suite<\/a><\/p>\n<\/div><\/div><!--end .details--><\/article><\/div><\/li><li id='list-2026-12-18' class='mc-events vendredi ven future-day has-events author2 mcat_general'><h2 class=\"event-date\"><span class=\"mc-list-details-text\">18\/12\/2026<\/span><\/h2><div id='list-date-2026-12-18' class='mc-list-date-wrapper'><article id='mc_list_18_194-list-194' class='mc-has-category-colors mc-mc_list_194 list-event mc_general mc_no-location  future-event mc_primary_general nonrecurring mc-45-minutes mc-start-10-50 ungrouped mc-event-128 mc-events mc-event mc_rel_general'><header>\t<h4 class='event-title summary' id='mc_194-title-mc-6f84060dbbfdbe6dcf8603dbe3992c11'><button type='button' id='modal-button-mc_list_18_194-list-details-194' data-modal-content-id='mc_list_18_194-list-details-194' data-modal-prefix-class='my-calendar' data-modal-close-text='Fermer' data-modal-title='Remise bulletins classe de Terminale' aria-controls='mc_list_18_194-list-details-194' class='list mc-modal button mc-text-button button-link url summary'><div class=\"event-title-container\">09:50: Remise bulletins classe de Terminale<\/div><\/button><\/h4>\n<\/header><div id='mc_list_18_194-list-details-194' class='details no-image uses-modal single-details list-details'  aria-labelledby='mc_194-title-mc-6f84060dbbfdbe6dcf8603dbe3992c11'>\n\n\t\r\n\t<div class='time-block'>\r\n\t\t<span class='mc-icon' aria-hidden='true'><\/span>\r\n\t\t<p><span class=\"time-wrapper\"><span class='event-time dtstart'><time class='value-title' datetime='2026-12-18T09:50:00+7200:00' title='2026-12-18T09:50:00+7200:00'>09:50<\/time><\/span> <span class='time-separator'> &ndash; <\/span> <span class='end-time dtend'> <time class='value-title' datetime='2026-12-18T10:35:00+7200:00' title='2026-12-18T10:35:00+7200:00'>10:35<\/time><\/span><\/span><br \/><span class=\"date-wrapper\"><span class='mc-start-date dtstart' title='2026-12-18T09:50:00+7200:00' content='2026-12-18T09:50:00+7200:00'>18\/12\/2026<\/span>  <\/span><\/p>\r\n\t<\/div>\n\t\t<div class=\"sharing\">\t<p class='mc-details'><a aria-label='Lire la suite: 09:50: Remise bulletins classe de Terminale' href='https:\/\/dfg-lfa.org\/fr\/mc-events\/ausgabe-der-zeugnisse-fuer-terminale-klassen\/'>Lire la suite<\/a><\/p>\n<\/div><\/div><!--end .details--><\/article><\/div><\/li><li id='list-2026-12-21' class='mc-events lundi lun future-day has-events author2 mcat_general'><h2 class=\"event-date\"><span class=\"mc-list-details-text\">21\/12\/2026<\/span><\/h2><div id='list-date-2026-12-21' class='mc-list-date-wrapper'><article id='mc_list_21_195-list-195' class='mc-has-category-colors mc-mc_list_195 list-event mc_general mc_no-location  future-event mc_primary_general nonrecurring mc-2-semaines mc-start-01-00 ungrouped mc-event-129 mc-events multidate mc-event mc_rel_general'><header>\t<h4 class='event-title summary' id='mc_195-title-mc-6f84060dbbfdbe6dcf8603dbe3992c11'><button type='button' id='modal-button-mc_list_21_195-list-details-195' data-modal-content-id='mc_list_21_195-list-details-195' data-modal-prefix-class='my-calendar' data-modal-close-text='Fermer' data-modal-title='Vacances de No\u00ebl' aria-controls='mc_list_21_195-list-details-195' class='list mc-modal button mc-text-button button-link url summary'><div class=\"event-title-container\">Vacances de No\u00ebl<\/div><\/button><\/h4>\n<\/header><div id='mc_list_21_195-list-details-195' class='details no-image uses-modal single-details list-details'  aria-labelledby='mc_195-title-mc-6f84060dbbfdbe6dcf8603dbe3992c11'>\n\n\t\r\n\t<div class='time-block'>\r\n\t\t<span class='mc-icon' aria-hidden='true'><\/span>\r\n\t\t<p><span class=\"time-wrapper\">  <\/span><span class=\"date-wrapper\"><span class='mc-start-date dtstart' title='2026-12-21T00:00:00+7200:00' content='2026-12-21T00:00:00+7200:00'>21\/12\/2026<\/span> <span class='date-separator'> &ndash; <\/span> <span class=\"event-time dtend\">04\/01\/2027<\/span><\/span><\/p>\r\n\t<\/div>\n\t\t<div class=\"sharing\">\t<p class='mc-details'><a aria-label='Lire la suite: Vacances de No\u00ebl' href='https:\/\/dfg-lfa.org\/fr\/mc-events\/weihnachtsferien\/'>Lire la suite<\/a><\/p>\n<\/div><\/div><!--end .details--><\/article><\/div><\/li><li id='list-2026-12-22' class='mc-events mardi mar future-day has-events author2 mcat_general'><h2 class=\"event-date\"><span class=\"mc-list-details-text\">22\/12\/2026<\/span><\/h2><div id='list-date-2026-12-22' class='mc-list-date-wrapper'><article id='mc_list_22_195-list-195' class='mc-has-category-colors mc-mc_list_195 list-event mc_general mc_no-location  future-event mc_primary_general nonrecurring mc-2-semaines mc-start-01-00 ungrouped mc-event-129 mc-events multidate mc-event mc_rel_general'><header>\t<h4 class='event-title summary' id='mc_195-title-mc-6f84060dbbfdbe6dcf8603dbe3992c11'><button type='button' id='modal-button-mc_list_22_195-list-details-195' data-modal-content-id='mc_list_22_195-list-details-195' data-modal-prefix-class='my-calendar' data-modal-close-text='Fermer' data-modal-title='Vacances de No\u00ebl' aria-controls='mc_list_22_195-list-details-195' class='list mc-modal button mc-text-button button-link url summary'><div class=\"event-title-container\">Vacances de No\u00ebl<\/div><\/button><\/h4>\n<\/header><div id='mc_list_22_195-list-details-195' class='details no-image uses-modal single-details list-details'  aria-labelledby='mc_195-title-mc-6f84060dbbfdbe6dcf8603dbe3992c11'>\n\n\t\r\n\t<div class='time-block'>\r\n\t\t<span class='mc-icon' aria-hidden='true'><\/span>\r\n\t\t<p><span class=\"time-wrapper\">  <\/span><span class=\"date-wrapper\"><span class='mc-start-date dtstart' title='2026-12-21T00:00:00+7200:00' content='2026-12-21T00:00:00+7200:00'>21\/12\/2026<\/span> <span class='date-separator'> &ndash; <\/span> <span class=\"event-time dtend\">04\/01\/2027<\/span><\/span><\/p>\r\n\t<\/div>\n\t\t<div class=\"sharing\">\t<p class='mc-details'><a aria-label='Lire la suite: Vacances de No\u00ebl' href='https:\/\/dfg-lfa.org\/fr\/mc-events\/weihnachtsferien\/'>Lire la suite<\/a><\/p>\n<\/div><\/div><!--end .details--><\/article><\/div><\/li><li id='list-2026-12-23' class='mc-events mercredi mer future-day has-events author2 mcat_general'><h2 class=\"event-date\"><span class=\"mc-list-details-text\">23\/12\/2026<\/span><\/h2><div id='list-date-2026-12-23' class='mc-list-date-wrapper'><article id='mc_list_23_195-list-195' class='mc-has-category-colors mc-mc_list_195 list-event mc_general mc_no-location  future-event mc_primary_general nonrecurring mc-2-semaines mc-start-01-00 ungrouped mc-event-129 mc-events multidate mc-event mc_rel_general'><header>\t<h4 class='event-title summary' id='mc_195-title-mc-6f84060dbbfdbe6dcf8603dbe3992c11'><button type='button' id='modal-button-mc_list_23_195-list-details-195' data-modal-content-id='mc_list_23_195-list-details-195' data-modal-prefix-class='my-calendar' data-modal-close-text='Fermer' data-modal-title='Vacances de No\u00ebl' aria-controls='mc_list_23_195-list-details-195' class='list mc-modal button mc-text-button button-link url summary'><div class=\"event-title-container\">Vacances de No\u00ebl<\/div><\/button><\/h4>\n<\/header><div id='mc_list_23_195-list-details-195' class='details no-image uses-modal single-details list-details'  aria-labelledby='mc_195-title-mc-6f84060dbbfdbe6dcf8603dbe3992c11'>\n\n\t\r\n\t<div class='time-block'>\r\n\t\t<span class='mc-icon' aria-hidden='true'><\/span>\r\n\t\t<p><span class=\"time-wrapper\">  <\/span><span class=\"date-wrapper\"><span class='mc-start-date dtstart' title='2026-12-21T00:00:00+7200:00' content='2026-12-21T00:00:00+7200:00'>21\/12\/2026<\/span> <span class='date-separator'> &ndash; <\/span> <span class=\"event-time dtend\">04\/01\/2027<\/span><\/span><\/p>\r\n\t<\/div>\n\t\t<div class=\"sharing\">\t<p class='mc-details'><a aria-label='Lire la suite: Vacances de No\u00ebl' href='https:\/\/dfg-lfa.org\/fr\/mc-events\/weihnachtsferien\/'>Lire la suite<\/a><\/p>\n<\/div><\/div><!--end .details--><\/article><\/div><\/li><li id='list-2026-12-24' class='mc-events jeudi jeu future-day has-events author2 mcat_general'><h2 class=\"event-date\"><span class=\"mc-list-details-text\">24\/12\/2026<\/span><\/h2><div id='list-date-2026-12-24' class='mc-list-date-wrapper'><article id='mc_list_24_195-list-195' class='mc-has-category-colors mc-mc_list_195 list-event mc_general mc_no-location  future-event mc_primary_general nonrecurring mc-2-semaines mc-start-01-00 ungrouped mc-event-129 mc-events multidate mc-event mc_rel_general'><header>\t<h4 class='event-title summary' id='mc_195-title-mc-6f84060dbbfdbe6dcf8603dbe3992c11'><button type='button' id='modal-button-mc_list_24_195-list-details-195' data-modal-content-id='mc_list_24_195-list-details-195' data-modal-prefix-class='my-calendar' data-modal-close-text='Fermer' data-modal-title='Vacances de No\u00ebl' aria-controls='mc_list_24_195-list-details-195' class='list mc-modal button mc-text-button button-link url summary'><div class=\"event-title-container\">Vacances de No\u00ebl<\/div><\/button><\/h4>\n<\/header><div id='mc_list_24_195-list-details-195' class='details no-image uses-modal single-details list-details'  aria-labelledby='mc_195-title-mc-6f84060dbbfdbe6dcf8603dbe3992c11'>\n\n\t\r\n\t<div class='time-block'>\r\n\t\t<span class='mc-icon' aria-hidden='true'><\/span>\r\n\t\t<p><span class=\"time-wrapper\">  <\/span><span class=\"date-wrapper\"><span class='mc-start-date dtstart' title='2026-12-21T00:00:00+7200:00' content='2026-12-21T00:00:00+7200:00'>21\/12\/2026<\/span> <span class='date-separator'> &ndash; <\/span> <span class=\"event-time dtend\">04\/01\/2027<\/span><\/span><\/p>\r\n\t<\/div>\n\t\t<div class=\"sharing\">\t<p class='mc-details'><a aria-label='Lire la suite: Vacances de No\u00ebl' href='https:\/\/dfg-lfa.org\/fr\/mc-events\/weihnachtsferien\/'>Lire la suite<\/a><\/p>\n<\/div><\/div><!--end .details--><\/article><\/div><\/li><li id='list-2026-12-25' class='mc-events vendredi ven future-day has-events author2 mcat_general'><h2 class=\"event-date\"><span class=\"mc-list-details-text\">25\/12\/2026<\/span><\/h2><div id='list-date-2026-12-25' class='mc-list-date-wrapper'><article id='mc_list_25_195-list-195' class='mc-has-category-colors mc-mc_list_195 list-event mc_general mc_no-location  future-event mc_primary_general nonrecurring mc-2-semaines mc-start-01-00 ungrouped mc-event-129 mc-events multidate mc-event mc_rel_general'><header>\t<h4 class='event-title summary' id='mc_195-title-mc-6f84060dbbfdbe6dcf8603dbe3992c11'><button type='button' id='modal-button-mc_list_25_195-list-details-195' data-modal-content-id='mc_list_25_195-list-details-195' data-modal-prefix-class='my-calendar' data-modal-close-text='Fermer' data-modal-title='Vacances de No\u00ebl' aria-controls='mc_list_25_195-list-details-195' class='list mc-modal button mc-text-button button-link url summary'><div class=\"event-title-container\">Vacances de No\u00ebl<\/div><\/button><\/h4>\n<\/header><div id='mc_list_25_195-list-details-195' class='details no-image uses-modal single-details list-details'  aria-labelledby='mc_195-title-mc-6f84060dbbfdbe6dcf8603dbe3992c11'>\n\n\t\r\n\t<div class='time-block'>\r\n\t\t<span class='mc-icon' aria-hidden='true'><\/span>\r\n\t\t<p><span class=\"time-wrapper\">  <\/span><span class=\"date-wrapper\"><span class='mc-start-date dtstart' title='2026-12-21T00:00:00+7200:00' content='2026-12-21T00:00:00+7200:00'>21\/12\/2026<\/span> <span class='date-separator'> &ndash; <\/span> <span class=\"event-time dtend\">04\/01\/2027<\/span><\/span><\/p>\r\n\t<\/div>\n\t\t<div class=\"sharing\">\t<p class='mc-details'><a aria-label='Lire la suite: Vacances de No\u00ebl' href='https:\/\/dfg-lfa.org\/fr\/mc-events\/weihnachtsferien\/'>Lire la suite<\/a><\/p>\n<\/div><\/div><!--end .details--><\/article><\/div><\/li><li id='list-2026-12-26' class='mc-events samedi sam future-day has-events author2 mcat_general'><h2 class=\"event-date\"><span class=\"mc-list-details-text\">26\/12\/2026<\/span><\/h2><div id='list-date-2026-12-26' class='mc-list-date-wrapper'><article id='mc_list_26_195-list-195' class='mc-has-category-colors mc-mc_list_195 list-event mc_general mc_no-location  future-event mc_primary_general nonrecurring mc-2-semaines mc-start-01-00 ungrouped mc-event-129 mc-events multidate mc-event mc_rel_general'><header>\t<h4 class='event-title summary' id='mc_195-title-mc-6f84060dbbfdbe6dcf8603dbe3992c11'><button type='button' id='modal-button-mc_list_26_195-list-details-195' data-modal-content-id='mc_list_26_195-list-details-195' data-modal-prefix-class='my-calendar' data-modal-close-text='Fermer' data-modal-title='Vacances de No\u00ebl' aria-controls='mc_list_26_195-list-details-195' class='list mc-modal button mc-text-button button-link url summary'><div class=\"event-title-container\">Vacances de No\u00ebl<\/div><\/button><\/h4>\n<\/header><div id='mc_list_26_195-list-details-195' class='details no-image uses-modal single-details list-details'  aria-labelledby='mc_195-title-mc-6f84060dbbfdbe6dcf8603dbe3992c11'>\n\n\t\r\n\t<div class='time-block'>\r\n\t\t<span class='mc-icon' aria-hidden='true'><\/span>\r\n\t\t<p><span class=\"time-wrapper\">  <\/span><span class=\"date-wrapper\"><span class='mc-start-date dtstart' title='2026-12-21T00:00:00+7200:00' content='2026-12-21T00:00:00+7200:00'>21\/12\/2026<\/span> <span class='date-separator'> &ndash; <\/span> <span class=\"event-time dtend\">04\/01\/2027<\/span><\/span><\/p>\r\n\t<\/div>\n\t\t<div class=\"sharing\">\t<p class='mc-details'><a aria-label='Lire la suite: Vacances de No\u00ebl' href='https:\/\/dfg-lfa.org\/fr\/mc-events\/weihnachtsferien\/'>Lire la suite<\/a><\/p>\n<\/div><\/div><!--end .details--><\/article><\/div><\/li><li id='list-2026-12-27' class='mc-events dimanche dim future-day has-events author2 mcat_general'><h2 class=\"event-date\"><span class=\"mc-list-details-text\">27\/12\/2026<\/span><\/h2><div id='list-date-2026-12-27' class='mc-list-date-wrapper'><article id='mc_list_27_195-list-195' class='mc-has-category-colors mc-mc_list_195 list-event mc_general mc_no-location  future-event mc_primary_general nonrecurring mc-2-semaines mc-start-01-00 ungrouped mc-event-129 mc-events multidate mc-event mc_rel_general'><header>\t<h4 class='event-title summary' id='mc_195-title-mc-6f84060dbbfdbe6dcf8603dbe3992c11'><button type='button' id='modal-button-mc_list_27_195-list-details-195' data-modal-content-id='mc_list_27_195-list-details-195' data-modal-prefix-class='my-calendar' data-modal-close-text='Fermer' data-modal-title='Vacances de No\u00ebl' aria-controls='mc_list_27_195-list-details-195' class='list mc-modal button mc-text-button button-link url summary'><div class=\"event-title-container\">Vacances de No\u00ebl<\/div><\/button><\/h4>\n<\/header><div id='mc_list_27_195-list-details-195' class='details no-image uses-modal single-details list-details'  aria-labelledby='mc_195-title-mc-6f84060dbbfdbe6dcf8603dbe3992c11'>\n\n\t\r\n\t<div class='time-block'>\r\n\t\t<span class='mc-icon' aria-hidden='true'><\/span>\r\n\t\t<p><span class=\"time-wrapper\">  <\/span><span class=\"date-wrapper\"><span class='mc-start-date dtstart' title='2026-12-21T00:00:00+7200:00' content='2026-12-21T00:00:00+7200:00'>21\/12\/2026<\/span> <span class='date-separator'> &ndash; <\/span> <span class=\"event-time dtend\">04\/01\/2027<\/span><\/span><\/p>\r\n\t<\/div>\n\t\t<div class=\"sharing\">\t<p class='mc-details'><a aria-label='Lire la suite: Vacances de No\u00ebl' href='https:\/\/dfg-lfa.org\/fr\/mc-events\/weihnachtsferien\/'>Lire la suite<\/a><\/p>\n<\/div><\/div><!--end .details--><\/article><\/div><\/li><li id='list-2026-12-28' class='mc-events lundi lun future-day has-events author2 mcat_general'><h2 class=\"event-date\"><span class=\"mc-list-details-text\">28\/12\/2026<\/span><\/h2><div id='list-date-2026-12-28' class='mc-list-date-wrapper'><article id='mc_list_28_195-list-195' class='mc-has-category-colors mc-mc_list_195 list-event mc_general mc_no-location  future-event mc_primary_general nonrecurring mc-2-semaines mc-start-01-00 ungrouped mc-event-129 mc-events multidate mc-event mc_rel_general'><header>\t<h4 class='event-title summary' id='mc_195-title-mc-6f84060dbbfdbe6dcf8603dbe3992c11'><button type='button' id='modal-button-mc_list_28_195-list-details-195' data-modal-content-id='mc_list_28_195-list-details-195' data-modal-prefix-class='my-calendar' data-modal-close-text='Fermer' data-modal-title='Vacances de No\u00ebl' aria-controls='mc_list_28_195-list-details-195' class='list mc-modal button mc-text-button button-link url summary'><div class=\"event-title-container\">Vacances de No\u00ebl<\/div><\/button><\/h4>\n<\/header><div id='mc_list_28_195-list-details-195' class='details no-image uses-modal single-details list-details'  aria-labelledby='mc_195-title-mc-6f84060dbbfdbe6dcf8603dbe3992c11'>\n\n\t\r\n\t<div class='time-block'>\r\n\t\t<span class='mc-icon' aria-hidden='true'><\/span>\r\n\t\t<p><span class=\"time-wrapper\">  <\/span><span class=\"date-wrapper\"><span class='mc-start-date dtstart' title='2026-12-21T00:00:00+7200:00' content='2026-12-21T00:00:00+7200:00'>21\/12\/2026<\/span> <span class='date-separator'> &ndash; <\/span> <span class=\"event-time dtend\">04\/01\/2027<\/span><\/span><\/p>\r\n\t<\/div>\n\t\t<div class=\"sharing\">\t<p class='mc-details'><a aria-label='Lire la suite: Vacances de No\u00ebl' href='https:\/\/dfg-lfa.org\/fr\/mc-events\/weihnachtsferien\/'>Lire la suite<\/a><\/p>\n<\/div><\/div><!--end .details--><\/article><\/div><\/li><li id='list-2026-12-29' class='mc-events mardi mar future-day has-events author2 mcat_general'><h2 class=\"event-date\"><span class=\"mc-list-details-text\">29\/12\/2026<\/span><\/h2><div id='list-date-2026-12-29' class='mc-list-date-wrapper'><article id='mc_list_29_195-list-195' class='mc-has-category-colors mc-mc_list_195 list-event mc_general mc_no-location  future-event mc_primary_general nonrecurring mc-2-semaines mc-start-01-00 ungrouped mc-event-129 mc-events multidate mc-event mc_rel_general'><header>\t<h4 class='event-title summary' id='mc_195-title-mc-6f84060dbbfdbe6dcf8603dbe3992c11'><button type='button' id='modal-button-mc_list_29_195-list-details-195' data-modal-content-id='mc_list_29_195-list-details-195' data-modal-prefix-class='my-calendar' data-modal-close-text='Fermer' data-modal-title='Vacances de No\u00ebl' aria-controls='mc_list_29_195-list-details-195' class='list mc-modal button mc-text-button button-link url summary'><div class=\"event-title-container\">Vacances de No\u00ebl<\/div><\/button><\/h4>\n<\/header><div id='mc_list_29_195-list-details-195' class='details no-image uses-modal single-details list-details'  aria-labelledby='mc_195-title-mc-6f84060dbbfdbe6dcf8603dbe3992c11'>\n\n\t\r\n\t<div class='time-block'>\r\n\t\t<span class='mc-icon' aria-hidden='true'><\/span>\r\n\t\t<p><span class=\"time-wrapper\">  <\/span><span class=\"date-wrapper\"><span class='mc-start-date dtstart' title='2026-12-21T00:00:00+7200:00' content='2026-12-21T00:00:00+7200:00'>21\/12\/2026<\/span> <span class='date-separator'> &ndash; <\/span> <span class=\"event-time dtend\">04\/01\/2027<\/span><\/span><\/p>\r\n\t<\/div>\n\t\t<div class=\"sharing\">\t<p class='mc-details'><a aria-label='Lire la suite: Vacances de No\u00ebl' href='https:\/\/dfg-lfa.org\/fr\/mc-events\/weihnachtsferien\/'>Lire la suite<\/a><\/p>\n<\/div><\/div><!--end .details--><\/article><\/div><\/li><li id='list-2026-12-30' class='mc-events mercredi mer future-day has-events author2 mcat_general'><h2 class=\"event-date\"><span class=\"mc-list-details-text\">30\/12\/2026<\/span><\/h2><div id='list-date-2026-12-30' class='mc-list-date-wrapper'><article id='mc_list_30_195-list-195' class='mc-has-category-colors mc-mc_list_195 list-event mc_general mc_no-location  future-event mc_primary_general nonrecurring mc-2-semaines mc-start-01-00 ungrouped mc-event-129 mc-events multidate mc-event mc_rel_general'><header>\t<h4 class='event-title summary' id='mc_195-title-mc-6f84060dbbfdbe6dcf8603dbe3992c11'><button type='button' id='modal-button-mc_list_30_195-list-details-195' data-modal-content-id='mc_list_30_195-list-details-195' data-modal-prefix-class='my-calendar' data-modal-close-text='Fermer' data-modal-title='Vacances de No\u00ebl' aria-controls='mc_list_30_195-list-details-195' class='list mc-modal button mc-text-button button-link url summary'><div class=\"event-title-container\">Vacances de No\u00ebl<\/div><\/button><\/h4>\n<\/header><div id='mc_list_30_195-list-details-195' class='details no-image uses-modal single-details list-details'  aria-labelledby='mc_195-title-mc-6f84060dbbfdbe6dcf8603dbe3992c11'>\n\n\t\r\n\t<div class='time-block'>\r\n\t\t<span class='mc-icon' aria-hidden='true'><\/span>\r\n\t\t<p><span class=\"time-wrapper\">  <\/span><span class=\"date-wrapper\"><span class='mc-start-date dtstart' title='2026-12-21T00:00:00+7200:00' content='2026-12-21T00:00:00+7200:00'>21\/12\/2026<\/span> <span class='date-separator'> &ndash; <\/span> <span class=\"event-time dtend\">04\/01\/2027<\/span><\/span><\/p>\r\n\t<\/div>\n\t\t<div class=\"sharing\">\t<p class='mc-details'><a aria-label='Lire la suite: Vacances de No\u00ebl' href='https:\/\/dfg-lfa.org\/fr\/mc-events\/weihnachtsferien\/'>Lire la suite<\/a><\/p>\n<\/div><\/div><!--end .details--><\/article><\/div><\/li><li id='list-2026-12-31' class='mc-events jeudi jeu future-day has-events author2 mcat_general'><h2 class=\"event-date\"><span class=\"mc-list-details-text\">31\/12\/2026<\/span><\/h2><div id='list-date-2026-12-31' class='mc-list-date-wrapper'><article id='mc_list_31_195-list-195' class='mc-has-category-colors mc-mc_list_195 list-event mc_general mc_no-location  future-event mc_primary_general nonrecurring mc-2-semaines mc-start-01-00 ungrouped mc-event-129 mc-events multidate mc-event mc_rel_general'><header>\t<h4 class='event-title summary' id='mc_195-title-mc-6f84060dbbfdbe6dcf8603dbe3992c11'><button type='button' id='modal-button-mc_list_31_195-list-details-195' data-modal-content-id='mc_list_31_195-list-details-195' data-modal-prefix-class='my-calendar' data-modal-close-text='Fermer' data-modal-title='Vacances de No\u00ebl' aria-controls='mc_list_31_195-list-details-195' class='list mc-modal button mc-text-button button-link url summary'><div class=\"event-title-container\">Vacances de No\u00ebl<\/div><\/button><\/h4>\n<\/header><div id='mc_list_31_195-list-details-195' class='details no-image uses-modal single-details list-details'  aria-labelledby='mc_195-title-mc-6f84060dbbfdbe6dcf8603dbe3992c11'>\n\n\t\r\n\t<div class='time-block'>\r\n\t\t<span class='mc-icon' aria-hidden='true'><\/span>\r\n\t\t<p><span class=\"time-wrapper\">  <\/span><span class=\"date-wrapper\"><span class='mc-start-date dtstart' title='2026-12-21T00:00:00+7200:00' content='2026-12-21T00:00:00+7200:00'>21\/12\/2026<\/span> <span class='date-separator'> &ndash; <\/span> <span class=\"event-time dtend\">04\/01\/2027<\/span><\/span><\/p>\r\n\t<\/div>\n\t\t<div class=\"sharing\">\t<p class='mc-details'><a aria-label='Lire la suite: Vacances de No\u00ebl' href='https:\/\/dfg-lfa.org\/fr\/mc-events\/weihnachtsferien\/'>Lire la suite<\/a><\/p>\n<\/div><\/div><!--end .details--><\/article><\/div><\/li><li id='list-2027-01-01' class='mc-events vendredi ven future-day has-events author2 mcat_general'><h2 class=\"event-date\"><span class=\"mc-list-details-text\">01\/01\/2027<\/span><\/h2><div id='list-date-2027-01-01' class='mc-list-date-wrapper'><article id='mc_list_01_195-list-195' class='mc-has-category-colors mc-mc_list_195 list-event mc_general mc_no-location  future-event mc_primary_general nonrecurring mc-2-semaines mc-start-01-00 ungrouped mc-event-129 mc-events multidate mc-event mc_rel_general'><header>\t<h4 class='event-title summary' id='mc_195-title-mc-6f84060dbbfdbe6dcf8603dbe3992c11'><button type='button' id='modal-button-mc_list_01_195-list-details-195' data-modal-content-id='mc_list_01_195-list-details-195' data-modal-prefix-class='my-calendar' data-modal-close-text='Fermer' data-modal-title='Vacances de No\u00ebl' aria-controls='mc_list_01_195-list-details-195' class='list mc-modal button mc-text-button button-link url summary'><div class=\"event-title-container\">Vacances de No\u00ebl<\/div><\/button><\/h4>\n<\/header><div id='mc_list_01_195-list-details-195' class='details no-image uses-modal single-details list-details'  aria-labelledby='mc_195-title-mc-6f84060dbbfdbe6dcf8603dbe3992c11'>\n\n\t\r\n\t<div class='time-block'>\r\n\t\t<span class='mc-icon' aria-hidden='true'><\/span>\r\n\t\t<p><span class=\"time-wrapper\">  <\/span><span class=\"date-wrapper\"><span class='mc-start-date dtstart' title='2026-12-21T00:00:00+7200:00' content='2026-12-21T00:00:00+7200:00'>21\/12\/2026<\/span> <span class='date-separator'> &ndash; <\/span> <span class=\"event-time dtend\">04\/01\/2027<\/span><\/span><\/p>\r\n\t<\/div>\n\t\t<div class=\"sharing\">\t<p class='mc-details'><a aria-label='Lire la suite: Vacances de No\u00ebl' href='https:\/\/dfg-lfa.org\/fr\/mc-events\/weihnachtsferien\/'>Lire la suite<\/a><\/p>\n<\/div><\/div><!--end .details--><\/article><\/div><\/li><li id='list-2027-01-02' class='mc-events samedi sam future-day has-events author2 mcat_general'><h2 class=\"event-date\"><span class=\"mc-list-details-text\">02\/01\/2027<\/span><\/h2><div id='list-date-2027-01-02' class='mc-list-date-wrapper'><article id='mc_list_02_195-list-195' class='mc-has-category-colors mc-mc_list_195 list-event mc_general mc_no-location  future-event mc_primary_general nonrecurring mc-2-semaines mc-start-01-00 ungrouped mc-event-129 mc-events multidate mc-event mc_rel_general'><header>\t<h4 class='event-title summary' id='mc_195-title-mc-6f84060dbbfdbe6dcf8603dbe3992c11'><button type='button' id='modal-button-mc_list_02_195-list-details-195' data-modal-content-id='mc_list_02_195-list-details-195' data-modal-prefix-class='my-calendar' data-modal-close-text='Fermer' data-modal-title='Vacances de No\u00ebl' aria-controls='mc_list_02_195-list-details-195' class='list mc-modal button mc-text-button button-link url summary'><div class=\"event-title-container\">Vacances de No\u00ebl<\/div><\/button><\/h4>\n<\/header><div id='mc_list_02_195-list-details-195' class='details no-image uses-modal single-details list-details'  aria-labelledby='mc_195-title-mc-6f84060dbbfdbe6dcf8603dbe3992c11'>\n\n\t\r\n\t<div class='time-block'>\r\n\t\t<span class='mc-icon' aria-hidden='true'><\/span>\r\n\t\t<p><span class=\"time-wrapper\">  <\/span><span class=\"date-wrapper\"><span class='mc-start-date dtstart' title='2026-12-21T00:00:00+7200:00' content='2026-12-21T00:00:00+7200:00'>21\/12\/2026<\/span> <span class='date-separator'> &ndash; <\/span> <span class=\"event-time dtend\">04\/01\/2027<\/span><\/span><\/p>\r\n\t<\/div>\n\t\t<div class=\"sharing\">\t<p class='mc-details'><a aria-label='Lire la suite: Vacances de No\u00ebl' href='https:\/\/dfg-lfa.org\/fr\/mc-events\/weihnachtsferien\/'>Lire la suite<\/a><\/p>\n<\/div><\/div><!--end .details--><\/article><\/div><\/li><li id='list-2027-01-03' class='mc-events dimanche dim future-day has-events author2 mcat_general'><h2 class=\"event-date\"><span class=\"mc-list-details-text\">03\/01\/2027<\/span><\/h2><div id='list-date-2027-01-03' class='mc-list-date-wrapper'><article id='mc_list_03_195-list-195' class='mc-has-category-colors mc-mc_list_195 list-event mc_general mc_no-location  future-event mc_primary_general nonrecurring mc-2-semaines mc-start-01-00 ungrouped mc-event-129 mc-events multidate mc-event mc_rel_general'><header>\t<h4 class='event-title summary' id='mc_195-title-mc-6f84060dbbfdbe6dcf8603dbe3992c11'><button type='button' id='modal-button-mc_list_03_195-list-details-195' data-modal-content-id='mc_list_03_195-list-details-195' data-modal-prefix-class='my-calendar' data-modal-close-text='Fermer' data-modal-title='Vacances de No\u00ebl' aria-controls='mc_list_03_195-list-details-195' class='list mc-modal button mc-text-button button-link url summary'><div class=\"event-title-container\">Vacances de No\u00ebl<\/div><\/button><\/h4>\n<\/header><div id='mc_list_03_195-list-details-195' class='details no-image uses-modal single-details list-details'  aria-labelledby='mc_195-title-mc-6f84060dbbfdbe6dcf8603dbe3992c11'>\n\n\t\r\n\t<div class='time-block'>\r\n\t\t<span class='mc-icon' aria-hidden='true'><\/span>\r\n\t\t<p><span class=\"time-wrapper\">  <\/span><span class=\"date-wrapper\"><span class='mc-start-date dtstart' title='2026-12-21T00:00:00+7200:00' content='2026-12-21T00:00:00+7200:00'>21\/12\/2026<\/span> <span class='date-separator'> &ndash; <\/span> <span class=\"event-time dtend\">04\/01\/2027<\/span><\/span><\/p>\r\n\t<\/div>\n\t\t<div class=\"sharing\">\t<p class='mc-details'><a aria-label='Lire la suite: Vacances de No\u00ebl' href='https:\/\/dfg-lfa.org\/fr\/mc-events\/weihnachtsferien\/'>Lire la suite<\/a><\/p>\n<\/div><\/div><!--end .details--><\/article><\/div><\/li><li id='list-2027-01-04' class='mc-events lundi lun future-day has-events author2 mcat_general'><h2 class=\"event-date\"><span class=\"mc-list-details-text\">04\/01\/2027<\/span><\/h2><div id='list-date-2027-01-04' class='mc-list-date-wrapper'><article id='mc_list_04_195-list-195' class='mc-has-category-colors mc-mc_list_195 list-event mc_general mc_no-location  future-event mc_primary_general nonrecurring mc-2-semaines mc-start-01-00 ungrouped mc-event-129 mc-events multidate mc-event mc_rel_general'><header>\t<h4 class='event-title summary' id='mc_195-title-mc-6f84060dbbfdbe6dcf8603dbe3992c11'><button type='button' id='modal-button-mc_list_04_195-list-details-195' data-modal-content-id='mc_list_04_195-list-details-195' data-modal-prefix-class='my-calendar' data-modal-close-text='Fermer' data-modal-title='Vacances de No\u00ebl' aria-controls='mc_list_04_195-list-details-195' class='list mc-modal button mc-text-button button-link url summary'><div class=\"event-title-container\">Vacances de No\u00ebl<\/div><\/button><\/h4>\n<\/header><div id='mc_list_04_195-list-details-195' class='details no-image uses-modal single-details list-details'  aria-labelledby='mc_195-title-mc-6f84060dbbfdbe6dcf8603dbe3992c11'>\n\n\t\r\n\t<div class='time-block'>\r\n\t\t<span class='mc-icon' aria-hidden='true'><\/span>\r\n\t\t<p><span class=\"time-wrapper\">  <\/span><span class=\"date-wrapper\"><span class='mc-start-date dtstart' title='2026-12-21T00:00:00+7200:00' content='2026-12-21T00:00:00+7200:00'>21\/12\/2026<\/span> <span class='date-separator'> &ndash; <\/span> <span class=\"event-time dtend\">04\/01\/2027<\/span><\/span><\/p>\r\n\t<\/div>\n\t\t<div class=\"sharing\">\t<p class='mc-details'><a aria-label='Lire la suite: Vacances de No\u00ebl' href='https:\/\/dfg-lfa.org\/fr\/mc-events\/weihnachtsferien\/'>Lire la suite<\/a><\/p>\n<\/div><\/div><!--end .details--><\/article><\/div><\/li><li id='list-2027-01-09' class='mc-events samedi sam future-day has-events author2 mcat_general'><h2 class=\"event-date\"><span class=\"mc-list-details-text\">09\/01\/2027<\/span><\/h2><div id='list-date-2027-01-09' class='mc-list-date-wrapper'><article id='mc_list_09_196-list-196' class='mc-has-category-colors mc-mc_list_196 list-event mc_general mc_no-location  future-event mc_primary_general nonrecurring mc-24-heures mc-start-01-00 ungrouped mc-event-130 mc-events mc-event mc_rel_general'><header>\t<h4 class='event-title summary' id='mc_196-title-mc-6f84060dbbfdbe6dcf8603dbe3992c11'><button type='button' id='modal-button-mc_list_09_196-list-details-196' data-modal-content-id='mc_list_09_196-list-details-196' data-modal-prefix-class='my-calendar' data-modal-close-text='Fermer' data-modal-title='Samedi travaill\u00e9' aria-controls='mc_list_09_196-list-details-196' class='list mc-modal button mc-text-button button-link url summary'><div class=\"event-title-container\">Samedi travaill\u00e9<\/div><\/button><\/h4>\n<\/header><div id='mc_list_09_196-list-details-196' class='details no-image uses-modal single-details list-details'  aria-labelledby='mc_196-title-mc-6f84060dbbfdbe6dcf8603dbe3992c11'>\n\n\t\r\n\t<div class='time-block'>\r\n\t\t<span class='mc-icon' aria-hidden='true'><\/span>\r\n\t\t<p><span class=\"time-wrapper\">  <\/span><span class=\"date-wrapper\"><span class='mc-start-date dtstart' title='2027-01-09T00:00:00+7200:00' content='2027-01-09T00:00:00+7200:00'>09\/01\/2027<\/span>  <\/span><\/p>\r\n\t<\/div>\n\t\t<div class=\"sharing\">\t<p class='mc-details'><a aria-label='Lire la suite: Samedi travaill\u00e9' href='https:\/\/dfg-lfa.org\/fr\/mc-events\/schulsamstag-5\/'>Lire la suite<\/a><\/p>\n<\/div><\/div><!--end .details--><\/article><\/div><\/li><li id='list-2027-01-16' class='mc-events samedi sam future-day has-events author2 mcat_general'><h2 class=\"event-date\"><span class=\"mc-list-details-text\">16\/01\/2027<\/span><\/h2><div id='list-date-2027-01-16' class='mc-list-date-wrapper'><article id='mc_list_16_197-list-197' class='mc-has-category-colors mc-mc_list_197 list-event mc_general mc_no-location  future-event mc_primary_general nonrecurring mc-24-heures mc-start-01-00 ungrouped mc-event-131 mc-events mc-event mc_rel_general'><header>\t<h4 class='event-title summary' id='mc_197-title-mc-6f84060dbbfdbe6dcf8603dbe3992c11'><button type='button' id='modal-button-mc_list_16_197-list-details-197' data-modal-content-id='mc_list_16_197-list-details-197' data-modal-prefix-class='my-calendar' data-modal-close-text='Fermer' data-modal-title='Samedi travaill\u00e9' aria-controls='mc_list_16_197-list-details-197' class='list mc-modal button mc-text-button button-link url summary'><div class=\"event-title-container\">Samedi travaill\u00e9<\/div><\/button><\/h4>\n<\/header><div id='mc_list_16_197-list-details-197' class='details no-image uses-modal single-details list-details'  aria-labelledby='mc_197-title-mc-6f84060dbbfdbe6dcf8603dbe3992c11'>\n\n\t\r\n\t<div class='time-block'>\r\n\t\t<span class='mc-icon' aria-hidden='true'><\/span>\r\n\t\t<p><span class=\"time-wrapper\">  <\/span><span class=\"date-wrapper\"><span class='mc-start-date dtstart' title='2027-01-16T00:00:00+7200:00' content='2027-01-16T00:00:00+7200:00'>16\/01\/2027<\/span>  <\/span><\/p>\r\n\t<\/div>\n\t\t<div class=\"sharing\">\t<p class='mc-details'><a aria-label='Lire la suite: Samedi travaill\u00e9' href='https:\/\/dfg-lfa.org\/fr\/mc-events\/schulsamstag-6\/'>Lire la suite<\/a><\/p>\n<\/div><\/div><!--end .details--><\/article><\/div><\/li><li id='list-2027-01-29' class='mc-events vendredi ven future-day has-events author2 mcat_general'><h2 class=\"event-date\"><span class=\"mc-list-details-text\">29\/01\/2027<\/span><\/h2><div id='list-date-2027-01-29' class='mc-list-date-wrapper'><article id='mc_list_29_198-list-198' class='mc-has-category-colors mc-mc_list_198 list-event mc_general mc_no-location  future-event mc_primary_general nonrecurring mc-45-minutes mc-start-13-30 ungrouped mc-event-132 mc-events mc-event mc_rel_general'><header>\t<h4 class='event-title summary' id='mc_198-title-mc-6f84060dbbfdbe6dcf8603dbe3992c11'><button type='button' id='modal-button-mc_list_29_198-list-details-198' data-modal-content-id='mc_list_29_198-list-details-198' data-modal-prefix-class='my-calendar' data-modal-close-text='Fermer' data-modal-title='Remise des bulletins, F\u00fcnfte \u00e0 1\u00e8re' aria-controls='mc_list_29_198-list-details-198' class='list mc-modal button mc-text-button button-link url summary'><div class=\"event-title-container\">12:30: Remise des bulletins, F\u00fcnfte \u00e0 1\u00e8re<\/div><\/button><\/h4>\n<\/header><div id='mc_list_29_198-list-details-198' class='details no-image uses-modal single-details list-details'  aria-labelledby='mc_198-title-mc-6f84060dbbfdbe6dcf8603dbe3992c11'>\n\n\t\r\n\t<div class='time-block'>\r\n\t\t<span class='mc-icon' aria-hidden='true'><\/span>\r\n\t\t<p><span class=\"time-wrapper\"><span class='event-time dtstart'><time class='value-title' datetime='2027-01-29T12:30:00+7200:00' title='2027-01-29T12:30:00+7200:00'>12:30<\/time><\/span> <span class='time-separator'> &ndash; <\/span> <span class='end-time dtend'> <time class='value-title' datetime='2027-01-29T13:15:00+7200:00' title='2027-01-29T13:15:00+7200:00'>13:15<\/time><\/span><\/span><br \/><span class=\"date-wrapper\"><span class='mc-start-date dtstart' title='2027-01-29T12:30:00+7200:00' content='2027-01-29T12:30:00+7200:00'>29\/01\/2027<\/span>  <\/span><\/p>\r\n\t<\/div>\n\t\t<div class=\"sharing\">\t<p class='mc-details'><a aria-label='Lire la suite: 12:30: Remise des bulletins, F\u00fcnfte \u00e0 1\u00e8re' href='https:\/\/dfg-lfa.org\/fr\/mc-events\/zeugnisvergabe-fuer-klassen-5-bis-premiere\/'>Lire la suite<\/a><\/p>\n<\/div><\/div><!--end .details--><\/article><\/div><\/li><li id='list-2027-01-30' class='mc-events samedi sam future-day has-events author2 mcat_general'><h2 class=\"event-date\"><span class=\"mc-list-details-text\">30\/01\/2027<\/span><\/h2><div id='list-date-2027-01-30' class='mc-list-date-wrapper'><article id='mc_list_30_199-list-199' class='mc-has-category-colors mc-mc_list_199 list-event mc_general mc_no-location  future-event mc_primary_general nonrecurring mc-24-heures mc-start-01-00 ungrouped mc-event-133 mc-events mc-event mc_rel_general'><header>\t<h4 class='event-title summary' id='mc_199-title-mc-6f84060dbbfdbe6dcf8603dbe3992c11'><button type='button' id='modal-button-mc_list_30_199-list-details-199' data-modal-content-id='mc_list_30_199-list-details-199' data-modal-prefix-class='my-calendar' data-modal-close-text='Fermer' data-modal-title='Samedi travaill\u00e9' aria-controls='mc_list_30_199-list-details-199' class='list mc-modal button mc-text-button button-link url summary'><div class=\"event-title-container\">Samedi travaill\u00e9<\/div><\/button><\/h4>\n<\/header><div id='mc_list_30_199-list-details-199' class='details no-image uses-modal single-details list-details'  aria-labelledby='mc_199-title-mc-6f84060dbbfdbe6dcf8603dbe3992c11'>\n\n\t\r\n\t<div class='time-block'>\r\n\t\t<span class='mc-icon' aria-hidden='true'><\/span>\r\n\t\t<p><span class=\"time-wrapper\">  <\/span><span class=\"date-wrapper\"><span class='mc-start-date dtstart' title='2027-01-30T00:00:00+7200:00' content='2027-01-30T00:00:00+7200:00'>30\/01\/2027<\/span>  <\/span><\/p>\r\n\t<\/div>\n\t\t<div class=\"sharing\">\t<p class='mc-details'><a aria-label='Lire la suite: Samedi travaill\u00e9' href='https:\/\/dfg-lfa.org\/fr\/mc-events\/schulsamstag-7\/'>Lire la suite<\/a><\/p>\n<\/div><\/div><!--end .details--><\/article><\/div><\/li><li id='list-2027-02-04' class='mc-events jeudi jeu future-day has-events author2 mcat_general'><h2 class=\"event-date\"><span class=\"mc-list-details-text\">04\/02\/2027<\/span><\/h2><div id='list-date-2027-02-04' class='mc-list-date-wrapper'><article id='mc_list_04_201-list-201' class='mc-has-category-colors mc-mc_list_201 list-event mc_general mc_no-location  future-event mc_primary_general nonrecurring mc-24-heures mc-start-01-00 ungrouped mc-event-135 mc-events mc-event mc_rel_general'><header>\t<h4 class='event-title summary' id='mc_201-title-mc-6f84060dbbfdbe6dcf8603dbe3992c11'><button type='button' id='modal-button-mc_list_04_201-list-details-201' data-modal-content-id='mc_list_04_201-list-details-201' data-modal-prefix-class='my-calendar' data-modal-close-text='Fermer' data-modal-title='R\u00e9union parents professeurs' aria-controls='mc_list_04_201-list-details-201' class='list mc-modal button mc-text-button button-link url summary'><div class=\"event-title-container\">R\u00e9union parents professeurs<\/div><\/button><\/h4>\n<\/header><div id='mc_list_04_201-list-details-201' class='details no-image uses-modal single-details list-details'  aria-labelledby='mc_201-title-mc-6f84060dbbfdbe6dcf8603dbe3992c11'>\n\n\t\r\n\t<div class='time-block'>\r\n\t\t<span class='mc-icon' aria-hidden='true'><\/span>\r\n\t\t<p><span class=\"time-wrapper\">  <\/span><span class=\"date-wrapper\"><span class='mc-start-date dtstart' title='2027-02-04T00:00:00+7200:00' content='2027-02-04T00:00:00+7200:00'>04\/02\/2027<\/span>  <\/span><\/p>\r\n\t<\/div>\n\t\t<div class=\"sharing\">\t<p class='mc-details'><a aria-label='Lire la suite: R\u00e9union parents professeurs' href='https:\/\/dfg-lfa.org\/fr\/mc-events\/elternsprechtag\/'>Lire la suite<\/a><\/p>\n<\/div><\/div><!--end .details--><\/article><article id='mc_list_04_200-list-200' class='mc-has-category-colors mc-mc_list_200 list-event mc_general mc_no-location  future-event mc_primary_general nonrecurring mc-24-heures mc-start-01-00 ungrouped mc-event-134 mc-events mc-event mc_rel_general'><header>\t<h4 class='event-title summary' id='mc_200-title-mc-6f84060dbbfdbe6dcf8603dbe3992c11'><button type='button' id='modal-button-mc_list_04_200-list-details-200' data-modal-content-id='mc_list_04_200-list-details-200' data-modal-prefix-class='my-calendar' data-modal-close-text='Fermer' data-modal-title='R\u00e9union d&#039;informations pour les parents et les \u00e9l\u00e8ves de 3\u00e8me sur la classe de 2nde' aria-controls='mc_list_04_200-list-details-200' class='list mc-modal button mc-text-button button-link url summary'><div class=\"event-title-container\">R\u00e9union d'informations pour les parents et les \u00e9l\u00e8ves de 3\u00e8me sur la classe de 2nde<\/div><\/button><\/h4>\n<\/header><div id='mc_list_04_200-list-details-200' class='details no-image uses-modal single-details list-details'  aria-labelledby='mc_200-title-mc-6f84060dbbfdbe6dcf8603dbe3992c11'>\n\n\t\r\n\t<div class='time-block'>\r\n\t\t<span class='mc-icon' aria-hidden='true'><\/span>\r\n\t\t<p><span class=\"time-wrapper\">  <\/span><span class=\"date-wrapper\"><span class='mc-start-date dtstart' title='2027-02-04T00:00:00+7200:00' content='2027-02-04T00:00:00+7200:00'>04\/02\/2027<\/span>  <\/span><\/p>\r\n\t<\/div>\n\t\t<div class=\"sharing\">\t<p class='mc-details'><a aria-label='Lire la suite: R\u00e9union d&#039;informations pour les parents et les \u00e9l\u00e8ves de 3\u00e8me sur la classe de 2nde' href='https:\/\/dfg-lfa.org\/fr\/mc-events\/unbenannte-veranstaltung\/'>Lire la suite<\/a><\/p>\n<\/div><\/div><!--end .details--><\/article><\/div><\/li><li id='list-2027-02-08' class='mc-events lundi lun future-day has-events author2 mcat_general'><h2 class=\"event-date\"><span class=\"mc-list-details-text\">08\/02\/2027<\/span><\/h2><div id='list-date-2027-02-08' class='mc-list-date-wrapper'><article id='mc_list_08_202-list-202' class='mc-has-category-colors mc-mc_list_202 list-event mc_general mc_no-location  future-event mc_primary_general nonrecurring mc-1-semaine mc-start-01-00 ungrouped mc-event-136 mc-events multidate mc-event mc_rel_general'><header>\t<h4 class='event-title summary' id='mc_202-title-mc-6f84060dbbfdbe6dcf8603dbe3992c11'><button type='button' id='modal-button-mc_list_08_202-list-details-202' data-modal-content-id='mc_list_08_202-list-details-202' data-modal-prefix-class='my-calendar' data-modal-close-text='Fermer' data-modal-title='Vacances de f\u00e9vrier' aria-controls='mc_list_08_202-list-details-202' class='list mc-modal button mc-text-button button-link url summary'><div class=\"event-title-container\">Vacances de f\u00e9vrier<\/div><\/button><\/h4>\n<\/header><div id='mc_list_08_202-list-details-202' class='details no-image uses-modal single-details list-details'  aria-labelledby='mc_202-title-mc-6f84060dbbfdbe6dcf8603dbe3992c11'>\n\n\t\r\n\t<div class='time-block'>\r\n\t\t<span class='mc-icon' aria-hidden='true'><\/span>\r\n\t\t<p><span class=\"time-wrapper\">  <\/span><span class=\"date-wrapper\"><span class='mc-start-date dtstart' title='2027-02-08T00:00:00+7200:00' content='2027-02-08T00:00:00+7200:00'>08\/02\/2027<\/span> <span class='date-separator'> &ndash; <\/span> <span class=\"event-time dtend\">16\/02\/2027<\/span><\/span><\/p>\r\n\t<\/div>\n\t\t<div class=\"sharing\">\t<p class='mc-details'><a aria-label='Lire la suite: Vacances de f\u00e9vrier' href='https:\/\/dfg-lfa.org\/fr\/mc-events\/februarferien\/'>Lire la suite<\/a><\/p>\n<\/div><\/div><!--end .details--><\/article><\/div><\/li><li id='list-2027-02-09' class='mc-events mardi mar future-day has-events author2 mcat_general'><h2 class=\"event-date\"><span class=\"mc-list-details-text\">09\/02\/2027<\/span><\/h2><div id='list-date-2027-02-09' class='mc-list-date-wrapper'><article id='mc_list_09_202-list-202' class='mc-has-category-colors mc-mc_list_202 list-event mc_general mc_no-location  future-event mc_primary_general nonrecurring mc-1-semaine mc-start-01-00 ungrouped mc-event-136 mc-events multidate mc-event mc_rel_general'><header>\t<h4 class='event-title summary' id='mc_202-title-mc-6f84060dbbfdbe6dcf8603dbe3992c11'><button type='button' id='modal-button-mc_list_09_202-list-details-202' data-modal-content-id='mc_list_09_202-list-details-202' data-modal-prefix-class='my-calendar' data-modal-close-text='Fermer' data-modal-title='Vacances de f\u00e9vrier' aria-controls='mc_list_09_202-list-details-202' class='list mc-modal button mc-text-button button-link url summary'><div class=\"event-title-container\">Vacances de f\u00e9vrier<\/div><\/button><\/h4>\n<\/header><div id='mc_list_09_202-list-details-202' class='details no-image uses-modal single-details list-details'  aria-labelledby='mc_202-title-mc-6f84060dbbfdbe6dcf8603dbe3992c11'>\n\n\t\r\n\t<div class='time-block'>\r\n\t\t<span class='mc-icon' aria-hidden='true'><\/span>\r\n\t\t<p><span class=\"time-wrapper\">  <\/span><span class=\"date-wrapper\"><span class='mc-start-date dtstart' title='2027-02-08T00:00:00+7200:00' content='2027-02-08T00:00:00+7200:00'>08\/02\/2027<\/span> <span class='date-separator'> &ndash; <\/span> <span class=\"event-time dtend\">16\/02\/2027<\/span><\/span><\/p>\r\n\t<\/div>\n\t\t<div class=\"sharing\">\t<p class='mc-details'><a aria-label='Lire la suite: Vacances de f\u00e9vrier' href='https:\/\/dfg-lfa.org\/fr\/mc-events\/februarferien\/'>Lire la suite<\/a><\/p>\n<\/div><\/div><!--end .details--><\/article><\/div><\/li><li id='list-2027-02-10' class='mc-events mercredi mer future-day has-events author2 mcat_general'><h2 class=\"event-date\"><span class=\"mc-list-details-text\">10\/02\/2027<\/span><\/h2><div id='list-date-2027-02-10' class='mc-list-date-wrapper'><article id='mc_list_10_202-list-202' class='mc-has-category-colors mc-mc_list_202 list-event mc_general mc_no-location  future-event mc_primary_general nonrecurring mc-1-semaine mc-start-01-00 ungrouped mc-event-136 mc-events multidate mc-event mc_rel_general'><header>\t<h4 class='event-title summary' id='mc_202-title-mc-6f84060dbbfdbe6dcf8603dbe3992c11'><button type='button' id='modal-button-mc_list_10_202-list-details-202' data-modal-content-id='mc_list_10_202-list-details-202' data-modal-prefix-class='my-calendar' data-modal-close-text='Fermer' data-modal-title='Vacances de f\u00e9vrier' aria-controls='mc_list_10_202-list-details-202' class='list mc-modal button mc-text-button button-link url summary'><div class=\"event-title-container\">Vacances de f\u00e9vrier<\/div><\/button><\/h4>\n<\/header><div id='mc_list_10_202-list-details-202' class='details no-image uses-modal single-details list-details'  aria-labelledby='mc_202-title-mc-6f84060dbbfdbe6dcf8603dbe3992c11'>\n\n\t\r\n\t<div class='time-block'>\r\n\t\t<span class='mc-icon' aria-hidden='true'><\/span>\r\n\t\t<p><span class=\"time-wrapper\">  <\/span><span class=\"date-wrapper\"><span class='mc-start-date dtstart' title='2027-02-08T00:00:00+7200:00' content='2027-02-08T00:00:00+7200:00'>08\/02\/2027<\/span> <span class='date-separator'> &ndash; <\/span> <span class=\"event-time dtend\">16\/02\/2027<\/span><\/span><\/p>\r\n\t<\/div>\n\t\t<div class=\"sharing\">\t<p class='mc-details'><a aria-label='Lire la suite: Vacances de f\u00e9vrier' href='https:\/\/dfg-lfa.org\/fr\/mc-events\/februarferien\/'>Lire la suite<\/a><\/p>\n<\/div><\/div><!--end .details--><\/article><\/div><\/li><li id='list-2027-02-11' class='mc-events jeudi jeu future-day has-events author2 mcat_general'><h2 class=\"event-date\"><span class=\"mc-list-details-text\">11\/02\/2027<\/span><\/h2><div id='list-date-2027-02-11' class='mc-list-date-wrapper'><article id='mc_list_11_202-list-202' class='mc-has-category-colors mc-mc_list_202 list-event mc_general mc_no-location  future-event mc_primary_general nonrecurring mc-1-semaine mc-start-01-00 ungrouped mc-event-136 mc-events multidate mc-event mc_rel_general'><header>\t<h4 class='event-title summary' id='mc_202-title-mc-6f84060dbbfdbe6dcf8603dbe3992c11'><button type='button' id='modal-button-mc_list_11_202-list-details-202' data-modal-content-id='mc_list_11_202-list-details-202' data-modal-prefix-class='my-calendar' data-modal-close-text='Fermer' data-modal-title='Vacances de f\u00e9vrier' aria-controls='mc_list_11_202-list-details-202' class='list mc-modal button mc-text-button button-link url summary'><div class=\"event-title-container\">Vacances de f\u00e9vrier<\/div><\/button><\/h4>\n<\/header><div id='mc_list_11_202-list-details-202' class='details no-image uses-modal single-details list-details'  aria-labelledby='mc_202-title-mc-6f84060dbbfdbe6dcf8603dbe3992c11'>\n\n\t\r\n\t<div class='time-block'>\r\n\t\t<span class='mc-icon' aria-hidden='true'><\/span>\r\n\t\t<p><span class=\"time-wrapper\">  <\/span><span class=\"date-wrapper\"><span class='mc-start-date dtstart' title='2027-02-08T00:00:00+7200:00' content='2027-02-08T00:00:00+7200:00'>08\/02\/2027<\/span> <span class='date-separator'> &ndash; <\/span> <span class=\"event-time dtend\">16\/02\/2027<\/span><\/span><\/p>\r\n\t<\/div>\n\t\t<div class=\"sharing\">\t<p class='mc-details'><a aria-label='Lire la suite: Vacances de f\u00e9vrier' href='https:\/\/dfg-lfa.org\/fr\/mc-events\/februarferien\/'>Lire la suite<\/a><\/p>\n<\/div><\/div><!--end .details--><\/article><\/div><\/li><li id='list-2027-02-12' class='mc-events vendredi ven future-day has-events author2 mcat_general'><h2 class=\"event-date\"><span class=\"mc-list-details-text\">12\/02\/2027<\/span><\/h2><div id='list-date-2027-02-12' class='mc-list-date-wrapper'><article id='mc_list_12_202-list-202' class='mc-has-category-colors mc-mc_list_202 list-event mc_general mc_no-location  future-event mc_primary_general nonrecurring mc-1-semaine mc-start-01-00 ungrouped mc-event-136 mc-events multidate mc-event mc_rel_general'><header>\t<h4 class='event-title summary' id='mc_202-title-mc-6f84060dbbfdbe6dcf8603dbe3992c11'><button type='button' id='modal-button-mc_list_12_202-list-details-202' data-modal-content-id='mc_list_12_202-list-details-202' data-modal-prefix-class='my-calendar' data-modal-close-text='Fermer' data-modal-title='Vacances de f\u00e9vrier' aria-controls='mc_list_12_202-list-details-202' class='list mc-modal button mc-text-button button-link url summary'><div class=\"event-title-container\">Vacances de f\u00e9vrier<\/div><\/button><\/h4>\n<\/header><div id='mc_list_12_202-list-details-202' class='details no-image uses-modal single-details list-details'  aria-labelledby='mc_202-title-mc-6f84060dbbfdbe6dcf8603dbe3992c11'>\n\n\t\r\n\t<div class='time-block'>\r\n\t\t<span class='mc-icon' aria-hidden='true'><\/span>\r\n\t\t<p><span class=\"time-wrapper\">  <\/span><span class=\"date-wrapper\"><span class='mc-start-date dtstart' title='2027-02-08T00:00:00+7200:00' content='2027-02-08T00:00:00+7200:00'>08\/02\/2027<\/span> <span class='date-separator'> &ndash; <\/span> <span class=\"event-time dtend\">16\/02\/2027<\/span><\/span><\/p>\r\n\t<\/div>\n\t\t<div class=\"sharing\">\t<p class='mc-details'><a aria-label='Lire la suite: Vacances de f\u00e9vrier' href='https:\/\/dfg-lfa.org\/fr\/mc-events\/februarferien\/'>Lire la suite<\/a><\/p>\n<\/div><\/div><!--end .details--><\/article><\/div><\/li><li id='list-2027-02-13' class='mc-events samedi sam future-day has-events author2 mcat_general'><h2 class=\"event-date\"><span class=\"mc-list-details-text\">13\/02\/2027<\/span><\/h2><div id='list-date-2027-02-13' class='mc-list-date-wrapper'><article id='mc_list_13_202-list-202' class='mc-has-category-colors mc-mc_list_202 list-event mc_general mc_no-location  future-event mc_primary_general nonrecurring mc-1-semaine mc-start-01-00 ungrouped mc-event-136 mc-events multidate mc-event mc_rel_general'><header>\t<h4 class='event-title summary' id='mc_202-title-mc-6f84060dbbfdbe6dcf8603dbe3992c11'><button type='button' id='modal-button-mc_list_13_202-list-details-202' data-modal-content-id='mc_list_13_202-list-details-202' data-modal-prefix-class='my-calendar' data-modal-close-text='Fermer' data-modal-title='Vacances de f\u00e9vrier' aria-controls='mc_list_13_202-list-details-202' class='list mc-modal button mc-text-button button-link url summary'><div class=\"event-title-container\">Vacances de f\u00e9vrier<\/div><\/button><\/h4>\n<\/header><div id='mc_list_13_202-list-details-202' class='details no-image uses-modal single-details list-details'  aria-labelledby='mc_202-title-mc-6f84060dbbfdbe6dcf8603dbe3992c11'>\n\n\t\r\n\t<div class='time-block'>\r\n\t\t<span class='mc-icon' aria-hidden='true'><\/span>\r\n\t\t<p><span class=\"time-wrapper\">  <\/span><span class=\"date-wrapper\"><span class='mc-start-date dtstart' title='2027-02-08T00:00:00+7200:00' content='2027-02-08T00:00:00+7200:00'>08\/02\/2027<\/span> <span class='date-separator'> &ndash; <\/span> <span class=\"event-time dtend\">16\/02\/2027<\/span><\/span><\/p>\r\n\t<\/div>\n\t\t<div class=\"sharing\">\t<p class='mc-details'><a aria-label='Lire la suite: Vacances de f\u00e9vrier' href='https:\/\/dfg-lfa.org\/fr\/mc-events\/februarferien\/'>Lire la suite<\/a><\/p>\n<\/div><\/div><!--end .details--><\/article><\/div><\/li><li id='list-2027-02-14' class='mc-events dimanche dim future-day has-events author2 mcat_general'><h2 class=\"event-date\"><span class=\"mc-list-details-text\">14\/02\/2027<\/span><\/h2><div id='list-date-2027-02-14' class='mc-list-date-wrapper'><article id='mc_list_14_202-list-202' class='mc-has-category-colors mc-mc_list_202 list-event mc_general mc_no-location  future-event mc_primary_general nonrecurring mc-1-semaine mc-start-01-00 ungrouped mc-event-136 mc-events multidate mc-event mc_rel_general'><header>\t<h4 class='event-title summary' id='mc_202-title-mc-6f84060dbbfdbe6dcf8603dbe3992c11'><button type='button' id='modal-button-mc_list_14_202-list-details-202' data-modal-content-id='mc_list_14_202-list-details-202' data-modal-prefix-class='my-calendar' data-modal-close-text='Fermer' data-modal-title='Vacances de f\u00e9vrier' aria-controls='mc_list_14_202-list-details-202' class='list mc-modal button mc-text-button button-link url summary'><div class=\"event-title-container\">Vacances de f\u00e9vrier<\/div><\/button><\/h4>\n<\/header><div id='mc_list_14_202-list-details-202' class='details no-image uses-modal single-details list-details'  aria-labelledby='mc_202-title-mc-6f84060dbbfdbe6dcf8603dbe3992c11'>\n\n\t\r\n\t<div class='time-block'>\r\n\t\t<span class='mc-icon' aria-hidden='true'><\/span>\r\n\t\t<p><span class=\"time-wrapper\">  <\/span><span class=\"date-wrapper\"><span class='mc-start-date dtstart' title='2027-02-08T00:00:00+7200:00' content='2027-02-08T00:00:00+7200:00'>08\/02\/2027<\/span> <span class='date-separator'> &ndash; <\/span> <span class=\"event-time dtend\">16\/02\/2027<\/span><\/span><\/p>\r\n\t<\/div>\n\t\t<div class=\"sharing\">\t<p class='mc-details'><a aria-label='Lire la suite: Vacances de f\u00e9vrier' href='https:\/\/dfg-lfa.org\/fr\/mc-events\/februarferien\/'>Lire la suite<\/a><\/p>\n<\/div><\/div><!--end .details--><\/article><\/div><\/li><li id='list-2027-02-15' class='mc-events lundi lun future-day has-events author2 mcat_general'><h2 class=\"event-date\"><span class=\"mc-list-details-text\">15\/02\/2027<\/span><\/h2><div id='list-date-2027-02-15' class='mc-list-date-wrapper'><article id='mc_list_15_202-list-202' class='mc-has-category-colors mc-mc_list_202 list-event mc_general mc_no-location  future-event mc_primary_general nonrecurring mc-1-semaine mc-start-01-00 ungrouped mc-event-136 mc-events multidate mc-event mc_rel_general'><header>\t<h4 class='event-title summary' id='mc_202-title-mc-6f84060dbbfdbe6dcf8603dbe3992c11'><button type='button' id='modal-button-mc_list_15_202-list-details-202' data-modal-content-id='mc_list_15_202-list-details-202' data-modal-prefix-class='my-calendar' data-modal-close-text='Fermer' data-modal-title='Vacances de f\u00e9vrier' aria-controls='mc_list_15_202-list-details-202' class='list mc-modal button mc-text-button button-link url summary'><div class=\"event-title-container\">Vacances de f\u00e9vrier<\/div><\/button><\/h4>\n<\/header><div id='mc_list_15_202-list-details-202' class='details no-image uses-modal single-details list-details'  aria-labelledby='mc_202-title-mc-6f84060dbbfdbe6dcf8603dbe3992c11'>\n\n\t\r\n\t<div class='time-block'>\r\n\t\t<span class='mc-icon' aria-hidden='true'><\/span>\r\n\t\t<p><span class=\"time-wrapper\">  <\/span><span class=\"date-wrapper\"><span class='mc-start-date dtstart' title='2027-02-08T00:00:00+7200:00' content='2027-02-08T00:00:00+7200:00'>08\/02\/2027<\/span> <span class='date-separator'> &ndash; <\/span> <span class=\"event-time dtend\">16\/02\/2027<\/span><\/span><\/p>\r\n\t<\/div>\n\t\t<div class=\"sharing\">\t<p class='mc-details'><a aria-label='Lire la suite: Vacances de f\u00e9vrier' href='https:\/\/dfg-lfa.org\/fr\/mc-events\/februarferien\/'>Lire la suite<\/a><\/p>\n<\/div><\/div><!--end .details--><\/article><\/div><\/li><li id='list-2027-02-16' class='mc-events mardi mar future-day has-events author2 mcat_general'><h2 class=\"event-date\"><span class=\"mc-list-details-text\">16\/02\/2027<\/span><\/h2><div id='list-date-2027-02-16' class='mc-list-date-wrapper'><article id='mc_list_16_202-list-202' class='mc-has-category-colors mc-mc_list_202 list-event mc_general mc_no-location  future-event mc_primary_general nonrecurring mc-1-semaine mc-start-01-00 ungrouped mc-event-136 mc-events multidate mc-event mc_rel_general'><header>\t<h4 class='event-title summary' id='mc_202-title-mc-6f84060dbbfdbe6dcf8603dbe3992c11'><button type='button' id='modal-button-mc_list_16_202-list-details-202' data-modal-content-id='mc_list_16_202-list-details-202' data-modal-prefix-class='my-calendar' data-modal-close-text='Fermer' data-modal-title='Vacances de f\u00e9vrier' aria-controls='mc_list_16_202-list-details-202' class='list mc-modal button mc-text-button button-link url summary'><div class=\"event-title-container\">Vacances de f\u00e9vrier<\/div><\/button><\/h4>\n<\/header><div id='mc_list_16_202-list-details-202' class='details no-image uses-modal single-details list-details'  aria-labelledby='mc_202-title-mc-6f84060dbbfdbe6dcf8603dbe3992c11'>\n\n\t\r\n\t<div class='time-block'>\r\n\t\t<span class='mc-icon' aria-hidden='true'><\/span>\r\n\t\t<p><span class=\"time-wrapper\">  <\/span><span class=\"date-wrapper\"><span class='mc-start-date dtstart' title='2027-02-08T00:00:00+7200:00' content='2027-02-08T00:00:00+7200:00'>08\/02\/2027<\/span> <span class='date-separator'> &ndash; <\/span> <span class=\"event-time dtend\">16\/02\/2027<\/span><\/span><\/p>\r\n\t<\/div>\n\t\t<div class=\"sharing\">\t<p class='mc-details'><a aria-label='Lire la suite: Vacances de f\u00e9vrier' href='https:\/\/dfg-lfa.org\/fr\/mc-events\/februarferien\/'>Lire la suite<\/a><\/p>\n<\/div><\/div><!--end .details--><\/article><\/div><\/li><li id='list-2027-02-22' class='mc-events lundi lun future-day has-events author2 mcat_general'><h2 class=\"event-date\"><span class=\"mc-list-details-text\">22\/02\/2027<\/span><\/h2><div id='list-date-2027-02-22' class='mc-list-date-wrapper'><article id='mc_list_22_203-list-203' class='mc-has-category-colors mc-mc_list_203 list-event mc_general mc_no-location  future-event mc_primary_general nonrecurring mc-5-jours mc-start-01-00 ungrouped mc-event-137 mc-events multidate mc-event mc_rel_general'><header>\t<h4 class='event-title summary' id='mc_203-title-mc-6f84060dbbfdbe6dcf8603dbe3992c11'><button type='button' id='modal-button-mc_list_22_203-list-details-203' data-modal-content-id='mc_list_22_203-list-details-203' data-modal-prefix-class='my-calendar' data-modal-close-text='Fermer' data-modal-title='Voyage \u00e0 Berlin des classes de seconde' aria-controls='mc_list_22_203-list-details-203' class='list mc-modal button mc-text-button button-link url summary'><div class=\"event-title-container\">Voyage \u00e0 Berlin des classes de seconde<\/div><\/button><\/h4>\n<\/header><div id='mc_list_22_203-list-details-203' class='details no-image uses-modal single-details list-details'  aria-labelledby='mc_203-title-mc-6f84060dbbfdbe6dcf8603dbe3992c11'>\n\n\t\r\n\t<div class='time-block'>\r\n\t\t<span class='mc-icon' aria-hidden='true'><\/span>\r\n\t\t<p><span class=\"time-wrapper\">  <\/span><span class=\"date-wrapper\"><span class='mc-start-date dtstart' title='2027-02-22T00:00:00+7200:00' content='2027-02-22T00:00:00+7200:00'>22\/02\/2027<\/span> <span class='date-separator'> &ndash; <\/span> <span class=\"event-time dtend\">26\/02\/2027<\/span><\/span><\/p>\r\n\t<\/div>\n\t\t<div class=\"sharing\">\t<p class='mc-details'><a aria-label='Lire la suite: Voyage \u00e0 Berlin des classes de seconde' href='https:\/\/dfg-lfa.org\/fr\/mc-events\/berlinfahrt-der-klassenstufe-seconde\/'>Lire la suite<\/a><\/p>\n<\/div><\/div><!--end .details--><\/article><\/div><\/li><li id='list-2027-02-23' class='mc-events mardi mar future-day has-events author2 mcat_general'><h2 class=\"event-date\"><span class=\"mc-list-details-text\">23\/02\/2027<\/span><\/h2><div id='list-date-2027-02-23' class='mc-list-date-wrapper'><article id='mc_list_23_203-list-203' class='mc-has-category-colors mc-mc_list_203 list-event mc_general mc_no-location  future-event mc_primary_general nonrecurring mc-5-jours mc-start-01-00 ungrouped mc-event-137 mc-events multidate mc-event mc_rel_general'><header>\t<h4 class='event-title summary' id='mc_203-title-mc-6f84060dbbfdbe6dcf8603dbe3992c11'><button type='button' id='modal-button-mc_list_23_203-list-details-203' data-modal-content-id='mc_list_23_203-list-details-203' data-modal-prefix-class='my-calendar' data-modal-close-text='Fermer' data-modal-title='Voyage \u00e0 Berlin des classes de seconde' aria-controls='mc_list_23_203-list-details-203' class='list mc-modal button mc-text-button button-link url summary'><div class=\"event-title-container\">Voyage \u00e0 Berlin des classes de seconde<\/div><\/button><\/h4>\n<\/header><div id='mc_list_23_203-list-details-203' class='details no-image uses-modal single-details list-details'  aria-labelledby='mc_203-title-mc-6f84060dbbfdbe6dcf8603dbe3992c11'>\n\n\t\r\n\t<div class='time-block'>\r\n\t\t<span class='mc-icon' aria-hidden='true'><\/span>\r\n\t\t<p><span class=\"time-wrapper\">  <\/span><span class=\"date-wrapper\"><span class='mc-start-date dtstart' title='2027-02-22T00:00:00+7200:00' content='2027-02-22T00:00:00+7200:00'>22\/02\/2027<\/span> <span class='date-separator'> &ndash; <\/span> <span class=\"event-time dtend\">26\/02\/2027<\/span><\/span><\/p>\r\n\t<\/div>\n\t\t<div class=\"sharing\">\t<p class='mc-details'><a aria-label='Lire la suite: Voyage \u00e0 Berlin des classes de seconde' href='https:\/\/dfg-lfa.org\/fr\/mc-events\/berlinfahrt-der-klassenstufe-seconde\/'>Lire la suite<\/a><\/p>\n<\/div><\/div><!--end .details--><\/article><\/div><\/li><li id='list-2027-02-24' class='mc-events mercredi mer future-day has-events author2 mcat_general'><h2 class=\"event-date\"><span class=\"mc-list-details-text\">24\/02\/2027<\/span><\/h2><div id='list-date-2027-02-24' class='mc-list-date-wrapper'><article id='mc_list_24_203-list-203' class='mc-has-category-colors mc-mc_list_203 list-event mc_general mc_no-location  future-event mc_primary_general nonrecurring mc-5-jours mc-start-01-00 ungrouped mc-event-137 mc-events multidate mc-event mc_rel_general'><header>\t<h4 class='event-title summary' id='mc_203-title-mc-6f84060dbbfdbe6dcf8603dbe3992c11'><button type='button' id='modal-button-mc_list_24_203-list-details-203' data-modal-content-id='mc_list_24_203-list-details-203' data-modal-prefix-class='my-calendar' data-modal-close-text='Fermer' data-modal-title='Voyage \u00e0 Berlin des classes de seconde' aria-controls='mc_list_24_203-list-details-203' class='list mc-modal button mc-text-button button-link url summary'><div class=\"event-title-container\">Voyage \u00e0 Berlin des classes de seconde<\/div><\/button><\/h4>\n<\/header><div id='mc_list_24_203-list-details-203' class='details no-image uses-modal single-details list-details'  aria-labelledby='mc_203-title-mc-6f84060dbbfdbe6dcf8603dbe3992c11'>\n\n\t\r\n\t<div class='time-block'>\r\n\t\t<span class='mc-icon' aria-hidden='true'><\/span>\r\n\t\t<p><span class=\"time-wrapper\">  <\/span><span class=\"date-wrapper\"><span class='mc-start-date dtstart' title='2027-02-22T00:00:00+7200:00' content='2027-02-22T00:00:00+7200:00'>22\/02\/2027<\/span> <span class='date-separator'> &ndash; <\/span> <span class=\"event-time dtend\">26\/02\/2027<\/span><\/span><\/p>\r\n\t<\/div>\n\t\t<div class=\"sharing\">\t<p class='mc-details'><a aria-label='Lire la suite: Voyage \u00e0 Berlin des classes de seconde' href='https:\/\/dfg-lfa.org\/fr\/mc-events\/berlinfahrt-der-klassenstufe-seconde\/'>Lire la suite<\/a><\/p>\n<\/div><\/div><!--end .details--><\/article><\/div><\/li><li id='list-2027-02-25' class='mc-events jeudi jeu future-day has-events author2 mcat_general'><h2 class=\"event-date\"><span class=\"mc-list-details-text\">25\/02\/2027<\/span><\/h2><div id='list-date-2027-02-25' class='mc-list-date-wrapper'><article id='mc_list_25_203-list-203' class='mc-has-category-colors mc-mc_list_203 list-event mc_general mc_no-location  future-event mc_primary_general nonrecurring mc-5-jours mc-start-01-00 ungrouped mc-event-137 mc-events multidate mc-event mc_rel_general'><header>\t<h4 class='event-title summary' id='mc_203-title-mc-6f84060dbbfdbe6dcf8603dbe3992c11'><button type='button' id='modal-button-mc_list_25_203-list-details-203' data-modal-content-id='mc_list_25_203-list-details-203' data-modal-prefix-class='my-calendar' data-modal-close-text='Fermer' data-modal-title='Voyage \u00e0 Berlin des classes de seconde' aria-controls='mc_list_25_203-list-details-203' class='list mc-modal button mc-text-button button-link url summary'><div class=\"event-title-container\">Voyage \u00e0 Berlin des classes de seconde<\/div><\/button><\/h4>\n<\/header><div id='mc_list_25_203-list-details-203' class='details no-image uses-modal single-details list-details'  aria-labelledby='mc_203-title-mc-6f84060dbbfdbe6dcf8603dbe3992c11'>\n\n\t\r\n\t<div class='time-block'>\r\n\t\t<span class='mc-icon' aria-hidden='true'><\/span>\r\n\t\t<p><span class=\"time-wrapper\">  <\/span><span class=\"date-wrapper\"><span class='mc-start-date dtstart' title='2027-02-22T00:00:00+7200:00' content='2027-02-22T00:00:00+7200:00'>22\/02\/2027<\/span> <span class='date-separator'> &ndash; <\/span> <span class=\"event-time dtend\">26\/02\/2027<\/span><\/span><\/p>\r\n\t<\/div>\n\t\t<div class=\"sharing\">\t<p class='mc-details'><a aria-label='Lire la suite: Voyage \u00e0 Berlin des classes de seconde' href='https:\/\/dfg-lfa.org\/fr\/mc-events\/berlinfahrt-der-klassenstufe-seconde\/'>Lire la suite<\/a><\/p>\n<\/div><\/div><!--end .details--><\/article><\/div><\/li><li id='list-2027-02-26' class='mc-events vendredi ven future-day has-events author2 mcat_general'><h2 class=\"event-date\"><span class=\"mc-list-details-text\">26\/02\/2027<\/span><\/h2><div id='list-date-2027-02-26' class='mc-list-date-wrapper'><article id='mc_list_26_203-list-203' class='mc-has-category-colors mc-mc_list_203 list-event mc_general mc_no-location  future-event mc_primary_general nonrecurring mc-5-jours mc-start-01-00 ungrouped mc-event-137 mc-events multidate mc-event mc_rel_general'><header>\t<h4 class='event-title summary' id='mc_203-title-mc-6f84060dbbfdbe6dcf8603dbe3992c11'><button type='button' id='modal-button-mc_list_26_203-list-details-203' data-modal-content-id='mc_list_26_203-list-details-203' data-modal-prefix-class='my-calendar' data-modal-close-text='Fermer' data-modal-title='Voyage \u00e0 Berlin des classes de seconde' aria-controls='mc_list_26_203-list-details-203' class='list mc-modal button mc-text-button button-link url summary'><div class=\"event-title-container\">Voyage \u00e0 Berlin des classes de seconde<\/div><\/button><\/h4>\n<\/header><div id='mc_list_26_203-list-details-203' class='details no-image uses-modal single-details list-details'  aria-labelledby='mc_203-title-mc-6f84060dbbfdbe6dcf8603dbe3992c11'>\n\n\t\r\n\t<div class='time-block'>\r\n\t\t<span class='mc-icon' aria-hidden='true'><\/span>\r\n\t\t<p><span class=\"time-wrapper\">  <\/span><span class=\"date-wrapper\"><span class='mc-start-date dtstart' title='2027-02-22T00:00:00+7200:00' content='2027-02-22T00:00:00+7200:00'>22\/02\/2027<\/span> <span class='date-separator'> &ndash; <\/span> <span class=\"event-time dtend\">26\/02\/2027<\/span><\/span><\/p>\r\n\t<\/div>\n\t\t<div class=\"sharing\">\t<p class='mc-details'><a aria-label='Lire la suite: Voyage \u00e0 Berlin des classes de seconde' href='https:\/\/dfg-lfa.org\/fr\/mc-events\/berlinfahrt-der-klassenstufe-seconde\/'>Lire la suite<\/a><\/p>\n<\/div><\/div><!--end .details--><\/article><\/div><\/li><li id='list-2027-02-27' class='mc-events samedi sam future-day has-events author2 mcat_general'><h2 class=\"event-date\"><span class=\"mc-list-details-text\">27\/02\/2027<\/span><\/h2><div id='list-date-2027-02-27' class='mc-list-date-wrapper'><article id='mc_list_27_204-list-204' class='mc-has-category-colors mc-mc_list_204 list-event mc_general mc_no-location  future-event mc_primary_general nonrecurring mc-24-heures mc-start-01-00 ungrouped mc-event-138 mc-events mc-event mc_rel_general'><header>\t<h4 class='event-title summary' id='mc_204-title-mc-6f84060dbbfdbe6dcf8603dbe3992c11'><button type='button' id='modal-button-mc_list_27_204-list-details-204' data-modal-content-id='mc_list_27_204-list-details-204' data-modal-prefix-class='my-calendar' data-modal-close-text='Fermer' data-modal-title='Samedi travaill\u00e9' aria-controls='mc_list_27_204-list-details-204' class='list mc-modal button mc-text-button button-link url summary'><div class=\"event-title-container\">Samedi travaill\u00e9<\/div><\/button><\/h4>\n<\/header><div id='mc_list_27_204-list-details-204' class='details no-image uses-modal single-details list-details'  aria-labelledby='mc_204-title-mc-6f84060dbbfdbe6dcf8603dbe3992c11'>\n\n\t\r\n\t<div class='time-block'>\r\n\t\t<span class='mc-icon' aria-hidden='true'><\/span>\r\n\t\t<p><span class=\"time-wrapper\">  <\/span><span class=\"date-wrapper\"><span class='mc-start-date dtstart' title='2027-02-27T00:00:00+7200:00' content='2027-02-27T00:00:00+7200:00'>27\/02\/2027<\/span>  <\/span><\/p>\r\n\t<\/div>\n\t\t<div class=\"sharing\">\t<p class='mc-details'><a aria-label='Lire la suite: Samedi travaill\u00e9' href='https:\/\/dfg-lfa.org\/fr\/mc-events\/schulsamstag-8\/'>Lire la suite<\/a><\/p>\n<\/div><\/div><!--end .details--><\/article><\/div><\/li><li id='list-2027-03-06' class='mc-events samedi sam future-day has-events author2 mcat_general'><h2 class=\"event-date\"><span class=\"mc-list-details-text\">06\/03\/2027<\/span><\/h2><div id='list-date-2027-03-06' class='mc-list-date-wrapper'><article id='mc_list_06_205-list-205' class='mc-has-category-colors mc-mc_list_205 list-event mc_general mc_no-location  future-event mc_primary_general nonrecurring mc-24-heures mc-start-01-00 ungrouped mc-event-139 mc-events mc-event mc_rel_general'><header>\t<h4 class='event-title summary' id='mc_205-title-mc-6f84060dbbfdbe6dcf8603dbe3992c11'><button type='button' id='modal-button-mc_list_06_205-list-details-205' data-modal-content-id='mc_list_06_205-list-details-205' data-modal-prefix-class='my-calendar' data-modal-close-text='Fermer' data-modal-title='Samedi travaill\u00e9' aria-controls='mc_list_06_205-list-details-205' class='list mc-modal button mc-text-button button-link url summary'><div class=\"event-title-container\">Samedi travaill\u00e9<\/div><\/button><\/h4>\n<\/header><div id='mc_list_06_205-list-details-205' class='details no-image uses-modal single-details list-details'  aria-labelledby='mc_205-title-mc-6f84060dbbfdbe6dcf8603dbe3992c11'>\n\n\t\r\n\t<div class='time-block'>\r\n\t\t<span class='mc-icon' aria-hidden='true'><\/span>\r\n\t\t<p><span class=\"time-wrapper\">  <\/span><span class=\"date-wrapper\"><span class='mc-start-date dtstart' title='2027-03-06T00:00:00+7200:00' content='2027-03-06T00:00:00+7200:00'>06\/03\/2027<\/span>  <\/span><\/p>\r\n\t<\/div>\n\t\t<div class=\"sharing\">\t<p class='mc-details'><a aria-label='Lire la suite: Samedi travaill\u00e9' href='https:\/\/dfg-lfa.org\/fr\/mc-events\/schulsamstag-9\/'>Lire la suite<\/a><\/p>\n<\/div><\/div><!--end .details--><\/article><\/div><\/li><li id='list-2027-03-08' class='mc-events lundi lun future-day has-events author2 mcat_general'><h2 class=\"event-date\"><span class=\"mc-list-details-text\">08\/03\/2027<\/span><\/h2><div id='list-date-2027-03-08' class='mc-list-date-wrapper'><article id='mc_list_08_206-list-206' class='mc-has-category-colors mc-mc_list_206 list-event mc_general mc_no-location  future-event mc_primary_general nonrecurring mc-2-semaines mc-start-01-00 ungrouped mc-event-140 mc-events multidate mc-event mc_rel_general'><header>\t<h4 class='event-title summary' id='mc_206-title-mc-6f84060dbbfdbe6dcf8603dbe3992c11'><button type='button' id='modal-button-mc_list_08_206-list-details-206' data-modal-content-id='mc_list_08_206-list-details-206' data-modal-prefix-class='my-calendar' data-modal-close-text='Fermer' data-modal-title='Stage milieu professionnel des classes de 3\u00e8me' aria-controls='mc_list_08_206-list-details-206' class='list mc-modal button mc-text-button button-link url summary'><div class=\"event-title-container\">Stage milieu professionnel des classes de 3\u00e8me<\/div><\/button><\/h4>\n<\/header><div id='mc_list_08_206-list-details-206' class='details no-image uses-modal single-details list-details'  aria-labelledby='mc_206-title-mc-6f84060dbbfdbe6dcf8603dbe3992c11'>\n\n\t\r\n\t<div class='time-block'>\r\n\t\t<span class='mc-icon' aria-hidden='true'><\/span>\r\n\t\t<p><span class=\"time-wrapper\">  <\/span><span class=\"date-wrapper\"><span class='mc-start-date dtstart' title='2027-03-08T00:00:00+7200:00' content='2027-03-08T00:00:00+7200:00'>08\/03\/2027<\/span> <span class='date-separator'> &ndash; <\/span> <span class=\"event-time dtend\">20\/03\/2027<\/span><\/span><\/p>\r\n\t<\/div>\n\t\t<div class=\"sharing\">\t<p class='mc-details'><a aria-label='Lire la suite: Stage milieu professionnel des classes de 3\u00e8me' href='https:\/\/dfg-lfa.org\/fr\/mc-events\/berufsprakikum-der-klassentufe-9\/'>Lire la suite<\/a><\/p>\n<\/div><\/div><!--end .details--><\/article><\/div><\/li><li id='list-2027-03-09' class='mc-events mardi mar future-day has-events author2 mcat_general'><h2 class=\"event-date\"><span class=\"mc-list-details-text\">09\/03\/2027<\/span><\/h2><div id='list-date-2027-03-09' class='mc-list-date-wrapper'><article id='mc_list_09_206-list-206' class='mc-has-category-colors mc-mc_list_206 list-event mc_general mc_no-location  future-event mc_primary_general nonrecurring mc-2-semaines mc-start-01-00 ungrouped mc-event-140 mc-events multidate mc-event mc_rel_general'><header>\t<h4 class='event-title summary' id='mc_206-title-mc-6f84060dbbfdbe6dcf8603dbe3992c11'><button type='button' id='modal-button-mc_list_09_206-list-details-206' data-modal-content-id='mc_list_09_206-list-details-206' data-modal-prefix-class='my-calendar' data-modal-close-text='Fermer' data-modal-title='Stage milieu professionnel des classes de 3\u00e8me' aria-controls='mc_list_09_206-list-details-206' class='list mc-modal button mc-text-button button-link url summary'><div class=\"event-title-container\">Stage milieu professionnel des classes de 3\u00e8me<\/div><\/button><\/h4>\n<\/header><div id='mc_list_09_206-list-details-206' class='details no-image uses-modal single-details list-details'  aria-labelledby='mc_206-title-mc-6f84060dbbfdbe6dcf8603dbe3992c11'>\n\n\t\r\n\t<div class='time-block'>\r\n\t\t<span class='mc-icon' aria-hidden='true'><\/span>\r\n\t\t<p><span class=\"time-wrapper\">  <\/span><span class=\"date-wrapper\"><span class='mc-start-date dtstart' title='2027-03-08T00:00:00+7200:00' content='2027-03-08T00:00:00+7200:00'>08\/03\/2027<\/span> <span class='date-separator'> &ndash; <\/span> <span class=\"event-time dtend\">20\/03\/2027<\/span><\/span><\/p>\r\n\t<\/div>\n\t\t<div class=\"sharing\">\t<p class='mc-details'><a aria-label='Lire la suite: Stage milieu professionnel des classes de 3\u00e8me' href='https:\/\/dfg-lfa.org\/fr\/mc-events\/berufsprakikum-der-klassentufe-9\/'>Lire la suite<\/a><\/p>\n<\/div><\/div><!--end .details--><\/article><\/div><\/li><li id='list-2027-03-10' class='mc-events mercredi mer future-day has-events author2 mcat_general'><h2 class=\"event-date\"><span class=\"mc-list-details-text\">10\/03\/2027<\/span><\/h2><div id='list-date-2027-03-10' class='mc-list-date-wrapper'><article id='mc_list_10_206-list-206' class='mc-has-category-colors mc-mc_list_206 list-event mc_general mc_no-location  future-event mc_primary_general nonrecurring mc-2-semaines mc-start-01-00 ungrouped mc-event-140 mc-events multidate mc-event mc_rel_general'><header>\t<h4 class='event-title summary' id='mc_206-title-mc-6f84060dbbfdbe6dcf8603dbe3992c11'><button type='button' id='modal-button-mc_list_10_206-list-details-206' data-modal-content-id='mc_list_10_206-list-details-206' data-modal-prefix-class='my-calendar' data-modal-close-text='Fermer' data-modal-title='Stage milieu professionnel des classes de 3\u00e8me' aria-controls='mc_list_10_206-list-details-206' class='list mc-modal button mc-text-button button-link url summary'><div class=\"event-title-container\">Stage milieu professionnel des classes de 3\u00e8me<\/div><\/button><\/h4>\n<\/header><div id='mc_list_10_206-list-details-206' class='details no-image uses-modal single-details list-details'  aria-labelledby='mc_206-title-mc-6f84060dbbfdbe6dcf8603dbe3992c11'>\n\n\t\r\n\t<div class='time-block'>\r\n\t\t<span class='mc-icon' aria-hidden='true'><\/span>\r\n\t\t<p><span class=\"time-wrapper\">  <\/span><span class=\"date-wrapper\"><span class='mc-start-date dtstart' title='2027-03-08T00:00:00+7200:00' content='2027-03-08T00:00:00+7200:00'>08\/03\/2027<\/span> <span class='date-separator'> &ndash; <\/span> <span class=\"event-time dtend\">20\/03\/2027<\/span><\/span><\/p>\r\n\t<\/div>\n\t\t<div class=\"sharing\">\t<p class='mc-details'><a aria-label='Lire la suite: Stage milieu professionnel des classes de 3\u00e8me' href='https:\/\/dfg-lfa.org\/fr\/mc-events\/berufsprakikum-der-klassentufe-9\/'>Lire la suite<\/a><\/p>\n<\/div><\/div><!--end .details--><\/article><\/div><\/li><li id='list-2027-03-11' class='mc-events jeudi jeu future-day has-events author2 mcat_general'><h2 class=\"event-date\"><span class=\"mc-list-details-text\">11\/03\/2027<\/span><\/h2><div id='list-date-2027-03-11' class='mc-list-date-wrapper'><article id='mc_list_11_206-list-206' class='mc-has-category-colors mc-mc_list_206 list-event mc_general mc_no-location  future-event mc_primary_general nonrecurring mc-2-semaines mc-start-01-00 ungrouped mc-event-140 mc-events multidate mc-event mc_rel_general'><header>\t<h4 class='event-title summary' id='mc_206-title-mc-6f84060dbbfdbe6dcf8603dbe3992c11'><button type='button' id='modal-button-mc_list_11_206-list-details-206' data-modal-content-id='mc_list_11_206-list-details-206' data-modal-prefix-class='my-calendar' data-modal-close-text='Fermer' data-modal-title='Stage milieu professionnel des classes de 3\u00e8me' aria-controls='mc_list_11_206-list-details-206' class='list mc-modal button mc-text-button button-link url summary'><div class=\"event-title-container\">Stage milieu professionnel des classes de 3\u00e8me<\/div><\/button><\/h4>\n<\/header><div id='mc_list_11_206-list-details-206' class='details no-image uses-modal single-details list-details'  aria-labelledby='mc_206-title-mc-6f84060dbbfdbe6dcf8603dbe3992c11'>\n\n\t\r\n\t<div class='time-block'>\r\n\t\t<span class='mc-icon' aria-hidden='true'><\/span>\r\n\t\t<p><span class=\"time-wrapper\">  <\/span><span class=\"date-wrapper\"><span class='mc-start-date dtstart' title='2027-03-08T00:00:00+7200:00' content='2027-03-08T00:00:00+7200:00'>08\/03\/2027<\/span> <span class='date-separator'> &ndash; <\/span> <span class=\"event-time dtend\">20\/03\/2027<\/span><\/span><\/p>\r\n\t<\/div>\n\t\t<div class=\"sharing\">\t<p class='mc-details'><a aria-label='Lire la suite: Stage milieu professionnel des classes de 3\u00e8me' href='https:\/\/dfg-lfa.org\/fr\/mc-events\/berufsprakikum-der-klassentufe-9\/'>Lire la suite<\/a><\/p>\n<\/div><\/div><!--end .details--><\/article><\/div><\/li><li id='list-2027-03-12' class='mc-events vendredi ven future-day has-events author2 mcat_general'><h2 class=\"event-date\"><span class=\"mc-list-details-text\">12\/03\/2027<\/span><\/h2><div id='list-date-2027-03-12' class='mc-list-date-wrapper'><article id='mc_list_12_206-list-206' class='mc-has-category-colors mc-mc_list_206 list-event mc_general mc_no-location  future-event mc_primary_general nonrecurring mc-2-semaines mc-start-01-00 ungrouped mc-event-140 mc-events multidate mc-event mc_rel_general'><header>\t<h4 class='event-title summary' id='mc_206-title-mc-6f84060dbbfdbe6dcf8603dbe3992c11'><button type='button' id='modal-button-mc_list_12_206-list-details-206' data-modal-content-id='mc_list_12_206-list-details-206' data-modal-prefix-class='my-calendar' data-modal-close-text='Fermer' data-modal-title='Stage milieu professionnel des classes de 3\u00e8me' aria-controls='mc_list_12_206-list-details-206' class='list mc-modal button mc-text-button button-link url summary'><div class=\"event-title-container\">Stage milieu professionnel des classes de 3\u00e8me<\/div><\/button><\/h4>\n<\/header><div id='mc_list_12_206-list-details-206' class='details no-image uses-modal single-details list-details'  aria-labelledby='mc_206-title-mc-6f84060dbbfdbe6dcf8603dbe3992c11'>\n\n\t\r\n\t<div class='time-block'>\r\n\t\t<span class='mc-icon' aria-hidden='true'><\/span>\r\n\t\t<p><span class=\"time-wrapper\">  <\/span><span class=\"date-wrapper\"><span class='mc-start-date dtstart' title='2027-03-08T00:00:00+7200:00' content='2027-03-08T00:00:00+7200:00'>08\/03\/2027<\/span> <span class='date-separator'> &ndash; <\/span> <span class=\"event-time dtend\">20\/03\/2027<\/span><\/span><\/p>\r\n\t<\/div>\n\t\t<div class=\"sharing\">\t<p class='mc-details'><a aria-label='Lire la suite: Stage milieu professionnel des classes de 3\u00e8me' href='https:\/\/dfg-lfa.org\/fr\/mc-events\/berufsprakikum-der-klassentufe-9\/'>Lire la suite<\/a><\/p>\n<\/div><\/div><!--end .details--><\/article><\/div><\/li><li id='list-2027-03-13' class='mc-events samedi sam future-day has-events author2 mcat_general'><h2 class=\"event-date\"><span class=\"mc-list-details-text\">13\/03\/2027<\/span><\/h2><div id='list-date-2027-03-13' class='mc-list-date-wrapper'><article id='mc_list_13_206-list-206' class='mc-has-category-colors mc-mc_list_206 list-event mc_general mc_no-location  future-event mc_primary_general nonrecurring mc-2-semaines mc-start-01-00 ungrouped mc-event-140 mc-events multidate mc-event mc_rel_general'><header>\t<h4 class='event-title summary' id='mc_206-title-mc-6f84060dbbfdbe6dcf8603dbe3992c11'><button type='button' id='modal-button-mc_list_13_206-list-details-206' data-modal-content-id='mc_list_13_206-list-details-206' data-modal-prefix-class='my-calendar' data-modal-close-text='Fermer' data-modal-title='Stage milieu professionnel des classes de 3\u00e8me' aria-controls='mc_list_13_206-list-details-206' class='list mc-modal button mc-text-button button-link url summary'><div class=\"event-title-container\">Stage milieu professionnel des classes de 3\u00e8me<\/div><\/button><\/h4>\n<\/header><div id='mc_list_13_206-list-details-206' class='details no-image uses-modal single-details list-details'  aria-labelledby='mc_206-title-mc-6f84060dbbfdbe6dcf8603dbe3992c11'>\n\n\t\r\n\t<div class='time-block'>\r\n\t\t<span class='mc-icon' aria-hidden='true'><\/span>\r\n\t\t<p><span class=\"time-wrapper\">  <\/span><span class=\"date-wrapper\"><span class='mc-start-date dtstart' title='2027-03-08T00:00:00+7200:00' content='2027-03-08T00:00:00+7200:00'>08\/03\/2027<\/span> <span class='date-separator'> &ndash; <\/span> <span class=\"event-time dtend\">20\/03\/2027<\/span><\/span><\/p>\r\n\t<\/div>\n\t\t<div class=\"sharing\">\t<p class='mc-details'><a aria-label='Lire la suite: Stage milieu professionnel des classes de 3\u00e8me' href='https:\/\/dfg-lfa.org\/fr\/mc-events\/berufsprakikum-der-klassentufe-9\/'>Lire la suite<\/a><\/p>\n<\/div><\/div><!--end .details--><\/article><\/div><\/li><li id='list-2027-03-14' class='mc-events dimanche dim future-day has-events author2 mcat_general'><h2 class=\"event-date\"><span class=\"mc-list-details-text\">14\/03\/2027<\/span><\/h2><div id='list-date-2027-03-14' class='mc-list-date-wrapper'><article id='mc_list_14_206-list-206' class='mc-has-category-colors mc-mc_list_206 list-event mc_general mc_no-location  future-event mc_primary_general nonrecurring mc-2-semaines mc-start-01-00 ungrouped mc-event-140 mc-events multidate mc-event mc_rel_general'><header>\t<h4 class='event-title summary' id='mc_206-title-mc-6f84060dbbfdbe6dcf8603dbe3992c11'><button type='button' id='modal-button-mc_list_14_206-list-details-206' data-modal-content-id='mc_list_14_206-list-details-206' data-modal-prefix-class='my-calendar' data-modal-close-text='Fermer' data-modal-title='Stage milieu professionnel des classes de 3\u00e8me' aria-controls='mc_list_14_206-list-details-206' class='list mc-modal button mc-text-button button-link url summary'><div class=\"event-title-container\">Stage milieu professionnel des classes de 3\u00e8me<\/div><\/button><\/h4>\n<\/header><div id='mc_list_14_206-list-details-206' class='details no-image uses-modal single-details list-details'  aria-labelledby='mc_206-title-mc-6f84060dbbfdbe6dcf8603dbe3992c11'>\n\n\t\r\n\t<div class='time-block'>\r\n\t\t<span class='mc-icon' aria-hidden='true'><\/span>\r\n\t\t<p><span class=\"time-wrapper\">  <\/span><span class=\"date-wrapper\"><span class='mc-start-date dtstart' title='2027-03-08T00:00:00+7200:00' content='2027-03-08T00:00:00+7200:00'>08\/03\/2027<\/span> <span class='date-separator'> &ndash; <\/span> <span class=\"event-time dtend\">20\/03\/2027<\/span><\/span><\/p>\r\n\t<\/div>\n\t\t<div class=\"sharing\">\t<p class='mc-details'><a aria-label='Lire la suite: Stage milieu professionnel des classes de 3\u00e8me' href='https:\/\/dfg-lfa.org\/fr\/mc-events\/berufsprakikum-der-klassentufe-9\/'>Lire la suite<\/a><\/p>\n<\/div><\/div><!--end .details--><\/article><\/div><\/li><li id='list-2027-03-15' class='mc-events lundi lun future-day has-events author2 mcat_general'><h2 class=\"event-date\"><span class=\"mc-list-details-text\">15\/03\/2027<\/span><\/h2><div id='list-date-2027-03-15' class='mc-list-date-wrapper'><article id='mc_list_15_206-list-206' class='mc-has-category-colors mc-mc_list_206 list-event mc_general mc_no-location  future-event mc_primary_general nonrecurring mc-2-semaines mc-start-01-00 ungrouped mc-event-140 mc-events multidate mc-event mc_rel_general'><header>\t<h4 class='event-title summary' id='mc_206-title-mc-6f84060dbbfdbe6dcf8603dbe3992c11'><button type='button' id='modal-button-mc_list_15_206-list-details-206' data-modal-content-id='mc_list_15_206-list-details-206' data-modal-prefix-class='my-calendar' data-modal-close-text='Fermer' data-modal-title='Stage milieu professionnel des classes de 3\u00e8me' aria-controls='mc_list_15_206-list-details-206' class='list mc-modal button mc-text-button button-link url summary'><div class=\"event-title-container\">Stage milieu professionnel des classes de 3\u00e8me<\/div><\/button><\/h4>\n<\/header><div id='mc_list_15_206-list-details-206' class='details no-image uses-modal single-details list-details'  aria-labelledby='mc_206-title-mc-6f84060dbbfdbe6dcf8603dbe3992c11'>\n\n\t\r\n\t<div class='time-block'>\r\n\t\t<span class='mc-icon' aria-hidden='true'><\/span>\r\n\t\t<p><span class=\"time-wrapper\">  <\/span><span class=\"date-wrapper\"><span class='mc-start-date dtstart' title='2027-03-08T00:00:00+7200:00' content='2027-03-08T00:00:00+7200:00'>08\/03\/2027<\/span> <span class='date-separator'> &ndash; <\/span> <span class=\"event-time dtend\">20\/03\/2027<\/span><\/span><\/p>\r\n\t<\/div>\n\t\t<div class=\"sharing\">\t<p class='mc-details'><a aria-label='Lire la suite: Stage milieu professionnel des classes de 3\u00e8me' href='https:\/\/dfg-lfa.org\/fr\/mc-events\/berufsprakikum-der-klassentufe-9\/'>Lire la suite<\/a><\/p>\n<\/div><\/div><!--end .details--><\/article><article id='mc_list_15_207-list-207' class='mc-has-category-colors mc-mc_list_207 list-event mc_general mc_no-location  future-event mc_primary_general nonrecurring mc-24-heures mc-start-01-00 ungrouped mc-event-141 mc-events mc-event mc_rel_general'><header>\t<h4 class='event-title summary' id='mc_207-title-mc-6f84060dbbfdbe6dcf8603dbe3992c11'><button type='button' id='modal-button-mc_list_15_207-list-details-207' data-modal-content-id='mc_list_15_207-list-details-207' data-modal-prefix-class='my-calendar' data-modal-close-text='Fermer' data-modal-title='Epreuves sport baccalaur\u00e9at' aria-controls='mc_list_15_207-list-details-207' class='list mc-modal button mc-text-button button-link url summary'><div class=\"event-title-container\">Epreuves sport baccalaur\u00e9at<\/div><\/button><\/h4>\n<\/header><div id='mc_list_15_207-list-details-207' class='details no-image uses-modal single-details list-details'  aria-labelledby='mc_207-title-mc-6f84060dbbfdbe6dcf8603dbe3992c11'>\n\n\t\r\n\t<div class='time-block'>\r\n\t\t<span class='mc-icon' aria-hidden='true'><\/span>\r\n\t\t<p><span class=\"time-wrapper\">  <\/span><span class=\"date-wrapper\"><span class='mc-start-date dtstart' title='2027-03-15T00:00:00+7200:00' content='2027-03-15T00:00:00+7200:00'>15\/03\/2027<\/span>  <\/span><\/p>\r\n\t<\/div>\n\t\t<div class=\"sharing\">\t<p class='mc-details'><a aria-label='Lire la suite: Epreuves sport baccalaur\u00e9at' href='https:\/\/dfg-lfa.org\/fr\/mc-events\/abiturpruefungen-sport\/'>Lire la suite<\/a><\/p>\n<\/div><\/div><!--end .details--><\/article><\/div><\/li><li id='list-2027-03-16' class='mc-events mardi mar future-day has-events author2 mcat_general'><h2 class=\"event-date\"><span class=\"mc-list-details-text\">16\/03\/2027<\/span><\/h2><div id='list-date-2027-03-16' class='mc-list-date-wrapper'><article id='mc_list_16_206-list-206' class='mc-has-category-colors mc-mc_list_206 list-event mc_general mc_no-location  future-event mc_primary_general nonrecurring mc-2-semaines mc-start-01-00 ungrouped mc-event-140 mc-events multidate mc-event mc_rel_general'><header>\t<h4 class='event-title summary' id='mc_206-title-mc-6f84060dbbfdbe6dcf8603dbe3992c11'><button type='button' id='modal-button-mc_list_16_206-list-details-206' data-modal-content-id='mc_list_16_206-list-details-206' data-modal-prefix-class='my-calendar' data-modal-close-text='Fermer' data-modal-title='Stage milieu professionnel des classes de 3\u00e8me' aria-controls='mc_list_16_206-list-details-206' class='list mc-modal button mc-text-button button-link url summary'><div class=\"event-title-container\">Stage milieu professionnel des classes de 3\u00e8me<\/div><\/button><\/h4>\n<\/header><div id='mc_list_16_206-list-details-206' class='details no-image uses-modal single-details list-details'  aria-labelledby='mc_206-title-mc-6f84060dbbfdbe6dcf8603dbe3992c11'>\n\n\t\r\n\t<div class='time-block'>\r\n\t\t<span class='mc-icon' aria-hidden='true'><\/span>\r\n\t\t<p><span class=\"time-wrapper\">  <\/span><span class=\"date-wrapper\"><span class='mc-start-date dtstart' title='2027-03-08T00:00:00+7200:00' content='2027-03-08T00:00:00+7200:00'>08\/03\/2027<\/span> <span class='date-separator'> &ndash; <\/span> <span class=\"event-time dtend\">20\/03\/2027<\/span><\/span><\/p>\r\n\t<\/div>\n\t\t<div class=\"sharing\">\t<p class='mc-details'><a aria-label='Lire la suite: Stage milieu professionnel des classes de 3\u00e8me' href='https:\/\/dfg-lfa.org\/fr\/mc-events\/berufsprakikum-der-klassentufe-9\/'>Lire la suite<\/a><\/p>\n<\/div><\/div><!--end .details--><\/article><article id='mc_list_16_208-list-208' class='mc-has-category-colors mc-mc_list_208 list-event mc_general mc_no-location  future-event mc_primary_general nonrecurring mc-24-heures mc-start-01-00 ungrouped mc-event-142 mc-events mc-event mc_rel_general'><header>\t<h4 class='event-title summary' id='mc_208-title-mc-6f84060dbbfdbe6dcf8603dbe3992c11'><button type='button' id='modal-button-mc_list_16_208-list-details-208' data-modal-content-id='mc_list_16_208-list-details-208' data-modal-prefix-class='my-calendar' data-modal-close-text='Fermer' data-modal-title='Dernier jour de classe des Terminales' aria-controls='mc_list_16_208-list-details-208' class='list mc-modal button mc-text-button button-link url summary'><div class=\"event-title-container\">Dernier jour de classe des Terminales<\/div><\/button><\/h4>\n<\/header><div id='mc_list_16_208-list-details-208' class='details no-image uses-modal single-details list-details'  aria-labelledby='mc_208-title-mc-6f84060dbbfdbe6dcf8603dbe3992c11'>\n\n\t\r\n\t<div class='time-block'>\r\n\t\t<span class='mc-icon' aria-hidden='true'><\/span>\r\n\t\t<p><span class=\"time-wrapper\">  <\/span><span class=\"date-wrapper\"><span class='mc-start-date dtstart' title='2027-03-16T00:00:00+7200:00' content='2027-03-16T00:00:00+7200:00'>16\/03\/2027<\/span>  <\/span><\/p>\r\n\t<\/div>\n\t\t<div class=\"sharing\">\t<p class='mc-details'><a aria-label='Lire la suite: Dernier jour de classe des Terminales' href='https:\/\/dfg-lfa.org\/fr\/mc-events\/letzter-schultag-fuer-die-klassenstufe-terminale\/'>Lire la suite<\/a><\/p>\n<\/div><\/div><!--end .details--><\/article><\/div><\/li><li id='list-2027-03-17' class='mc-events mercredi mer future-day has-events author2 mcat_general'><h2 class=\"event-date\"><span class=\"mc-list-details-text\">17\/03\/2027<\/span><\/h2><div id='list-date-2027-03-17' class='mc-list-date-wrapper'><article id='mc_list_17_206-list-206' class='mc-has-category-colors mc-mc_list_206 list-event mc_general mc_no-location  future-event mc_primary_general nonrecurring mc-2-semaines mc-start-01-00 ungrouped mc-event-140 mc-events multidate mc-event mc_rel_general'><header>\t<h4 class='event-title summary' id='mc_206-title-mc-6f84060dbbfdbe6dcf8603dbe3992c11'><button type='button' id='modal-button-mc_list_17_206-list-details-206' data-modal-content-id='mc_list_17_206-list-details-206' data-modal-prefix-class='my-calendar' data-modal-close-text='Fermer' data-modal-title='Stage milieu professionnel des classes de 3\u00e8me' aria-controls='mc_list_17_206-list-details-206' class='list mc-modal button mc-text-button button-link url summary'><div class=\"event-title-container\">Stage milieu professionnel des classes de 3\u00e8me<\/div><\/button><\/h4>\n<\/header><div id='mc_list_17_206-list-details-206' class='details no-image uses-modal single-details list-details'  aria-labelledby='mc_206-title-mc-6f84060dbbfdbe6dcf8603dbe3992c11'>\n\n\t\r\n\t<div class='time-block'>\r\n\t\t<span class='mc-icon' aria-hidden='true'><\/span>\r\n\t\t<p><span class=\"time-wrapper\">  <\/span><span class=\"date-wrapper\"><span class='mc-start-date dtstart' title='2027-03-08T00:00:00+7200:00' content='2027-03-08T00:00:00+7200:00'>08\/03\/2027<\/span> <span class='date-separator'> &ndash; <\/span> <span class=\"event-time dtend\">20\/03\/2027<\/span><\/span><\/p>\r\n\t<\/div>\n\t\t<div class=\"sharing\">\t<p class='mc-details'><a aria-label='Lire la suite: Stage milieu professionnel des classes de 3\u00e8me' href='https:\/\/dfg-lfa.org\/fr\/mc-events\/berufsprakikum-der-klassentufe-9\/'>Lire la suite<\/a><\/p>\n<\/div><\/div><!--end .details--><\/article><\/div><\/li><li id='list-2027-03-18' class='mc-events jeudi jeu future-day has-events author2 mcat_general'><h2 class=\"event-date\"><span class=\"mc-list-details-text\">18\/03\/2027<\/span><\/h2><div id='list-date-2027-03-18' class='mc-list-date-wrapper'><article id='mc_list_18_206-list-206' class='mc-has-category-colors mc-mc_list_206 list-event mc_general mc_no-location  future-event mc_primary_general nonrecurring mc-2-semaines mc-start-01-00 ungrouped mc-event-140 mc-events multidate mc-event mc_rel_general'><header>\t<h4 class='event-title summary' id='mc_206-title-mc-6f84060dbbfdbe6dcf8603dbe3992c11'><button type='button' id='modal-button-mc_list_18_206-list-details-206' data-modal-content-id='mc_list_18_206-list-details-206' data-modal-prefix-class='my-calendar' data-modal-close-text='Fermer' data-modal-title='Stage milieu professionnel des classes de 3\u00e8me' aria-controls='mc_list_18_206-list-details-206' class='list mc-modal button mc-text-button button-link url summary'><div class=\"event-title-container\">Stage milieu professionnel des classes de 3\u00e8me<\/div><\/button><\/h4>\n<\/header><div id='mc_list_18_206-list-details-206' class='details no-image uses-modal single-details list-details'  aria-labelledby='mc_206-title-mc-6f84060dbbfdbe6dcf8603dbe3992c11'>\n\n\t\r\n\t<div class='time-block'>\r\n\t\t<span class='mc-icon' aria-hidden='true'><\/span>\r\n\t\t<p><span class=\"time-wrapper\">  <\/span><span class=\"date-wrapper\"><span class='mc-start-date dtstart' title='2027-03-08T00:00:00+7200:00' content='2027-03-08T00:00:00+7200:00'>08\/03\/2027<\/span> <span class='date-separator'> &ndash; <\/span> <span class=\"event-time dtend\">20\/03\/2027<\/span><\/span><\/p>\r\n\t<\/div>\n\t\t<div class=\"sharing\">\t<p class='mc-details'><a aria-label='Lire la suite: Stage milieu professionnel des classes de 3\u00e8me' href='https:\/\/dfg-lfa.org\/fr\/mc-events\/berufsprakikum-der-klassentufe-9\/'>Lire la suite<\/a><\/p>\n<\/div><\/div><!--end .details--><\/article><\/div><\/li><li id='list-2027-03-19' class='mc-events vendredi ven future-day has-events author2 mcat_general'><h2 class=\"event-date\"><span class=\"mc-list-details-text\">19\/03\/2027<\/span><\/h2><div id='list-date-2027-03-19' class='mc-list-date-wrapper'><article id='mc_list_19_206-list-206' class='mc-has-category-colors mc-mc_list_206 list-event mc_general mc_no-location  future-event mc_primary_general nonrecurring mc-2-semaines mc-start-01-00 ungrouped mc-event-140 mc-events multidate mc-event mc_rel_general'><header>\t<h4 class='event-title summary' id='mc_206-title-mc-6f84060dbbfdbe6dcf8603dbe3992c11'><button type='button' id='modal-button-mc_list_19_206-list-details-206' data-modal-content-id='mc_list_19_206-list-details-206' data-modal-prefix-class='my-calendar' data-modal-close-text='Fermer' data-modal-title='Stage milieu professionnel des classes de 3\u00e8me' aria-controls='mc_list_19_206-list-details-206' class='list mc-modal button mc-text-button button-link url summary'><div class=\"event-title-container\">Stage milieu professionnel des classes de 3\u00e8me<\/div><\/button><\/h4>\n<\/header><div id='mc_list_19_206-list-details-206' class='details no-image uses-modal single-details list-details'  aria-labelledby='mc_206-title-mc-6f84060dbbfdbe6dcf8603dbe3992c11'>\n\n\t\r\n\t<div class='time-block'>\r\n\t\t<span class='mc-icon' aria-hidden='true'><\/span>\r\n\t\t<p><span class=\"time-wrapper\">  <\/span><span class=\"date-wrapper\"><span class='mc-start-date dtstart' title='2027-03-08T00:00:00+7200:00' content='2027-03-08T00:00:00+7200:00'>08\/03\/2027<\/span> <span class='date-separator'> &ndash; <\/span> <span class=\"event-time dtend\">20\/03\/2027<\/span><\/span><\/p>\r\n\t<\/div>\n\t\t<div class=\"sharing\">\t<p class='mc-details'><a aria-label='Lire la suite: Stage milieu professionnel des classes de 3\u00e8me' href='https:\/\/dfg-lfa.org\/fr\/mc-events\/berufsprakikum-der-klassentufe-9\/'>Lire la suite<\/a><\/p>\n<\/div><\/div><!--end .details--><\/article><article id='mc_list_19_209-list-209' class='mc-has-category-colors mc-mc_list_209 list-event mc_general mc_no-location  future-event mc_primary_general nonrecurring mc-24-heures mc-start-01-00 ungrouped mc-event-143 mc-events mc-event mc_rel_general'><header>\t<h4 class='event-title summary' id='mc_209-title-mc-6f84060dbbfdbe6dcf8603dbe3992c11'><button type='button' id='modal-button-mc_list_19_209-list-details-209' data-modal-content-id='mc_list_19_209-list-details-209' data-modal-prefix-class='my-calendar' data-modal-close-text='Fermer' data-modal-title='Oraux en langue du partenaire' aria-controls='mc_list_19_209-list-details-209' class='list mc-modal button mc-text-button button-link url summary'><div class=\"event-title-container\">Oraux en langue du partenaire<\/div><\/button><\/h4>\n<\/header><div id='mc_list_19_209-list-details-209' class='details no-image uses-modal single-details list-details'  aria-labelledby='mc_209-title-mc-6f84060dbbfdbe6dcf8603dbe3992c11'>\n\n\t\r\n\t<div class='time-block'>\r\n\t\t<span class='mc-icon' aria-hidden='true'><\/span>\r\n\t\t<p><span class=\"time-wrapper\">  <\/span><span class=\"date-wrapper\"><span class='mc-start-date dtstart' title='2027-03-19T00:00:00+7200:00' content='2027-03-19T00:00:00+7200:00'>19\/03\/2027<\/span>  <\/span><\/p>\r\n\t<\/div>\n\t\t<div class=\"sharing\">\t<p class='mc-details'><a aria-label='Lire la suite: Oraux en langue du partenaire' href='https:\/\/dfg-lfa.org\/fr\/mc-events\/muendliche-pruefungen-in-partnersprache\/'>Lire la suite<\/a><\/p>\n<\/div><\/div><!--end .details--><\/article><\/div><\/li><li id='list-2027-03-20' class='mc-events samedi sam future-day has-events author2 mcat_general'><h2 class=\"event-date\"><span class=\"mc-list-details-text\">20\/03\/2027<\/span><\/h2><div id='list-date-2027-03-20' class='mc-list-date-wrapper'><article id='mc_list_20_206-list-206' class='mc-has-category-colors mc-mc_list_206 list-event mc_general mc_no-location  future-event mc_primary_general nonrecurring mc-2-semaines mc-start-01-00 ungrouped mc-event-140 mc-events multidate mc-event mc_rel_general'><header>\t<h4 class='event-title summary' id='mc_206-title-mc-6f84060dbbfdbe6dcf8603dbe3992c11'><button type='button' id='modal-button-mc_list_20_206-list-details-206' data-modal-content-id='mc_list_20_206-list-details-206' data-modal-prefix-class='my-calendar' data-modal-close-text='Fermer' data-modal-title='Stage milieu professionnel des classes de 3\u00e8me' aria-controls='mc_list_20_206-list-details-206' class='list mc-modal button mc-text-button button-link url summary'><div class=\"event-title-container\">Stage milieu professionnel des classes de 3\u00e8me<\/div><\/button><\/h4>\n<\/header><div id='mc_list_20_206-list-details-206' class='details no-image uses-modal single-details list-details'  aria-labelledby='mc_206-title-mc-6f84060dbbfdbe6dcf8603dbe3992c11'>\n\n\t\r\n\t<div class='time-block'>\r\n\t\t<span class='mc-icon' aria-hidden='true'><\/span>\r\n\t\t<p><span class=\"time-wrapper\">  <\/span><span class=\"date-wrapper\"><span class='mc-start-date dtstart' title='2027-03-08T00:00:00+7200:00' content='2027-03-08T00:00:00+7200:00'>08\/03\/2027<\/span> <span class='date-separator'> &ndash; <\/span> <span class=\"event-time dtend\">20\/03\/2027<\/span><\/span><\/p>\r\n\t<\/div>\n\t\t<div class=\"sharing\">\t<p class='mc-details'><a aria-label='Lire la suite: Stage milieu professionnel des classes de 3\u00e8me' href='https:\/\/dfg-lfa.org\/fr\/mc-events\/berufsprakikum-der-klassentufe-9\/'>Lire la suite<\/a><\/p>\n<\/div><\/div><!--end .details--><\/article><article id='mc_list_20_211-list-211' class='mc-has-category-colors mc-mc_list_211 list-event mc_general mc_no-location  future-event mc_primary_general nonrecurring mc-24-heures mc-start-01-00 ungrouped mc-event-145 mc-events mc-event mc_rel_general'><header>\t<h4 class='event-title summary' id='mc_211-title-mc-6f84060dbbfdbe6dcf8603dbe3992c11'><button type='button' id='modal-button-mc_list_20_211-list-details-211' data-modal-content-id='mc_list_20_211-list-details-211' data-modal-prefix-class='my-calendar' data-modal-close-text='Fermer' data-modal-title='Samedi travaill\u00e9' aria-controls='mc_list_20_211-list-details-211' class='list mc-modal button mc-text-button button-link url summary'><div class=\"event-title-container\">Samedi travaill\u00e9<\/div><\/button><\/h4>\n<\/header><div id='mc_list_20_211-list-details-211' class='details no-image uses-modal single-details list-details'  aria-labelledby='mc_211-title-mc-6f84060dbbfdbe6dcf8603dbe3992c11'>\n\n\t\r\n\t<div class='time-block'>\r\n\t\t<span class='mc-icon' aria-hidden='true'><\/span>\r\n\t\t<p><span class=\"time-wrapper\">  <\/span><span class=\"date-wrapper\"><span class='mc-start-date dtstart' title='2027-03-20T00:00:00+7200:00' content='2027-03-20T00:00:00+7200:00'>20\/03\/2027<\/span>  <\/span><\/p>\r\n\t<\/div>\n\t\t<div class=\"sharing\">\t<p class='mc-details'><a aria-label='Lire la suite: Samedi travaill\u00e9' href='https:\/\/dfg-lfa.org\/fr\/mc-events\/schulsamstag-10\/'>Lire la suite<\/a><\/p>\n<\/div><\/div><!--end .details--><\/article><\/div><\/li><li id='list-2027-03-22' class='mc-events lundi lun future-day has-events author2 mcat_general'><h2 class=\"event-date\"><span class=\"mc-list-details-text\">22\/03\/2027<\/span><\/h2><div id='list-date-2027-03-22' class='mc-list-date-wrapper'><article id='mc_list_22_210-list-210' class='mc-has-category-colors mc-mc_list_210 list-event mc_general mc_no-location  future-event mc_primary_general nonrecurring mc-4-jours mc-start-01-00 ungrouped mc-event-144 mc-events multidate mc-event mc_rel_general'><header>\t<h4 class='event-title summary' id='mc_210-title-mc-6f84060dbbfdbe6dcf8603dbe3992c11'><button type='button' id='modal-button-mc_list_22_210-list-details-210' data-modal-content-id='mc_list_22_210-list-details-210' data-modal-prefix-class='my-calendar' data-modal-close-text='Fermer' data-modal-title='Oraux en langue du partenaire' aria-controls='mc_list_22_210-list-details-210' class='list mc-modal button mc-text-button button-link url summary'><div class=\"event-title-container\">Oraux en langue du partenaire<\/div><\/button><\/h4>\n<\/header><div id='mc_list_22_210-list-details-210' class='details no-image uses-modal single-details list-details'  aria-labelledby='mc_210-title-mc-6f84060dbbfdbe6dcf8603dbe3992c11'>\n\n\t\r\n\t<div class='time-block'>\r\n\t\t<span class='mc-icon' aria-hidden='true'><\/span>\r\n\t\t<p><span class=\"time-wrapper\">  <\/span><span class=\"date-wrapper\"><span class='mc-start-date dtstart' title='2027-03-22T00:00:00+7200:00' content='2027-03-22T00:00:00+7200:00'>22\/03\/2027<\/span> <span class='date-separator'> &ndash; <\/span> <span class=\"event-time dtend\">25\/03\/2027<\/span><\/span><\/p>\r\n\t<\/div>\n\t\t<div class=\"sharing\">\t<p class='mc-details'><a aria-label='Lire la suite: Oraux en langue du partenaire' href='https:\/\/dfg-lfa.org\/fr\/mc-events\/muendliche-pruefungen-in-partnersprache-2\/'>Lire la suite<\/a><\/p>\n<\/div><\/div><!--end .details--><\/article><\/div><\/li><li id='list-2027-03-23' class='mc-events mardi mar future-day has-events author2 mcat_general'><h2 class=\"event-date\"><span class=\"mc-list-details-text\">23\/03\/2027<\/span><\/h2><div id='list-date-2027-03-23' class='mc-list-date-wrapper'><article id='mc_list_23_210-list-210' class='mc-has-category-colors mc-mc_list_210 list-event mc_general mc_no-location  future-event mc_primary_general nonrecurring mc-4-jours mc-start-01-00 ungrouped mc-event-144 mc-events multidate mc-event mc_rel_general'><header>\t<h4 class='event-title summary' id='mc_210-title-mc-6f84060dbbfdbe6dcf8603dbe3992c11'><button type='button' id='modal-button-mc_list_23_210-list-details-210' data-modal-content-id='mc_list_23_210-list-details-210' data-modal-prefix-class='my-calendar' data-modal-close-text='Fermer' data-modal-title='Oraux en langue du partenaire' aria-controls='mc_list_23_210-list-details-210' class='list mc-modal button mc-text-button button-link url summary'><div class=\"event-title-container\">Oraux en langue du partenaire<\/div><\/button><\/h4>\n<\/header><div id='mc_list_23_210-list-details-210' class='details no-image uses-modal single-details list-details'  aria-labelledby='mc_210-title-mc-6f84060dbbfdbe6dcf8603dbe3992c11'>\n\n\t\r\n\t<div class='time-block'>\r\n\t\t<span class='mc-icon' aria-hidden='true'><\/span>\r\n\t\t<p><span class=\"time-wrapper\">  <\/span><span class=\"date-wrapper\"><span class='mc-start-date dtstart' title='2027-03-22T00:00:00+7200:00' content='2027-03-22T00:00:00+7200:00'>22\/03\/2027<\/span> <span class='date-separator'> &ndash; <\/span> <span class=\"event-time dtend\">25\/03\/2027<\/span><\/span><\/p>\r\n\t<\/div>\n\t\t<div class=\"sharing\">\t<p class='mc-details'><a aria-label='Lire la suite: Oraux en langue du partenaire' href='https:\/\/dfg-lfa.org\/fr\/mc-events\/muendliche-pruefungen-in-partnersprache-2\/'>Lire la suite<\/a><\/p>\n<\/div><\/div><!--end .details--><\/article><\/div><\/li><li id='list-2027-03-24' class='mc-events mercredi mer future-day has-events author2 mcat_general'><h2 class=\"event-date\"><span class=\"mc-list-details-text\">24\/03\/2027<\/span><\/h2><div id='list-date-2027-03-24' class='mc-list-date-wrapper'><article id='mc_list_24_210-list-210' class='mc-has-category-colors mc-mc_list_210 list-event mc_general mc_no-location  future-event mc_primary_general nonrecurring mc-4-jours mc-start-01-00 ungrouped mc-event-144 mc-events multidate mc-event mc_rel_general'><header>\t<h4 class='event-title summary' id='mc_210-title-mc-6f84060dbbfdbe6dcf8603dbe3992c11'><button type='button' id='modal-button-mc_list_24_210-list-details-210' data-modal-content-id='mc_list_24_210-list-details-210' data-modal-prefix-class='my-calendar' data-modal-close-text='Fermer' data-modal-title='Oraux en langue du partenaire' aria-controls='mc_list_24_210-list-details-210' class='list mc-modal button mc-text-button button-link url summary'><div class=\"event-title-container\">Oraux en langue du partenaire<\/div><\/button><\/h4>\n<\/header><div id='mc_list_24_210-list-details-210' class='details no-image uses-modal single-details list-details'  aria-labelledby='mc_210-title-mc-6f84060dbbfdbe6dcf8603dbe3992c11'>\n\n\t\r\n\t<div class='time-block'>\r\n\t\t<span class='mc-icon' aria-hidden='true'><\/span>\r\n\t\t<p><span class=\"time-wrapper\">  <\/span><span class=\"date-wrapper\"><span class='mc-start-date dtstart' title='2027-03-22T00:00:00+7200:00' content='2027-03-22T00:00:00+7200:00'>22\/03\/2027<\/span> <span class='date-separator'> &ndash; <\/span> <span class=\"event-time dtend\">25\/03\/2027<\/span><\/span><\/p>\r\n\t<\/div>\n\t\t<div class=\"sharing\">\t<p class='mc-details'><a aria-label='Lire la suite: Oraux en langue du partenaire' href='https:\/\/dfg-lfa.org\/fr\/mc-events\/muendliche-pruefungen-in-partnersprache-2\/'>Lire la suite<\/a><\/p>\n<\/div><\/div><!--end .details--><\/article><\/div><\/li><li id='list-2027-03-25' class='mc-events jeudi jeu future-day has-events author2 mcat_general'><h2 class=\"event-date\"><span class=\"mc-list-details-text\">25\/03\/2027<\/span><\/h2><div id='list-date-2027-03-25' class='mc-list-date-wrapper'><article id='mc_list_25_210-list-210' class='mc-has-category-colors mc-mc_list_210 list-event mc_general mc_no-location  future-event mc_primary_general nonrecurring mc-4-jours mc-start-01-00 ungrouped mc-event-144 mc-events multidate mc-event mc_rel_general'><header>\t<h4 class='event-title summary' id='mc_210-title-mc-6f84060dbbfdbe6dcf8603dbe3992c11'><button type='button' id='modal-button-mc_list_25_210-list-details-210' data-modal-content-id='mc_list_25_210-list-details-210' data-modal-prefix-class='my-calendar' data-modal-close-text='Fermer' data-modal-title='Oraux en langue du partenaire' aria-controls='mc_list_25_210-list-details-210' class='list mc-modal button mc-text-button button-link url summary'><div class=\"event-title-container\">Oraux en langue du partenaire<\/div><\/button><\/h4>\n<\/header><div id='mc_list_25_210-list-details-210' class='details no-image uses-modal single-details list-details'  aria-labelledby='mc_210-title-mc-6f84060dbbfdbe6dcf8603dbe3992c11'>\n\n\t\r\n\t<div class='time-block'>\r\n\t\t<span class='mc-icon' aria-hidden='true'><\/span>\r\n\t\t<p><span class=\"time-wrapper\">  <\/span><span class=\"date-wrapper\"><span class='mc-start-date dtstart' title='2027-03-22T00:00:00+7200:00' content='2027-03-22T00:00:00+7200:00'>22\/03\/2027<\/span> <span class='date-separator'> &ndash; <\/span> <span class=\"event-time dtend\">25\/03\/2027<\/span><\/span><\/p>\r\n\t<\/div>\n\t\t<div class=\"sharing\">\t<p class='mc-details'><a aria-label='Lire la suite: Oraux en langue du partenaire' href='https:\/\/dfg-lfa.org\/fr\/mc-events\/muendliche-pruefungen-in-partnersprache-2\/'>Lire la suite<\/a><\/p>\n<\/div><\/div><!--end .details--><\/article><\/div><\/li><li id='list-2027-03-26' class='mc-events vendredi ven future-day has-events author2 mcat_general'><h2 class=\"event-date\"><span class=\"mc-list-details-text\">26\/03\/2027<\/span><\/h2><div id='list-date-2027-03-26' class='mc-list-date-wrapper'><article id='mc_list_26_212-list-212' class='mc-has-category-colors mc-mc_list_212 list-event mc_general mc_no-location  future-event mc_primary_general nonrecurring mc-24-heures mc-start-01-00 ungrouped mc-event-146 mc-events mc-event mc_rel_general'><header>\t<h4 class='event-title summary' id='mc_212-title-mc-6f84060dbbfdbe6dcf8603dbe3992c11'><button type='button' id='modal-button-mc_list_26_212-list-details-212' data-modal-content-id='mc_list_26_212-list-details-212' data-modal-prefix-class='my-calendar' data-modal-close-text='Fermer' data-modal-title='Vendredi Saint (pas cours)' aria-controls='mc_list_26_212-list-details-212' class='list mc-modal button mc-text-button button-link url summary'><div class=\"event-title-container\">Vendredi Saint (pas cours)<\/div><\/button><\/h4>\n<\/header><div id='mc_list_26_212-list-details-212' class='details no-image uses-modal single-details list-details'  aria-labelledby='mc_212-title-mc-6f84060dbbfdbe6dcf8603dbe3992c11'>\n\n\t\r\n\t<div class='time-block'>\r\n\t\t<span class='mc-icon' aria-hidden='true'><\/span>\r\n\t\t<p><span class=\"time-wrapper\">  <\/span><span class=\"date-wrapper\"><span class='mc-start-date dtstart' title='2027-03-26T00:00:00+7200:00' content='2027-03-26T00:00:00+7200:00'>26\/03\/2027<\/span>  <\/span><\/p>\r\n\t<\/div>\n\t\t<div class=\"sharing\">\t<p class='mc-details'><a aria-label='Lire la suite: Vendredi Saint (pas cours)' href='https:\/\/dfg-lfa.org\/fr\/mc-events\/karfreitag-unterrichtsfrei\/'>Lire la suite<\/a><\/p>\n<\/div><\/div><!--end .details--><\/article><\/div><\/li><li id='list-2027-03-29' class='mc-events lundi lun future-day has-events author2 mcat_general'><h2 class=\"event-date\"><span class=\"mc-list-details-text\">29\/03\/2027<\/span><\/h2><div id='list-date-2027-03-29' class='mc-list-date-wrapper'><article id='mc_list_29_213-list-213' class='mc-has-category-colors mc-mc_list_213 list-event mc_general mc_no-location  future-event mc_primary_general nonrecurring mc-24-heures mc-start-00-00 ungrouped mc-event-147 mc-events mc-event mc_rel_general'><header>\t<h4 class='event-title summary' id='mc_213-title-mc-6f84060dbbfdbe6dcf8603dbe3992c11'><button type='button' id='modal-button-mc_list_29_213-list-details-213' data-modal-content-id='mc_list_29_213-list-details-213' data-modal-prefix-class='my-calendar' data-modal-close-text='Fermer' data-modal-title='Lundi de P\u00e2ques (jour f\u00e9ri\u00e9)' aria-controls='mc_list_29_213-list-details-213' class='list mc-modal button mc-text-button button-link url summary'><div class=\"event-title-container\">Lundi de P\u00e2ques (jour f\u00e9ri\u00e9)<\/div><\/button><\/h4>\n<\/header><div id='mc_list_29_213-list-details-213' class='details no-image uses-modal single-details list-details'  aria-labelledby='mc_213-title-mc-6f84060dbbfdbe6dcf8603dbe3992c11'>\n\n\t\r\n\t<div class='time-block'>\r\n\t\t<span class='mc-icon' aria-hidden='true'><\/span>\r\n\t\t<p><span class=\"time-wrapper\">  <\/span><span class=\"date-wrapper\"><span class='mc-start-date dtstart' title='2027-03-29T00:00:00+7200:00' content='2027-03-29T00:00:00+7200:00'>29\/03\/2027<\/span>  <\/span><\/p>\r\n\t<\/div>\n\t\t<div class=\"sharing\">\t<p class='mc-details'><a aria-label='Lire la suite: Lundi de P\u00e2ques (jour f\u00e9ri\u00e9)' href='https:\/\/dfg-lfa.org\/fr\/mc-events\/ostermontag\/'>Lire la suite<\/a><\/p>\n<\/div><\/div><!--end .details--><\/article><\/div><\/li><li id='list-2027-03-30' class='mc-events mardi mar future-day has-events author2 mcat_general'><h2 class=\"event-date\"><span class=\"mc-list-details-text\">30\/03\/2027<\/span><\/h2><div id='list-date-2027-03-30' class='mc-list-date-wrapper'><article id='mc_list_30_214-list-214' class='mc-has-category-colors mc-mc_list_214 list-event mc_general mc_no-location  future-event mc_primary_general nonrecurring mc-2-semaines mc-start-00-00 ungrouped mc-event-148 mc-events multidate mc-event mc_rel_general'><header>\t<h4 class='event-title summary' id='mc_214-title-mc-6f84060dbbfdbe6dcf8603dbe3992c11'><button type='button' id='modal-button-mc_list_30_214-list-details-214' data-modal-content-id='mc_list_30_214-list-details-214' data-modal-prefix-class='my-calendar' data-modal-close-text='Fermer' data-modal-title='Vacances de P\u00e2ques' aria-controls='mc_list_30_214-list-details-214' class='list mc-modal button mc-text-button button-link url summary'><div class=\"event-title-container\">Vacances de P\u00e2ques<\/div><\/button><\/h4>\n<\/header><div id='mc_list_30_214-list-details-214' class='details no-image uses-modal single-details list-details'  aria-labelledby='mc_214-title-mc-6f84060dbbfdbe6dcf8603dbe3992c11'>\n\n\t\r\n\t<div class='time-block'>\r\n\t\t<span class='mc-icon' aria-hidden='true'><\/span>\r\n\t\t<p><span class=\"time-wrapper\">  <\/span><span class=\"date-wrapper\"><span class='mc-start-date dtstart' title='2027-03-30T00:00:00+7200:00' content='2027-03-30T00:00:00+7200:00'>30\/03\/2027<\/span> <span class='date-separator'> &ndash; <\/span> <span class=\"event-time dtend\">09\/04\/2027<\/span><\/span><\/p>\r\n\t<\/div>\n\t\t<div class=\"sharing\">\t<p class='mc-details'><a aria-label='Lire la suite: Vacances de P\u00e2ques' href='https:\/\/dfg-lfa.org\/fr\/mc-events\/osterferien\/'>Lire la suite<\/a><\/p>\n<\/div><\/div><!--end .details--><\/article><\/div><\/li><li id='list-2027-03-31' class='mc-events mercredi mer future-day has-events author2 mcat_general'><h2 class=\"event-date\"><span class=\"mc-list-details-text\">31\/03\/2027<\/span><\/h2><div id='list-date-2027-03-31' class='mc-list-date-wrapper'><article id='mc_list_31_214-list-214' class='mc-has-category-colors mc-mc_list_214 list-event mc_general mc_no-location  future-event mc_primary_general nonrecurring mc-2-semaines mc-start-00-00 ungrouped mc-event-148 mc-events multidate mc-event mc_rel_general'><header>\t<h4 class='event-title summary' id='mc_214-title-mc-6f84060dbbfdbe6dcf8603dbe3992c11'><button type='button' id='modal-button-mc_list_31_214-list-details-214' data-modal-content-id='mc_list_31_214-list-details-214' data-modal-prefix-class='my-calendar' data-modal-close-text='Fermer' data-modal-title='Vacances de P\u00e2ques' aria-controls='mc_list_31_214-list-details-214' class='list mc-modal button mc-text-button button-link url summary'><div class=\"event-title-container\">Vacances de P\u00e2ques<\/div><\/button><\/h4>\n<\/header><div id='mc_list_31_214-list-details-214' class='details no-image uses-modal single-details list-details'  aria-labelledby='mc_214-title-mc-6f84060dbbfdbe6dcf8603dbe3992c11'>\n\n\t\r\n\t<div class='time-block'>\r\n\t\t<span class='mc-icon' aria-hidden='true'><\/span>\r\n\t\t<p><span class=\"time-wrapper\">  <\/span><span class=\"date-wrapper\"><span class='mc-start-date dtstart' title='2027-03-30T00:00:00+7200:00' content='2027-03-30T00:00:00+7200:00'>30\/03\/2027<\/span> <span class='date-separator'> &ndash; <\/span> <span class=\"event-time dtend\">09\/04\/2027<\/span><\/span><\/p>\r\n\t<\/div>\n\t\t<div class=\"sharing\">\t<p class='mc-details'><a aria-label='Lire la suite: Vacances de P\u00e2ques' href='https:\/\/dfg-lfa.org\/fr\/mc-events\/osterferien\/'>Lire la suite<\/a><\/p>\n<\/div><\/div><!--end .details--><\/article><\/div><\/li><li id='list-2027-04-01' class='mc-events jeudi jeu future-day has-events author2 mcat_general'><h2 class=\"event-date\"><span class=\"mc-list-details-text\">01\/04\/2027<\/span><\/h2><div id='list-date-2027-04-01' class='mc-list-date-wrapper'><article id='mc_list_01_214-list-214' class='mc-has-category-colors mc-mc_list_214 list-event mc_general mc_no-location  future-event mc_primary_general nonrecurring mc-2-semaines mc-start-00-00 ungrouped mc-event-148 mc-events multidate mc-event mc_rel_general'><header>\t<h4 class='event-title summary' id='mc_214-title-mc-6f84060dbbfdbe6dcf8603dbe3992c11'><button type='button' id='modal-button-mc_list_01_214-list-details-214' data-modal-content-id='mc_list_01_214-list-details-214' data-modal-prefix-class='my-calendar' data-modal-close-text='Fermer' data-modal-title='Vacances de P\u00e2ques' aria-controls='mc_list_01_214-list-details-214' class='list mc-modal button mc-text-button button-link url summary'><div class=\"event-title-container\">Vacances de P\u00e2ques<\/div><\/button><\/h4>\n<\/header><div id='mc_list_01_214-list-details-214' class='details no-image uses-modal single-details list-details'  aria-labelledby='mc_214-title-mc-6f84060dbbfdbe6dcf8603dbe3992c11'>\n\n\t\r\n\t<div class='time-block'>\r\n\t\t<span class='mc-icon' aria-hidden='true'><\/span>\r\n\t\t<p><span class=\"time-wrapper\">  <\/span><span class=\"date-wrapper\"><span class='mc-start-date dtstart' title='2027-03-30T00:00:00+7200:00' content='2027-03-30T00:00:00+7200:00'>30\/03\/2027<\/span> <span class='date-separator'> &ndash; <\/span> <span class=\"event-time dtend\">09\/04\/2027<\/span><\/span><\/p>\r\n\t<\/div>\n\t\t<div class=\"sharing\">\t<p class='mc-details'><a aria-label='Lire la suite: Vacances de P\u00e2ques' href='https:\/\/dfg-lfa.org\/fr\/mc-events\/osterferien\/'>Lire la suite<\/a><\/p>\n<\/div><\/div><!--end .details--><\/article><\/div><\/li><li id='list-2027-04-02' class='mc-events vendredi ven future-day has-events author2 mcat_general'><h2 class=\"event-date\"><span class=\"mc-list-details-text\">02\/04\/2027<\/span><\/h2><div id='list-date-2027-04-02' class='mc-list-date-wrapper'><article id='mc_list_02_214-list-214' class='mc-has-category-colors mc-mc_list_214 list-event mc_general mc_no-location  future-event mc_primary_general nonrecurring mc-2-semaines mc-start-00-00 ungrouped mc-event-148 mc-events multidate mc-event mc_rel_general'><header>\t<h4 class='event-title summary' id='mc_214-title-mc-6f84060dbbfdbe6dcf8603dbe3992c11'><button type='button' id='modal-button-mc_list_02_214-list-details-214' data-modal-content-id='mc_list_02_214-list-details-214' data-modal-prefix-class='my-calendar' data-modal-close-text='Fermer' data-modal-title='Vacances de P\u00e2ques' aria-controls='mc_list_02_214-list-details-214' class='list mc-modal button mc-text-button button-link url summary'><div class=\"event-title-container\">Vacances de P\u00e2ques<\/div><\/button><\/h4>\n<\/header><div id='mc_list_02_214-list-details-214' class='details no-image uses-modal single-details list-details'  aria-labelledby='mc_214-title-mc-6f84060dbbfdbe6dcf8603dbe3992c11'>\n\n\t\r\n\t<div class='time-block'>\r\n\t\t<span class='mc-icon' aria-hidden='true'><\/span>\r\n\t\t<p><span class=\"time-wrapper\">  <\/span><span class=\"date-wrapper\"><span class='mc-start-date dtstart' title='2027-03-30T00:00:00+7200:00' content='2027-03-30T00:00:00+7200:00'>30\/03\/2027<\/span> <span class='date-separator'> &ndash; <\/span> <span class=\"event-time dtend\">09\/04\/2027<\/span><\/span><\/p>\r\n\t<\/div>\n\t\t<div class=\"sharing\">\t<p class='mc-details'><a aria-label='Lire la suite: Vacances de P\u00e2ques' href='https:\/\/dfg-lfa.org\/fr\/mc-events\/osterferien\/'>Lire la suite<\/a><\/p>\n<\/div><\/div><!--end .details--><\/article><\/div><\/li><li id='list-2027-04-03' class='mc-events samedi sam future-day has-events author2 mcat_general'><h2 class=\"event-date\"><span class=\"mc-list-details-text\">03\/04\/2027<\/span><\/h2><div id='list-date-2027-04-03' class='mc-list-date-wrapper'><article id='mc_list_03_214-list-214' class='mc-has-category-colors mc-mc_list_214 list-event mc_general mc_no-location  future-event mc_primary_general nonrecurring mc-2-semaines mc-start-00-00 ungrouped mc-event-148 mc-events multidate mc-event mc_rel_general'><header>\t<h4 class='event-title summary' id='mc_214-title-mc-6f84060dbbfdbe6dcf8603dbe3992c11'><button type='button' id='modal-button-mc_list_03_214-list-details-214' data-modal-content-id='mc_list_03_214-list-details-214' data-modal-prefix-class='my-calendar' data-modal-close-text='Fermer' data-modal-title='Vacances de P\u00e2ques' aria-controls='mc_list_03_214-list-details-214' class='list mc-modal button mc-text-button button-link url summary'><div class=\"event-title-container\">Vacances de P\u00e2ques<\/div><\/button><\/h4>\n<\/header><div id='mc_list_03_214-list-details-214' class='details no-image uses-modal single-details list-details'  aria-labelledby='mc_214-title-mc-6f84060dbbfdbe6dcf8603dbe3992c11'>\n\n\t\r\n\t<div class='time-block'>\r\n\t\t<span class='mc-icon' aria-hidden='true'><\/span>\r\n\t\t<p><span class=\"time-wrapper\">  <\/span><span class=\"date-wrapper\"><span class='mc-start-date dtstart' title='2027-03-30T00:00:00+7200:00' content='2027-03-30T00:00:00+7200:00'>30\/03\/2027<\/span> <span class='date-separator'> &ndash; <\/span> <span class=\"event-time dtend\">09\/04\/2027<\/span><\/span><\/p>\r\n\t<\/div>\n\t\t<div class=\"sharing\">\t<p class='mc-details'><a aria-label='Lire la suite: Vacances de P\u00e2ques' href='https:\/\/dfg-lfa.org\/fr\/mc-events\/osterferien\/'>Lire la suite<\/a><\/p>\n<\/div><\/div><!--end .details--><\/article><\/div><\/li><li id='list-2027-04-04' class='mc-events dimanche dim future-day has-events author2 mcat_general'><h2 class=\"event-date\"><span class=\"mc-list-details-text\">04\/04\/2027<\/span><\/h2><div id='list-date-2027-04-04' class='mc-list-date-wrapper'><article id='mc_list_04_214-list-214' class='mc-has-category-colors mc-mc_list_214 list-event mc_general mc_no-location  future-event mc_primary_general nonrecurring mc-2-semaines mc-start-00-00 ungrouped mc-event-148 mc-events multidate mc-event mc_rel_general'><header>\t<h4 class='event-title summary' id='mc_214-title-mc-6f84060dbbfdbe6dcf8603dbe3992c11'><button type='button' id='modal-button-mc_list_04_214-list-details-214' data-modal-content-id='mc_list_04_214-list-details-214' data-modal-prefix-class='my-calendar' data-modal-close-text='Fermer' data-modal-title='Vacances de P\u00e2ques' aria-controls='mc_list_04_214-list-details-214' class='list mc-modal button mc-text-button button-link url summary'><div class=\"event-title-container\">Vacances de P\u00e2ques<\/div><\/button><\/h4>\n<\/header><div id='mc_list_04_214-list-details-214' class='details no-image uses-modal single-details list-details'  aria-labelledby='mc_214-title-mc-6f84060dbbfdbe6dcf8603dbe3992c11'>\n\n\t\r\n\t<div class='time-block'>\r\n\t\t<span class='mc-icon' aria-hidden='true'><\/span>\r\n\t\t<p><span class=\"time-wrapper\">  <\/span><span class=\"date-wrapper\"><span class='mc-start-date dtstart' title='2027-03-30T00:00:00+7200:00' content='2027-03-30T00:00:00+7200:00'>30\/03\/2027<\/span> <span class='date-separator'> &ndash; <\/span> <span class=\"event-time dtend\">09\/04\/2027<\/span><\/span><\/p>\r\n\t<\/div>\n\t\t<div class=\"sharing\">\t<p class='mc-details'><a aria-label='Lire la suite: Vacances de P\u00e2ques' href='https:\/\/dfg-lfa.org\/fr\/mc-events\/osterferien\/'>Lire la suite<\/a><\/p>\n<\/div><\/div><!--end .details--><\/article><\/div><\/li><li id='list-2027-04-05' class='mc-events lundi lun future-day has-events author2 mcat_general'><h2 class=\"event-date\"><span class=\"mc-list-details-text\">05\/04\/2027<\/span><\/h2><div id='list-date-2027-04-05' class='mc-list-date-wrapper'><article id='mc_list_05_214-list-214' class='mc-has-category-colors mc-mc_list_214 list-event mc_general mc_no-location  future-event mc_primary_general nonrecurring mc-2-semaines mc-start-00-00 ungrouped mc-event-148 mc-events multidate mc-event mc_rel_general'><header>\t<h4 class='event-title summary' id='mc_214-title-mc-6f84060dbbfdbe6dcf8603dbe3992c11'><button type='button' id='modal-button-mc_list_05_214-list-details-214' data-modal-content-id='mc_list_05_214-list-details-214' data-modal-prefix-class='my-calendar' data-modal-close-text='Fermer' data-modal-title='Vacances de P\u00e2ques' aria-controls='mc_list_05_214-list-details-214' class='list mc-modal button mc-text-button button-link url summary'><div class=\"event-title-container\">Vacances de P\u00e2ques<\/div><\/button><\/h4>\n<\/header><div id='mc_list_05_214-list-details-214' class='details no-image uses-modal single-details list-details'  aria-labelledby='mc_214-title-mc-6f84060dbbfdbe6dcf8603dbe3992c11'>\n\n\t\r\n\t<div class='time-block'>\r\n\t\t<span class='mc-icon' aria-hidden='true'><\/span>\r\n\t\t<p><span class=\"time-wrapper\">  <\/span><span class=\"date-wrapper\"><span class='mc-start-date dtstart' title='2027-03-30T00:00:00+7200:00' content='2027-03-30T00:00:00+7200:00'>30\/03\/2027<\/span> <span class='date-separator'> &ndash; <\/span> <span class=\"event-time dtend\">09\/04\/2027<\/span><\/span><\/p>\r\n\t<\/div>\n\t\t<div class=\"sharing\">\t<p class='mc-details'><a aria-label='Lire la suite: Vacances de P\u00e2ques' href='https:\/\/dfg-lfa.org\/fr\/mc-events\/osterferien\/'>Lire la suite<\/a><\/p>\n<\/div><\/div><!--end .details--><\/article><\/div><\/li><li id='list-2027-04-06' class='mc-events mardi mar future-day has-events author2 mcat_general'><h2 class=\"event-date\"><span class=\"mc-list-details-text\">06\/04\/2027<\/span><\/h2><div id='list-date-2027-04-06' class='mc-list-date-wrapper'><article id='mc_list_06_214-list-214' class='mc-has-category-colors mc-mc_list_214 list-event mc_general mc_no-location  future-event mc_primary_general nonrecurring mc-2-semaines mc-start-00-00 ungrouped mc-event-148 mc-events multidate mc-event mc_rel_general'><header>\t<h4 class='event-title summary' id='mc_214-title-mc-6f84060dbbfdbe6dcf8603dbe3992c11'><button type='button' id='modal-button-mc_list_06_214-list-details-214' data-modal-content-id='mc_list_06_214-list-details-214' data-modal-prefix-class='my-calendar' data-modal-close-text='Fermer' data-modal-title='Vacances de P\u00e2ques' aria-controls='mc_list_06_214-list-details-214' class='list mc-modal button mc-text-button button-link url summary'><div class=\"event-title-container\">Vacances de P\u00e2ques<\/div><\/button><\/h4>\n<\/header><div id='mc_list_06_214-list-details-214' class='details no-image uses-modal single-details list-details'  aria-labelledby='mc_214-title-mc-6f84060dbbfdbe6dcf8603dbe3992c11'>\n\n\t\r\n\t<div class='time-block'>\r\n\t\t<span class='mc-icon' aria-hidden='true'><\/span>\r\n\t\t<p><span class=\"time-wrapper\">  <\/span><span class=\"date-wrapper\"><span class='mc-start-date dtstart' title='2027-03-30T00:00:00+7200:00' content='2027-03-30T00:00:00+7200:00'>30\/03\/2027<\/span> <span class='date-separator'> &ndash; <\/span> <span class=\"event-time dtend\">09\/04\/2027<\/span><\/span><\/p>\r\n\t<\/div>\n\t\t<div class=\"sharing\">\t<p class='mc-details'><a aria-label='Lire la suite: Vacances de P\u00e2ques' href='https:\/\/dfg-lfa.org\/fr\/mc-events\/osterferien\/'>Lire la suite<\/a><\/p>\n<\/div><\/div><!--end .details--><\/article><\/div><\/li><li id='list-2027-04-07' class='mc-events mercredi mer future-day has-events author2 mcat_general'><h2 class=\"event-date\"><span class=\"mc-list-details-text\">07\/04\/2027<\/span><\/h2><div id='list-date-2027-04-07' class='mc-list-date-wrapper'><article id='mc_list_07_214-list-214' class='mc-has-category-colors mc-mc_list_214 list-event mc_general mc_no-location  future-event mc_primary_general nonrecurring mc-2-semaines mc-start-00-00 ungrouped mc-event-148 mc-events multidate mc-event mc_rel_general'><header>\t<h4 class='event-title summary' id='mc_214-title-mc-6f84060dbbfdbe6dcf8603dbe3992c11'><button type='button' id='modal-button-mc_list_07_214-list-details-214' data-modal-content-id='mc_list_07_214-list-details-214' data-modal-prefix-class='my-calendar' data-modal-close-text='Fermer' data-modal-title='Vacances de P\u00e2ques' aria-controls='mc_list_07_214-list-details-214' class='list mc-modal button mc-text-button button-link url summary'><div class=\"event-title-container\">Vacances de P\u00e2ques<\/div><\/button><\/h4>\n<\/header><div id='mc_list_07_214-list-details-214' class='details no-image uses-modal single-details list-details'  aria-labelledby='mc_214-title-mc-6f84060dbbfdbe6dcf8603dbe3992c11'>\n\n\t\r\n\t<div class='time-block'>\r\n\t\t<span class='mc-icon' aria-hidden='true'><\/span>\r\n\t\t<p><span class=\"time-wrapper\">  <\/span><span class=\"date-wrapper\"><span class='mc-start-date dtstart' title='2027-03-30T00:00:00+7200:00' content='2027-03-30T00:00:00+7200:00'>30\/03\/2027<\/span> <span class='date-separator'> &ndash; <\/span> <span class=\"event-time dtend\">09\/04\/2027<\/span><\/span><\/p>\r\n\t<\/div>\n\t\t<div class=\"sharing\">\t<p class='mc-details'><a aria-label='Lire la suite: Vacances de P\u00e2ques' href='https:\/\/dfg-lfa.org\/fr\/mc-events\/osterferien\/'>Lire la suite<\/a><\/p>\n<\/div><\/div><!--end .details--><\/article><\/div><\/li><li id='list-2027-04-08' class='mc-events jeudi jeu future-day has-events author2 mcat_general'><h2 class=\"event-date\"><span class=\"mc-list-details-text\">08\/04\/2027<\/span><\/h2><div id='list-date-2027-04-08' class='mc-list-date-wrapper'><article id='mc_list_08_214-list-214' class='mc-has-category-colors mc-mc_list_214 list-event mc_general mc_no-location  future-event mc_primary_general nonrecurring mc-2-semaines mc-start-00-00 ungrouped mc-event-148 mc-events multidate mc-event mc_rel_general'><header>\t<h4 class='event-title summary' id='mc_214-title-mc-6f84060dbbfdbe6dcf8603dbe3992c11'><button type='button' id='modal-button-mc_list_08_214-list-details-214' data-modal-content-id='mc_list_08_214-list-details-214' data-modal-prefix-class='my-calendar' data-modal-close-text='Fermer' data-modal-title='Vacances de P\u00e2ques' aria-controls='mc_list_08_214-list-details-214' class='list mc-modal button mc-text-button button-link url summary'><div class=\"event-title-container\">Vacances de P\u00e2ques<\/div><\/button><\/h4>\n<\/header><div id='mc_list_08_214-list-details-214' class='details no-image uses-modal single-details list-details'  aria-labelledby='mc_214-title-mc-6f84060dbbfdbe6dcf8603dbe3992c11'>\n\n\t\r\n\t<div class='time-block'>\r\n\t\t<span class='mc-icon' aria-hidden='true'><\/span>\r\n\t\t<p><span class=\"time-wrapper\">  <\/span><span class=\"date-wrapper\"><span class='mc-start-date dtstart' title='2027-03-30T00:00:00+7200:00' content='2027-03-30T00:00:00+7200:00'>30\/03\/2027<\/span> <span class='date-separator'> &ndash; <\/span> <span class=\"event-time dtend\">09\/04\/2027<\/span><\/span><\/p>\r\n\t<\/div>\n\t\t<div class=\"sharing\">\t<p class='mc-details'><a aria-label='Lire la suite: Vacances de P\u00e2ques' href='https:\/\/dfg-lfa.org\/fr\/mc-events\/osterferien\/'>Lire la suite<\/a><\/p>\n<\/div><\/div><!--end .details--><\/article><\/div><\/li><li id='list-2027-04-09' class='mc-events vendredi ven future-day has-events author2 mcat_general'><h2 class=\"event-date\"><span class=\"mc-list-details-text\">09\/04\/2027<\/span><\/h2><div id='list-date-2027-04-09' class='mc-list-date-wrapper'><article id='mc_list_09_214-list-214' class='mc-has-category-colors mc-mc_list_214 list-event mc_general mc_no-location  future-event mc_primary_general nonrecurring mc-2-semaines mc-start-00-00 ungrouped mc-event-148 mc-events multidate mc-event mc_rel_general'><header>\t<h4 class='event-title summary' id='mc_214-title-mc-6f84060dbbfdbe6dcf8603dbe3992c11'><button type='button' id='modal-button-mc_list_09_214-list-details-214' data-modal-content-id='mc_list_09_214-list-details-214' data-modal-prefix-class='my-calendar' data-modal-close-text='Fermer' data-modal-title='Vacances de P\u00e2ques' aria-controls='mc_list_09_214-list-details-214' class='list mc-modal button mc-text-button button-link url summary'><div class=\"event-title-container\">Vacances de P\u00e2ques<\/div><\/button><\/h4>\n<\/header><div id='mc_list_09_214-list-details-214' class='details no-image uses-modal single-details list-details'  aria-labelledby='mc_214-title-mc-6f84060dbbfdbe6dcf8603dbe3992c11'>\n\n\t\r\n\t<div class='time-block'>\r\n\t\t<span class='mc-icon' aria-hidden='true'><\/span>\r\n\t\t<p><span class=\"time-wrapper\">  <\/span><span class=\"date-wrapper\"><span class='mc-start-date dtstart' title='2027-03-30T00:00:00+7200:00' content='2027-03-30T00:00:00+7200:00'>30\/03\/2027<\/span> <span class='date-separator'> &ndash; <\/span> <span class=\"event-time dtend\">09\/04\/2027<\/span><\/span><\/p>\r\n\t<\/div>\n\t\t<div class=\"sharing\">\t<p class='mc-details'><a aria-label='Lire la suite: Vacances de P\u00e2ques' href='https:\/\/dfg-lfa.org\/fr\/mc-events\/osterferien\/'>Lire la suite<\/a><\/p>\n<\/div><\/div><!--end .details--><\/article><\/div><\/li><li id='list-2027-04-12' class='mc-events lundi lun future-day has-events author2 mcat_general'><h2 class=\"event-date\"><span class=\"mc-list-details-text\">12\/04\/2027<\/span><\/h2><div id='list-date-2027-04-12' class='mc-list-date-wrapper'><article id='mc_list_12_215-list-215' class='mc-has-category-colors mc-mc_list_215 list-event mc_general mc_no-location  future-event mc_primary_general nonrecurring mc-5-jours mc-start-00-00 ungrouped mc-event-149 mc-events multidate mc-event mc_rel_general'><header>\t<h4 class='event-title summary' id='mc_215-title-mc-6f84060dbbfdbe6dcf8603dbe3992c11'><button type='button' id='modal-button-mc_list_12_215-list-details-215' data-modal-content-id='mc_list_12_215-list-details-215' data-modal-prefix-class='my-calendar' data-modal-close-text='Fermer' data-modal-title='\u00c9preuves orales facultatives du bacclaur\u00e9at' aria-controls='mc_list_12_215-list-details-215' class='list mc-modal button mc-text-button button-link url summary'><div class=\"event-title-container\">\u00c9preuves orales facultatives du bacclaur\u00e9at<\/div><\/button><\/h4>\n<\/header><div id='mc_list_12_215-list-details-215' class='details no-image uses-modal single-details list-details'  aria-labelledby='mc_215-title-mc-6f84060dbbfdbe6dcf8603dbe3992c11'>\n\n\t\r\n\t<div class='time-block'>\r\n\t\t<span class='mc-icon' aria-hidden='true'><\/span>\r\n\t\t<p><span class=\"time-wrapper\">  <\/span><span class=\"date-wrapper\"><span class='mc-start-date dtstart' title='2027-04-12T00:00:00+7200:00' content='2027-04-12T00:00:00+7200:00'>12\/04\/2027<\/span> <span class='date-separator'> &ndash; <\/span> <span class=\"event-time dtend\">16\/04\/2027<\/span><\/span><\/p>\r\n\t<\/div>\n\t\t<div class=\"sharing\">\t<p class='mc-details'><a aria-label='Lire la suite: \u00c9preuves orales facultatives du bacclaur\u00e9at' href='https:\/\/dfg-lfa.org\/fr\/mc-events\/fakultative-muendliche-abiturpruefungen\/'>Lire la suite<\/a><\/p>\n<\/div><\/div><!--end .details--><\/article><\/div><\/li><li id='list-2027-04-13' class='mc-events mardi mar future-day has-events author2 mcat_general'><h2 class=\"event-date\"><span class=\"mc-list-details-text\">13\/04\/2027<\/span><\/h2><div id='list-date-2027-04-13' class='mc-list-date-wrapper'><article id='mc_list_13_215-list-215' class='mc-has-category-colors mc-mc_list_215 list-event mc_general mc_no-location  future-event mc_primary_general nonrecurring mc-5-jours mc-start-00-00 ungrouped mc-event-149 mc-events multidate mc-event mc_rel_general'><header>\t<h4 class='event-title summary' id='mc_215-title-mc-6f84060dbbfdbe6dcf8603dbe3992c11'><button type='button' id='modal-button-mc_list_13_215-list-details-215' data-modal-content-id='mc_list_13_215-list-details-215' data-modal-prefix-class='my-calendar' data-modal-close-text='Fermer' data-modal-title='\u00c9preuves orales facultatives du bacclaur\u00e9at' aria-controls='mc_list_13_215-list-details-215' class='list mc-modal button mc-text-button button-link url summary'><div class=\"event-title-container\">\u00c9preuves orales facultatives du bacclaur\u00e9at<\/div><\/button><\/h4>\n<\/header><div id='mc_list_13_215-list-details-215' class='details no-image uses-modal single-details list-details'  aria-labelledby='mc_215-title-mc-6f84060dbbfdbe6dcf8603dbe3992c11'>\n\n\t\r\n\t<div class='time-block'>\r\n\t\t<span class='mc-icon' aria-hidden='true'><\/span>\r\n\t\t<p><span class=\"time-wrapper\">  <\/span><span class=\"date-wrapper\"><span class='mc-start-date dtstart' title='2027-04-12T00:00:00+7200:00' content='2027-04-12T00:00:00+7200:00'>12\/04\/2027<\/span> <span class='date-separator'> &ndash; <\/span> <span class=\"event-time dtend\">16\/04\/2027<\/span><\/span><\/p>\r\n\t<\/div>\n\t\t<div class=\"sharing\">\t<p class='mc-details'><a aria-label='Lire la suite: \u00c9preuves orales facultatives du bacclaur\u00e9at' href='https:\/\/dfg-lfa.org\/fr\/mc-events\/fakultative-muendliche-abiturpruefungen\/'>Lire la suite<\/a><\/p>\n<\/div><\/div><!--end .details--><\/article><\/div><\/li><li id='list-2027-04-14' class='mc-events mercredi mer future-day has-events author2 mcat_general'><h2 class=\"event-date\"><span class=\"mc-list-details-text\">14\/04\/2027<\/span><\/h2><div id='list-date-2027-04-14' class='mc-list-date-wrapper'><article id='mc_list_14_215-list-215' class='mc-has-category-colors mc-mc_list_215 list-event mc_general mc_no-location  future-event mc_primary_general nonrecurring mc-5-jours mc-start-00-00 ungrouped mc-event-149 mc-events multidate mc-event mc_rel_general'><header>\t<h4 class='event-title summary' id='mc_215-title-mc-6f84060dbbfdbe6dcf8603dbe3992c11'><button type='button' id='modal-button-mc_list_14_215-list-details-215' data-modal-content-id='mc_list_14_215-list-details-215' data-modal-prefix-class='my-calendar' data-modal-close-text='Fermer' data-modal-title='\u00c9preuves orales facultatives du bacclaur\u00e9at' aria-controls='mc_list_14_215-list-details-215' class='list mc-modal button mc-text-button button-link url summary'><div class=\"event-title-container\">\u00c9preuves orales facultatives du bacclaur\u00e9at<\/div><\/button><\/h4>\n<\/header><div id='mc_list_14_215-list-details-215' class='details no-image uses-modal single-details list-details'  aria-labelledby='mc_215-title-mc-6f84060dbbfdbe6dcf8603dbe3992c11'>\n\n\t\r\n\t<div class='time-block'>\r\n\t\t<span class='mc-icon' aria-hidden='true'><\/span>\r\n\t\t<p><span class=\"time-wrapper\">  <\/span><span class=\"date-wrapper\"><span class='mc-start-date dtstart' title='2027-04-12T00:00:00+7200:00' content='2027-04-12T00:00:00+7200:00'>12\/04\/2027<\/span> <span class='date-separator'> &ndash; <\/span> <span class=\"event-time dtend\">16\/04\/2027<\/span><\/span><\/p>\r\n\t<\/div>\n\t\t<div class=\"sharing\">\t<p class='mc-details'><a aria-label='Lire la suite: \u00c9preuves orales facultatives du bacclaur\u00e9at' href='https:\/\/dfg-lfa.org\/fr\/mc-events\/fakultative-muendliche-abiturpruefungen\/'>Lire la suite<\/a><\/p>\n<\/div><\/div><!--end .details--><\/article><\/div><\/li><li id='list-2027-04-15' class='mc-events jeudi jeu future-day has-events author2 mcat_general'><h2 class=\"event-date\"><span class=\"mc-list-details-text\">15\/04\/2027<\/span><\/h2><div id='list-date-2027-04-15' class='mc-list-date-wrapper'><article id='mc_list_15_215-list-215' class='mc-has-category-colors mc-mc_list_215 list-event mc_general mc_no-location  future-event mc_primary_general nonrecurring mc-5-jours mc-start-00-00 ungrouped mc-event-149 mc-events multidate mc-event mc_rel_general'><header>\t<h4 class='event-title summary' id='mc_215-title-mc-6f84060dbbfdbe6dcf8603dbe3992c11'><button type='button' id='modal-button-mc_list_15_215-list-details-215' data-modal-content-id='mc_list_15_215-list-details-215' data-modal-prefix-class='my-calendar' data-modal-close-text='Fermer' data-modal-title='\u00c9preuves orales facultatives du bacclaur\u00e9at' aria-controls='mc_list_15_215-list-details-215' class='list mc-modal button mc-text-button button-link url summary'><div class=\"event-title-container\">\u00c9preuves orales facultatives du bacclaur\u00e9at<\/div><\/button><\/h4>\n<\/header><div id='mc_list_15_215-list-details-215' class='details no-image uses-modal single-details list-details'  aria-labelledby='mc_215-title-mc-6f84060dbbfdbe6dcf8603dbe3992c11'>\n\n\t\r\n\t<div class='time-block'>\r\n\t\t<span class='mc-icon' aria-hidden='true'><\/span>\r\n\t\t<p><span class=\"time-wrapper\">  <\/span><span class=\"date-wrapper\"><span class='mc-start-date dtstart' title='2027-04-12T00:00:00+7200:00' content='2027-04-12T00:00:00+7200:00'>12\/04\/2027<\/span> <span class='date-separator'> &ndash; <\/span> <span class=\"event-time dtend\">16\/04\/2027<\/span><\/span><\/p>\r\n\t<\/div>\n\t\t<div class=\"sharing\">\t<p class='mc-details'><a aria-label='Lire la suite: \u00c9preuves orales facultatives du bacclaur\u00e9at' href='https:\/\/dfg-lfa.org\/fr\/mc-events\/fakultative-muendliche-abiturpruefungen\/'>Lire la suite<\/a><\/p>\n<\/div><\/div><!--end .details--><\/article><\/div><\/li><li id='list-2027-04-16' class='mc-events vendredi ven future-day has-events author2 mcat_general'><h2 class=\"event-date\"><span class=\"mc-list-details-text\">16\/04\/2027<\/span><\/h2><div id='list-date-2027-04-16' class='mc-list-date-wrapper'><article id='mc_list_16_215-list-215' class='mc-has-category-colors mc-mc_list_215 list-event mc_general mc_no-location  future-event mc_primary_general nonrecurring mc-5-jours mc-start-00-00 ungrouped mc-event-149 mc-events multidate mc-event mc_rel_general'><header>\t<h4 class='event-title summary' id='mc_215-title-mc-6f84060dbbfdbe6dcf8603dbe3992c11'><button type='button' id='modal-button-mc_list_16_215-list-details-215' data-modal-content-id='mc_list_16_215-list-details-215' data-modal-prefix-class='my-calendar' data-modal-close-text='Fermer' data-modal-title='\u00c9preuves orales facultatives du bacclaur\u00e9at' aria-controls='mc_list_16_215-list-details-215' class='list mc-modal button mc-text-button button-link url summary'><div class=\"event-title-container\">\u00c9preuves orales facultatives du bacclaur\u00e9at<\/div><\/button><\/h4>\n<\/header><div id='mc_list_16_215-list-details-215' class='details no-image uses-modal single-details list-details'  aria-labelledby='mc_215-title-mc-6f84060dbbfdbe6dcf8603dbe3992c11'>\n\n\t\r\n\t<div class='time-block'>\r\n\t\t<span class='mc-icon' aria-hidden='true'><\/span>\r\n\t\t<p><span class=\"time-wrapper\">  <\/span><span class=\"date-wrapper\"><span class='mc-start-date dtstart' title='2027-04-12T00:00:00+7200:00' content='2027-04-12T00:00:00+7200:00'>12\/04\/2027<\/span> <span class='date-separator'> &ndash; <\/span> <span class=\"event-time dtend\">16\/04\/2027<\/span><\/span><\/p>\r\n\t<\/div>\n\t\t<div class=\"sharing\">\t<p class='mc-details'><a aria-label='Lire la suite: \u00c9preuves orales facultatives du bacclaur\u00e9at' href='https:\/\/dfg-lfa.org\/fr\/mc-events\/fakultative-muendliche-abiturpruefungen\/'>Lire la suite<\/a><\/p>\n<\/div><\/div><!--end .details--><\/article><\/div><\/li><li id='list-2027-04-17' class='mc-events samedi sam future-day has-events author2 mcat_general'><h2 class=\"event-date\"><span class=\"mc-list-details-text\">17\/04\/2027<\/span><\/h2><div id='list-date-2027-04-17' class='mc-list-date-wrapper'><article id='mc_list_17_216-list-216' class='mc-has-category-colors mc-mc_list_216 list-event mc_general mc_no-location  future-event mc_primary_general nonrecurring mc-24-heures mc-start-00-00 ungrouped mc-event-150 mc-events mc-event mc_rel_general'><header>\t<h4 class='event-title summary' id='mc_216-title-mc-6f84060dbbfdbe6dcf8603dbe3992c11'><button type='button' id='modal-button-mc_list_17_216-list-details-216' data-modal-content-id='mc_list_17_216-list-details-216' data-modal-prefix-class='my-calendar' data-modal-close-text='Fermer' data-modal-title='Samedi travaill\u00e9' aria-controls='mc_list_17_216-list-details-216' class='list mc-modal button mc-text-button button-link url summary'><div class=\"event-title-container\">Samedi travaill\u00e9<\/div><\/button><\/h4>\n<\/header><div id='mc_list_17_216-list-details-216' class='details no-image uses-modal single-details list-details'  aria-labelledby='mc_216-title-mc-6f84060dbbfdbe6dcf8603dbe3992c11'>\n\n\t\r\n\t<div class='time-block'>\r\n\t\t<span class='mc-icon' aria-hidden='true'><\/span>\r\n\t\t<p><span class=\"time-wrapper\">  <\/span><span class=\"date-wrapper\"><span class='mc-start-date dtstart' title='2027-04-17T00:00:00+7200:00' content='2027-04-17T00:00:00+7200:00'>17\/04\/2027<\/span>  <\/span><\/p>\r\n\t<\/div>\n\t\t<div class=\"sharing\">\t<p class='mc-details'><a aria-label='Lire la suite: Samedi travaill\u00e9' href='https:\/\/dfg-lfa.org\/fr\/mc-events\/schulsamstag-11\/'>Lire la suite<\/a><\/p>\n<\/div><\/div><!--end .details--><\/article><\/div><\/li><li id='list-2027-04-19' class='mc-events lundi lun future-day has-events author2 mcat_general'><h2 class=\"event-date\"><span class=\"mc-list-details-text\">19\/04\/2027<\/span><\/h2><div id='list-date-2027-04-19' class='mc-list-date-wrapper'><article id='mc_list_19_217-list-217' class='mc-has-category-colors mc-mc_list_217 list-event mc_general mc_no-location  future-event mc_primary_general nonrecurring mc-5-jours mc-start-00-00 ungrouped mc-event-151 mc-events multidate mc-event mc_rel_general'><header>\t<h4 class='event-title summary' id='mc_217-title-mc-6f84060dbbfdbe6dcf8603dbe3992c11'><button type='button' id='modal-button-mc_list_19_217-list-details-217' data-modal-content-id='mc_list_19_217-list-details-217' data-modal-prefix-class='my-calendar' data-modal-close-text='Fermer' data-modal-title='Epreuves \u00e9crites du baccalaur\u00e9at' aria-controls='mc_list_19_217-list-details-217' class='list mc-modal button mc-text-button button-link url summary'><div class=\"event-title-container\">Epreuves \u00e9crites du baccalaur\u00e9at<\/div><\/button><\/h4>\n<\/header><div id='mc_list_19_217-list-details-217' class='details no-image uses-modal single-details list-details'  aria-labelledby='mc_217-title-mc-6f84060dbbfdbe6dcf8603dbe3992c11'>\n\n\t\r\n\t<div class='time-block'>\r\n\t\t<span class='mc-icon' aria-hidden='true'><\/span>\r\n\t\t<p><span class=\"time-wrapper\">  <\/span><span class=\"date-wrapper\"><span class='mc-start-date dtstart' title='2027-04-19T00:00:00+7200:00' content='2027-04-19T00:00:00+7200:00'>19\/04\/2027<\/span> <span class='date-separator'> &ndash; <\/span> <span class=\"event-time dtend\">23\/04\/2027<\/span><\/span><\/p>\r\n\t<\/div>\n\t\t<div class=\"sharing\">\t<p class='mc-details'><a aria-label='Lire la suite: Epreuves \u00e9crites du baccalaur\u00e9at' href='https:\/\/dfg-lfa.org\/fr\/mc-events\/schriftliche-abiturpruefungen\/'>Lire la suite<\/a><\/p>\n<\/div><\/div><!--end .details--><\/article><\/div><\/li><li id='list-2027-04-20' class='mc-events mardi mar future-day has-events author2 mcat_general'><h2 class=\"event-date\"><span class=\"mc-list-details-text\">20\/04\/2027<\/span><\/h2><div id='list-date-2027-04-20' class='mc-list-date-wrapper'><article id='mc_list_20_217-list-217' class='mc-has-category-colors mc-mc_list_217 list-event mc_general mc_no-location  future-event mc_primary_general nonrecurring mc-5-jours mc-start-00-00 ungrouped mc-event-151 mc-events multidate mc-event mc_rel_general'><header>\t<h4 class='event-title summary' id='mc_217-title-mc-6f84060dbbfdbe6dcf8603dbe3992c11'><button type='button' id='modal-button-mc_list_20_217-list-details-217' data-modal-content-id='mc_list_20_217-list-details-217' data-modal-prefix-class='my-calendar' data-modal-close-text='Fermer' data-modal-title='Epreuves \u00e9crites du baccalaur\u00e9at' aria-controls='mc_list_20_217-list-details-217' class='list mc-modal button mc-text-button button-link url summary'><div class=\"event-title-container\">Epreuves \u00e9crites du baccalaur\u00e9at<\/div><\/button><\/h4>\n<\/header><div id='mc_list_20_217-list-details-217' class='details no-image uses-modal single-details list-details'  aria-labelledby='mc_217-title-mc-6f84060dbbfdbe6dcf8603dbe3992c11'>\n\n\t\r\n\t<div class='time-block'>\r\n\t\t<span class='mc-icon' aria-hidden='true'><\/span>\r\n\t\t<p><span class=\"time-wrapper\">  <\/span><span class=\"date-wrapper\"><span class='mc-start-date dtstart' title='2027-04-19T00:00:00+7200:00' content='2027-04-19T00:00:00+7200:00'>19\/04\/2027<\/span> <span class='date-separator'> &ndash; <\/span> <span class=\"event-time dtend\">23\/04\/2027<\/span><\/span><\/p>\r\n\t<\/div>\n\t\t<div class=\"sharing\">\t<p class='mc-details'><a aria-label='Lire la suite: Epreuves \u00e9crites du baccalaur\u00e9at' href='https:\/\/dfg-lfa.org\/fr\/mc-events\/schriftliche-abiturpruefungen\/'>Lire la suite<\/a><\/p>\n<\/div><\/div><!--end .details--><\/article><article id='mc_list_20_218-list-218' class='mc-has-category-colors mc-mc_list_218 list-event mc_general mc_no-location  future-event mc_primary_general nonrecurring mc-24-heures mc-start-00-00 ungrouped mc-event-152 mc-events mc-event mc_rel_general'><header>\t<h4 class='event-title summary' id='mc_218-title-mc-6f84060dbbfdbe6dcf8603dbe3992c11'><button type='button' id='modal-button-mc_list_20_218-list-details-218' data-modal-content-id='mc_list_20_218-list-details-218' data-modal-prefix-class='my-calendar' data-modal-close-text='Fermer' data-modal-title='Journ\u00e9e campus pour tous les \u00e9l\u00e8ves de 1e' aria-controls='mc_list_20_218-list-details-218' class='list mc-modal button mc-text-button button-link url summary'><div class=\"event-title-container\">Journ\u00e9e campus pour tous les \u00e9l\u00e8ves de 1e<\/div><\/button><\/h4>\n<\/header><div id='mc_list_20_218-list-details-218' class='details no-image uses-modal single-details list-details'  aria-labelledby='mc_218-title-mc-6f84060dbbfdbe6dcf8603dbe3992c11'>\n\n\t\r\n\t<div class='time-block'>\r\n\t\t<span class='mc-icon' aria-hidden='true'><\/span>\r\n\t\t<p><span class=\"time-wrapper\">  <\/span><span class=\"date-wrapper\"><span class='mc-start-date dtstart' title='2027-04-20T00:00:00+7200:00' content='2027-04-20T00:00:00+7200:00'>20\/04\/2027<\/span>  <\/span><\/p>\r\n\t<\/div>\n\t\t<div class=\"sharing\">\t<p class='mc-details'><a aria-label='Lire la suite: Journ\u00e9e campus pour tous les \u00e9l\u00e8ves de 1e' href='https:\/\/dfg-lfa.org\/fr\/mc-events\/campustag-fuer-alle-schuelerinnen-der-klassenstufe-1e\/'>Lire la suite<\/a><\/p>\n<\/div><\/div><!--end .details--><\/article><\/div><\/li><li id='list-2027-04-21' class='mc-events mercredi mer future-day has-events author2 mcat_general'><h2 class=\"event-date\"><span class=\"mc-list-details-text\">21\/04\/2027<\/span><\/h2><div id='list-date-2027-04-21' class='mc-list-date-wrapper'><article id='mc_list_21_217-list-217' class='mc-has-category-colors mc-mc_list_217 list-event mc_general mc_no-location  future-event mc_primary_general nonrecurring mc-5-jours mc-start-00-00 ungrouped mc-event-151 mc-events multidate mc-event mc_rel_general'><header>\t<h4 class='event-title summary' id='mc_217-title-mc-6f84060dbbfdbe6dcf8603dbe3992c11'><button type='button' id='modal-button-mc_list_21_217-list-details-217' data-modal-content-id='mc_list_21_217-list-details-217' data-modal-prefix-class='my-calendar' data-modal-close-text='Fermer' data-modal-title='Epreuves \u00e9crites du baccalaur\u00e9at' aria-controls='mc_list_21_217-list-details-217' class='list mc-modal button mc-text-button button-link url summary'><div class=\"event-title-container\">Epreuves \u00e9crites du baccalaur\u00e9at<\/div><\/button><\/h4>\n<\/header><div id='mc_list_21_217-list-details-217' class='details no-image uses-modal single-details list-details'  aria-labelledby='mc_217-title-mc-6f84060dbbfdbe6dcf8603dbe3992c11'>\n\n\t\r\n\t<div class='time-block'>\r\n\t\t<span class='mc-icon' aria-hidden='true'><\/span>\r\n\t\t<p><span class=\"time-wrapper\">  <\/span><span class=\"date-wrapper\"><span class='mc-start-date dtstart' title='2027-04-19T00:00:00+7200:00' content='2027-04-19T00:00:00+7200:00'>19\/04\/2027<\/span> <span class='date-separator'> &ndash; <\/span> <span class=\"event-time dtend\">23\/04\/2027<\/span><\/span><\/p>\r\n\t<\/div>\n\t\t<div class=\"sharing\">\t<p class='mc-details'><a aria-label='Lire la suite: Epreuves \u00e9crites du baccalaur\u00e9at' href='https:\/\/dfg-lfa.org\/fr\/mc-events\/schriftliche-abiturpruefungen\/'>Lire la suite<\/a><\/p>\n<\/div><\/div><!--end .details--><\/article><\/div><\/li><li id='list-2027-04-22' class='mc-events jeudi jeu future-day has-events author2 mcat_general'><h2 class=\"event-date\"><span class=\"mc-list-details-text\">22\/04\/2027<\/span><\/h2><div id='list-date-2027-04-22' class='mc-list-date-wrapper'><article id='mc_list_22_217-list-217' class='mc-has-category-colors mc-mc_list_217 list-event mc_general mc_no-location  future-event mc_primary_general nonrecurring mc-5-jours mc-start-00-00 ungrouped mc-event-151 mc-events multidate mc-event mc_rel_general'><header>\t<h4 class='event-title summary' id='mc_217-title-mc-6f84060dbbfdbe6dcf8603dbe3992c11'><button type='button' id='modal-button-mc_list_22_217-list-details-217' data-modal-content-id='mc_list_22_217-list-details-217' data-modal-prefix-class='my-calendar' data-modal-close-text='Fermer' data-modal-title='Epreuves \u00e9crites du baccalaur\u00e9at' aria-controls='mc_list_22_217-list-details-217' class='list mc-modal button mc-text-button button-link url summary'><div class=\"event-title-container\">Epreuves \u00e9crites du baccalaur\u00e9at<\/div><\/button><\/h4>\n<\/header><div id='mc_list_22_217-list-details-217' class='details no-image uses-modal single-details list-details'  aria-labelledby='mc_217-title-mc-6f84060dbbfdbe6dcf8603dbe3992c11'>\n\n\t\r\n\t<div class='time-block'>\r\n\t\t<span class='mc-icon' aria-hidden='true'><\/span>\r\n\t\t<p><span class=\"time-wrapper\">  <\/span><span class=\"date-wrapper\"><span class='mc-start-date dtstart' title='2027-04-19T00:00:00+7200:00' content='2027-04-19T00:00:00+7200:00'>19\/04\/2027<\/span> <span class='date-separator'> &ndash; <\/span> <span class=\"event-time dtend\">23\/04\/2027<\/span><\/span><\/p>\r\n\t<\/div>\n\t\t<div class=\"sharing\">\t<p class='mc-details'><a aria-label='Lire la suite: Epreuves \u00e9crites du baccalaur\u00e9at' href='https:\/\/dfg-lfa.org\/fr\/mc-events\/schriftliche-abiturpruefungen\/'>Lire la suite<\/a><\/p>\n<\/div><\/div><!--end .details--><\/article><\/div><\/li><li id='list-2027-04-23' class='mc-events vendredi ven future-day has-events author2 mcat_general'><h2 class=\"event-date\"><span class=\"mc-list-details-text\">23\/04\/2027<\/span><\/h2><div id='list-date-2027-04-23' class='mc-list-date-wrapper'><article id='mc_list_23_217-list-217' class='mc-has-category-colors mc-mc_list_217 list-event mc_general mc_no-location  future-event mc_primary_general nonrecurring mc-5-jours mc-start-00-00 ungrouped mc-event-151 mc-events multidate mc-event mc_rel_general'><header>\t<h4 class='event-title summary' id='mc_217-title-mc-6f84060dbbfdbe6dcf8603dbe3992c11'><button type='button' id='modal-button-mc_list_23_217-list-details-217' data-modal-content-id='mc_list_23_217-list-details-217' data-modal-prefix-class='my-calendar' data-modal-close-text='Fermer' data-modal-title='Epreuves \u00e9crites du baccalaur\u00e9at' aria-controls='mc_list_23_217-list-details-217' class='list mc-modal button mc-text-button button-link url summary'><div class=\"event-title-container\">Epreuves \u00e9crites du baccalaur\u00e9at<\/div><\/button><\/h4>\n<\/header><div id='mc_list_23_217-list-details-217' class='details no-image uses-modal single-details list-details'  aria-labelledby='mc_217-title-mc-6f84060dbbfdbe6dcf8603dbe3992c11'>\n\n\t\r\n\t<div class='time-block'>\r\n\t\t<span class='mc-icon' aria-hidden='true'><\/span>\r\n\t\t<p><span class=\"time-wrapper\">  <\/span><span class=\"date-wrapper\"><span class='mc-start-date dtstart' title='2027-04-19T00:00:00+7200:00' content='2027-04-19T00:00:00+7200:00'>19\/04\/2027<\/span> <span class='date-separator'> &ndash; <\/span> <span class=\"event-time dtend\">23\/04\/2027<\/span><\/span><\/p>\r\n\t<\/div>\n\t\t<div class=\"sharing\">\t<p class='mc-details'><a aria-label='Lire la suite: Epreuves \u00e9crites du baccalaur\u00e9at' href='https:\/\/dfg-lfa.org\/fr\/mc-events\/schriftliche-abiturpruefungen\/'>Lire la suite<\/a><\/p>\n<\/div><\/div><!--end .details--><\/article><\/div><\/li><li id='list-2027-06-03' class='mc-events jeudi jeu future-day has-events author2 mcat_general'><h2 class=\"event-date\"><span class=\"mc-list-details-text\">03\/06\/2027<\/span><\/h2><div id='list-date-2027-06-03' class='mc-list-date-wrapper'><article id='mc_list_03_219-list-219' class='mc-has-category-colors mc-mc_list_219 list-event mc_general mc_no-location  future-event mc_primary_general nonrecurring mc-24-heures mc-start-00-00 ungrouped mc-event-153 mc-events mc-event mc_rel_general'><header>\t<h4 class='event-title summary' id='mc_219-title-mc-6f84060dbbfdbe6dcf8603dbe3992c11'><button type='button' id='modal-button-mc_list_03_219-list-details-219' data-modal-content-id='mc_list_03_219-list-details-219' data-modal-prefix-class='my-calendar' data-modal-close-text='Fermer' data-modal-title='Science Slam' aria-controls='mc_list_03_219-list-details-219' class='list mc-modal button mc-text-button button-link url summary'><div class=\"event-title-container\">Science Slam<\/div><\/button><\/h4>\n<\/header><div id='mc_list_03_219-list-details-219' class='details no-image uses-modal single-details list-details'  aria-labelledby='mc_219-title-mc-6f84060dbbfdbe6dcf8603dbe3992c11'>\n\n\t\r\n\t<div class='time-block'>\r\n\t\t<span class='mc-icon' aria-hidden='true'><\/span>\r\n\t\t<p><span class=\"time-wrapper\">  <\/span><span class=\"date-wrapper\"><span class='mc-start-date dtstart' title='2027-06-03T00:00:00+7200:00' content='2027-06-03T00:00:00+7200:00'>03\/06\/2027<\/span>  <\/span><\/p>\r\n\t<\/div>\n\t\t<div class=\"sharing\">\t<p class='mc-details'><a aria-label='Lire la suite: Science Slam' href='https:\/\/dfg-lfa.org\/fr\/mc-events\/science-slam\/'>Lire la suite<\/a><\/p>\n<\/div><\/div><!--end .details--><\/article><\/div><\/li><li id='list-2027-06-07' class='mc-events lundi lun future-day has-events author2 mcat_general'><h2 class=\"event-date\"><span class=\"mc-list-details-text\">07\/06\/2027<\/span><\/h2><div id='list-date-2027-06-07' class='mc-list-date-wrapper'><article id='mc_list_07_220-list-220' class='mc-has-category-colors mc-mc_list_220 list-event mc_general mc_oberthal  future-event mc_primary_general nonrecurring mc-5-jours mc-start-00-00 ungrouped mc-event-154 mc-events multidate mc-event mc_rel_general'><header>\t<h4 class='event-title summary' id='mc_220-title-mc-6f84060dbbfdbe6dcf8603dbe3992c11'><button type='button' id='modal-button-mc_list_07_220-list-details-220' data-modal-content-id='mc_list_07_220-list-details-220' data-modal-prefix-class='my-calendar' data-modal-close-text='Fermer' data-modal-title='S\u00e9jour d&#039;int\u00e9gration des classes de 6\u00e8me' aria-controls='mc_list_07_220-list-details-220' class='list mc-modal button mc-text-button button-link url summary'><div class=\"event-title-container\">S\u00e9jour d'int\u00e9gration des classes de 6\u00e8me<\/div><\/button><\/h4>\n<\/header><div id='mc_list_07_220-list-details-220' class='details no-image uses-modal single-details list-details'  aria-labelledby='mc_220-title-mc-6f84060dbbfdbe6dcf8603dbe3992c11'>\n\n\t\r\n\t<div class='time-block'>\r\n\t\t<span class='mc-icon' aria-hidden='true'><\/span>\r\n\t\t<p><span class=\"time-wrapper\">  <\/span><span class=\"date-wrapper\"><span class='mc-start-date dtstart' title='2027-06-07T00:00:00+7200:00' content='2027-06-07T00:00:00+7200:00'>07\/06\/2027<\/span> <span class='date-separator'> &ndash; <\/span> <span class=\"event-time dtend\">11\/06\/2027<\/span><\/span><\/p>\r\n\t<\/div>\n\t\t<div class=\"mc-location\"><div class=\"address location vcard\"><div class=\"adr h-card\"><div><strong class=\"location-label\"><span class=\"location-link org edit p-name p-org\">Oberthal<\/span><\/strong><\/div><div class='sub-address'><div class=\"mc-events-link\"><a class=\"location-link\" href=\"https:\/\/dfg-lfa.org\/fr\/mc-locations\/oberthal\/\">View Location<\/a><\/div><\/div><\/div><\/div><\/div>\n\t\t<div class=\"sharing\">\t<p class='mc-details'><a aria-label='Lire la suite: S\u00e9jour d&#039;int\u00e9gration des classes de 6\u00e8me' href='https:\/\/dfg-lfa.org\/fr\/mc-events\/integrationsfahrt-der-klassentufe-6-6eme\/'>Lire la suite<\/a><\/p>\n<\/div><\/div><!--end .details--><\/article><\/div><\/li><li id='list-2027-06-08' class='mc-events mardi mar future-day has-events author2 mcat_general'><h2 class=\"event-date\"><span class=\"mc-list-details-text\">08\/06\/2027<\/span><\/h2><div id='list-date-2027-06-08' class='mc-list-date-wrapper'><article id='mc_list_08_220-list-220' class='mc-has-category-colors mc-mc_list_220 list-event mc_general mc_oberthal  future-event mc_primary_general nonrecurring mc-5-jours mc-start-00-00 ungrouped mc-event-154 mc-events multidate mc-event mc_rel_general'><header>\t<h4 class='event-title summary' id='mc_220-title-mc-6f84060dbbfdbe6dcf8603dbe3992c11'><button type='button' id='modal-button-mc_list_08_220-list-details-220' data-modal-content-id='mc_list_08_220-list-details-220' data-modal-prefix-class='my-calendar' data-modal-close-text='Fermer' data-modal-title='S\u00e9jour d&#039;int\u00e9gration des classes de 6\u00e8me' aria-controls='mc_list_08_220-list-details-220' class='list mc-modal button mc-text-button button-link url summary'><div class=\"event-title-container\">S\u00e9jour d'int\u00e9gration des classes de 6\u00e8me<\/div><\/button><\/h4>\n<\/header><div id='mc_list_08_220-list-details-220' class='details no-image uses-modal single-details list-details'  aria-labelledby='mc_220-title-mc-6f84060dbbfdbe6dcf8603dbe3992c11'>\n\n\t\r\n\t<div class='time-block'>\r\n\t\t<span class='mc-icon' aria-hidden='true'><\/span>\r\n\t\t<p><span class=\"time-wrapper\">  <\/span><span class=\"date-wrapper\"><span class='mc-start-date dtstart' title='2027-06-07T00:00:00+7200:00' content='2027-06-07T00:00:00+7200:00'>07\/06\/2027<\/span> <span class='date-separator'> &ndash; <\/span> <span class=\"event-time dtend\">11\/06\/2027<\/span><\/span><\/p>\r\n\t<\/div>\n\t\t<div class=\"mc-location\"><div class=\"address location vcard\"><div class=\"adr h-card\"><div><strong class=\"location-label\"><span class=\"location-link org edit p-name p-org\">Oberthal<\/span><\/strong><\/div><div class='sub-address'><div class=\"mc-events-link\"><a class=\"location-link\" href=\"https:\/\/dfg-lfa.org\/fr\/mc-locations\/oberthal\/\">View Location<\/a><\/div><\/div><\/div><\/div><\/div>\n\t\t<div class=\"sharing\">\t<p class='mc-details'><a aria-label='Lire la suite: S\u00e9jour d&#039;int\u00e9gration des classes de 6\u00e8me' href='https:\/\/dfg-lfa.org\/fr\/mc-events\/integrationsfahrt-der-klassentufe-6-6eme\/'>Lire la suite<\/a><\/p>\n<\/div><\/div><!--end .details--><\/article><\/div><\/li><li id='list-2027-06-09' class='mc-events mercredi mer future-day has-events author2 mcat_general'><h2 class=\"event-date\"><span class=\"mc-list-details-text\">09\/06\/2027<\/span><\/h2><div id='list-date-2027-06-09' class='mc-list-date-wrapper'><article id='mc_list_09_220-list-220' class='mc-has-category-colors mc-mc_list_220 list-event mc_general mc_oberthal  future-event mc_primary_general nonrecurring mc-5-jours mc-start-00-00 ungrouped mc-event-154 mc-events multidate mc-event mc_rel_general'><header>\t<h4 class='event-title summary' id='mc_220-title-mc-6f84060dbbfdbe6dcf8603dbe3992c11'><button type='button' id='modal-button-mc_list_09_220-list-details-220' data-modal-content-id='mc_list_09_220-list-details-220' data-modal-prefix-class='my-calendar' data-modal-close-text='Fermer' data-modal-title='S\u00e9jour d&#039;int\u00e9gration des classes de 6\u00e8me' aria-controls='mc_list_09_220-list-details-220' class='list mc-modal button mc-text-button button-link url summary'><div class=\"event-title-container\">S\u00e9jour d'int\u00e9gration des classes de 6\u00e8me<\/div><\/button><\/h4>\n<\/header><div id='mc_list_09_220-list-details-220' class='details no-image uses-modal single-details list-details'  aria-labelledby='mc_220-title-mc-6f84060dbbfdbe6dcf8603dbe3992c11'>\n\n\t\r\n\t<div class='time-block'>\r\n\t\t<span class='mc-icon' aria-hidden='true'><\/span>\r\n\t\t<p><span class=\"time-wrapper\">  <\/span><span class=\"date-wrapper\"><span class='mc-start-date dtstart' title='2027-06-07T00:00:00+7200:00' content='2027-06-07T00:00:00+7200:00'>07\/06\/2027<\/span> <span class='date-separator'> &ndash; <\/span> <span class=\"event-time dtend\">11\/06\/2027<\/span><\/span><\/p>\r\n\t<\/div>\n\t\t<div class=\"mc-location\"><div class=\"address location vcard\"><div class=\"adr h-card\"><div><strong class=\"location-label\"><span class=\"location-link org edit p-name p-org\">Oberthal<\/span><\/strong><\/div><div class='sub-address'><div class=\"mc-events-link\"><a class=\"location-link\" href=\"https:\/\/dfg-lfa.org\/fr\/mc-locations\/oberthal\/\">View Location<\/a><\/div><\/div><\/div><\/div><\/div>\n\t\t<div class=\"sharing\">\t<p class='mc-details'><a aria-label='Lire la suite: S\u00e9jour d&#039;int\u00e9gration des classes de 6\u00e8me' href='https:\/\/dfg-lfa.org\/fr\/mc-events\/integrationsfahrt-der-klassentufe-6-6eme\/'>Lire la suite<\/a><\/p>\n<\/div><\/div><!--end .details--><\/article><\/div><\/li><li id='list-2027-06-10' class='mc-events jeudi jeu future-day has-events author2 mcat_general'><h2 class=\"event-date\"><span class=\"mc-list-details-text\">10\/06\/2027<\/span><\/h2><div id='list-date-2027-06-10' class='mc-list-date-wrapper'><article id='mc_list_10_220-list-220' class='mc-has-category-colors mc-mc_list_220 list-event mc_general mc_oberthal  future-event mc_primary_general nonrecurring mc-5-jours mc-start-00-00 ungrouped mc-event-154 mc-events multidate mc-event mc_rel_general'><header>\t<h4 class='event-title summary' id='mc_220-title-mc-6f84060dbbfdbe6dcf8603dbe3992c11'><button type='button' id='modal-button-mc_list_10_220-list-details-220' data-modal-content-id='mc_list_10_220-list-details-220' data-modal-prefix-class='my-calendar' data-modal-close-text='Fermer' data-modal-title='S\u00e9jour d&#039;int\u00e9gration des classes de 6\u00e8me' aria-controls='mc_list_10_220-list-details-220' class='list mc-modal button mc-text-button button-link url summary'><div class=\"event-title-container\">S\u00e9jour d'int\u00e9gration des classes de 6\u00e8me<\/div><\/button><\/h4>\n<\/header><div id='mc_list_10_220-list-details-220' class='details no-image uses-modal single-details list-details'  aria-labelledby='mc_220-title-mc-6f84060dbbfdbe6dcf8603dbe3992c11'>\n\n\t\r\n\t<div class='time-block'>\r\n\t\t<span class='mc-icon' aria-hidden='true'><\/span>\r\n\t\t<p><span class=\"time-wrapper\">  <\/span><span class=\"date-wrapper\"><span class='mc-start-date dtstart' title='2027-06-07T00:00:00+7200:00' content='2027-06-07T00:00:00+7200:00'>07\/06\/2027<\/span> <span class='date-separator'> &ndash; <\/span> <span class=\"event-time dtend\">11\/06\/2027<\/span><\/span><\/p>\r\n\t<\/div>\n\t\t<div class=\"mc-location\"><div class=\"address location vcard\"><div class=\"adr h-card\"><div><strong class=\"location-label\"><span class=\"location-link org edit p-name p-org\">Oberthal<\/span><\/strong><\/div><div class='sub-address'><div class=\"mc-events-link\"><a class=\"location-link\" href=\"https:\/\/dfg-lfa.org\/fr\/mc-locations\/oberthal\/\">View Location<\/a><\/div><\/div><\/div><\/div><\/div>\n\t\t<div class=\"sharing\">\t<p class='mc-details'><a aria-label='Lire la suite: S\u00e9jour d&#039;int\u00e9gration des classes de 6\u00e8me' href='https:\/\/dfg-lfa.org\/fr\/mc-events\/integrationsfahrt-der-klassentufe-6-6eme\/'>Lire la suite<\/a><\/p>\n<\/div><\/div><!--end .details--><\/article><\/div><\/li><li id='list-2027-06-11' class='mc-events vendredi ven future-day has-events author2 mcat_general'><h2 class=\"event-date\"><span class=\"mc-list-details-text\">11\/06\/2027<\/span><\/h2><div id='list-date-2027-06-11' class='mc-list-date-wrapper'><article id='mc_list_11_220-list-220' class='mc-has-category-colors mc-mc_list_220 list-event mc_general mc_oberthal  future-event mc_primary_general nonrecurring mc-5-jours mc-start-00-00 ungrouped mc-event-154 mc-events multidate mc-event mc_rel_general'><header>\t<h4 class='event-title summary' id='mc_220-title-mc-6f84060dbbfdbe6dcf8603dbe3992c11'><button type='button' id='modal-button-mc_list_11_220-list-details-220' data-modal-content-id='mc_list_11_220-list-details-220' data-modal-prefix-class='my-calendar' data-modal-close-text='Fermer' data-modal-title='S\u00e9jour d&#039;int\u00e9gration des classes de 6\u00e8me' aria-controls='mc_list_11_220-list-details-220' class='list mc-modal button mc-text-button button-link url summary'><div class=\"event-title-container\">S\u00e9jour d'int\u00e9gration des classes de 6\u00e8me<\/div><\/button><\/h4>\n<\/header><div id='mc_list_11_220-list-details-220' class='details no-image uses-modal single-details list-details'  aria-labelledby='mc_220-title-mc-6f84060dbbfdbe6dcf8603dbe3992c11'>\n\n\t\r\n\t<div class='time-block'>\r\n\t\t<span class='mc-icon' aria-hidden='true'><\/span>\r\n\t\t<p><span class=\"time-wrapper\">  <\/span><span class=\"date-wrapper\"><span class='mc-start-date dtstart' title='2027-06-07T00:00:00+7200:00' content='2027-06-07T00:00:00+7200:00'>07\/06\/2027<\/span> <span class='date-separator'> &ndash; <\/span> <span class=\"event-time dtend\">11\/06\/2027<\/span><\/span><\/p>\r\n\t<\/div>\n\t\t<div class=\"mc-location\"><div class=\"address location vcard\"><div class=\"adr h-card\"><div><strong class=\"location-label\"><span class=\"location-link org edit p-name p-org\">Oberthal<\/span><\/strong><\/div><div class='sub-address'><div class=\"mc-events-link\"><a class=\"location-link\" href=\"https:\/\/dfg-lfa.org\/fr\/mc-locations\/oberthal\/\">View Location<\/a><\/div><\/div><\/div><\/div><\/div>\n\t\t<div class=\"sharing\">\t<p class='mc-details'><a aria-label='Lire la suite: S\u00e9jour d&#039;int\u00e9gration des classes de 6\u00e8me' href='https:\/\/dfg-lfa.org\/fr\/mc-events\/integrationsfahrt-der-klassentufe-6-6eme\/'>Lire la suite<\/a><\/p>\n<\/div><\/div><!--end .details--><\/article><\/div><\/li><li id='list-2027-06-14' class='mc-events lundi lun future-day has-events author2 mcat_general'><h2 class=\"event-date\"><span class=\"mc-list-details-text\">14\/06\/2027<\/span><\/h2><div id='list-date-2027-06-14' class='mc-list-date-wrapper'><article id='mc_list_14_221-list-221' class='mc-has-category-colors mc-mc_list_221 list-event mc_general mc_no-location  future-event mc_primary_general nonrecurring mc-2-jours mc-start-00-00 ungrouped mc-event-155 mc-events multidate mc-event mc_rel_general'><header>\t<h4 class='event-title summary' id='mc_221-title-mc-6f84060dbbfdbe6dcf8603dbe3992c11'><button type='button' id='modal-button-mc_list_14_221-list-details-221' data-modal-content-id='mc_list_14_221-list-details-221' data-modal-prefix-class='my-calendar' data-modal-close-text='Fermer' data-modal-title='Oraux du baccalaur\u00e9at - rattrapage' aria-controls='mc_list_14_221-list-details-221' class='list mc-modal button mc-text-button button-link url summary'><div class=\"event-title-container\">Oraux du baccalaur\u00e9at - rattrapage<\/div><\/button><\/h4>\n<\/header><div id='mc_list_14_221-list-details-221' class='details no-image uses-modal single-details list-details'  aria-labelledby='mc_221-title-mc-6f84060dbbfdbe6dcf8603dbe3992c11'>\n\n\t\r\n\t<div class='time-block'>\r\n\t\t<span class='mc-icon' aria-hidden='true'><\/span>\r\n\t\t<p><span class=\"time-wrapper\">  <\/span><span class=\"date-wrapper\"><span class='mc-start-date dtstart' title='2027-06-14T00:00:00+7200:00' content='2027-06-14T00:00:00+7200:00'>14\/06\/2027<\/span> <span class='date-separator'> &ndash; <\/span> <span class=\"event-time dtend\">15\/06\/2027<\/span><\/span><\/p>\r\n\t<\/div>\n\t\t<div class=\"sharing\">\t<p class='mc-details'><a aria-label='Lire la suite: Oraux du baccalaur\u00e9at - rattrapage' href='https:\/\/dfg-lfa.org\/fr\/mc-events\/muendliche-abitur-nachpruefungen\/'>Lire la suite<\/a><\/p>\n<\/div><\/div><!--end .details--><\/article><\/div><\/li><li id='list-2027-06-15' class='mc-events mardi mar future-day has-events author2 mcat_general'><h2 class=\"event-date\"><span class=\"mc-list-details-text\">15\/06\/2027<\/span><\/h2><div id='list-date-2027-06-15' class='mc-list-date-wrapper'><article id='mc_list_15_221-list-221' class='mc-has-category-colors mc-mc_list_221 list-event mc_general mc_no-location  future-event mc_primary_general nonrecurring mc-2-jours mc-start-00-00 ungrouped mc-event-155 mc-events multidate mc-event mc_rel_general'><header>\t<h4 class='event-title summary' id='mc_221-title-mc-6f84060dbbfdbe6dcf8603dbe3992c11'><button type='button' id='modal-button-mc_list_15_221-list-details-221' data-modal-content-id='mc_list_15_221-list-details-221' data-modal-prefix-class='my-calendar' data-modal-close-text='Fermer' data-modal-title='Oraux du baccalaur\u00e9at - rattrapage' aria-controls='mc_list_15_221-list-details-221' class='list mc-modal button mc-text-button button-link url summary'><div class=\"event-title-container\">Oraux du baccalaur\u00e9at - rattrapage<\/div><\/button><\/h4>\n<\/header><div id='mc_list_15_221-list-details-221' class='details no-image uses-modal single-details list-details'  aria-labelledby='mc_221-title-mc-6f84060dbbfdbe6dcf8603dbe3992c11'>\n\n\t\r\n\t<div class='time-block'>\r\n\t\t<span class='mc-icon' aria-hidden='true'><\/span>\r\n\t\t<p><span class=\"time-wrapper\">  <\/span><span class=\"date-wrapper\"><span class='mc-start-date dtstart' title='2027-06-14T00:00:00+7200:00' content='2027-06-14T00:00:00+7200:00'>14\/06\/2027<\/span> <span class='date-separator'> &ndash; <\/span> <span class=\"event-time dtend\">15\/06\/2027<\/span><\/span><\/p>\r\n\t<\/div>\n\t\t<div class=\"sharing\">\t<p class='mc-details'><a aria-label='Lire la suite: Oraux du baccalaur\u00e9at - rattrapage' href='https:\/\/dfg-lfa.org\/fr\/mc-events\/muendliche-abitur-nachpruefungen\/'>Lire la suite<\/a><\/p>\n<\/div><\/div><!--end .details--><\/article><\/div><\/li><li id='list-2027-06-19' class='mc-events samedi sam future-day has-events author2 mcat_general'><h2 class=\"event-date\"><span class=\"mc-list-details-text\">19\/06\/2027<\/span><\/h2><div id='list-date-2027-06-19' class='mc-list-date-wrapper'><article id='mc_list_19_222-list-222' class='mc-has-category-colors mc-mc_list_222 list-event mc_general mc_no-location  future-event mc_primary_general nonrecurring mc-24-heures mc-start-00-00 ungrouped mc-event-156 mc-events mc-event mc_rel_general'><header>\t<h4 class='event-title summary' id='mc_222-title-mc-6f84060dbbfdbe6dcf8603dbe3992c11'><button type='button' id='modal-button-mc_list_19_222-list-details-222' data-modal-content-id='mc_list_19_222-list-details-222' data-modal-prefix-class='my-calendar' data-modal-close-text='Fermer' data-modal-title='Samedi travaill\u00e9' aria-controls='mc_list_19_222-list-details-222' class='list mc-modal button mc-text-button button-link url summary'><div class=\"event-title-container\">Samedi travaill\u00e9<\/div><\/button><\/h4>\n<\/header><div id='mc_list_19_222-list-details-222' class='details no-image uses-modal single-details list-details'  aria-labelledby='mc_222-title-mc-6f84060dbbfdbe6dcf8603dbe3992c11'>\n\n\t\r\n\t<div class='time-block'>\r\n\t\t<span class='mc-icon' aria-hidden='true'><\/span>\r\n\t\t<p><span class=\"time-wrapper\">  <\/span><span class=\"date-wrapper\"><span class='mc-start-date dtstart' title='2027-06-19T00:00:00+7200:00' content='2027-06-19T00:00:00+7200:00'>19\/06\/2027<\/span>  <\/span><\/p>\r\n\t<\/div>\n\t\t<div class=\"sharing\">\t<p class='mc-details'><a aria-label='Lire la suite: Samedi travaill\u00e9' href='https:\/\/dfg-lfa.org\/fr\/mc-events\/schulsamstag-12\/'>Lire la suite<\/a><\/p>\n<\/div><\/div><!--end .details--><\/article><\/div><\/li><li id='list-2027-06-20' class='mc-events dimanche dim future-day has-events author2 mcat_general'><h2 class=\"event-date\"><span class=\"mc-list-details-text\">20\/06\/2027<\/span><\/h2><div id='list-date-2027-06-20' class='mc-list-date-wrapper'><article id='mc_list_20_223-list-223' class='mc-has-category-colors mc-mc_list_223 list-event mc_general mc_no-location  future-event mc_primary_general nonrecurring mc-6-jours mc-start-00-00 ungrouped mc-event-157 mc-events multidate mc-event mc_rel_general'><header>\t<h4 class='event-title summary' id='mc_223-title-mc-6f84060dbbfdbe6dcf8603dbe3992c11'><button type='button' id='modal-button-mc_list_20_223-list-details-223' data-modal-content-id='mc_list_20_223-list-details-223' data-modal-prefix-class='my-calendar' data-modal-close-text='Fermer' data-modal-title='Premi\u00e8re-Fahrt' aria-controls='mc_list_20_223-list-details-223' class='list mc-modal button mc-text-button button-link url summary'><div class=\"event-title-container\">Premi\u00e8re-Fahrt<\/div><\/button><\/h4>\n<\/header><div id='mc_list_20_223-list-details-223' class='details no-image uses-modal single-details list-details'  aria-labelledby='mc_223-title-mc-6f84060dbbfdbe6dcf8603dbe3992c11'>\n\n\t\r\n\t<div class='time-block'>\r\n\t\t<span class='mc-icon' aria-hidden='true'><\/span>\r\n\t\t<p><span class=\"time-wrapper\">  <\/span><span class=\"date-wrapper\"><span class='mc-start-date dtstart' title='2027-06-20T00:00:00+7200:00' content='2027-06-20T00:00:00+7200:00'>20\/06\/2027<\/span> <span class='date-separator'> &ndash; <\/span> <span class=\"event-time dtend\">25\/06\/2027<\/span><\/span><\/p>\r\n\t<\/div>\n\t\t<div class=\"sharing\">\t<p class='mc-details'><a aria-label='Lire la suite: Premi\u00e8re-Fahrt' href='https:\/\/dfg-lfa.org\/fr\/mc-events\/sejour-pedagogique-1ere\/'>Lire la suite<\/a><\/p>\n<\/div><\/div><!--end .details--><\/article><\/div><\/li><li id='list-2027-06-21' class='mc-events lundi lun future-day has-events author2 mcat_general'><h2 class=\"event-date\"><span class=\"mc-list-details-text\">21\/06\/2027<\/span><\/h2><div id='list-date-2027-06-21' class='mc-list-date-wrapper'><article id='mc_list_21_223-list-223' class='mc-has-category-colors mc-mc_list_223 list-event mc_general mc_no-location  future-event mc_primary_general nonrecurring mc-6-jours mc-start-00-00 ungrouped mc-event-157 mc-events multidate mc-event mc_rel_general'><header>\t<h4 class='event-title summary' id='mc_223-title-mc-6f84060dbbfdbe6dcf8603dbe3992c11'><button type='button' id='modal-button-mc_list_21_223-list-details-223' data-modal-content-id='mc_list_21_223-list-details-223' data-modal-prefix-class='my-calendar' data-modal-close-text='Fermer' data-modal-title='Premi\u00e8re-Fahrt' aria-controls='mc_list_21_223-list-details-223' class='list mc-modal button mc-text-button button-link url summary'><div class=\"event-title-container\">Premi\u00e8re-Fahrt<\/div><\/button><\/h4>\n<\/header><div id='mc_list_21_223-list-details-223' class='details no-image uses-modal single-details list-details'  aria-labelledby='mc_223-title-mc-6f84060dbbfdbe6dcf8603dbe3992c11'>\n\n\t\r\n\t<div class='time-block'>\r\n\t\t<span class='mc-icon' aria-hidden='true'><\/span>\r\n\t\t<p><span class=\"time-wrapper\">  <\/span><span class=\"date-wrapper\"><span class='mc-start-date dtstart' title='2027-06-20T00:00:00+7200:00' content='2027-06-20T00:00:00+7200:00'>20\/06\/2027<\/span> <span class='date-separator'> &ndash; <\/span> <span class=\"event-time dtend\">25\/06\/2027<\/span><\/span><\/p>\r\n\t<\/div>\n\t\t<div class=\"sharing\">\t<p class='mc-details'><a aria-label='Lire la suite: Premi\u00e8re-Fahrt' href='https:\/\/dfg-lfa.org\/fr\/mc-events\/sejour-pedagogique-1ere\/'>Lire la suite<\/a><\/p>\n<\/div><\/div><!--end .details--><\/article><\/div><\/li><li id='list-2027-06-22' class='mc-events mardi mar future-day has-events author2 mcat_general'><h2 class=\"event-date\"><span class=\"mc-list-details-text\">22\/06\/2027<\/span><\/h2><div id='list-date-2027-06-22' class='mc-list-date-wrapper'><article id='mc_list_22_223-list-223' class='mc-has-category-colors mc-mc_list_223 list-event mc_general mc_no-location  future-event mc_primary_general nonrecurring mc-6-jours mc-start-00-00 ungrouped mc-event-157 mc-events multidate mc-event mc_rel_general'><header>\t<h4 class='event-title summary' id='mc_223-title-mc-6f84060dbbfdbe6dcf8603dbe3992c11'><button type='button' id='modal-button-mc_list_22_223-list-details-223' data-modal-content-id='mc_list_22_223-list-details-223' data-modal-prefix-class='my-calendar' data-modal-close-text='Fermer' data-modal-title='Premi\u00e8re-Fahrt' aria-controls='mc_list_22_223-list-details-223' class='list mc-modal button mc-text-button button-link url summary'><div class=\"event-title-container\">Premi\u00e8re-Fahrt<\/div><\/button><\/h4>\n<\/header><div id='mc_list_22_223-list-details-223' class='details no-image uses-modal single-details list-details'  aria-labelledby='mc_223-title-mc-6f84060dbbfdbe6dcf8603dbe3992c11'>\n\n\t\r\n\t<div class='time-block'>\r\n\t\t<span class='mc-icon' aria-hidden='true'><\/span>\r\n\t\t<p><span class=\"time-wrapper\">  <\/span><span class=\"date-wrapper\"><span class='mc-start-date dtstart' title='2027-06-20T00:00:00+7200:00' content='2027-06-20T00:00:00+7200:00'>20\/06\/2027<\/span> <span class='date-separator'> &ndash; <\/span> <span class=\"event-time dtend\">25\/06\/2027<\/span><\/span><\/p>\r\n\t<\/div>\n\t\t<div class=\"sharing\">\t<p class='mc-details'><a aria-label='Lire la suite: Premi\u00e8re-Fahrt' href='https:\/\/dfg-lfa.org\/fr\/mc-events\/sejour-pedagogique-1ere\/'>Lire la suite<\/a><\/p>\n<\/div><\/div><!--end .details--><\/article><\/div><\/li><li id='list-2027-06-23' class='mc-events mercredi mer future-day has-events author2 mcat_general'><h2 class=\"event-date\"><span class=\"mc-list-details-text\">23\/06\/2027<\/span><\/h2><div id='list-date-2027-06-23' class='mc-list-date-wrapper'><article id='mc_list_23_223-list-223' class='mc-has-category-colors mc-mc_list_223 list-event mc_general mc_no-location  future-event mc_primary_general nonrecurring mc-6-jours mc-start-00-00 ungrouped mc-event-157 mc-events multidate mc-event mc_rel_general'><header>\t<h4 class='event-title summary' id='mc_223-title-mc-6f84060dbbfdbe6dcf8603dbe3992c11'><button type='button' id='modal-button-mc_list_23_223-list-details-223' data-modal-content-id='mc_list_23_223-list-details-223' data-modal-prefix-class='my-calendar' data-modal-close-text='Fermer' data-modal-title='Premi\u00e8re-Fahrt' aria-controls='mc_list_23_223-list-details-223' class='list mc-modal button mc-text-button button-link url summary'><div class=\"event-title-container\">Premi\u00e8re-Fahrt<\/div><\/button><\/h4>\n<\/header><div id='mc_list_23_223-list-details-223' class='details no-image uses-modal single-details list-details'  aria-labelledby='mc_223-title-mc-6f84060dbbfdbe6dcf8603dbe3992c11'>\n\n\t\r\n\t<div class='time-block'>\r\n\t\t<span class='mc-icon' aria-hidden='true'><\/span>\r\n\t\t<p><span class=\"time-wrapper\">  <\/span><span class=\"date-wrapper\"><span class='mc-start-date dtstart' title='2027-06-20T00:00:00+7200:00' content='2027-06-20T00:00:00+7200:00'>20\/06\/2027<\/span> <span class='date-separator'> &ndash; <\/span> <span class=\"event-time dtend\">25\/06\/2027<\/span><\/span><\/p>\r\n\t<\/div>\n\t\t<div class=\"sharing\">\t<p class='mc-details'><a aria-label='Lire la suite: Premi\u00e8re-Fahrt' href='https:\/\/dfg-lfa.org\/fr\/mc-events\/sejour-pedagogique-1ere\/'>Lire la suite<\/a><\/p>\n<\/div><\/div><!--end .details--><\/article><\/div><\/li><li id='list-2027-06-24' class='mc-events jeudi jeu future-day has-events author2 mcat_general'><h2 class=\"event-date\"><span class=\"mc-list-details-text\">24\/06\/2027<\/span><\/h2><div id='list-date-2027-06-24' class='mc-list-date-wrapper'><article id='mc_list_24_223-list-223' class='mc-has-category-colors mc-mc_list_223 list-event mc_general mc_no-location  future-event mc_primary_general nonrecurring mc-6-jours mc-start-00-00 ungrouped mc-event-157 mc-events multidate mc-event mc_rel_general'><header>\t<h4 class='event-title summary' id='mc_223-title-mc-6f84060dbbfdbe6dcf8603dbe3992c11'><button type='button' id='modal-button-mc_list_24_223-list-details-223' data-modal-content-id='mc_list_24_223-list-details-223' data-modal-prefix-class='my-calendar' data-modal-close-text='Fermer' data-modal-title='Premi\u00e8re-Fahrt' aria-controls='mc_list_24_223-list-details-223' class='list mc-modal button mc-text-button button-link url summary'><div class=\"event-title-container\">Premi\u00e8re-Fahrt<\/div><\/button><\/h4>\n<\/header><div id='mc_list_24_223-list-details-223' class='details no-image uses-modal single-details list-details'  aria-labelledby='mc_223-title-mc-6f84060dbbfdbe6dcf8603dbe3992c11'>\n\n\t\r\n\t<div class='time-block'>\r\n\t\t<span class='mc-icon' aria-hidden='true'><\/span>\r\n\t\t<p><span class=\"time-wrapper\">  <\/span><span class=\"date-wrapper\"><span class='mc-start-date dtstart' title='2027-06-20T00:00:00+7200:00' content='2027-06-20T00:00:00+7200:00'>20\/06\/2027<\/span> <span class='date-separator'> &ndash; <\/span> <span class=\"event-time dtend\">25\/06\/2027<\/span><\/span><\/p>\r\n\t<\/div>\n\t\t<div class=\"sharing\">\t<p class='mc-details'><a aria-label='Lire la suite: Premi\u00e8re-Fahrt' href='https:\/\/dfg-lfa.org\/fr\/mc-events\/sejour-pedagogique-1ere\/'>Lire la suite<\/a><\/p>\n<\/div><\/div><!--end .details--><\/article><\/div><\/li><li id='list-2027-06-25' class='mc-events vendredi ven future-day has-events author2 mcat_general'><h2 class=\"event-date\"><span class=\"mc-list-details-text\">25\/06\/2027<\/span><\/h2><div id='list-date-2027-06-25' class='mc-list-date-wrapper'><article id='mc_list_25_223-list-223' class='mc-has-category-colors mc-mc_list_223 list-event mc_general mc_no-location  future-event mc_primary_general nonrecurring mc-6-jours mc-start-00-00 ungrouped mc-event-157 mc-events multidate mc-event mc_rel_general'><header>\t<h4 class='event-title summary' id='mc_223-title-mc-6f84060dbbfdbe6dcf8603dbe3992c11'><button type='button' id='modal-button-mc_list_25_223-list-details-223' data-modal-content-id='mc_list_25_223-list-details-223' data-modal-prefix-class='my-calendar' data-modal-close-text='Fermer' data-modal-title='Premi\u00e8re-Fahrt' aria-controls='mc_list_25_223-list-details-223' class='list mc-modal button mc-text-button button-link url summary'><div class=\"event-title-container\">Premi\u00e8re-Fahrt<\/div><\/button><\/h4>\n<\/header><div id='mc_list_25_223-list-details-223' class='details no-image uses-modal single-details list-details'  aria-labelledby='mc_223-title-mc-6f84060dbbfdbe6dcf8603dbe3992c11'>\n\n\t\r\n\t<div class='time-block'>\r\n\t\t<span class='mc-icon' aria-hidden='true'><\/span>\r\n\t\t<p><span class=\"time-wrapper\">  <\/span><span class=\"date-wrapper\"><span class='mc-start-date dtstart' title='2027-06-20T00:00:00+7200:00' content='2027-06-20T00:00:00+7200:00'>20\/06\/2027<\/span> <span class='date-separator'> &ndash; <\/span> <span class=\"event-time dtend\">25\/06\/2027<\/span><\/span><\/p>\r\n\t<\/div>\n\t\t<div class=\"sharing\">\t<p class='mc-details'><a aria-label='Lire la suite: Premi\u00e8re-Fahrt' href='https:\/\/dfg-lfa.org\/fr\/mc-events\/sejour-pedagogique-1ere\/'>Lire la suite<\/a><\/p>\n<\/div><\/div><!--end .details--><\/article><\/div><\/li><li id='list-2027-07-03' class='mc-events samedi sam future-day has-events author2 mcat_general'><h2 class=\"event-date\"><span class=\"mc-list-details-text\">03\/07\/2027<\/span><\/h2><div id='list-date-2027-07-03' class='mc-list-date-wrapper'><article id='mc_list_03_224-list-224' class='mc-has-category-colors mc-mc_list_224 list-event mc_general mc_no-location  future-event mc_primary_general nonrecurring mc-2-mois mc-start-00-00 ungrouped mc-event-158 mc-events multidate mc-event mc_rel_general'><header>\t<h4 class='event-title summary' id='mc_224-title-mc-6f84060dbbfdbe6dcf8603dbe3992c11'><button type='button' id='modal-button-mc_list_03_224-list-details-224' data-modal-content-id='mc_list_03_224-list-details-224' data-modal-prefix-class='my-calendar' data-modal-close-text='Fermer' data-modal-title='Vacances d&#039;\u00e9t\u00e9' aria-controls='mc_list_03_224-list-details-224' class='list mc-modal button mc-text-button button-link url summary'><div class=\"event-title-container\">Vacances d'\u00e9t\u00e9<\/div><\/button><\/h4>\n<\/header><div id='mc_list_03_224-list-details-224' class='details no-image uses-modal single-details list-details'  aria-labelledby='mc_224-title-mc-6f84060dbbfdbe6dcf8603dbe3992c11'>\n\n\t\r\n\t<div class='time-block'>\r\n\t\t<span class='mc-icon' aria-hidden='true'><\/span>\r\n\t\t<p><span class=\"time-wrapper\">  <\/span><span class=\"date-wrapper\"><span class='mc-start-date dtstart' title='2027-07-03T00:00:00+7200:00' content='2027-07-03T00:00:00+7200:00'>03\/07\/2027<\/span> <span class='date-separator'> &ndash; <\/span> <span class=\"event-time dtend\">29\/08\/2027<\/span><\/span><\/p>\r\n\t<\/div>\n\t\t<div class=\"sharing\">\t<p class='mc-details'><a aria-label='Lire la suite: Vacances d&#039;\u00e9t\u00e9' href='https:\/\/dfg-lfa.org\/fr\/mc-events\/sommerferien\/'>Lire la suite<\/a><\/p>\n<\/div><\/div><!--end .details--><\/article><\/div><\/li><li id='list-2027-07-04' class='mc-events dimanche dim future-day has-events author2 mcat_general'><h2 class=\"event-date\"><span class=\"mc-list-details-text\">04\/07\/2027<\/span><\/h2><div id='list-date-2027-07-04' class='mc-list-date-wrapper'><article id='mc_list_04_224-list-224' class='mc-has-category-colors mc-mc_list_224 list-event mc_general mc_no-location  future-event mc_primary_general nonrecurring mc-2-mois mc-start-00-00 ungrouped mc-event-158 mc-events multidate mc-event mc_rel_general'><header>\t<h4 class='event-title summary' id='mc_224-title-mc-6f84060dbbfdbe6dcf8603dbe3992c11'><button type='button' id='modal-button-mc_list_04_224-list-details-224' data-modal-content-id='mc_list_04_224-list-details-224' data-modal-prefix-class='my-calendar' data-modal-close-text='Fermer' data-modal-title='Vacances d&#039;\u00e9t\u00e9' aria-controls='mc_list_04_224-list-details-224' class='list mc-modal button mc-text-button button-link url summary'><div class=\"event-title-container\">Vacances d'\u00e9t\u00e9<\/div><\/button><\/h4>\n<\/header><div id='mc_list_04_224-list-details-224' class='details no-image uses-modal single-details list-details'  aria-labelledby='mc_224-title-mc-6f84060dbbfdbe6dcf8603dbe3992c11'>\n\n\t\r\n\t<div class='time-block'>\r\n\t\t<span class='mc-icon' aria-hidden='true'><\/span>\r\n\t\t<p><span class=\"time-wrapper\">  <\/span><span class=\"date-wrapper\"><span class='mc-start-date dtstart' title='2027-07-03T00:00:00+7200:00' content='2027-07-03T00:00:00+7200:00'>03\/07\/2027<\/span> <span class='date-separator'> &ndash; <\/span> <span class=\"event-time dtend\">29\/08\/2027<\/span><\/span><\/p>\r\n\t<\/div>\n\t\t<div class=\"sharing\">\t<p class='mc-details'><a aria-label='Lire la suite: Vacances d&#039;\u00e9t\u00e9' href='https:\/\/dfg-lfa.org\/fr\/mc-events\/sommerferien\/'>Lire la suite<\/a><\/p>\n<\/div><\/div><!--end .details--><\/article><\/div><\/li><li id='list-2027-07-05' class='mc-events lundi lun future-day has-events author2 mcat_general'><h2 class=\"event-date\"><span class=\"mc-list-details-text\">05\/07\/2027<\/span><\/h2><div id='list-date-2027-07-05' class='mc-list-date-wrapper'><article id='mc_list_05_224-list-224' class='mc-has-category-colors mc-mc_list_224 list-event mc_general mc_no-location  future-event mc_primary_general nonrecurring mc-2-mois mc-start-00-00 ungrouped mc-event-158 mc-events multidate mc-event mc_rel_general'><header>\t<h4 class='event-title summary' id='mc_224-title-mc-6f84060dbbfdbe6dcf8603dbe3992c11'><button type='button' id='modal-button-mc_list_05_224-list-details-224' data-modal-content-id='mc_list_05_224-list-details-224' data-modal-prefix-class='my-calendar' data-modal-close-text='Fermer' data-modal-title='Vacances d&#039;\u00e9t\u00e9' aria-controls='mc_list_05_224-list-details-224' class='list mc-modal button mc-text-button button-link url summary'><div class=\"event-title-container\">Vacances d'\u00e9t\u00e9<\/div><\/button><\/h4>\n<\/header><div id='mc_list_05_224-list-details-224' class='details no-image uses-modal single-details list-details'  aria-labelledby='mc_224-title-mc-6f84060dbbfdbe6dcf8603dbe3992c11'>\n\n\t\r\n\t<div class='time-block'>\r\n\t\t<span class='mc-icon' aria-hidden='true'><\/span>\r\n\t\t<p><span class=\"time-wrapper\">  <\/span><span class=\"date-wrapper\"><span class='mc-start-date dtstart' title='2027-07-03T00:00:00+7200:00' content='2027-07-03T00:00:00+7200:00'>03\/07\/2027<\/span> <span class='date-separator'> &ndash; <\/span> <span class=\"event-time dtend\">29\/08\/2027<\/span><\/span><\/p>\r\n\t<\/div>\n\t\t<div class=\"sharing\">\t<p class='mc-details'><a aria-label='Lire la suite: Vacances d&#039;\u00e9t\u00e9' href='https:\/\/dfg-lfa.org\/fr\/mc-events\/sommerferien\/'>Lire la suite<\/a><\/p>\n<\/div><\/div><!--end .details--><\/article><\/div><\/li><li id='list-2027-07-06' class='mc-events mardi mar future-day has-events author2 mcat_general'><h2 class=\"event-date\"><span class=\"mc-list-details-text\">06\/07\/2027<\/span><\/h2><div id='list-date-2027-07-06' class='mc-list-date-wrapper'><article id='mc_list_06_224-list-224' class='mc-has-category-colors mc-mc_list_224 list-event mc_general mc_no-location  future-event mc_primary_general nonrecurring mc-2-mois mc-start-00-00 ungrouped mc-event-158 mc-events multidate mc-event mc_rel_general'><header>\t<h4 class='event-title summary' id='mc_224-title-mc-6f84060dbbfdbe6dcf8603dbe3992c11'><button type='button' id='modal-button-mc_list_06_224-list-details-224' data-modal-content-id='mc_list_06_224-list-details-224' data-modal-prefix-class='my-calendar' data-modal-close-text='Fermer' data-modal-title='Vacances d&#039;\u00e9t\u00e9' aria-controls='mc_list_06_224-list-details-224' class='list mc-modal button mc-text-button button-link url summary'><div class=\"event-title-container\">Vacances d'\u00e9t\u00e9<\/div><\/button><\/h4>\n<\/header><div id='mc_list_06_224-list-details-224' class='details no-image uses-modal single-details list-details'  aria-labelledby='mc_224-title-mc-6f84060dbbfdbe6dcf8603dbe3992c11'>\n\n\t\r\n\t<div class='time-block'>\r\n\t\t<span class='mc-icon' aria-hidden='true'><\/span>\r\n\t\t<p><span class=\"time-wrapper\">  <\/span><span class=\"date-wrapper\"><span class='mc-start-date dtstart' title='2027-07-03T00:00:00+7200:00' content='2027-07-03T00:00:00+7200:00'>03\/07\/2027<\/span> <span class='date-separator'> &ndash; <\/span> <span class=\"event-time dtend\">29\/08\/2027<\/span><\/span><\/p>\r\n\t<\/div>\n\t\t<div class=\"sharing\">\t<p class='mc-details'><a aria-label='Lire la suite: Vacances d&#039;\u00e9t\u00e9' href='https:\/\/dfg-lfa.org\/fr\/mc-events\/sommerferien\/'>Lire la suite<\/a><\/p>\n<\/div><\/div><!--end .details--><\/article><\/div><\/li><li id='list-2027-07-07' class='mc-events mercredi mer future-day has-events author2 mcat_general'><h2 class=\"event-date\"><span class=\"mc-list-details-text\">07\/07\/2027<\/span><\/h2><div id='list-date-2027-07-07' class='mc-list-date-wrapper'><article id='mc_list_07_224-list-224' class='mc-has-category-colors mc-mc_list_224 list-event mc_general mc_no-location  future-event mc_primary_general nonrecurring mc-2-mois mc-start-00-00 ungrouped mc-event-158 mc-events multidate mc-event mc_rel_general'><header>\t<h4 class='event-title summary' id='mc_224-title-mc-6f84060dbbfdbe6dcf8603dbe3992c11'><button type='button' id='modal-button-mc_list_07_224-list-details-224' data-modal-content-id='mc_list_07_224-list-details-224' data-modal-prefix-class='my-calendar' data-modal-close-text='Fermer' data-modal-title='Vacances d&#039;\u00e9t\u00e9' aria-controls='mc_list_07_224-list-details-224' class='list mc-modal button mc-text-button button-link url summary'><div class=\"event-title-container\">Vacances d'\u00e9t\u00e9<\/div><\/button><\/h4>\n<\/header><div id='mc_list_07_224-list-details-224' class='details no-image uses-modal single-details list-details'  aria-labelledby='mc_224-title-mc-6f84060dbbfdbe6dcf8603dbe3992c11'>\n\n\t\r\n\t<div class='time-block'>\r\n\t\t<span class='mc-icon' aria-hidden='true'><\/span>\r\n\t\t<p><span class=\"time-wrapper\">  <\/span><span class=\"date-wrapper\"><span class='mc-start-date dtstart' title='2027-07-03T00:00:00+7200:00' content='2027-07-03T00:00:00+7200:00'>03\/07\/2027<\/span> <span class='date-separator'> &ndash; <\/span> <span class=\"event-time dtend\">29\/08\/2027<\/span><\/span><\/p>\r\n\t<\/div>\n\t\t<div class=\"sharing\">\t<p class='mc-details'><a aria-label='Lire la suite: Vacances d&#039;\u00e9t\u00e9' href='https:\/\/dfg-lfa.org\/fr\/mc-events\/sommerferien\/'>Lire la suite<\/a><\/p>\n<\/div><\/div><!--end .details--><\/article><\/div><\/li><li id='list-2027-07-08' class='mc-events jeudi jeu future-day has-events author2 mcat_general'><h2 class=\"event-date\"><span class=\"mc-list-details-text\">08\/07\/2027<\/span><\/h2><div id='list-date-2027-07-08' class='mc-list-date-wrapper'><article id='mc_list_08_224-list-224' class='mc-has-category-colors mc-mc_list_224 list-event mc_general mc_no-location  future-event mc_primary_general nonrecurring mc-2-mois mc-start-00-00 ungrouped mc-event-158 mc-events multidate mc-event mc_rel_general'><header>\t<h4 class='event-title summary' id='mc_224-title-mc-6f84060dbbfdbe6dcf8603dbe3992c11'><button type='button' id='modal-button-mc_list_08_224-list-details-224' data-modal-content-id='mc_list_08_224-list-details-224' data-modal-prefix-class='my-calendar' data-modal-close-text='Fermer' data-modal-title='Vacances d&#039;\u00e9t\u00e9' aria-controls='mc_list_08_224-list-details-224' class='list mc-modal button mc-text-button button-link url summary'><div class=\"event-title-container\">Vacances d'\u00e9t\u00e9<\/div><\/button><\/h4>\n<\/header><div id='mc_list_08_224-list-details-224' class='details no-image uses-modal single-details list-details'  aria-labelledby='mc_224-title-mc-6f84060dbbfdbe6dcf8603dbe3992c11'>\n\n\t\r\n\t<div class='time-block'>\r\n\t\t<span class='mc-icon' aria-hidden='true'><\/span>\r\n\t\t<p><span class=\"time-wrapper\">  <\/span><span class=\"date-wrapper\"><span class='mc-start-date dtstart' title='2027-07-03T00:00:00+7200:00' content='2027-07-03T00:00:00+7200:00'>03\/07\/2027<\/span> <span class='date-separator'> &ndash; <\/span> <span class=\"event-time dtend\">29\/08\/2027<\/span><\/span><\/p>\r\n\t<\/div>\n\t\t<div class=\"sharing\">\t<p class='mc-details'><a aria-label='Lire la suite: Vacances d&#039;\u00e9t\u00e9' href='https:\/\/dfg-lfa.org\/fr\/mc-events\/sommerferien\/'>Lire la suite<\/a><\/p>\n<\/div><\/div><!--end .details--><\/article><\/div><\/li><li id='list-2027-07-09' class='mc-events vendredi ven future-day has-events author2 mcat_general'><h2 class=\"event-date\"><span class=\"mc-list-details-text\">09\/07\/2027<\/span><\/h2><div id='list-date-2027-07-09' class='mc-list-date-wrapper'><article id='mc_list_09_224-list-224' class='mc-has-category-colors mc-mc_list_224 list-event mc_general mc_no-location  future-event mc_primary_general nonrecurring mc-2-mois mc-start-00-00 ungrouped mc-event-158 mc-events multidate mc-event mc_rel_general'><header>\t<h4 class='event-title summary' id='mc_224-title-mc-6f84060dbbfdbe6dcf8603dbe3992c11'><button type='button' id='modal-button-mc_list_09_224-list-details-224' data-modal-content-id='mc_list_09_224-list-details-224' data-modal-prefix-class='my-calendar' data-modal-close-text='Fermer' data-modal-title='Vacances d&#039;\u00e9t\u00e9' aria-controls='mc_list_09_224-list-details-224' class='list mc-modal button mc-text-button button-link url summary'><div class=\"event-title-container\">Vacances d'\u00e9t\u00e9<\/div><\/button><\/h4>\n<\/header><div id='mc_list_09_224-list-details-224' class='details no-image uses-modal single-details list-details'  aria-labelledby='mc_224-title-mc-6f84060dbbfdbe6dcf8603dbe3992c11'>\n\n\t\r\n\t<div class='time-block'>\r\n\t\t<span class='mc-icon' aria-hidden='true'><\/span>\r\n\t\t<p><span class=\"time-wrapper\">  <\/span><span class=\"date-wrapper\"><span class='mc-start-date dtstart' title='2027-07-03T00:00:00+7200:00' content='2027-07-03T00:00:00+7200:00'>03\/07\/2027<\/span> <span class='date-separator'> &ndash; <\/span> <span class=\"event-time dtend\">29\/08\/2027<\/span><\/span><\/p>\r\n\t<\/div>\n\t\t<div class=\"sharing\">\t<p class='mc-details'><a aria-label='Lire la suite: Vacances d&#039;\u00e9t\u00e9' href='https:\/\/dfg-lfa.org\/fr\/mc-events\/sommerferien\/'>Lire la suite<\/a><\/p>\n<\/div><\/div><!--end .details--><\/article><\/div><\/li><li id='list-2027-07-10' class='mc-events samedi sam future-day has-events author2 mcat_general'><h2 class=\"event-date\"><span class=\"mc-list-details-text\">10\/07\/2027<\/span><\/h2><div id='list-date-2027-07-10' class='mc-list-date-wrapper'><article id='mc_list_10_224-list-224' class='mc-has-category-colors mc-mc_list_224 list-event mc_general mc_no-location  future-event mc_primary_general nonrecurring mc-2-mois mc-start-00-00 ungrouped mc-event-158 mc-events multidate mc-event mc_rel_general'><header>\t<h4 class='event-title summary' id='mc_224-title-mc-6f84060dbbfdbe6dcf8603dbe3992c11'><button type='button' id='modal-button-mc_list_10_224-list-details-224' data-modal-content-id='mc_list_10_224-list-details-224' data-modal-prefix-class='my-calendar' data-modal-close-text='Fermer' data-modal-title='Vacances d&#039;\u00e9t\u00e9' aria-controls='mc_list_10_224-list-details-224' class='list mc-modal button mc-text-button button-link url summary'><div class=\"event-title-container\">Vacances d'\u00e9t\u00e9<\/div><\/button><\/h4>\n<\/header><div id='mc_list_10_224-list-details-224' class='details no-image uses-modal single-details list-details'  aria-labelledby='mc_224-title-mc-6f84060dbbfdbe6dcf8603dbe3992c11'>\n\n\t\r\n\t<div class='time-block'>\r\n\t\t<span class='mc-icon' aria-hidden='true'><\/span>\r\n\t\t<p><span class=\"time-wrapper\">  <\/span><span class=\"date-wrapper\"><span class='mc-start-date dtstart' title='2027-07-03T00:00:00+7200:00' content='2027-07-03T00:00:00+7200:00'>03\/07\/2027<\/span> <span class='date-separator'> &ndash; <\/span> <span class=\"event-time dtend\">29\/08\/2027<\/span><\/span><\/p>\r\n\t<\/div>\n\t\t<div class=\"sharing\">\t<p class='mc-details'><a aria-label='Lire la suite: Vacances d&#039;\u00e9t\u00e9' href='https:\/\/dfg-lfa.org\/fr\/mc-events\/sommerferien\/'>Lire la suite<\/a><\/p>\n<\/div><\/div><!--end .details--><\/article><\/div><\/li><li id='list-2027-07-11' class='mc-events dimanche dim future-day has-events author2 mcat_general'><h2 class=\"event-date\"><span class=\"mc-list-details-text\">11\/07\/2027<\/span><\/h2><div id='list-date-2027-07-11' class='mc-list-date-wrapper'><article id='mc_list_11_224-list-224' class='mc-has-category-colors mc-mc_list_224 list-event mc_general mc_no-location  future-event mc_primary_general nonrecurring mc-2-mois mc-start-00-00 ungrouped mc-event-158 mc-events multidate mc-event mc_rel_general'><header>\t<h4 class='event-title summary' id='mc_224-title-mc-6f84060dbbfdbe6dcf8603dbe3992c11'><button type='button' id='modal-button-mc_list_11_224-list-details-224' data-modal-content-id='mc_list_11_224-list-details-224' data-modal-prefix-class='my-calendar' data-modal-close-text='Fermer' data-modal-title='Vacances d&#039;\u00e9t\u00e9' aria-controls='mc_list_11_224-list-details-224' class='list mc-modal button mc-text-button button-link url summary'><div class=\"event-title-container\">Vacances d'\u00e9t\u00e9<\/div><\/button><\/h4>\n<\/header><div id='mc_list_11_224-list-details-224' class='details no-image uses-modal single-details list-details'  aria-labelledby='mc_224-title-mc-6f84060dbbfdbe6dcf8603dbe3992c11'>\n\n\t\r\n\t<div class='time-block'>\r\n\t\t<span class='mc-icon' aria-hidden='true'><\/span>\r\n\t\t<p><span class=\"time-wrapper\">  <\/span><span class=\"date-wrapper\"><span class='mc-start-date dtstart' title='2027-07-03T00:00:00+7200:00' content='2027-07-03T00:00:00+7200:00'>03\/07\/2027<\/span> <span class='date-separator'> &ndash; <\/span> <span class=\"event-time dtend\">29\/08\/2027<\/span><\/span><\/p>\r\n\t<\/div>\n\t\t<div class=\"sharing\">\t<p class='mc-details'><a aria-label='Lire la suite: Vacances d&#039;\u00e9t\u00e9' href='https:\/\/dfg-lfa.org\/fr\/mc-events\/sommerferien\/'>Lire la suite<\/a><\/p>\n<\/div><\/div><!--end .details--><\/article><\/div><\/li><li id='list-2027-07-12' class='mc-events lundi lun future-day has-events author2 mcat_general'><h2 class=\"event-date\"><span class=\"mc-list-details-text\">12\/07\/2027<\/span><\/h2><div id='list-date-2027-07-12' class='mc-list-date-wrapper'><article id='mc_list_12_224-list-224' class='mc-has-category-colors mc-mc_list_224 list-event mc_general mc_no-location  future-event mc_primary_general nonrecurring mc-2-mois mc-start-00-00 ungrouped mc-event-158 mc-events multidate mc-event mc_rel_general'><header>\t<h4 class='event-title summary' id='mc_224-title-mc-6f84060dbbfdbe6dcf8603dbe3992c11'><button type='button' id='modal-button-mc_list_12_224-list-details-224' data-modal-content-id='mc_list_12_224-list-details-224' data-modal-prefix-class='my-calendar' data-modal-close-text='Fermer' data-modal-title='Vacances d&#039;\u00e9t\u00e9' aria-controls='mc_list_12_224-list-details-224' class='list mc-modal button mc-text-button button-link url summary'><div class=\"event-title-container\">Vacances d'\u00e9t\u00e9<\/div><\/button><\/h4>\n<\/header><div id='mc_list_12_224-list-details-224' class='details no-image uses-modal single-details list-details'  aria-labelledby='mc_224-title-mc-6f84060dbbfdbe6dcf8603dbe3992c11'>\n\n\t\r\n\t<div class='time-block'>\r\n\t\t<span class='mc-icon' aria-hidden='true'><\/span>\r\n\t\t<p><span class=\"time-wrapper\">  <\/span><span class=\"date-wrapper\"><span class='mc-start-date dtstart' title='2027-07-03T00:00:00+7200:00' content='2027-07-03T00:00:00+7200:00'>03\/07\/2027<\/span> <span class='date-separator'> &ndash; <\/span> <span class=\"event-time dtend\">29\/08\/2027<\/span><\/span><\/p>\r\n\t<\/div>\n\t\t<div class=\"sharing\">\t<p class='mc-details'><a aria-label='Lire la suite: Vacances d&#039;\u00e9t\u00e9' href='https:\/\/dfg-lfa.org\/fr\/mc-events\/sommerferien\/'>Lire la suite<\/a><\/p>\n<\/div><\/div><!--end .details--><\/article><\/div><\/li><li id='list-2027-07-13' class='mc-events mardi mar future-day has-events author2 mcat_general'><h2 class=\"event-date\"><span class=\"mc-list-details-text\">13\/07\/2027<\/span><\/h2><div id='list-date-2027-07-13' class='mc-list-date-wrapper'><article id='mc_list_13_224-list-224' class='mc-has-category-colors mc-mc_list_224 list-event mc_general mc_no-location  future-event mc_primary_general nonrecurring mc-2-mois mc-start-00-00 ungrouped mc-event-158 mc-events multidate mc-event mc_rel_general'><header>\t<h4 class='event-title summary' id='mc_224-title-mc-6f84060dbbfdbe6dcf8603dbe3992c11'><button type='button' id='modal-button-mc_list_13_224-list-details-224' data-modal-content-id='mc_list_13_224-list-details-224' data-modal-prefix-class='my-calendar' data-modal-close-text='Fermer' data-modal-title='Vacances d&#039;\u00e9t\u00e9' aria-controls='mc_list_13_224-list-details-224' class='list mc-modal button mc-text-button button-link url summary'><div class=\"event-title-container\">Vacances d'\u00e9t\u00e9<\/div><\/button><\/h4>\n<\/header><div id='mc_list_13_224-list-details-224' class='details no-image uses-modal single-details list-details'  aria-labelledby='mc_224-title-mc-6f84060dbbfdbe6dcf8603dbe3992c11'>\n\n\t\r\n\t<div class='time-block'>\r\n\t\t<span class='mc-icon' aria-hidden='true'><\/span>\r\n\t\t<p><span class=\"time-wrapper\">  <\/span><span class=\"date-wrapper\"><span class='mc-start-date dtstart' title='2027-07-03T00:00:00+7200:00' content='2027-07-03T00:00:00+7200:00'>03\/07\/2027<\/span> <span class='date-separator'> &ndash; <\/span> <span class=\"event-time dtend\">29\/08\/2027<\/span><\/span><\/p>\r\n\t<\/div>\n\t\t<div class=\"sharing\">\t<p class='mc-details'><a aria-label='Lire la suite: Vacances d&#039;\u00e9t\u00e9' href='https:\/\/dfg-lfa.org\/fr\/mc-events\/sommerferien\/'>Lire la suite<\/a><\/p>\n<\/div><\/div><!--end .details--><\/article><\/div><\/li><li id='list-2027-07-14' class='mc-events mercredi mer future-day has-events author2 mcat_general'><h2 class=\"event-date\"><span class=\"mc-list-details-text\">14\/07\/2027<\/span><\/h2><div id='list-date-2027-07-14' class='mc-list-date-wrapper'><article id='mc_list_14_224-list-224' class='mc-has-category-colors mc-mc_list_224 list-event mc_general mc_no-location  future-event mc_primary_general nonrecurring mc-2-mois mc-start-00-00 ungrouped mc-event-158 mc-events multidate mc-event mc_rel_general'><header>\t<h4 class='event-title summary' id='mc_224-title-mc-6f84060dbbfdbe6dcf8603dbe3992c11'><button type='button' id='modal-button-mc_list_14_224-list-details-224' data-modal-content-id='mc_list_14_224-list-details-224' data-modal-prefix-class='my-calendar' data-modal-close-text='Fermer' data-modal-title='Vacances d&#039;\u00e9t\u00e9' aria-controls='mc_list_14_224-list-details-224' class='list mc-modal button mc-text-button button-link url summary'><div class=\"event-title-container\">Vacances d'\u00e9t\u00e9<\/div><\/button><\/h4>\n<\/header><div id='mc_list_14_224-list-details-224' class='details no-image uses-modal single-details list-details'  aria-labelledby='mc_224-title-mc-6f84060dbbfdbe6dcf8603dbe3992c11'>\n\n\t\r\n\t<div class='time-block'>\r\n\t\t<span class='mc-icon' aria-hidden='true'><\/span>\r\n\t\t<p><span class=\"time-wrapper\">  <\/span><span class=\"date-wrapper\"><span class='mc-start-date dtstart' title='2027-07-03T00:00:00+7200:00' content='2027-07-03T00:00:00+7200:00'>03\/07\/2027<\/span> <span class='date-separator'> &ndash; <\/span> <span class=\"event-time dtend\">29\/08\/2027<\/span><\/span><\/p>\r\n\t<\/div>\n\t\t<div class=\"sharing\">\t<p class='mc-details'><a aria-label='Lire la suite: Vacances d&#039;\u00e9t\u00e9' href='https:\/\/dfg-lfa.org\/fr\/mc-events\/sommerferien\/'>Lire la suite<\/a><\/p>\n<\/div><\/div><!--end .details--><\/article><\/div><\/li><li id='list-2027-07-15' class='mc-events jeudi jeu future-day has-events author2 mcat_general'><h2 class=\"event-date\"><span class=\"mc-list-details-text\">15\/07\/2027<\/span><\/h2><div id='list-date-2027-07-15' class='mc-list-date-wrapper'><article id='mc_list_15_224-list-224' class='mc-has-category-colors mc-mc_list_224 list-event mc_general mc_no-location  future-event mc_primary_general nonrecurring mc-2-mois mc-start-00-00 ungrouped mc-event-158 mc-events multidate mc-event mc_rel_general'><header>\t<h4 class='event-title summary' id='mc_224-title-mc-6f84060dbbfdbe6dcf8603dbe3992c11'><button type='button' id='modal-button-mc_list_15_224-list-details-224' data-modal-content-id='mc_list_15_224-list-details-224' data-modal-prefix-class='my-calendar' data-modal-close-text='Fermer' data-modal-title='Vacances d&#039;\u00e9t\u00e9' aria-controls='mc_list_15_224-list-details-224' class='list mc-modal button mc-text-button button-link url summary'><div class=\"event-title-container\">Vacances d'\u00e9t\u00e9<\/div><\/button><\/h4>\n<\/header><div id='mc_list_15_224-list-details-224' class='details no-image uses-modal single-details list-details'  aria-labelledby='mc_224-title-mc-6f84060dbbfdbe6dcf8603dbe3992c11'>\n\n\t\r\n\t<div class='time-block'>\r\n\t\t<span class='mc-icon' aria-hidden='true'><\/span>\r\n\t\t<p><span class=\"time-wrapper\">  <\/span><span class=\"date-wrapper\"><span class='mc-start-date dtstart' title='2027-07-03T00:00:00+7200:00' content='2027-07-03T00:00:00+7200:00'>03\/07\/2027<\/span> <span class='date-separator'> &ndash; <\/span> <span class=\"event-time dtend\">29\/08\/2027<\/span><\/span><\/p>\r\n\t<\/div>\n\t\t<div class=\"sharing\">\t<p class='mc-details'><a aria-label='Lire la suite: Vacances d&#039;\u00e9t\u00e9' href='https:\/\/dfg-lfa.org\/fr\/mc-events\/sommerferien\/'>Lire la suite<\/a><\/p>\n<\/div><\/div><!--end .details--><\/article><\/div><\/li><li id='list-2027-07-16' class='mc-events vendredi ven future-day has-events author2 mcat_general'><h2 class=\"event-date\"><span class=\"mc-list-details-text\">16\/07\/2027<\/span><\/h2><div id='list-date-2027-07-16' class='mc-list-date-wrapper'><article id='mc_list_16_224-list-224' class='mc-has-category-colors mc-mc_list_224 list-event mc_general mc_no-location  future-event mc_primary_general nonrecurring mc-2-mois mc-start-00-00 ungrouped mc-event-158 mc-events multidate mc-event mc_rel_general'><header>\t<h4 class='event-title summary' id='mc_224-title-mc-6f84060dbbfdbe6dcf8603dbe3992c11'><button type='button' id='modal-button-mc_list_16_224-list-details-224' data-modal-content-id='mc_list_16_224-list-details-224' data-modal-prefix-class='my-calendar' data-modal-close-text='Fermer' data-modal-title='Vacances d&#039;\u00e9t\u00e9' aria-controls='mc_list_16_224-list-details-224' class='list mc-modal button mc-text-button button-link url summary'><div class=\"event-title-container\">Vacances d'\u00e9t\u00e9<\/div><\/button><\/h4>\n<\/header><div id='mc_list_16_224-list-details-224' class='details no-image uses-modal single-details list-details'  aria-labelledby='mc_224-title-mc-6f84060dbbfdbe6dcf8603dbe3992c11'>\n\n\t\r\n\t<div class='time-block'>\r\n\t\t<span class='mc-icon' aria-hidden='true'><\/span>\r\n\t\t<p><span class=\"time-wrapper\">  <\/span><span class=\"date-wrapper\"><span class='mc-start-date dtstart' title='2027-07-03T00:00:00+7200:00' content='2027-07-03T00:00:00+7200:00'>03\/07\/2027<\/span> <span class='date-separator'> &ndash; <\/span> <span class=\"event-time dtend\">29\/08\/2027<\/span><\/span><\/p>\r\n\t<\/div>\n\t\t<div class=\"sharing\">\t<p class='mc-details'><a aria-label='Lire la suite: Vacances d&#039;\u00e9t\u00e9' href='https:\/\/dfg-lfa.org\/fr\/mc-events\/sommerferien\/'>Lire la suite<\/a><\/p>\n<\/div><\/div><!--end .details--><\/article><\/div><\/li><li id='list-2027-07-17' class='mc-events samedi sam future-day has-events author2 mcat_general'><h2 class=\"event-date\"><span class=\"mc-list-details-text\">17\/07\/2027<\/span><\/h2><div id='list-date-2027-07-17' class='mc-list-date-wrapper'><article id='mc_list_17_224-list-224' class='mc-has-category-colors mc-mc_list_224 list-event mc_general mc_no-location  future-event mc_primary_general nonrecurring mc-2-mois mc-start-00-00 ungrouped mc-event-158 mc-events multidate mc-event mc_rel_general'><header>\t<h4 class='event-title summary' id='mc_224-title-mc-6f84060dbbfdbe6dcf8603dbe3992c11'><button type='button' id='modal-button-mc_list_17_224-list-details-224' data-modal-content-id='mc_list_17_224-list-details-224' data-modal-prefix-class='my-calendar' data-modal-close-text='Fermer' data-modal-title='Vacances d&#039;\u00e9t\u00e9' aria-controls='mc_list_17_224-list-details-224' class='list mc-modal button mc-text-button button-link url summary'><div class=\"event-title-container\">Vacances d'\u00e9t\u00e9<\/div><\/button><\/h4>\n<\/header><div id='mc_list_17_224-list-details-224' class='details no-image uses-modal single-details list-details'  aria-labelledby='mc_224-title-mc-6f84060dbbfdbe6dcf8603dbe3992c11'>\n\n\t\r\n\t<div class='time-block'>\r\n\t\t<span class='mc-icon' aria-hidden='true'><\/span>\r\n\t\t<p><span class=\"time-wrapper\">  <\/span><span class=\"date-wrapper\"><span class='mc-start-date dtstart' title='2027-07-03T00:00:00+7200:00' content='2027-07-03T00:00:00+7200:00'>03\/07\/2027<\/span> <span class='date-separator'> &ndash; <\/span> <span class=\"event-time dtend\">29\/08\/2027<\/span><\/span><\/p>\r\n\t<\/div>\n\t\t<div class=\"sharing\">\t<p class='mc-details'><a aria-label='Lire la suite: Vacances d&#039;\u00e9t\u00e9' href='https:\/\/dfg-lfa.org\/fr\/mc-events\/sommerferien\/'>Lire la suite<\/a><\/p>\n<\/div><\/div><!--end .details--><\/article><\/div><\/li><li id='list-2027-07-18' class='mc-events dimanche dim future-day has-events author2 mcat_general'><h2 class=\"event-date\"><span class=\"mc-list-details-text\">18\/07\/2027<\/span><\/h2><div id='list-date-2027-07-18' class='mc-list-date-wrapper'><article id='mc_list_18_224-list-224' class='mc-has-category-colors mc-mc_list_224 list-event mc_general mc_no-location  future-event mc_primary_general nonrecurring mc-2-mois mc-start-00-00 ungrouped mc-event-158 mc-events multidate mc-event mc_rel_general'><header>\t<h4 class='event-title summary' id='mc_224-title-mc-6f84060dbbfdbe6dcf8603dbe3992c11'><button type='button' id='modal-button-mc_list_18_224-list-details-224' data-modal-content-id='mc_list_18_224-list-details-224' data-modal-prefix-class='my-calendar' data-modal-close-text='Fermer' data-modal-title='Vacances d&#039;\u00e9t\u00e9' aria-controls='mc_list_18_224-list-details-224' class='list mc-modal button mc-text-button button-link url summary'><div class=\"event-title-container\">Vacances d'\u00e9t\u00e9<\/div><\/button><\/h4>\n<\/header><div id='mc_list_18_224-list-details-224' class='details no-image uses-modal single-details list-details'  aria-labelledby='mc_224-title-mc-6f84060dbbfdbe6dcf8603dbe3992c11'>\n\n\t\r\n\t<div class='time-block'>\r\n\t\t<span class='mc-icon' aria-hidden='true'><\/span>\r\n\t\t<p><span class=\"time-wrapper\">  <\/span><span class=\"date-wrapper\"><span class='mc-start-date dtstart' title='2027-07-03T00:00:00+7200:00' content='2027-07-03T00:00:00+7200:00'>03\/07\/2027<\/span> <span class='date-separator'> &ndash; <\/span> <span class=\"event-time dtend\">29\/08\/2027<\/span><\/span><\/p>\r\n\t<\/div>\n\t\t<div class=\"sharing\">\t<p class='mc-details'><a aria-label='Lire la suite: Vacances d&#039;\u00e9t\u00e9' href='https:\/\/dfg-lfa.org\/fr\/mc-events\/sommerferien\/'>Lire la suite<\/a><\/p>\n<\/div><\/div><!--end .details--><\/article><\/div><\/li><li id='list-2027-07-19' class='mc-events lundi lun future-day has-events author2 mcat_general'><h2 class=\"event-date\"><span class=\"mc-list-details-text\">19\/07\/2027<\/span><\/h2><div id='list-date-2027-07-19' class='mc-list-date-wrapper'><article id='mc_list_19_224-list-224' class='mc-has-category-colors mc-mc_list_224 list-event mc_general mc_no-location  future-event mc_primary_general nonrecurring mc-2-mois mc-start-00-00 ungrouped mc-event-158 mc-events multidate mc-event mc_rel_general'><header>\t<h4 class='event-title summary' id='mc_224-title-mc-6f84060dbbfdbe6dcf8603dbe3992c11'><button type='button' id='modal-button-mc_list_19_224-list-details-224' data-modal-content-id='mc_list_19_224-list-details-224' data-modal-prefix-class='my-calendar' data-modal-close-text='Fermer' data-modal-title='Vacances d&#039;\u00e9t\u00e9' aria-controls='mc_list_19_224-list-details-224' class='list mc-modal button mc-text-button button-link url summary'><div class=\"event-title-container\">Vacances d'\u00e9t\u00e9<\/div><\/button><\/h4>\n<\/header><div id='mc_list_19_224-list-details-224' class='details no-image uses-modal single-details list-details'  aria-labelledby='mc_224-title-mc-6f84060dbbfdbe6dcf8603dbe3992c11'>\n\n\t\r\n\t<div class='time-block'>\r\n\t\t<span class='mc-icon' aria-hidden='true'><\/span>\r\n\t\t<p><span class=\"time-wrapper\">  <\/span><span class=\"date-wrapper\"><span class='mc-start-date dtstart' title='2027-07-03T00:00:00+7200:00' content='2027-07-03T00:00:00+7200:00'>03\/07\/2027<\/span> <span class='date-separator'> &ndash; <\/span> <span class=\"event-time dtend\">29\/08\/2027<\/span><\/span><\/p>\r\n\t<\/div>\n\t\t<div class=\"sharing\">\t<p class='mc-details'><a aria-label='Lire la suite: Vacances d&#039;\u00e9t\u00e9' href='https:\/\/dfg-lfa.org\/fr\/mc-events\/sommerferien\/'>Lire la suite<\/a><\/p>\n<\/div><\/div><!--end .details--><\/article><\/div><\/li><li id='list-2027-07-20' class='mc-events mardi mar future-day has-events author2 mcat_general'><h2 class=\"event-date\"><span class=\"mc-list-details-text\">20\/07\/2027<\/span><\/h2><div id='list-date-2027-07-20' class='mc-list-date-wrapper'><article id='mc_list_20_224-list-224' class='mc-has-category-colors mc-mc_list_224 list-event mc_general mc_no-location  future-event mc_primary_general nonrecurring mc-2-mois mc-start-00-00 ungrouped mc-event-158 mc-events multidate mc-event mc_rel_general'><header>\t<h4 class='event-title summary' id='mc_224-title-mc-6f84060dbbfdbe6dcf8603dbe3992c11'><button type='button' id='modal-button-mc_list_20_224-list-details-224' data-modal-content-id='mc_list_20_224-list-details-224' data-modal-prefix-class='my-calendar' data-modal-close-text='Fermer' data-modal-title='Vacances d&#039;\u00e9t\u00e9' aria-controls='mc_list_20_224-list-details-224' class='list mc-modal button mc-text-button button-link url summary'><div class=\"event-title-container\">Vacances d'\u00e9t\u00e9<\/div><\/button><\/h4>\n<\/header><div id='mc_list_20_224-list-details-224' class='details no-image uses-modal single-details list-details'  aria-labelledby='mc_224-title-mc-6f84060dbbfdbe6dcf8603dbe3992c11'>\n\n\t\r\n\t<div class='time-block'>\r\n\t\t<span class='mc-icon' aria-hidden='true'><\/span>\r\n\t\t<p><span class=\"time-wrapper\">  <\/span><span class=\"date-wrapper\"><span class='mc-start-date dtstart' title='2027-07-03T00:00:00+7200:00' content='2027-07-03T00:00:00+7200:00'>03\/07\/2027<\/span> <span class='date-separator'> &ndash; <\/span> <span class=\"event-time dtend\">29\/08\/2027<\/span><\/span><\/p>\r\n\t<\/div>\n\t\t<div class=\"sharing\">\t<p class='mc-details'><a aria-label='Lire la suite: Vacances d&#039;\u00e9t\u00e9' href='https:\/\/dfg-lfa.org\/fr\/mc-events\/sommerferien\/'>Lire la suite<\/a><\/p>\n<\/div><\/div><!--end .details--><\/article><\/div><\/li><li id='list-2027-07-21' class='mc-events mercredi mer future-day has-events author2 mcat_general'><h2 class=\"event-date\"><span class=\"mc-list-details-text\">21\/07\/2027<\/span><\/h2><div id='list-date-2027-07-21' class='mc-list-date-wrapper'><article id='mc_list_21_224-list-224' class='mc-has-category-colors mc-mc_list_224 list-event mc_general mc_no-location  future-event mc_primary_general nonrecurring mc-2-mois mc-start-00-00 ungrouped mc-event-158 mc-events multidate mc-event mc_rel_general'><header>\t<h4 class='event-title summary' id='mc_224-title-mc-6f84060dbbfdbe6dcf8603dbe3992c11'><button type='button' id='modal-button-mc_list_21_224-list-details-224' data-modal-content-id='mc_list_21_224-list-details-224' data-modal-prefix-class='my-calendar' data-modal-close-text='Fermer' data-modal-title='Vacances d&#039;\u00e9t\u00e9' aria-controls='mc_list_21_224-list-details-224' class='list mc-modal button mc-text-button button-link url summary'><div class=\"event-title-container\">Vacances d'\u00e9t\u00e9<\/div><\/button><\/h4>\n<\/header><div id='mc_list_21_224-list-details-224' class='details no-image uses-modal single-details list-details'  aria-labelledby='mc_224-title-mc-6f84060dbbfdbe6dcf8603dbe3992c11'>\n\n\t\r\n\t<div class='time-block'>\r\n\t\t<span class='mc-icon' aria-hidden='true'><\/span>\r\n\t\t<p><span class=\"time-wrapper\">  <\/span><span class=\"date-wrapper\"><span class='mc-start-date dtstart' title='2027-07-03T00:00:00+7200:00' content='2027-07-03T00:00:00+7200:00'>03\/07\/2027<\/span> <span class='date-separator'> &ndash; <\/span> <span class=\"event-time dtend\">29\/08\/2027<\/span><\/span><\/p>\r\n\t<\/div>\n\t\t<div class=\"sharing\">\t<p class='mc-details'><a aria-label='Lire la suite: Vacances d&#039;\u00e9t\u00e9' href='https:\/\/dfg-lfa.org\/fr\/mc-events\/sommerferien\/'>Lire la suite<\/a><\/p>\n<\/div><\/div><!--end .details--><\/article><\/div><\/li><li id='list-2027-07-22' class='mc-events jeudi jeu future-day has-events author2 mcat_general'><h2 class=\"event-date\"><span class=\"mc-list-details-text\">22\/07\/2027<\/span><\/h2><div id='list-date-2027-07-22' class='mc-list-date-wrapper'><article id='mc_list_22_224-list-224' class='mc-has-category-colors mc-mc_list_224 list-event mc_general mc_no-location  future-event mc_primary_general nonrecurring mc-2-mois mc-start-00-00 ungrouped mc-event-158 mc-events multidate mc-event mc_rel_general'><header>\t<h4 class='event-title summary' id='mc_224-title-mc-6f84060dbbfdbe6dcf8603dbe3992c11'><button type='button' id='modal-button-mc_list_22_224-list-details-224' data-modal-content-id='mc_list_22_224-list-details-224' data-modal-prefix-class='my-calendar' data-modal-close-text='Fermer' data-modal-title='Vacances d&#039;\u00e9t\u00e9' aria-controls='mc_list_22_224-list-details-224' class='list mc-modal button mc-text-button button-link url summary'><div class=\"event-title-container\">Vacances d'\u00e9t\u00e9<\/div><\/button><\/h4>\n<\/header><div id='mc_list_22_224-list-details-224' class='details no-image uses-modal single-details list-details'  aria-labelledby='mc_224-title-mc-6f84060dbbfdbe6dcf8603dbe3992c11'>\n\n\t\r\n\t<div class='time-block'>\r\n\t\t<span class='mc-icon' aria-hidden='true'><\/span>\r\n\t\t<p><span class=\"time-wrapper\">  <\/span><span class=\"date-wrapper\"><span class='mc-start-date dtstart' title='2027-07-03T00:00:00+7200:00' content='2027-07-03T00:00:00+7200:00'>03\/07\/2027<\/span> <span class='date-separator'> &ndash; <\/span> <span class=\"event-time dtend\">29\/08\/2027<\/span><\/span><\/p>\r\n\t<\/div>\n\t\t<div class=\"sharing\">\t<p class='mc-details'><a aria-label='Lire la suite: Vacances d&#039;\u00e9t\u00e9' href='https:\/\/dfg-lfa.org\/fr\/mc-events\/sommerferien\/'>Lire la suite<\/a><\/p>\n<\/div><\/div><!--end .details--><\/article><\/div><\/li><li id='list-2027-07-23' class='mc-events vendredi ven future-day has-events author2 mcat_general'><h2 class=\"event-date\"><span class=\"mc-list-details-text\">23\/07\/2027<\/span><\/h2><div id='list-date-2027-07-23' class='mc-list-date-wrapper'><article id='mc_list_23_224-list-224' class='mc-has-category-colors mc-mc_list_224 list-event mc_general mc_no-location  future-event mc_primary_general nonrecurring mc-2-mois mc-start-00-00 ungrouped mc-event-158 mc-events multidate mc-event mc_rel_general'><header>\t<h4 class='event-title summary' id='mc_224-title-mc-6f84060dbbfdbe6dcf8603dbe3992c11'><button type='button' id='modal-button-mc_list_23_224-list-details-224' data-modal-content-id='mc_list_23_224-list-details-224' data-modal-prefix-class='my-calendar' data-modal-close-text='Fermer' data-modal-title='Vacances d&#039;\u00e9t\u00e9' aria-controls='mc_list_23_224-list-details-224' class='list mc-modal button mc-text-button button-link url summary'><div class=\"event-title-container\">Vacances d'\u00e9t\u00e9<\/div><\/button><\/h4>\n<\/header><div id='mc_list_23_224-list-details-224' class='details no-image uses-modal single-details list-details'  aria-labelledby='mc_224-title-mc-6f84060dbbfdbe6dcf8603dbe3992c11'>\n\n\t\r\n\t<div class='time-block'>\r\n\t\t<span class='mc-icon' aria-hidden='true'><\/span>\r\n\t\t<p><span class=\"time-wrapper\">  <\/span><span class=\"date-wrapper\"><span class='mc-start-date dtstart' title='2027-07-03T00:00:00+7200:00' content='2027-07-03T00:00:00+7200:00'>03\/07\/2027<\/span> <span class='date-separator'> &ndash; <\/span> <span class=\"event-time dtend\">29\/08\/2027<\/span><\/span><\/p>\r\n\t<\/div>\n\t\t<div class=\"sharing\">\t<p class='mc-details'><a aria-label='Lire la suite: Vacances d&#039;\u00e9t\u00e9' href='https:\/\/dfg-lfa.org\/fr\/mc-events\/sommerferien\/'>Lire la suite<\/a><\/p>\n<\/div><\/div><!--end .details--><\/article><\/div><\/li><li id='list-2027-07-24' class='mc-events samedi sam future-day has-events author2 mcat_general'><h2 class=\"event-date\"><span class=\"mc-list-details-text\">24\/07\/2027<\/span><\/h2><div id='list-date-2027-07-24' class='mc-list-date-wrapper'><article id='mc_list_24_224-list-224' class='mc-has-category-colors mc-mc_list_224 list-event mc_general mc_no-location  future-event mc_primary_general nonrecurring mc-2-mois mc-start-00-00 ungrouped mc-event-158 mc-events multidate mc-event mc_rel_general'><header>\t<h4 class='event-title summary' id='mc_224-title-mc-6f84060dbbfdbe6dcf8603dbe3992c11'><button type='button' id='modal-button-mc_list_24_224-list-details-224' data-modal-content-id='mc_list_24_224-list-details-224' data-modal-prefix-class='my-calendar' data-modal-close-text='Fermer' data-modal-title='Vacances d&#039;\u00e9t\u00e9' aria-controls='mc_list_24_224-list-details-224' class='list mc-modal button mc-text-button button-link url summary'><div class=\"event-title-container\">Vacances d'\u00e9t\u00e9<\/div><\/button><\/h4>\n<\/header><div id='mc_list_24_224-list-details-224' class='details no-image uses-modal single-details list-details'  aria-labelledby='mc_224-title-mc-6f84060dbbfdbe6dcf8603dbe3992c11'>\n\n\t\r\n\t<div class='time-block'>\r\n\t\t<span class='mc-icon' aria-hidden='true'><\/span>\r\n\t\t<p><span class=\"time-wrapper\">  <\/span><span class=\"date-wrapper\"><span class='mc-start-date dtstart' title='2027-07-03T00:00:00+7200:00' content='2027-07-03T00:00:00+7200:00'>03\/07\/2027<\/span> <span class='date-separator'> &ndash; <\/span> <span class=\"event-time dtend\">29\/08\/2027<\/span><\/span><\/p>\r\n\t<\/div>\n\t\t<div class=\"sharing\">\t<p class='mc-details'><a aria-label='Lire la suite: Vacances d&#039;\u00e9t\u00e9' href='https:\/\/dfg-lfa.org\/fr\/mc-events\/sommerferien\/'>Lire la suite<\/a><\/p>\n<\/div><\/div><!--end .details--><\/article><\/div><\/li><li id='list-2027-07-25' class='mc-events dimanche dim future-day has-events author2 mcat_general'><h2 class=\"event-date\"><span class=\"mc-list-details-text\">25\/07\/2027<\/span><\/h2><div id='list-date-2027-07-25' class='mc-list-date-wrapper'><article id='mc_list_25_224-list-224' class='mc-has-category-colors mc-mc_list_224 list-event mc_general mc_no-location  future-event mc_primary_general nonrecurring mc-2-mois mc-start-00-00 ungrouped mc-event-158 mc-events multidate mc-event mc_rel_general'><header>\t<h4 class='event-title summary' id='mc_224-title-mc-6f84060dbbfdbe6dcf8603dbe3992c11'><button type='button' id='modal-button-mc_list_25_224-list-details-224' data-modal-content-id='mc_list_25_224-list-details-224' data-modal-prefix-class='my-calendar' data-modal-close-text='Fermer' data-modal-title='Vacances d&#039;\u00e9t\u00e9' aria-controls='mc_list_25_224-list-details-224' class='list mc-modal button mc-text-button button-link url summary'><div class=\"event-title-container\">Vacances d'\u00e9t\u00e9<\/div><\/button><\/h4>\n<\/header><div id='mc_list_25_224-list-details-224' class='details no-image uses-modal single-details list-details'  aria-labelledby='mc_224-title-mc-6f84060dbbfdbe6dcf8603dbe3992c11'>\n\n\t\r\n\t<div class='time-block'>\r\n\t\t<span class='mc-icon' aria-hidden='true'><\/span>\r\n\t\t<p><span class=\"time-wrapper\">  <\/span><span class=\"date-wrapper\"><span class='mc-start-date dtstart' title='2027-07-03T00:00:00+7200:00' content='2027-07-03T00:00:00+7200:00'>03\/07\/2027<\/span> <span class='date-separator'> &ndash; <\/span> <span class=\"event-time dtend\">29\/08\/2027<\/span><\/span><\/p>\r\n\t<\/div>\n\t\t<div class=\"sharing\">\t<p class='mc-details'><a aria-label='Lire la suite: Vacances d&#039;\u00e9t\u00e9' href='https:\/\/dfg-lfa.org\/fr\/mc-events\/sommerferien\/'>Lire la suite<\/a><\/p>\n<\/div><\/div><!--end .details--><\/article><\/div><\/li><li id='list-2027-07-26' class='mc-events lundi lun future-day has-events author2 mcat_general'><h2 class=\"event-date\"><span class=\"mc-list-details-text\">26\/07\/2027<\/span><\/h2><div id='list-date-2027-07-26' class='mc-list-date-wrapper'><article id='mc_list_26_224-list-224' class='mc-has-category-colors mc-mc_list_224 list-event mc_general mc_no-location  future-event mc_primary_general nonrecurring mc-2-mois mc-start-00-00 ungrouped mc-event-158 mc-events multidate mc-event mc_rel_general'><header>\t<h4 class='event-title summary' id='mc_224-title-mc-6f84060dbbfdbe6dcf8603dbe3992c11'><button type='button' id='modal-button-mc_list_26_224-list-details-224' data-modal-content-id='mc_list_26_224-list-details-224' data-modal-prefix-class='my-calendar' data-modal-close-text='Fermer' data-modal-title='Vacances d&#039;\u00e9t\u00e9' aria-controls='mc_list_26_224-list-details-224' class='list mc-modal button mc-text-button button-link url summary'><div class=\"event-title-container\">Vacances d'\u00e9t\u00e9<\/div><\/button><\/h4>\n<\/header><div id='mc_list_26_224-list-details-224' class='details no-image uses-modal single-details list-details'  aria-labelledby='mc_224-title-mc-6f84060dbbfdbe6dcf8603dbe3992c11'>\n\n\t\r\n\t<div class='time-block'>\r\n\t\t<span class='mc-icon' aria-hidden='true'><\/span>\r\n\t\t<p><span class=\"time-wrapper\">  <\/span><span class=\"date-wrapper\"><span class='mc-start-date dtstart' title='2027-07-03T00:00:00+7200:00' content='2027-07-03T00:00:00+7200:00'>03\/07\/2027<\/span> <span class='date-separator'> &ndash; <\/span> <span class=\"event-time dtend\">29\/08\/2027<\/span><\/span><\/p>\r\n\t<\/div>\n\t\t<div class=\"sharing\">\t<p class='mc-details'><a aria-label='Lire la suite: Vacances d&#039;\u00e9t\u00e9' href='https:\/\/dfg-lfa.org\/fr\/mc-events\/sommerferien\/'>Lire la suite<\/a><\/p>\n<\/div><\/div><!--end .details--><\/article><\/div><\/li><li id='list-2027-07-27' class='mc-events mardi mar future-day has-events author2 mcat_general'><h2 class=\"event-date\"><span class=\"mc-list-details-text\">27\/07\/2027<\/span><\/h2><div id='list-date-2027-07-27' class='mc-list-date-wrapper'><article id='mc_list_27_224-list-224' class='mc-has-category-colors mc-mc_list_224 list-event mc_general mc_no-location  future-event mc_primary_general nonrecurring mc-2-mois mc-start-00-00 ungrouped mc-event-158 mc-events multidate mc-event mc_rel_general'><header>\t<h4 class='event-title summary' id='mc_224-title-mc-6f84060dbbfdbe6dcf8603dbe3992c11'><button type='button' id='modal-button-mc_list_27_224-list-details-224' data-modal-content-id='mc_list_27_224-list-details-224' data-modal-prefix-class='my-calendar' data-modal-close-text='Fermer' data-modal-title='Vacances d&#039;\u00e9t\u00e9' aria-controls='mc_list_27_224-list-details-224' class='list mc-modal button mc-text-button button-link url summary'><div class=\"event-title-container\">Vacances d'\u00e9t\u00e9<\/div><\/button><\/h4>\n<\/header><div id='mc_list_27_224-list-details-224' class='details no-image uses-modal single-details list-details'  aria-labelledby='mc_224-title-mc-6f84060dbbfdbe6dcf8603dbe3992c11'>\n\n\t\r\n\t<div class='time-block'>\r\n\t\t<span class='mc-icon' aria-hidden='true'><\/span>\r\n\t\t<p><span class=\"time-wrapper\">  <\/span><span class=\"date-wrapper\"><span class='mc-start-date dtstart' title='2027-07-03T00:00:00+7200:00' content='2027-07-03T00:00:00+7200:00'>03\/07\/2027<\/span> <span class='date-separator'> &ndash; <\/span> <span class=\"event-time dtend\">29\/08\/2027<\/span><\/span><\/p>\r\n\t<\/div>\n\t\t<div class=\"sharing\">\t<p class='mc-details'><a aria-label='Lire la suite: Vacances d&#039;\u00e9t\u00e9' href='https:\/\/dfg-lfa.org\/fr\/mc-events\/sommerferien\/'>Lire la suite<\/a><\/p>\n<\/div><\/div><!--end .details--><\/article><\/div><\/li><li id='list-2027-07-28' class='mc-events mercredi mer future-day has-events author2 mcat_general'><h2 class=\"event-date\"><span class=\"mc-list-details-text\">28\/07\/2027<\/span><\/h2><div id='list-date-2027-07-28' class='mc-list-date-wrapper'><article id='mc_list_28_224-list-224' class='mc-has-category-colors mc-mc_list_224 list-event mc_general mc_no-location  future-event mc_primary_general nonrecurring mc-2-mois mc-start-00-00 ungrouped mc-event-158 mc-events multidate mc-event mc_rel_general'><header>\t<h4 class='event-title summary' id='mc_224-title-mc-6f84060dbbfdbe6dcf8603dbe3992c11'><button type='button' id='modal-button-mc_list_28_224-list-details-224' data-modal-content-id='mc_list_28_224-list-details-224' data-modal-prefix-class='my-calendar' data-modal-close-text='Fermer' data-modal-title='Vacances d&#039;\u00e9t\u00e9' aria-controls='mc_list_28_224-list-details-224' class='list mc-modal button mc-text-button button-link url summary'><div class=\"event-title-container\">Vacances d'\u00e9t\u00e9<\/div><\/button><\/h4>\n<\/header><div id='mc_list_28_224-list-details-224' class='details no-image uses-modal single-details list-details'  aria-labelledby='mc_224-title-mc-6f84060dbbfdbe6dcf8603dbe3992c11'>\n\n\t\r\n\t<div class='time-block'>\r\n\t\t<span class='mc-icon' aria-hidden='true'><\/span>\r\n\t\t<p><span class=\"time-wrapper\">  <\/span><span class=\"date-wrapper\"><span class='mc-start-date dtstart' title='2027-07-03T00:00:00+7200:00' content='2027-07-03T00:00:00+7200:00'>03\/07\/2027<\/span> <span class='date-separator'> &ndash; <\/span> <span class=\"event-time dtend\">29\/08\/2027<\/span><\/span><\/p>\r\n\t<\/div>\n\t\t<div class=\"sharing\">\t<p class='mc-details'><a aria-label='Lire la suite: Vacances d&#039;\u00e9t\u00e9' href='https:\/\/dfg-lfa.org\/fr\/mc-events\/sommerferien\/'>Lire la suite<\/a><\/p>\n<\/div><\/div><!--end .details--><\/article><\/div><\/li><li id='list-2027-07-29' class='mc-events jeudi jeu future-day has-events author2 mcat_general'><h2 class=\"event-date\"><span class=\"mc-list-details-text\">29\/07\/2027<\/span><\/h2><div id='list-date-2027-07-29' class='mc-list-date-wrapper'><article id='mc_list_29_224-list-224' class='mc-has-category-colors mc-mc_list_224 list-event mc_general mc_no-location  future-event mc_primary_general nonrecurring mc-2-mois mc-start-00-00 ungrouped mc-event-158 mc-events multidate mc-event mc_rel_general'><header>\t<h4 class='event-title summary' id='mc_224-title-mc-6f84060dbbfdbe6dcf8603dbe3992c11'><button type='button' id='modal-button-mc_list_29_224-list-details-224' data-modal-content-id='mc_list_29_224-list-details-224' data-modal-prefix-class='my-calendar' data-modal-close-text='Fermer' data-modal-title='Vacances d&#039;\u00e9t\u00e9' aria-controls='mc_list_29_224-list-details-224' class='list mc-modal button mc-text-button button-link url summary'><div class=\"event-title-container\">Vacances d'\u00e9t\u00e9<\/div><\/button><\/h4>\n<\/header><div id='mc_list_29_224-list-details-224' class='details no-image uses-modal single-details list-details'  aria-labelledby='mc_224-title-mc-6f84060dbbfdbe6dcf8603dbe3992c11'>\n\n\t\r\n\t<div class='time-block'>\r\n\t\t<span class='mc-icon' aria-hidden='true'><\/span>\r\n\t\t<p><span class=\"time-wrapper\">  <\/span><span class=\"date-wrapper\"><span class='mc-start-date dtstart' title='2027-07-03T00:00:00+7200:00' content='2027-07-03T00:00:00+7200:00'>03\/07\/2027<\/span> <span class='date-separator'> &ndash; <\/span> <span class=\"event-time dtend\">29\/08\/2027<\/span><\/span><\/p>\r\n\t<\/div>\n\t\t<div class=\"sharing\">\t<p class='mc-details'><a aria-label='Lire la suite: Vacances d&#039;\u00e9t\u00e9' href='https:\/\/dfg-lfa.org\/fr\/mc-events\/sommerferien\/'>Lire la suite<\/a><\/p>\n<\/div><\/div><!--end .details--><\/article><\/div><\/li><li id='list-2027-07-30' class='mc-events vendredi ven future-day has-events author2 mcat_general'><h2 class=\"event-date\"><span class=\"mc-list-details-text\">30\/07\/2027<\/span><\/h2><div id='list-date-2027-07-30' class='mc-list-date-wrapper'><article id='mc_list_30_224-list-224' class='mc-has-category-colors mc-mc_list_224 list-event mc_general mc_no-location  future-event mc_primary_general nonrecurring mc-2-mois mc-start-00-00 ungrouped mc-event-158 mc-events multidate mc-event mc_rel_general'><header>\t<h4 class='event-title summary' id='mc_224-title-mc-6f84060dbbfdbe6dcf8603dbe3992c11'><button type='button' id='modal-button-mc_list_30_224-list-details-224' data-modal-content-id='mc_list_30_224-list-details-224' data-modal-prefix-class='my-calendar' data-modal-close-text='Fermer' data-modal-title='Vacances d&#039;\u00e9t\u00e9' aria-controls='mc_list_30_224-list-details-224' class='list mc-modal button mc-text-button button-link url summary'><div class=\"event-title-container\">Vacances d'\u00e9t\u00e9<\/div><\/button><\/h4>\n<\/header><div id='mc_list_30_224-list-details-224' class='details no-image uses-modal single-details list-details'  aria-labelledby='mc_224-title-mc-6f84060dbbfdbe6dcf8603dbe3992c11'>\n\n\t\r\n\t<div class='time-block'>\r\n\t\t<span class='mc-icon' aria-hidden='true'><\/span>\r\n\t\t<p><span class=\"time-wrapper\">  <\/span><span class=\"date-wrapper\"><span class='mc-start-date dtstart' title='2027-07-03T00:00:00+7200:00' content='2027-07-03T00:00:00+7200:00'>03\/07\/2027<\/span> <span class='date-separator'> &ndash; <\/span> <span class=\"event-time dtend\">29\/08\/2027<\/span><\/span><\/p>\r\n\t<\/div>\n\t\t<div class=\"sharing\">\t<p class='mc-details'><a aria-label='Lire la suite: Vacances d&#039;\u00e9t\u00e9' href='https:\/\/dfg-lfa.org\/fr\/mc-events\/sommerferien\/'>Lire la suite<\/a><\/p>\n<\/div><\/div><!--end .details--><\/article><\/div><\/li><li id='list-2027-07-31' class='mc-events samedi sam future-day has-events author2 mcat_general'><h2 class=\"event-date\"><span class=\"mc-list-details-text\">31\/07\/2027<\/span><\/h2><div id='list-date-2027-07-31' class='mc-list-date-wrapper'><article id='mc_list_31_224-list-224' class='mc-has-category-colors mc-mc_list_224 list-event mc_general mc_no-location  future-event mc_primary_general nonrecurring mc-2-mois mc-start-00-00 ungrouped mc-event-158 mc-events multidate mc-event mc_rel_general'><header>\t<h4 class='event-title summary' id='mc_224-title-mc-6f84060dbbfdbe6dcf8603dbe3992c11'><button type='button' id='modal-button-mc_list_31_224-list-details-224' data-modal-content-id='mc_list_31_224-list-details-224' data-modal-prefix-class='my-calendar' data-modal-close-text='Fermer' data-modal-title='Vacances d&#039;\u00e9t\u00e9' aria-controls='mc_list_31_224-list-details-224' class='list mc-modal button mc-text-button button-link url summary'><div class=\"event-title-container\">Vacances d'\u00e9t\u00e9<\/div><\/button><\/h4>\n<\/header><div id='mc_list_31_224-list-details-224' class='details no-image uses-modal single-details list-details'  aria-labelledby='mc_224-title-mc-6f84060dbbfdbe6dcf8603dbe3992c11'>\n\n\t\r\n\t<div class='time-block'>\r\n\t\t<span class='mc-icon' aria-hidden='true'><\/span>\r\n\t\t<p><span class=\"time-wrapper\">  <\/span><span class=\"date-wrapper\"><span class='mc-start-date dtstart' title='2027-07-03T00:00:00+7200:00' content='2027-07-03T00:00:00+7200:00'>03\/07\/2027<\/span> <span class='date-separator'> &ndash; <\/span> <span class=\"event-time dtend\">29\/08\/2027<\/span><\/span><\/p>\r\n\t<\/div>\n\t\t<div class=\"sharing\">\t<p class='mc-details'><a aria-label='Lire la suite: Vacances d&#039;\u00e9t\u00e9' href='https:\/\/dfg-lfa.org\/fr\/mc-events\/sommerferien\/'>Lire la suite<\/a><\/p>\n<\/div><\/div><!--end .details--><\/article><\/div><\/li><li id='list-2027-08-01' class='mc-events dimanche dim future-day has-events author2 mcat_general'><h2 class=\"event-date\"><span class=\"mc-list-details-text\">01\/08\/2027<\/span><\/h2><div id='list-date-2027-08-01' class='mc-list-date-wrapper'><article id='mc_list_01_224-list-224' class='mc-has-category-colors mc-mc_list_224 list-event mc_general mc_no-location  future-event mc_primary_general nonrecurring mc-2-mois mc-start-00-00 ungrouped mc-event-158 mc-events multidate mc-event mc_rel_general'><header>\t<h4 class='event-title summary' id='mc_224-title-mc-6f84060dbbfdbe6dcf8603dbe3992c11'><button type='button' id='modal-button-mc_list_01_224-list-details-224' data-modal-content-id='mc_list_01_224-list-details-224' data-modal-prefix-class='my-calendar' data-modal-close-text='Fermer' data-modal-title='Vacances d&#039;\u00e9t\u00e9' aria-controls='mc_list_01_224-list-details-224' class='list mc-modal button mc-text-button button-link url summary'><div class=\"event-title-container\">Vacances d'\u00e9t\u00e9<\/div><\/button><\/h4>\n<\/header><div id='mc_list_01_224-list-details-224' class='details no-image uses-modal single-details list-details'  aria-labelledby='mc_224-title-mc-6f84060dbbfdbe6dcf8603dbe3992c11'>\n\n\t\r\n\t<div class='time-block'>\r\n\t\t<span class='mc-icon' aria-hidden='true'><\/span>\r\n\t\t<p><span class=\"time-wrapper\">  <\/span><span class=\"date-wrapper\"><span class='mc-start-date dtstart' title='2027-07-03T00:00:00+7200:00' content='2027-07-03T00:00:00+7200:00'>03\/07\/2027<\/span> <span class='date-separator'> &ndash; <\/span> <span class=\"event-time dtend\">29\/08\/2027<\/span><\/span><\/p>\r\n\t<\/div>\n\t\t<div class=\"sharing\">\t<p class='mc-details'><a aria-label='Lire la suite: Vacances d&#039;\u00e9t\u00e9' href='https:\/\/dfg-lfa.org\/fr\/mc-events\/sommerferien\/'>Lire la suite<\/a><\/p>\n<\/div><\/div><!--end .details--><\/article><\/div><\/li><li id='list-2027-08-02' class='mc-events lundi lun future-day has-events author2 mcat_general'><h2 class=\"event-date\"><span class=\"mc-list-details-text\">02\/08\/2027<\/span><\/h2><div id='list-date-2027-08-02' class='mc-list-date-wrapper'><article id='mc_list_02_224-list-224' class='mc-has-category-colors mc-mc_list_224 list-event mc_general mc_no-location  future-event mc_primary_general nonrecurring mc-2-mois mc-start-00-00 ungrouped mc-event-158 mc-events multidate mc-event mc_rel_general'><header>\t<h4 class='event-title summary' id='mc_224-title-mc-6f84060dbbfdbe6dcf8603dbe3992c11'><button type='button' id='modal-button-mc_list_02_224-list-details-224' data-modal-content-id='mc_list_02_224-list-details-224' data-modal-prefix-class='my-calendar' data-modal-close-text='Fermer' data-modal-title='Vacances d&#039;\u00e9t\u00e9' aria-controls='mc_list_02_224-list-details-224' class='list mc-modal button mc-text-button button-link url summary'><div class=\"event-title-container\">Vacances d'\u00e9t\u00e9<\/div><\/button><\/h4>\n<\/header><div id='mc_list_02_224-list-details-224' class='details no-image uses-modal single-details list-details'  aria-labelledby='mc_224-title-mc-6f84060dbbfdbe6dcf8603dbe3992c11'>\n\n\t\r\n\t<div class='time-block'>\r\n\t\t<span class='mc-icon' aria-hidden='true'><\/span>\r\n\t\t<p><span class=\"time-wrapper\">  <\/span><span class=\"date-wrapper\"><span class='mc-start-date dtstart' title='2027-07-03T00:00:00+7200:00' content='2027-07-03T00:00:00+7200:00'>03\/07\/2027<\/span> <span class='date-separator'> &ndash; <\/span> <span class=\"event-time dtend\">29\/08\/2027<\/span><\/span><\/p>\r\n\t<\/div>\n\t\t<div class=\"sharing\">\t<p class='mc-details'><a aria-label='Lire la suite: Vacances d&#039;\u00e9t\u00e9' href='https:\/\/dfg-lfa.org\/fr\/mc-events\/sommerferien\/'>Lire la suite<\/a><\/p>\n<\/div><\/div><!--end .details--><\/article><\/div><\/li><li id='list-2027-08-03' class='mc-events mardi mar future-day has-events author2 mcat_general'><h2 class=\"event-date\"><span class=\"mc-list-details-text\">03\/08\/2027<\/span><\/h2><div id='list-date-2027-08-03' class='mc-list-date-wrapper'><article id='mc_list_03_224-list-224' class='mc-has-category-colors mc-mc_list_224 list-event mc_general mc_no-location  future-event mc_primary_general nonrecurring mc-2-mois mc-start-00-00 ungrouped mc-event-158 mc-events multidate mc-event mc_rel_general'><header>\t<h4 class='event-title summary' id='mc_224-title-mc-6f84060dbbfdbe6dcf8603dbe3992c11'><button type='button' id='modal-button-mc_list_03_224-list-details-224' data-modal-content-id='mc_list_03_224-list-details-224' data-modal-prefix-class='my-calendar' data-modal-close-text='Fermer' data-modal-title='Vacances d&#039;\u00e9t\u00e9' aria-controls='mc_list_03_224-list-details-224' class='list mc-modal button mc-text-button button-link url summary'><div class=\"event-title-container\">Vacances d'\u00e9t\u00e9<\/div><\/button><\/h4>\n<\/header><div id='mc_list_03_224-list-details-224' class='details no-image uses-modal single-details list-details'  aria-labelledby='mc_224-title-mc-6f84060dbbfdbe6dcf8603dbe3992c11'>\n\n\t\r\n\t<div class='time-block'>\r\n\t\t<span class='mc-icon' aria-hidden='true'><\/span>\r\n\t\t<p><span class=\"time-wrapper\">  <\/span><span class=\"date-wrapper\"><span class='mc-start-date dtstart' title='2027-07-03T00:00:00+7200:00' content='2027-07-03T00:00:00+7200:00'>03\/07\/2027<\/span> <span class='date-separator'> &ndash; <\/span> <span class=\"event-time dtend\">29\/08\/2027<\/span><\/span><\/p>\r\n\t<\/div>\n\t\t<div class=\"sharing\">\t<p class='mc-details'><a aria-label='Lire la suite: Vacances d&#039;\u00e9t\u00e9' href='https:\/\/dfg-lfa.org\/fr\/mc-events\/sommerferien\/'>Lire la suite<\/a><\/p>\n<\/div><\/div><!--end .details--><\/article><\/div><\/li><li id='list-2027-08-04' class='mc-events mercredi mer future-day has-events author2 mcat_general'><h2 class=\"event-date\"><span class=\"mc-list-details-text\">04\/08\/2027<\/span><\/h2><div id='list-date-2027-08-04' class='mc-list-date-wrapper'><article id='mc_list_04_224-list-224' class='mc-has-category-colors mc-mc_list_224 list-event mc_general mc_no-location  future-event mc_primary_general nonrecurring mc-2-mois mc-start-00-00 ungrouped mc-event-158 mc-events multidate mc-event mc_rel_general'><header>\t<h4 class='event-title summary' id='mc_224-title-mc-6f84060dbbfdbe6dcf8603dbe3992c11'><button type='button' id='modal-button-mc_list_04_224-list-details-224' data-modal-content-id='mc_list_04_224-list-details-224' data-modal-prefix-class='my-calendar' data-modal-close-text='Fermer' data-modal-title='Vacances d&#039;\u00e9t\u00e9' aria-controls='mc_list_04_224-list-details-224' class='list mc-modal button mc-text-button button-link url summary'><div class=\"event-title-container\">Vacances d'\u00e9t\u00e9<\/div><\/button><\/h4>\n<\/header><div id='mc_list_04_224-list-details-224' class='details no-image uses-modal single-details list-details'  aria-labelledby='mc_224-title-mc-6f84060dbbfdbe6dcf8603dbe3992c11'>\n\n\t\r\n\t<div class='time-block'>\r\n\t\t<span class='mc-icon' aria-hidden='true'><\/span>\r\n\t\t<p><span class=\"time-wrapper\">  <\/span><span class=\"date-wrapper\"><span class='mc-start-date dtstart' title='2027-07-03T00:00:00+7200:00' content='2027-07-03T00:00:00+7200:00'>03\/07\/2027<\/span> <span class='date-separator'> &ndash; <\/span> <span class=\"event-time dtend\">29\/08\/2027<\/span><\/span><\/p>\r\n\t<\/div>\n\t\t<div class=\"sharing\">\t<p class='mc-details'><a aria-label='Lire la suite: Vacances d&#039;\u00e9t\u00e9' href='https:\/\/dfg-lfa.org\/fr\/mc-events\/sommerferien\/'>Lire la suite<\/a><\/p>\n<\/div><\/div><!--end .details--><\/article><\/div><\/li><li id='list-2027-08-05' class='mc-events jeudi jeu future-day has-events author2 mcat_general'><h2 class=\"event-date\"><span class=\"mc-list-details-text\">05\/08\/2027<\/span><\/h2><div id='list-date-2027-08-05' class='mc-list-date-wrapper'><article id='mc_list_05_224-list-224' class='mc-has-category-colors mc-mc_list_224 list-event mc_general mc_no-location  future-event mc_primary_general nonrecurring mc-2-mois mc-start-00-00 ungrouped mc-event-158 mc-events multidate mc-event mc_rel_general'><header>\t<h4 class='event-title summary' id='mc_224-title-mc-6f84060dbbfdbe6dcf8603dbe3992c11'><button type='button' id='modal-button-mc_list_05_224-list-details-224' data-modal-content-id='mc_list_05_224-list-details-224' data-modal-prefix-class='my-calendar' data-modal-close-text='Fermer' data-modal-title='Vacances d&#039;\u00e9t\u00e9' aria-controls='mc_list_05_224-list-details-224' class='list mc-modal button mc-text-button button-link url summary'><div class=\"event-title-container\">Vacances d'\u00e9t\u00e9<\/div><\/button><\/h4>\n<\/header><div id='mc_list_05_224-list-details-224' class='details no-image uses-modal single-details list-details'  aria-labelledby='mc_224-title-mc-6f84060dbbfdbe6dcf8603dbe3992c11'>\n\n\t\r\n\t<div class='time-block'>\r\n\t\t<span class='mc-icon' aria-hidden='true'><\/span>\r\n\t\t<p><span class=\"time-wrapper\">  <\/span><span class=\"date-wrapper\"><span class='mc-start-date dtstart' title='2027-07-03T00:00:00+7200:00' content='2027-07-03T00:00:00+7200:00'>03\/07\/2027<\/span> <span class='date-separator'> &ndash; <\/span> <span class=\"event-time dtend\">29\/08\/2027<\/span><\/span><\/p>\r\n\t<\/div>\n\t\t<div class=\"sharing\">\t<p class='mc-details'><a aria-label='Lire la suite: Vacances d&#039;\u00e9t\u00e9' href='https:\/\/dfg-lfa.org\/fr\/mc-events\/sommerferien\/'>Lire la suite<\/a><\/p>\n<\/div><\/div><!--end .details--><\/article><\/div><\/li><li id='list-2027-08-06' class='mc-events vendredi ven future-day has-events author2 mcat_general'><h2 class=\"event-date\"><span class=\"mc-list-details-text\">06\/08\/2027<\/span><\/h2><div id='list-date-2027-08-06' class='mc-list-date-wrapper'><article id='mc_list_06_224-list-224' class='mc-has-category-colors mc-mc_list_224 list-event mc_general mc_no-location  future-event mc_primary_general nonrecurring mc-2-mois mc-start-00-00 ungrouped mc-event-158 mc-events multidate mc-event mc_rel_general'><header>\t<h4 class='event-title summary' id='mc_224-title-mc-6f84060dbbfdbe6dcf8603dbe3992c11'><button type='button' id='modal-button-mc_list_06_224-list-details-224' data-modal-content-id='mc_list_06_224-list-details-224' data-modal-prefix-class='my-calendar' data-modal-close-text='Fermer' data-modal-title='Vacances d&#039;\u00e9t\u00e9' aria-controls='mc_list_06_224-list-details-224' class='list mc-modal button mc-text-button button-link url summary'><div class=\"event-title-container\">Vacances d'\u00e9t\u00e9<\/div><\/button><\/h4>\n<\/header><div id='mc_list_06_224-list-details-224' class='details no-image uses-modal single-details list-details'  aria-labelledby='mc_224-title-mc-6f84060dbbfdbe6dcf8603dbe3992c11'>\n\n\t\r\n\t<div class='time-block'>\r\n\t\t<span class='mc-icon' aria-hidden='true'><\/span>\r\n\t\t<p><span class=\"time-wrapper\">  <\/span><span class=\"date-wrapper\"><span class='mc-start-date dtstart' title='2027-07-03T00:00:00+7200:00' content='2027-07-03T00:00:00+7200:00'>03\/07\/2027<\/span> <span class='date-separator'> &ndash; <\/span> <span class=\"event-time dtend\">29\/08\/2027<\/span><\/span><\/p>\r\n\t<\/div>\n\t\t<div class=\"sharing\">\t<p class='mc-details'><a aria-label='Lire la suite: Vacances d&#039;\u00e9t\u00e9' href='https:\/\/dfg-lfa.org\/fr\/mc-events\/sommerferien\/'>Lire la suite<\/a><\/p>\n<\/div><\/div><!--end .details--><\/article><\/div><\/li><li id='list-2027-08-07' class='mc-events samedi sam future-day has-events author2 mcat_general'><h2 class=\"event-date\"><span class=\"mc-list-details-text\">07\/08\/2027<\/span><\/h2><div id='list-date-2027-08-07' class='mc-list-date-wrapper'><article id='mc_list_07_224-list-224' class='mc-has-category-colors mc-mc_list_224 list-event mc_general mc_no-location  future-event mc_primary_general nonrecurring mc-2-mois mc-start-00-00 ungrouped mc-event-158 mc-events multidate mc-event mc_rel_general'><header>\t<h4 class='event-title summary' id='mc_224-title-mc-6f84060dbbfdbe6dcf8603dbe3992c11'><button type='button' id='modal-button-mc_list_07_224-list-details-224' data-modal-content-id='mc_list_07_224-list-details-224' data-modal-prefix-class='my-calendar' data-modal-close-text='Fermer' data-modal-title='Vacances d&#039;\u00e9t\u00e9' aria-controls='mc_list_07_224-list-details-224' class='list mc-modal button mc-text-button button-link url summary'><div class=\"event-title-container\">Vacances d'\u00e9t\u00e9<\/div><\/button><\/h4>\n<\/header><div id='mc_list_07_224-list-details-224' class='details no-image uses-modal single-details list-details'  aria-labelledby='mc_224-title-mc-6f84060dbbfdbe6dcf8603dbe3992c11'>\n\n\t\r\n\t<div class='time-block'>\r\n\t\t<span class='mc-icon' aria-hidden='true'><\/span>\r\n\t\t<p><span class=\"time-wrapper\">  <\/span><span class=\"date-wrapper\"><span class='mc-start-date dtstart' title='2027-07-03T00:00:00+7200:00' content='2027-07-03T00:00:00+7200:00'>03\/07\/2027<\/span> <span class='date-separator'> &ndash; <\/span> <span class=\"event-time dtend\">29\/08\/2027<\/span><\/span><\/p>\r\n\t<\/div>\n\t\t<div class=\"sharing\">\t<p class='mc-details'><a aria-label='Lire la suite: Vacances d&#039;\u00e9t\u00e9' href='https:\/\/dfg-lfa.org\/fr\/mc-events\/sommerferien\/'>Lire la suite<\/a><\/p>\n<\/div><\/div><!--end .details--><\/article><\/div><\/li><li id='list-2027-08-08' class='mc-events dimanche dim future-day has-events author2 mcat_general'><h2 class=\"event-date\"><span class=\"mc-list-details-text\">08\/08\/2027<\/span><\/h2><div id='list-date-2027-08-08' class='mc-list-date-wrapper'><article id='mc_list_08_224-list-224' class='mc-has-category-colors mc-mc_list_224 list-event mc_general mc_no-location  future-event mc_primary_general nonrecurring mc-2-mois mc-start-00-00 ungrouped mc-event-158 mc-events multidate mc-event mc_rel_general'><header>\t<h4 class='event-title summary' id='mc_224-title-mc-6f84060dbbfdbe6dcf8603dbe3992c11'><button type='button' id='modal-button-mc_list_08_224-list-details-224' data-modal-content-id='mc_list_08_224-list-details-224' data-modal-prefix-class='my-calendar' data-modal-close-text='Fermer' data-modal-title='Vacances d&#039;\u00e9t\u00e9' aria-controls='mc_list_08_224-list-details-224' class='list mc-modal button mc-text-button button-link url summary'><div class=\"event-title-container\">Vacances d'\u00e9t\u00e9<\/div><\/button><\/h4>\n<\/header><div id='mc_list_08_224-list-details-224' class='details no-image uses-modal single-details list-details'  aria-labelledby='mc_224-title-mc-6f84060dbbfdbe6dcf8603dbe3992c11'>\n\n\t\r\n\t<div class='time-block'>\r\n\t\t<span class='mc-icon' aria-hidden='true'><\/span>\r\n\t\t<p><span class=\"time-wrapper\">  <\/span><span class=\"date-wrapper\"><span class='mc-start-date dtstart' title='2027-07-03T00:00:00+7200:00' content='2027-07-03T00:00:00+7200:00'>03\/07\/2027<\/span> <span class='date-separator'> &ndash; <\/span> <span class=\"event-time dtend\">29\/08\/2027<\/span><\/span><\/p>\r\n\t<\/div>\n\t\t<div class=\"sharing\">\t<p class='mc-details'><a aria-label='Lire la suite: Vacances d&#039;\u00e9t\u00e9' href='https:\/\/dfg-lfa.org\/fr\/mc-events\/sommerferien\/'>Lire la suite<\/a><\/p>\n<\/div><\/div><!--end .details--><\/article><\/div><\/li><li id='list-2027-08-09' class='mc-events lundi lun future-day has-events author2 mcat_general'><h2 class=\"event-date\"><span class=\"mc-list-details-text\">09\/08\/2027<\/span><\/h2><div id='list-date-2027-08-09' class='mc-list-date-wrapper'><article id='mc_list_09_224-list-224' class='mc-has-category-colors mc-mc_list_224 list-event mc_general mc_no-location  future-event mc_primary_general nonrecurring mc-2-mois mc-start-00-00 ungrouped mc-event-158 mc-events multidate mc-event mc_rel_general'><header>\t<h4 class='event-title summary' id='mc_224-title-mc-6f84060dbbfdbe6dcf8603dbe3992c11'><button type='button' id='modal-button-mc_list_09_224-list-details-224' data-modal-content-id='mc_list_09_224-list-details-224' data-modal-prefix-class='my-calendar' data-modal-close-text='Fermer' data-modal-title='Vacances d&#039;\u00e9t\u00e9' aria-controls='mc_list_09_224-list-details-224' class='list mc-modal button mc-text-button button-link url summary'><div class=\"event-title-container\">Vacances d'\u00e9t\u00e9<\/div><\/button><\/h4>\n<\/header><div id='mc_list_09_224-list-details-224' class='details no-image uses-modal single-details list-details'  aria-labelledby='mc_224-title-mc-6f84060dbbfdbe6dcf8603dbe3992c11'>\n\n\t\r\n\t<div class='time-block'>\r\n\t\t<span class='mc-icon' aria-hidden='true'><\/span>\r\n\t\t<p><span class=\"time-wrapper\">  <\/span><span class=\"date-wrapper\"><span class='mc-start-date dtstart' title='2027-07-03T00:00:00+7200:00' content='2027-07-03T00:00:00+7200:00'>03\/07\/2027<\/span> <span class='date-separator'> &ndash; <\/span> <span class=\"event-time dtend\">29\/08\/2027<\/span><\/span><\/p>\r\n\t<\/div>\n\t\t<div class=\"sharing\">\t<p class='mc-details'><a aria-label='Lire la suite: Vacances d&#039;\u00e9t\u00e9' href='https:\/\/dfg-lfa.org\/fr\/mc-events\/sommerferien\/'>Lire la suite<\/a><\/p>\n<\/div><\/div><!--end .details--><\/article><\/div><\/li><li id='list-2027-08-10' class='mc-events mardi mar future-day has-events author2 mcat_general'><h2 class=\"event-date\"><span class=\"mc-list-details-text\">10\/08\/2027<\/span><\/h2><div id='list-date-2027-08-10' class='mc-list-date-wrapper'><article id='mc_list_10_224-list-224' class='mc-has-category-colors mc-mc_list_224 list-event mc_general mc_no-location  future-event mc_primary_general nonrecurring mc-2-mois mc-start-00-00 ungrouped mc-event-158 mc-events multidate mc-event mc_rel_general'><header>\t<h4 class='event-title summary' id='mc_224-title-mc-6f84060dbbfdbe6dcf8603dbe3992c11'><button type='button' id='modal-button-mc_list_10_224-list-details-224' data-modal-content-id='mc_list_10_224-list-details-224' data-modal-prefix-class='my-calendar' data-modal-close-text='Fermer' data-modal-title='Vacances d&#039;\u00e9t\u00e9' aria-controls='mc_list_10_224-list-details-224' class='list mc-modal button mc-text-button button-link url summary'><div class=\"event-title-container\">Vacances d'\u00e9t\u00e9<\/div><\/button><\/h4>\n<\/header><div id='mc_list_10_224-list-details-224' class='details no-image uses-modal single-details list-details'  aria-labelledby='mc_224-title-mc-6f84060dbbfdbe6dcf8603dbe3992c11'>\n\n\t\r\n\t<div class='time-block'>\r\n\t\t<span class='mc-icon' aria-hidden='true'><\/span>\r\n\t\t<p><span class=\"time-wrapper\">  <\/span><span class=\"date-wrapper\"><span class='mc-start-date dtstart' title='2027-07-03T00:00:00+7200:00' content='2027-07-03T00:00:00+7200:00'>03\/07\/2027<\/span> <span class='date-separator'> &ndash; <\/span> <span class=\"event-time dtend\">29\/08\/2027<\/span><\/span><\/p>\r\n\t<\/div>\n\t\t<div class=\"sharing\">\t<p class='mc-details'><a aria-label='Lire la suite: Vacances d&#039;\u00e9t\u00e9' href='https:\/\/dfg-lfa.org\/fr\/mc-events\/sommerferien\/'>Lire la suite<\/a><\/p>\n<\/div><\/div><!--end .details--><\/article><\/div><\/li><li id='list-2027-08-11' class='mc-events mercredi mer future-day has-events author2 mcat_general'><h2 class=\"event-date\"><span class=\"mc-list-details-text\">11\/08\/2027<\/span><\/h2><div id='list-date-2027-08-11' class='mc-list-date-wrapper'><article id='mc_list_11_224-list-224' class='mc-has-category-colors mc-mc_list_224 list-event mc_general mc_no-location  future-event mc_primary_general nonrecurring mc-2-mois mc-start-00-00 ungrouped mc-event-158 mc-events multidate mc-event mc_rel_general'><header>\t<h4 class='event-title summary' id='mc_224-title-mc-6f84060dbbfdbe6dcf8603dbe3992c11'><button type='button' id='modal-button-mc_list_11_224-list-details-224' data-modal-content-id='mc_list_11_224-list-details-224' data-modal-prefix-class='my-calendar' data-modal-close-text='Fermer' data-modal-title='Vacances d&#039;\u00e9t\u00e9' aria-controls='mc_list_11_224-list-details-224' class='list mc-modal button mc-text-button button-link url summary'><div class=\"event-title-container\">Vacances d'\u00e9t\u00e9<\/div><\/button><\/h4>\n<\/header><div id='mc_list_11_224-list-details-224' class='details no-image uses-modal single-details list-details'  aria-labelledby='mc_224-title-mc-6f84060dbbfdbe6dcf8603dbe3992c11'>\n\n\t\r\n\t<div class='time-block'>\r\n\t\t<span class='mc-icon' aria-hidden='true'><\/span>\r\n\t\t<p><span class=\"time-wrapper\">  <\/span><span class=\"date-wrapper\"><span class='mc-start-date dtstart' title='2027-07-03T00:00:00+7200:00' content='2027-07-03T00:00:00+7200:00'>03\/07\/2027<\/span> <span class='date-separator'> &ndash; <\/span> <span class=\"event-time dtend\">29\/08\/2027<\/span><\/span><\/p>\r\n\t<\/div>\n\t\t<div class=\"sharing\">\t<p class='mc-details'><a aria-label='Lire la suite: Vacances d&#039;\u00e9t\u00e9' href='https:\/\/dfg-lfa.org\/fr\/mc-events\/sommerferien\/'>Lire la suite<\/a><\/p>\n<\/div><\/div><!--end .details--><\/article><\/div><\/li><li id='list-2027-08-12' class='mc-events jeudi jeu future-day has-events author2 mcat_general'><h2 class=\"event-date\"><span class=\"mc-list-details-text\">12\/08\/2027<\/span><\/h2><div id='list-date-2027-08-12' class='mc-list-date-wrapper'><article id='mc_list_12_224-list-224' class='mc-has-category-colors mc-mc_list_224 list-event mc_general mc_no-location  future-event mc_primary_general nonrecurring mc-2-mois mc-start-00-00 ungrouped mc-event-158 mc-events multidate mc-event mc_rel_general'><header>\t<h4 class='event-title summary' id='mc_224-title-mc-6f84060dbbfdbe6dcf8603dbe3992c11'><button type='button' id='modal-button-mc_list_12_224-list-details-224' data-modal-content-id='mc_list_12_224-list-details-224' data-modal-prefix-class='my-calendar' data-modal-close-text='Fermer' data-modal-title='Vacances d&#039;\u00e9t\u00e9' aria-controls='mc_list_12_224-list-details-224' class='list mc-modal button mc-text-button button-link url summary'><div class=\"event-title-container\">Vacances d'\u00e9t\u00e9<\/div><\/button><\/h4>\n<\/header><div id='mc_list_12_224-list-details-224' class='details no-image uses-modal single-details list-details'  aria-labelledby='mc_224-title-mc-6f84060dbbfdbe6dcf8603dbe3992c11'>\n\n\t\r\n\t<div class='time-block'>\r\n\t\t<span class='mc-icon' aria-hidden='true'><\/span>\r\n\t\t<p><span class=\"time-wrapper\">  <\/span><span class=\"date-wrapper\"><span class='mc-start-date dtstart' title='2027-07-03T00:00:00+7200:00' content='2027-07-03T00:00:00+7200:00'>03\/07\/2027<\/span> <span class='date-separator'> &ndash; <\/span> <span class=\"event-time dtend\">29\/08\/2027<\/span><\/span><\/p>\r\n\t<\/div>\n\t\t<div class=\"sharing\">\t<p class='mc-details'><a aria-label='Lire la suite: Vacances d&#039;\u00e9t\u00e9' href='https:\/\/dfg-lfa.org\/fr\/mc-events\/sommerferien\/'>Lire la suite<\/a><\/p>\n<\/div><\/div><!--end .details--><\/article><\/div><\/li><li id='list-2027-08-13' class='mc-events vendredi ven future-day has-events author2 mcat_general'><h2 class=\"event-date\"><span class=\"mc-list-details-text\">13\/08\/2027<\/span><\/h2><div id='list-date-2027-08-13' class='mc-list-date-wrapper'><article id='mc_list_13_224-list-224' class='mc-has-category-colors mc-mc_list_224 list-event mc_general mc_no-location  future-event mc_primary_general nonrecurring mc-2-mois mc-start-00-00 ungrouped mc-event-158 mc-events multidate mc-event mc_rel_general'><header>\t<h4 class='event-title summary' id='mc_224-title-mc-6f84060dbbfdbe6dcf8603dbe3992c11'><button type='button' id='modal-button-mc_list_13_224-list-details-224' data-modal-content-id='mc_list_13_224-list-details-224' data-modal-prefix-class='my-calendar' data-modal-close-text='Fermer' data-modal-title='Vacances d&#039;\u00e9t\u00e9' aria-controls='mc_list_13_224-list-details-224' class='list mc-modal button mc-text-button button-link url summary'><div class=\"event-title-container\">Vacances d'\u00e9t\u00e9<\/div><\/button><\/h4>\n<\/header><div id='mc_list_13_224-list-details-224' class='details no-image uses-modal single-details list-details'  aria-labelledby='mc_224-title-mc-6f84060dbbfdbe6dcf8603dbe3992c11'>\n\n\t\r\n\t<div class='time-block'>\r\n\t\t<span class='mc-icon' aria-hidden='true'><\/span>\r\n\t\t<p><span class=\"time-wrapper\">  <\/span><span class=\"date-wrapper\"><span class='mc-start-date dtstart' title='2027-07-03T00:00:00+7200:00' content='2027-07-03T00:00:00+7200:00'>03\/07\/2027<\/span> <span class='date-separator'> &ndash; <\/span> <span class=\"event-time dtend\">29\/08\/2027<\/span><\/span><\/p>\r\n\t<\/div>\n\t\t<div class=\"sharing\">\t<p class='mc-details'><a aria-label='Lire la suite: Vacances d&#039;\u00e9t\u00e9' href='https:\/\/dfg-lfa.org\/fr\/mc-events\/sommerferien\/'>Lire la suite<\/a><\/p>\n<\/div><\/div><!--end .details--><\/article><\/div><\/li><li id='list-2027-08-14' class='mc-events samedi sam future-day has-events author2 mcat_general'><h2 class=\"event-date\"><span class=\"mc-list-details-text\">14\/08\/2027<\/span><\/h2><div id='list-date-2027-08-14' class='mc-list-date-wrapper'><article id='mc_list_14_224-list-224' class='mc-has-category-colors mc-mc_list_224 list-event mc_general mc_no-location  future-event mc_primary_general nonrecurring mc-2-mois mc-start-00-00 ungrouped mc-event-158 mc-events multidate mc-event mc_rel_general'><header>\t<h4 class='event-title summary' id='mc_224-title-mc-6f84060dbbfdbe6dcf8603dbe3992c11'><button type='button' id='modal-button-mc_list_14_224-list-details-224' data-modal-content-id='mc_list_14_224-list-details-224' data-modal-prefix-class='my-calendar' data-modal-close-text='Fermer' data-modal-title='Vacances d&#039;\u00e9t\u00e9' aria-controls='mc_list_14_224-list-details-224' class='list mc-modal button mc-text-button button-link url summary'><div class=\"event-title-container\">Vacances d'\u00e9t\u00e9<\/div><\/button><\/h4>\n<\/header><div id='mc_list_14_224-list-details-224' class='details no-image uses-modal single-details list-details'  aria-labelledby='mc_224-title-mc-6f84060dbbfdbe6dcf8603dbe3992c11'>\n\n\t\r\n\t<div class='time-block'>\r\n\t\t<span class='mc-icon' aria-hidden='true'><\/span>\r\n\t\t<p><span class=\"time-wrapper\">  <\/span><span class=\"date-wrapper\"><span class='mc-start-date dtstart' title='2027-07-03T00:00:00+7200:00' content='2027-07-03T00:00:00+7200:00'>03\/07\/2027<\/span> <span class='date-separator'> &ndash; <\/span> <span class=\"event-time dtend\">29\/08\/2027<\/span><\/span><\/p>\r\n\t<\/div>\n\t\t<div class=\"sharing\">\t<p class='mc-details'><a aria-label='Lire la suite: Vacances d&#039;\u00e9t\u00e9' href='https:\/\/dfg-lfa.org\/fr\/mc-events\/sommerferien\/'>Lire la suite<\/a><\/p>\n<\/div><\/div><!--end .details--><\/article><\/div><\/li><li id='list-2027-08-15' class='mc-events dimanche dim future-day has-events author2 mcat_general'><h2 class=\"event-date\"><span class=\"mc-list-details-text\">15\/08\/2027<\/span><\/h2><div id='list-date-2027-08-15' class='mc-list-date-wrapper'><article id='mc_list_15_224-list-224' class='mc-has-category-colors mc-mc_list_224 list-event mc_general mc_no-location  future-event mc_primary_general nonrecurring mc-2-mois mc-start-00-00 ungrouped mc-event-158 mc-events multidate mc-event mc_rel_general'><header>\t<h4 class='event-title summary' id='mc_224-title-mc-6f84060dbbfdbe6dcf8603dbe3992c11'><button type='button' id='modal-button-mc_list_15_224-list-details-224' data-modal-content-id='mc_list_15_224-list-details-224' data-modal-prefix-class='my-calendar' data-modal-close-text='Fermer' data-modal-title='Vacances d&#039;\u00e9t\u00e9' aria-controls='mc_list_15_224-list-details-224' class='list mc-modal button mc-text-button button-link url summary'><div class=\"event-title-container\">Vacances d'\u00e9t\u00e9<\/div><\/button><\/h4>\n<\/header><div id='mc_list_15_224-list-details-224' class='details no-image uses-modal single-details list-details'  aria-labelledby='mc_224-title-mc-6f84060dbbfdbe6dcf8603dbe3992c11'>\n\n\t\r\n\t<div class='time-block'>\r\n\t\t<span class='mc-icon' aria-hidden='true'><\/span>\r\n\t\t<p><span class=\"time-wrapper\">  <\/span><span class=\"date-wrapper\"><span class='mc-start-date dtstart' title='2027-07-03T00:00:00+7200:00' content='2027-07-03T00:00:00+7200:00'>03\/07\/2027<\/span> <span class='date-separator'> &ndash; <\/span> <span class=\"event-time dtend\">29\/08\/2027<\/span><\/span><\/p>\r\n\t<\/div>\n\t\t<div class=\"sharing\">\t<p class='mc-details'><a aria-label='Lire la suite: Vacances d&#039;\u00e9t\u00e9' href='https:\/\/dfg-lfa.org\/fr\/mc-events\/sommerferien\/'>Lire la suite<\/a><\/p>\n<\/div><\/div><!--end .details--><\/article><\/div><\/li><li id='list-2027-08-16' class='mc-events lundi lun future-day has-events author2 mcat_general'><h2 class=\"event-date\"><span class=\"mc-list-details-text\">16\/08\/2027<\/span><\/h2><div id='list-date-2027-08-16' class='mc-list-date-wrapper'><article id='mc_list_16_224-list-224' class='mc-has-category-colors mc-mc_list_224 list-event mc_general mc_no-location  future-event mc_primary_general nonrecurring mc-2-mois mc-start-00-00 ungrouped mc-event-158 mc-events multidate mc-event mc_rel_general'><header>\t<h4 class='event-title summary' id='mc_224-title-mc-6f84060dbbfdbe6dcf8603dbe3992c11'><button type='button' id='modal-button-mc_list_16_224-list-details-224' data-modal-content-id='mc_list_16_224-list-details-224' data-modal-prefix-class='my-calendar' data-modal-close-text='Fermer' data-modal-title='Vacances d&#039;\u00e9t\u00e9' aria-controls='mc_list_16_224-list-details-224' class='list mc-modal button mc-text-button button-link url summary'><div class=\"event-title-container\">Vacances d'\u00e9t\u00e9<\/div><\/button><\/h4>\n<\/header><div id='mc_list_16_224-list-details-224' class='details no-image uses-modal single-details list-details'  aria-labelledby='mc_224-title-mc-6f84060dbbfdbe6dcf8603dbe3992c11'>\n\n\t\r\n\t<div class='time-block'>\r\n\t\t<span class='mc-icon' aria-hidden='true'><\/span>\r\n\t\t<p><span class=\"time-wrapper\">  <\/span><span class=\"date-wrapper\"><span class='mc-start-date dtstart' title='2027-07-03T00:00:00+7200:00' content='2027-07-03T00:00:00+7200:00'>03\/07\/2027<\/span> <span class='date-separator'> &ndash; <\/span> <span class=\"event-time dtend\">29\/08\/2027<\/span><\/span><\/p>\r\n\t<\/div>\n\t\t<div class=\"sharing\">\t<p class='mc-details'><a aria-label='Lire la suite: Vacances d&#039;\u00e9t\u00e9' href='https:\/\/dfg-lfa.org\/fr\/mc-events\/sommerferien\/'>Lire la suite<\/a><\/p>\n<\/div><\/div><!--end .details--><\/article><\/div><\/li><li id='list-2027-08-17' class='mc-events mardi mar future-day has-events author2 mcat_general'><h2 class=\"event-date\"><span class=\"mc-list-details-text\">17\/08\/2027<\/span><\/h2><div id='list-date-2027-08-17' class='mc-list-date-wrapper'><article id='mc_list_17_224-list-224' class='mc-has-category-colors mc-mc_list_224 list-event mc_general mc_no-location  future-event mc_primary_general nonrecurring mc-2-mois mc-start-00-00 ungrouped mc-event-158 mc-events multidate mc-event mc_rel_general'><header>\t<h4 class='event-title summary' id='mc_224-title-mc-6f84060dbbfdbe6dcf8603dbe3992c11'><button type='button' id='modal-button-mc_list_17_224-list-details-224' data-modal-content-id='mc_list_17_224-list-details-224' data-modal-prefix-class='my-calendar' data-modal-close-text='Fermer' data-modal-title='Vacances d&#039;\u00e9t\u00e9' aria-controls='mc_list_17_224-list-details-224' class='list mc-modal button mc-text-button button-link url summary'><div class=\"event-title-container\">Vacances d'\u00e9t\u00e9<\/div><\/button><\/h4>\n<\/header><div id='mc_list_17_224-list-details-224' class='details no-image uses-modal single-details list-details'  aria-labelledby='mc_224-title-mc-6f84060dbbfdbe6dcf8603dbe3992c11'>\n\n\t\r\n\t<div class='time-block'>\r\n\t\t<span class='mc-icon' aria-hidden='true'><\/span>\r\n\t\t<p><span class=\"time-wrapper\">  <\/span><span class=\"date-wrapper\"><span class='mc-start-date dtstart' title='2027-07-03T00:00:00+7200:00' content='2027-07-03T00:00:00+7200:00'>03\/07\/2027<\/span> <span class='date-separator'> &ndash; <\/span> <span class=\"event-time dtend\">29\/08\/2027<\/span><\/span><\/p>\r\n\t<\/div>\n\t\t<div class=\"sharing\">\t<p class='mc-details'><a aria-label='Lire la suite: Vacances d&#039;\u00e9t\u00e9' href='https:\/\/dfg-lfa.org\/fr\/mc-events\/sommerferien\/'>Lire la suite<\/a><\/p>\n<\/div><\/div><!--end .details--><\/article><\/div><\/li><li id='list-2027-08-18' class='mc-events mercredi mer future-day has-events author2 mcat_general'><h2 class=\"event-date\"><span class=\"mc-list-details-text\">18\/08\/2027<\/span><\/h2><div id='list-date-2027-08-18' class='mc-list-date-wrapper'><article id='mc_list_18_224-list-224' class='mc-has-category-colors mc-mc_list_224 list-event mc_general mc_no-location  future-event mc_primary_general nonrecurring mc-2-mois mc-start-00-00 ungrouped mc-event-158 mc-events multidate mc-event mc_rel_general'><header>\t<h4 class='event-title summary' id='mc_224-title-mc-6f84060dbbfdbe6dcf8603dbe3992c11'><button type='button' id='modal-button-mc_list_18_224-list-details-224' data-modal-content-id='mc_list_18_224-list-details-224' data-modal-prefix-class='my-calendar' data-modal-close-text='Fermer' data-modal-title='Vacances d&#039;\u00e9t\u00e9' aria-controls='mc_list_18_224-list-details-224' class='list mc-modal button mc-text-button button-link url summary'><div class=\"event-title-container\">Vacances d'\u00e9t\u00e9<\/div><\/button><\/h4>\n<\/header><div id='mc_list_18_224-list-details-224' class='details no-image uses-modal single-details list-details'  aria-labelledby='mc_224-title-mc-6f84060dbbfdbe6dcf8603dbe3992c11'>\n\n\t\r\n\t<div class='time-block'>\r\n\t\t<span class='mc-icon' aria-hidden='true'><\/span>\r\n\t\t<p><span class=\"time-wrapper\">  <\/span><span class=\"date-wrapper\"><span class='mc-start-date dtstart' title='2027-07-03T00:00:00+7200:00' content='2027-07-03T00:00:00+7200:00'>03\/07\/2027<\/span> <span class='date-separator'> &ndash; <\/span> <span class=\"event-time dtend\">29\/08\/2027<\/span><\/span><\/p>\r\n\t<\/div>\n\t\t<div class=\"sharing\">\t<p class='mc-details'><a aria-label='Lire la suite: Vacances d&#039;\u00e9t\u00e9' href='https:\/\/dfg-lfa.org\/fr\/mc-events\/sommerferien\/'>Lire la suite<\/a><\/p>\n<\/div><\/div><!--end .details--><\/article><\/div><\/li><li id='list-2027-08-19' class='mc-events jeudi jeu future-day has-events author2 mcat_general'><h2 class=\"event-date\"><span class=\"mc-list-details-text\">19\/08\/2027<\/span><\/h2><div id='list-date-2027-08-19' class='mc-list-date-wrapper'><article id='mc_list_19_224-list-224' class='mc-has-category-colors mc-mc_list_224 list-event mc_general mc_no-location  future-event mc_primary_general nonrecurring mc-2-mois mc-start-00-00 ungrouped mc-event-158 mc-events multidate mc-event mc_rel_general'><header>\t<h4 class='event-title summary' id='mc_224-title-mc-6f84060dbbfdbe6dcf8603dbe3992c11'><button type='button' id='modal-button-mc_list_19_224-list-details-224' data-modal-content-id='mc_list_19_224-list-details-224' data-modal-prefix-class='my-calendar' data-modal-close-text='Fermer' data-modal-title='Vacances d&#039;\u00e9t\u00e9' aria-controls='mc_list_19_224-list-details-224' class='list mc-modal button mc-text-button button-link url summary'><div class=\"event-title-container\">Vacances d'\u00e9t\u00e9<\/div><\/button><\/h4>\n<\/header><div id='mc_list_19_224-list-details-224' class='details no-image uses-modal single-details list-details'  aria-labelledby='mc_224-title-mc-6f84060dbbfdbe6dcf8603dbe3992c11'>\n\n\t\r\n\t<div class='time-block'>\r\n\t\t<span class='mc-icon' aria-hidden='true'><\/span>\r\n\t\t<p><span class=\"time-wrapper\">  <\/span><span class=\"date-wrapper\"><span class='mc-start-date dtstart' title='2027-07-03T00:00:00+7200:00' content='2027-07-03T00:00:00+7200:00'>03\/07\/2027<\/span> <span class='date-separator'> &ndash; <\/span> <span class=\"event-time dtend\">29\/08\/2027<\/span><\/span><\/p>\r\n\t<\/div>\n\t\t<div class=\"sharing\">\t<p class='mc-details'><a aria-label='Lire la suite: Vacances d&#039;\u00e9t\u00e9' href='https:\/\/dfg-lfa.org\/fr\/mc-events\/sommerferien\/'>Lire la suite<\/a><\/p>\n<\/div><\/div><!--end .details--><\/article><\/div><\/li><li id='list-2027-08-20' class='mc-events vendredi ven future-day has-events author2 mcat_general'><h2 class=\"event-date\"><span class=\"mc-list-details-text\">20\/08\/2027<\/span><\/h2><div id='list-date-2027-08-20' class='mc-list-date-wrapper'><article id='mc_list_20_224-list-224' class='mc-has-category-colors mc-mc_list_224 list-event mc_general mc_no-location  future-event mc_primary_general nonrecurring mc-2-mois mc-start-00-00 ungrouped mc-event-158 mc-events multidate mc-event mc_rel_general'><header>\t<h4 class='event-title summary' id='mc_224-title-mc-6f84060dbbfdbe6dcf8603dbe3992c11'><button type='button' id='modal-button-mc_list_20_224-list-details-224' data-modal-content-id='mc_list_20_224-list-details-224' data-modal-prefix-class='my-calendar' data-modal-close-text='Fermer' data-modal-title='Vacances d&#039;\u00e9t\u00e9' aria-controls='mc_list_20_224-list-details-224' class='list mc-modal button mc-text-button button-link url summary'><div class=\"event-title-container\">Vacances d'\u00e9t\u00e9<\/div><\/button><\/h4>\n<\/header><div id='mc_list_20_224-list-details-224' class='details no-image uses-modal single-details list-details'  aria-labelledby='mc_224-title-mc-6f84060dbbfdbe6dcf8603dbe3992c11'>\n\n\t\r\n\t<div class='time-block'>\r\n\t\t<span class='mc-icon' aria-hidden='true'><\/span>\r\n\t\t<p><span class=\"time-wrapper\">  <\/span><span class=\"date-wrapper\"><span class='mc-start-date dtstart' title='2027-07-03T00:00:00+7200:00' content='2027-07-03T00:00:00+7200:00'>03\/07\/2027<\/span> <span class='date-separator'> &ndash; <\/span> <span class=\"event-time dtend\">29\/08\/2027<\/span><\/span><\/p>\r\n\t<\/div>\n\t\t<div class=\"sharing\">\t<p class='mc-details'><a aria-label='Lire la suite: Vacances d&#039;\u00e9t\u00e9' href='https:\/\/dfg-lfa.org\/fr\/mc-events\/sommerferien\/'>Lire la suite<\/a><\/p>\n<\/div><\/div><!--end .details--><\/article><\/div><\/li><li id='list-2027-08-21' class='mc-events samedi sam future-day has-events author2 mcat_general'><h2 class=\"event-date\"><span class=\"mc-list-details-text\">21\/08\/2027<\/span><\/h2><div id='list-date-2027-08-21' class='mc-list-date-wrapper'><article id='mc_list_21_224-list-224' class='mc-has-category-colors mc-mc_list_224 list-event mc_general mc_no-location  future-event mc_primary_general nonrecurring mc-2-mois mc-start-00-00 ungrouped mc-event-158 mc-events multidate mc-event mc_rel_general'><header>\t<h4 class='event-title summary' id='mc_224-title-mc-6f84060dbbfdbe6dcf8603dbe3992c11'><button type='button' id='modal-button-mc_list_21_224-list-details-224' data-modal-content-id='mc_list_21_224-list-details-224' data-modal-prefix-class='my-calendar' data-modal-close-text='Fermer' data-modal-title='Vacances d&#039;\u00e9t\u00e9' aria-controls='mc_list_21_224-list-details-224' class='list mc-modal button mc-text-button button-link url summary'><div class=\"event-title-container\">Vacances d'\u00e9t\u00e9<\/div><\/button><\/h4>\n<\/header><div id='mc_list_21_224-list-details-224' class='details no-image uses-modal single-details list-details'  aria-labelledby='mc_224-title-mc-6f84060dbbfdbe6dcf8603dbe3992c11'>\n\n\t\r\n\t<div class='time-block'>\r\n\t\t<span class='mc-icon' aria-hidden='true'><\/span>\r\n\t\t<p><span class=\"time-wrapper\">  <\/span><span class=\"date-wrapper\"><span class='mc-start-date dtstart' title='2027-07-03T00:00:00+7200:00' content='2027-07-03T00:00:00+7200:00'>03\/07\/2027<\/span> <span class='date-separator'> &ndash; <\/span> <span class=\"event-time dtend\">29\/08\/2027<\/span><\/span><\/p>\r\n\t<\/div>\n\t\t<div class=\"sharing\">\t<p class='mc-details'><a aria-label='Lire la suite: Vacances d&#039;\u00e9t\u00e9' href='https:\/\/dfg-lfa.org\/fr\/mc-events\/sommerferien\/'>Lire la suite<\/a><\/p>\n<\/div><\/div><!--end .details--><\/article><\/div><\/li><li id='list-2027-08-22' class='mc-events dimanche dim future-day has-events author2 mcat_general'><h2 class=\"event-date\"><span class=\"mc-list-details-text\">22\/08\/2027<\/span><\/h2><div id='list-date-2027-08-22' class='mc-list-date-wrapper'><article id='mc_list_22_224-list-224' class='mc-has-category-colors mc-mc_list_224 list-event mc_general mc_no-location  future-event mc_primary_general nonrecurring mc-2-mois mc-start-00-00 ungrouped mc-event-158 mc-events multidate mc-event mc_rel_general'><header>\t<h4 class='event-title summary' id='mc_224-title-mc-6f84060dbbfdbe6dcf8603dbe3992c11'><button type='button' id='modal-button-mc_list_22_224-list-details-224' data-modal-content-id='mc_list_22_224-list-details-224' data-modal-prefix-class='my-calendar' data-modal-close-text='Fermer' data-modal-title='Vacances d&#039;\u00e9t\u00e9' aria-controls='mc_list_22_224-list-details-224' class='list mc-modal button mc-text-button button-link url summary'><div class=\"event-title-container\">Vacances d'\u00e9t\u00e9<\/div><\/button><\/h4>\n<\/header><div id='mc_list_22_224-list-details-224' class='details no-image uses-modal single-details list-details'  aria-labelledby='mc_224-title-mc-6f84060dbbfdbe6dcf8603dbe3992c11'>\n\n\t\r\n\t<div class='time-block'>\r\n\t\t<span class='mc-icon' aria-hidden='true'><\/span>\r\n\t\t<p><span class=\"time-wrapper\">  <\/span><span class=\"date-wrapper\"><span class='mc-start-date dtstart' title='2027-07-03T00:00:00+7200:00' content='2027-07-03T00:00:00+7200:00'>03\/07\/2027<\/span> <span class='date-separator'> &ndash; <\/span> <span class=\"event-time dtend\">29\/08\/2027<\/span><\/span><\/p>\r\n\t<\/div>\n\t\t<div class=\"sharing\">\t<p class='mc-details'><a aria-label='Lire la suite: Vacances d&#039;\u00e9t\u00e9' href='https:\/\/dfg-lfa.org\/fr\/mc-events\/sommerferien\/'>Lire la suite<\/a><\/p>\n<\/div><\/div><!--end .details--><\/article><\/div><\/li><li id='list-2027-08-23' class='mc-events lundi lun future-day has-events author2 mcat_general'><h2 class=\"event-date\"><span class=\"mc-list-details-text\">23\/08\/2027<\/span><\/h2><div id='list-date-2027-08-23' class='mc-list-date-wrapper'><article id='mc_list_23_224-list-224' class='mc-has-category-colors mc-mc_list_224 list-event mc_general mc_no-location  future-event mc_primary_general nonrecurring mc-2-mois mc-start-00-00 ungrouped mc-event-158 mc-events multidate mc-event mc_rel_general'><header>\t<h4 class='event-title summary' id='mc_224-title-mc-6f84060dbbfdbe6dcf8603dbe3992c11'><button type='button' id='modal-button-mc_list_23_224-list-details-224' data-modal-content-id='mc_list_23_224-list-details-224' data-modal-prefix-class='my-calendar' data-modal-close-text='Fermer' data-modal-title='Vacances d&#039;\u00e9t\u00e9' aria-controls='mc_list_23_224-list-details-224' class='list mc-modal button mc-text-button button-link url summary'><div class=\"event-title-container\">Vacances d'\u00e9t\u00e9<\/div><\/button><\/h4>\n<\/header><div id='mc_list_23_224-list-details-224' class='details no-image uses-modal single-details list-details'  aria-labelledby='mc_224-title-mc-6f84060dbbfdbe6dcf8603dbe3992c11'>\n\n\t\r\n\t<div class='time-block'>\r\n\t\t<span class='mc-icon' aria-hidden='true'><\/span>\r\n\t\t<p><span class=\"time-wrapper\">  <\/span><span class=\"date-wrapper\"><span class='mc-start-date dtstart' title='2027-07-03T00:00:00+7200:00' content='2027-07-03T00:00:00+7200:00'>03\/07\/2027<\/span> <span class='date-separator'> &ndash; <\/span> <span class=\"event-time dtend\">29\/08\/2027<\/span><\/span><\/p>\r\n\t<\/div>\n\t\t<div class=\"sharing\">\t<p class='mc-details'><a aria-label='Lire la suite: Vacances d&#039;\u00e9t\u00e9' href='https:\/\/dfg-lfa.org\/fr\/mc-events\/sommerferien\/'>Lire la suite<\/a><\/p>\n<\/div><\/div><!--end .details--><\/article><\/div><\/li><li id='list-2027-08-24' class='mc-events mardi mar future-day has-events author2 mcat_general'><h2 class=\"event-date\"><span class=\"mc-list-details-text\">24\/08\/2027<\/span><\/h2><div id='list-date-2027-08-24' class='mc-list-date-wrapper'><article id='mc_list_24_224-list-224' class='mc-has-category-colors mc-mc_list_224 list-event mc_general mc_no-location  future-event mc_primary_general nonrecurring mc-2-mois mc-start-00-00 ungrouped mc-event-158 mc-events multidate mc-event mc_rel_general'><header>\t<h4 class='event-title summary' id='mc_224-title-mc-6f84060dbbfdbe6dcf8603dbe3992c11'><button type='button' id='modal-button-mc_list_24_224-list-details-224' data-modal-content-id='mc_list_24_224-list-details-224' data-modal-prefix-class='my-calendar' data-modal-close-text='Fermer' data-modal-title='Vacances d&#039;\u00e9t\u00e9' aria-controls='mc_list_24_224-list-details-224' class='list mc-modal button mc-text-button button-link url summary'><div class=\"event-title-container\">Vacances d'\u00e9t\u00e9<\/div><\/button><\/h4>\n<\/header><div id='mc_list_24_224-list-details-224' class='details no-image uses-modal single-details list-details'  aria-labelledby='mc_224-title-mc-6f84060dbbfdbe6dcf8603dbe3992c11'>\n\n\t\r\n\t<div class='time-block'>\r\n\t\t<span class='mc-icon' aria-hidden='true'><\/span>\r\n\t\t<p><span class=\"time-wrapper\">  <\/span><span class=\"date-wrapper\"><span class='mc-start-date dtstart' title='2027-07-03T00:00:00+7200:00' content='2027-07-03T00:00:00+7200:00'>03\/07\/2027<\/span> <span class='date-separator'> &ndash; <\/span> <span class=\"event-time dtend\">29\/08\/2027<\/span><\/span><\/p>\r\n\t<\/div>\n\t\t<div class=\"sharing\">\t<p class='mc-details'><a aria-label='Lire la suite: Vacances d&#039;\u00e9t\u00e9' href='https:\/\/dfg-lfa.org\/fr\/mc-events\/sommerferien\/'>Lire la suite<\/a><\/p>\n<\/div><\/div><!--end .details--><\/article><\/div><\/li><li id='list-2027-08-25' class='mc-events mercredi mer future-day has-events author2 mcat_general'><h2 class=\"event-date\"><span class=\"mc-list-details-text\">25\/08\/2027<\/span><\/h2><div id='list-date-2027-08-25' class='mc-list-date-wrapper'><article id='mc_list_25_224-list-224' class='mc-has-category-colors mc-mc_list_224 list-event mc_general mc_no-location  future-event mc_primary_general nonrecurring mc-2-mois mc-start-00-00 ungrouped mc-event-158 mc-events multidate mc-event mc_rel_general'><header>\t<h4 class='event-title summary' id='mc_224-title-mc-6f84060dbbfdbe6dcf8603dbe3992c11'><button type='button' id='modal-button-mc_list_25_224-list-details-224' data-modal-content-id='mc_list_25_224-list-details-224' data-modal-prefix-class='my-calendar' data-modal-close-text='Fermer' data-modal-title='Vacances d&#039;\u00e9t\u00e9' aria-controls='mc_list_25_224-list-details-224' class='list mc-modal button mc-text-button button-link url summary'><div class=\"event-title-container\">Vacances d'\u00e9t\u00e9<\/div><\/button><\/h4>\n<\/header><div id='mc_list_25_224-list-details-224' class='details no-image uses-modal single-details list-details'  aria-labelledby='mc_224-title-mc-6f84060dbbfdbe6dcf8603dbe3992c11'>\n\n\t\r\n\t<div class='time-block'>\r\n\t\t<span class='mc-icon' aria-hidden='true'><\/span>\r\n\t\t<p><span class=\"time-wrapper\">  <\/span><span class=\"date-wrapper\"><span class='mc-start-date dtstart' title='2027-07-03T00:00:00+7200:00' content='2027-07-03T00:00:00+7200:00'>03\/07\/2027<\/span> <span class='date-separator'> &ndash; <\/span> <span class=\"event-time dtend\">29\/08\/2027<\/span><\/span><\/p>\r\n\t<\/div>\n\t\t<div class=\"sharing\">\t<p class='mc-details'><a aria-label='Lire la suite: Vacances d&#039;\u00e9t\u00e9' href='https:\/\/dfg-lfa.org\/fr\/mc-events\/sommerferien\/'>Lire la suite<\/a><\/p>\n<\/div><\/div><!--end .details--><\/article><\/div><\/li><li id='list-2027-08-26' class='mc-events jeudi jeu future-day has-events author2 mcat_general'><h2 class=\"event-date\"><span class=\"mc-list-details-text\">26\/08\/2027<\/span><\/h2><div id='list-date-2027-08-26' class='mc-list-date-wrapper'><article id='mc_list_26_224-list-224' class='mc-has-category-colors mc-mc_list_224 list-event mc_general mc_no-location  future-event mc_primary_general nonrecurring mc-2-mois mc-start-00-00 ungrouped mc-event-158 mc-events multidate mc-event mc_rel_general'><header>\t<h4 class='event-title summary' id='mc_224-title-mc-6f84060dbbfdbe6dcf8603dbe3992c11'><button type='button' id='modal-button-mc_list_26_224-list-details-224' data-modal-content-id='mc_list_26_224-list-details-224' data-modal-prefix-class='my-calendar' data-modal-close-text='Fermer' data-modal-title='Vacances d&#039;\u00e9t\u00e9' aria-controls='mc_list_26_224-list-details-224' class='list mc-modal button mc-text-button button-link url summary'><div class=\"event-title-container\">Vacances d'\u00e9t\u00e9<\/div><\/button><\/h4>\n<\/header><div id='mc_list_26_224-list-details-224' class='details no-image uses-modal single-details list-details'  aria-labelledby='mc_224-title-mc-6f84060dbbfdbe6dcf8603dbe3992c11'>\n\n\t\r\n\t<div class='time-block'>\r\n\t\t<span class='mc-icon' aria-hidden='true'><\/span>\r\n\t\t<p><span class=\"time-wrapper\">  <\/span><span class=\"date-wrapper\"><span class='mc-start-date dtstart' title='2027-07-03T00:00:00+7200:00' content='2027-07-03T00:00:00+7200:00'>03\/07\/2027<\/span> <span class='date-separator'> &ndash; <\/span> <span class=\"event-time dtend\">29\/08\/2027<\/span><\/span><\/p>\r\n\t<\/div>\n\t\t<div class=\"sharing\">\t<p class='mc-details'><a aria-label='Lire la suite: Vacances d&#039;\u00e9t\u00e9' href='https:\/\/dfg-lfa.org\/fr\/mc-events\/sommerferien\/'>Lire la suite<\/a><\/p>\n<\/div><\/div><!--end .details--><\/article><\/div><\/li><li id='list-2027-08-27' class='mc-events vendredi ven future-day has-events author2 mcat_general'><h2 class=\"event-date\"><span class=\"mc-list-details-text\">27\/08\/2027<\/span><\/h2><div id='list-date-2027-08-27' class='mc-list-date-wrapper'><article id='mc_list_27_224-list-224' class='mc-has-category-colors mc-mc_list_224 list-event mc_general mc_no-location  future-event mc_primary_general nonrecurring mc-2-mois mc-start-00-00 ungrouped mc-event-158 mc-events multidate mc-event mc_rel_general'><header>\t<h4 class='event-title summary' id='mc_224-title-mc-6f84060dbbfdbe6dcf8603dbe3992c11'><button type='button' id='modal-button-mc_list_27_224-list-details-224' data-modal-content-id='mc_list_27_224-list-details-224' data-modal-prefix-class='my-calendar' data-modal-close-text='Fermer' data-modal-title='Vacances d&#039;\u00e9t\u00e9' aria-controls='mc_list_27_224-list-details-224' class='list mc-modal button mc-text-button button-link url summary'><div class=\"event-title-container\">Vacances d'\u00e9t\u00e9<\/div><\/button><\/h4>\n<\/header><div id='mc_list_27_224-list-details-224' class='details no-image uses-modal single-details list-details'  aria-labelledby='mc_224-title-mc-6f84060dbbfdbe6dcf8603dbe3992c11'>\n\n\t\r\n\t<div class='time-block'>\r\n\t\t<span class='mc-icon' aria-hidden='true'><\/span>\r\n\t\t<p><span class=\"time-wrapper\">  <\/span><span class=\"date-wrapper\"><span class='mc-start-date dtstart' title='2027-07-03T00:00:00+7200:00' content='2027-07-03T00:00:00+7200:00'>03\/07\/2027<\/span> <span class='date-separator'> &ndash; <\/span> <span class=\"event-time dtend\">29\/08\/2027<\/span><\/span><\/p>\r\n\t<\/div>\n\t\t<div class=\"sharing\">\t<p class='mc-details'><a aria-label='Lire la suite: Vacances d&#039;\u00e9t\u00e9' href='https:\/\/dfg-lfa.org\/fr\/mc-events\/sommerferien\/'>Lire la suite<\/a><\/p>\n<\/div><\/div><!--end .details--><\/article><\/div><\/li><li id='list-2027-08-28' class='mc-events samedi sam future-day has-events author2 mcat_general'><h2 class=\"event-date\"><span class=\"mc-list-details-text\">28\/08\/2027<\/span><\/h2><div id='list-date-2027-08-28' class='mc-list-date-wrapper'><article id='mc_list_28_224-list-224' class='mc-has-category-colors mc-mc_list_224 list-event mc_general mc_no-location  future-event mc_primary_general nonrecurring mc-2-mois mc-start-00-00 ungrouped mc-event-158 mc-events multidate mc-event mc_rel_general'><header>\t<h4 class='event-title summary' id='mc_224-title-mc-6f84060dbbfdbe6dcf8603dbe3992c11'><button type='button' id='modal-button-mc_list_28_224-list-details-224' data-modal-content-id='mc_list_28_224-list-details-224' data-modal-prefix-class='my-calendar' data-modal-close-text='Fermer' data-modal-title='Vacances d&#039;\u00e9t\u00e9' aria-controls='mc_list_28_224-list-details-224' class='list mc-modal button mc-text-button button-link url summary'><div class=\"event-title-container\">Vacances d'\u00e9t\u00e9<\/div><\/button><\/h4>\n<\/header><div id='mc_list_28_224-list-details-224' class='details no-image uses-modal single-details list-details'  aria-labelledby='mc_224-title-mc-6f84060dbbfdbe6dcf8603dbe3992c11'>\n\n\t\r\n\t<div class='time-block'>\r\n\t\t<span class='mc-icon' aria-hidden='true'><\/span>\r\n\t\t<p><span class=\"time-wrapper\">  <\/span><span class=\"date-wrapper\"><span class='mc-start-date dtstart' title='2027-07-03T00:00:00+7200:00' content='2027-07-03T00:00:00+7200:00'>03\/07\/2027<\/span> <span class='date-separator'> &ndash; <\/span> <span class=\"event-time dtend\">29\/08\/2027<\/span><\/span><\/p>\r\n\t<\/div>\n\t\t<div class=\"sharing\">\t<p class='mc-details'><a aria-label='Lire la suite: Vacances d&#039;\u00e9t\u00e9' href='https:\/\/dfg-lfa.org\/fr\/mc-events\/sommerferien\/'>Lire la suite<\/a><\/p>\n<\/div><\/div><!--end .details--><\/article><\/div><\/li><li id='list-2027-08-29' class='mc-events dimanche dim future-day has-events author2 mcat_general'><h2 class=\"event-date\"><span class=\"mc-list-details-text\">29\/08\/2027<\/span><\/h2><div id='list-date-2027-08-29' class='mc-list-date-wrapper'><article id='mc_list_29_224-list-224' class='mc-has-category-colors mc-mc_list_224 list-event mc_general mc_no-location  future-event mc_primary_general nonrecurring mc-2-mois mc-start-00-00 ungrouped mc-event-158 mc-events multidate mc-event mc_rel_general'><header>\t<h4 class='event-title summary' id='mc_224-title-mc-6f84060dbbfdbe6dcf8603dbe3992c11'><button type='button' id='modal-button-mc_list_29_224-list-details-224' data-modal-content-id='mc_list_29_224-list-details-224' data-modal-prefix-class='my-calendar' data-modal-close-text='Fermer' data-modal-title='Vacances d&#039;\u00e9t\u00e9' aria-controls='mc_list_29_224-list-details-224' class='list mc-modal button mc-text-button button-link url summary'><div class=\"event-title-container\">Vacances d'\u00e9t\u00e9<\/div><\/button><\/h4>\n<\/header><div id='mc_list_29_224-list-details-224' class='details no-image uses-modal single-details list-details'  aria-labelledby='mc_224-title-mc-6f84060dbbfdbe6dcf8603dbe3992c11'>\n\n\t\r\n\t<div class='time-block'>\r\n\t\t<span class='mc-icon' aria-hidden='true'><\/span>\r\n\t\t<p><span class=\"time-wrapper\">  <\/span><span class=\"date-wrapper\"><span class='mc-start-date dtstart' title='2027-07-03T00:00:00+7200:00' content='2027-07-03T00:00:00+7200:00'>03\/07\/2027<\/span> <span class='date-separator'> &ndash; <\/span> <span class=\"event-time dtend\">29\/08\/2027<\/span><\/span><\/p>\r\n\t<\/div>\n\t\t<div class=\"sharing\">\t<p class='mc-details'><a aria-label='Lire la suite: Vacances d&#039;\u00e9t\u00e9' href='https:\/\/dfg-lfa.org\/fr\/mc-events\/sommerferien\/'>Lire la suite<\/a><\/p>\n<\/div><\/div><!--end .details--><\/article><\/div><\/li>\n<\/ul><\/div><!-- .mc-content -->\n<nav class=\"my-calendar-navigation\" aria-label=\"Calendrier (Bas)\">\n<div class=\"mc_bottomnav my-calendar-footer\"><div class=\"category-key no-icons\"><h3 class=\"maybe-hide\">Cat\u00e9gories d\u2019\u00e9v\u00e8nement<\/h3>\n<ul>\n<li class=\"cat_general\"><button type=\"button\" class=\"mc-navigation-button\" id=\"mc_cat_1-mc-6f84060dbbfdbe6dcf8603dbe3992c11\" data-href=\"https:\/\/dfg-lfa.org\/fr\/termine\/kalender\/?mcat=1\" ><span class=\"category-color-sample no-icon\" style=\"background:#0085b2;\"> &nbsp; <\/span><span class=\"mc-category-title\">General<\/span><\/button><\/li><li class='all-categories'><span class='mc-active' id='mc_cat_all-mc-6f84060dbbfdbe6dcf8603dbe3992c11' tabindex='-1'>Toutes les cat\u00e9gories<\/span><\/li><\/ul><\/div><div class='mc-print'><a id='mc_print-mc-6f84060dbbfdbe6dcf8603dbe3992c11' href='https:\/\/dfg-lfa.org\/fr?cid=mc-print-view&#038;dy=1&#038;format=list&#038;href=https%3A%2F%2Fdfg-lfa.org%2Ffr%2Fwp-json%2Fwp%2Fv2%2Fpages%2F30422%2F&#038;month=9&#038;time=month&#038;yr=2026' rel='nofollow'><span class='mc-icon' aria-hidden='true'><\/span><span class=\"maybe-hide\">Vue<\/span> impression<\/a><\/div><\/div>\n<\/nav>\n\r\n<\/div><!-- Close Main My Calendar Wrapper -->\n<div class=\"shariff shariff-align-left shariff-widget-align-left shariff-buttonstretch\" style=\"display:none\"><ul class=\"shariff-buttons theme-white orientation-horizontal buttonsize-medium\"><li class=\"shariff-button facebook shariff-nocustomcolor\" style=\"background-color:#4273c8\"><a href=\"https:\/\/www.facebook.com\/sharer\/sharer.php?u=https%3A%2F%2Fdfg-lfa.org%2Ffr%2Ftermine%2Fkalender%2F\" title=\"Envoyer par Facebook\" aria-label=\"Envoyer par Facebook\" role=\"button\" rel=\"nofollow\" class=\"shariff-link\" style=\"; background-color:#3b5998; color:#3b5998\" target=\"_blank\"><span class=\"shariff-icon\" style=\"fill:#3b5998\"><svg width=\"32px\" height=\"20px\" xmlns=\"http:\/\/www.w3.org\/2000\/svg\" viewBox=\"0 0 18 32\"><path fill=\"#3b5998\" d=\"M17.1 0.2v4.7h-2.8q-1.5 0-2.1 0.6t-0.5 1.9v3.4h5.2l-0.7 5.3h-4.5v13.6h-5.5v-13.6h-4.5v-5.3h4.5v-3.9q0-3.3 1.9-5.2t5-1.8q2.6 0 4.1 0.2z\"\/><\/svg><\/span><span class=\"shariff-text\" style=\"color:#3b5998\">partager<\/span>&nbsp;<\/a><\/li><li class=\"shariff-button whatsapp shariff-nocustomcolor\" style=\"background-color:#5cbe4a\"><a href=\"https:\/\/api.whatsapp.com\/send?text=https%3A%2F%2Fdfg-lfa.org%2Ffr%2Ftermine%2Fkalender%2F%20Calendrier%202026-27\" title=\"Envoyer par Whatsapp\" aria-label=\"Envoyer par Whatsapp\" role=\"button\" rel=\"noopener nofollow\" class=\"shariff-link\" style=\"; background-color:#34af23; color:#34af23\" target=\"_blank\"><span class=\"shariff-icon\" style=\"fill:#34af23\"><svg width=\"32px\" height=\"20px\" xmlns=\"http:\/\/www.w3.org\/2000\/svg\" viewBox=\"0 0 32 32\"><path fill=\"#34af23\" d=\"M17.6 17.4q0.2 0 1.7 0.8t1.6 0.9q0 0.1 0 0.3 0 0.6-0.3 1.4-0.3 0.7-1.3 1.2t-1.8 0.5q-1 0-3.4-1.1-1.7-0.8-3-2.1t-2.6-3.3q-1.3-1.9-1.3-3.5v-0.1q0.1-1.6 1.3-2.8 0.4-0.4 0.9-0.4 0.1 0 0.3 0t0.3 0q0.3 0 0.5 0.1t0.3 0.5q0.1 0.4 0.6 1.6t0.4 1.3q0 0.4-0.6 1t-0.6 0.8q0 0.1 0.1 0.3 0.6 1.3 1.8 2.4 1 0.9 2.7 1.8 0.2 0.1 0.4 0.1 0.3 0 1-0.9t0.9-0.9zM14 26.9q2.3 0 4.3-0.9t3.6-2.4 2.4-3.6 0.9-4.3-0.9-4.3-2.4-3.6-3.6-2.4-4.3-0.9-4.3 0.9-3.6 2.4-2.4 3.6-0.9 4.3q0 3.6 2.1 6.6l-1.4 4.2 4.3-1.4q2.8 1.9 6.2 1.9zM14 2.2q2.7 0 5.2 1.1t4.3 2.9 2.9 4.3 1.1 5.2-1.1 5.2-2.9 4.3-4.3 2.9-5.2 1.1q-3.5 0-6.5-1.7l-7.4 2.4 2.4-7.2q-1.9-3.2-1.9-6.9 0-2.7 1.1-5.2t2.9-4.3 4.3-2.9 5.2-1.1z\"\/><\/svg><\/span><span class=\"shariff-text\" style=\"color:#34af23\">partager<\/span>&nbsp;<\/a><\/li><li class=\"shariff-button threema shariff-nocustomcolor shariff-mobile\" style=\"background-color:#4fbc24\"><a href=\"threema:\/\/compose?text=Calendrier%202026-27%20https%3A%2F%2Fdfg-lfa.org%2Ffr%2Ftermine%2Fkalender%2F\" title=\"Envoyer par Threema\" aria-label=\"Envoyer par Threema\" role=\"button\" rel=\"noopener nofollow\" class=\"shariff-link\" style=\"; background-color:#1f1f1f; color:#1f1f1f\" target=\"_blank\"><span class=\"shariff-icon\" style=\"fill:#1f1f1f\"><svg width=\"32px\" height=\"20px\" xmlns=\"http:\/\/www.w3.org\/2000\/svg\" viewBox=\"0 0 32 32\"><path fill=\"#1f1f1f\" d=\"M30.8 10.9c-0.3-1.4-0.9-2.6-1.8-3.8-2-2.6-5.5-4.5-9.4-5.2-1.3-0.2-1.9-0.3-3.5-0.3s-2.2 0-3.5 0.3c-4 0.7-7.4 2.6-9.4 5.2-0.9 1.2-1.5 2.4-1.8 3.8-0.1 0.5-0.2 1.2-0.2 1.6 0 0.4 0.1 1.1 0.2 1.6 0.4 1.9 1.3 3.4 2.9 5 0.8 0.8 0.8 0.8 0.7 1.3 0 0.6-0.5 1.6-1.7 3.6-0.3 0.5-0.5 0.9-0.5 0.9 0 0.1 0.1 0.1 0.5 0 0.8-0.2 2.3-0.6 5.6-1.6 1.1-0.3 1.3-0.4 2.3-0.4 0.8 0 1.1 0 2.3 0.2 1.5 0.2 3.5 0.2 4.9 0 5.1-0.6 9.3-2.9 11.4-6.3 0.5-0.9 0.9-1.8 1.1-2.8 0.1-0.5 0.2-1.1 0.2-1.6 0-0.7-0.1-1.1-0.2-1.6-0.3-1.4 0.1 0.5 0 0zM20.6 17.3c0 0.4-0.4 0.8-0.8 0.8h-7.7c-0.4 0-0.8-0.4-0.8-0.8v-4.6c0-0.4 0.4-0.8 0.8-0.8h0.2l0-1.6c0-0.9 0-1.8 0.1-2 0.1-0.6 0.6-1.2 1.1-1.7s1.1-0.7 1.9-0.8c1.8-0.3 3.7 0.7 4.2 2.2 0.1 0.3 0.1 0.7 0.1 2.1v0 1.7h0.1c0.4 0 0.8 0.4 0.8 0.8v4.6zM15.6 7.3c-0.5 0.1-0.8 0.3-1.2 0.6s-0.6 0.8-0.7 1.3c0 0.2 0 0.8 0 1.5l0 1.2h4.6v-1.3c0-1 0-1.4-0.1-1.6-0.3-1.1-1.5-1.9-2.6-1.7zM25.8 28.2c0 1.2-1 2.2-2.1 2.2s-2.1-1-2.1-2.1c0-1.2 1-2.1 2.2-2.1s2.2 1 2.2 2.2zM18.1 28.2c0 1.2-1 2.2-2.1 2.2s-2.1-1-2.1-2.1c0-1.2 1-2.1 2.2-2.1s2.2 1 2.2 2.2zM10.4 28.2c0 1.2-1 2.2-2.1 2.2s-2.1-1-2.1-2.1c0-1.2 1-2.1 2.2-2.1s2.2 1 2.2 2.2z\"\/><\/svg><\/span><span class=\"shariff-text\" style=\"color:#1f1f1f\">partager<\/span>&nbsp;<\/a><\/li><li class=\"shariff-button mastodon shariff-nocustomcolor\" style=\"background-color:#563ACC\"><a href=\"https:\/\/s2f.kytta.dev\/?text=Calendrier%202026-27 https%3A%2F%2Fdfg-lfa.org%2Ffr%2Ftermine%2Fkalender%2F\" title=\"Envoyer par Mastodon\" aria-label=\"Envoyer par Mastodon\" role=\"button\" rel=\"noopener nofollow\" class=\"shariff-link\" style=\"; background-color:#6364FF; color:#6364FF\" target=\"_blank\"><span class=\"shariff-icon\" style=\"fill:#6364FF\"><svg width=\"75\" height=\"79\" viewBox=\"0 0 75 79\" fill=\"none\" xmlns=\"http:\/\/www.w3.org\/2000\/svg\"><path d=\"M37.813-.025C32.462-.058 27.114.13 21.79.598c-8.544.621-17.214 5.58-20.203 13.931C-1.12 23.318.408 32.622.465 41.65c.375 7.316.943 14.78 3.392 21.73 4.365 9.465 14.781 14.537 24.782 15.385 7.64.698 15.761-.213 22.517-4.026a54.1 54.1 0 0 0 .01-6.232c-6.855 1.316-14.101 2.609-21.049 1.074-3.883-.88-6.876-4.237-7.25-8.215-1.53-3.988 3.78-.43 5.584-.883 9.048 1.224 18.282.776 27.303-.462 7.044-.837 14.26-4.788 16.65-11.833 2.263-6.135 1.215-12.79 1.698-19.177.06-3.84.09-7.692-.262-11.52C72.596 7.844 63.223.981 53.834.684a219.453 219.453 0 0 0-16.022-.71zm11.294 12.882c5.5-.067 10.801 4.143 11.67 9.653.338 1.48.471 3 .471 4.515v21.088h-8.357c-.07-7.588.153-15.182-.131-22.765-.587-4.368-7.04-5.747-9.672-2.397-2.422 3.04-1.47 7.155-1.67 10.735v6.392h-8.307c-.146-4.996.359-10.045-.404-15.002-1.108-4.218-7.809-5.565-10.094-1.666-1.685 3.046-.712 6.634-.976 9.936v14.767h-8.354c.109-8.165-.238-16.344.215-24.5.674-5.346 5.095-10.389 10.676-10.627 4.902-.739 10.103 2.038 12.053 6.631.375 1.435 1.76 1.932 1.994.084 1.844-3.704 5.501-6.739 9.785-6.771.367-.044.735-.068 1.101-.073z\"\/><defs><linearGradient id=\"paint0_linear_549_34\" x1=\"37.0692\" y1=\"0\" x2=\"37.0692\" y2=\"79\" gradientUnits=\"userSpaceOnUse\"><stop stop-color=\"#6364FF\"\/><stop offset=\"1\" stop-color=\"#563ACC\"\/><\/linearGradient><\/defs><\/svg><\/span><span class=\"shariff-text\" style=\"color:#6364FF\">partager<\/span>&nbsp;<\/a><\/li><li class=\"shariff-button mailto shariff-nocustomcolor\" style=\"background-color:#a8a8a8\"><a href=\"mailto:?body=https%3A%2F%2Fdfg-lfa.org%2Ffr%2Ftermine%2Fkalender%2F&subject=Calendrier%202026-27\" title=\"Envoyer par courriel\" aria-label=\"Envoyer par courriel\" role=\"button\" rel=\"noopener nofollow\" class=\"shariff-link\" style=\"; background-color:#999; color:#999\"><span class=\"shariff-icon\" style=\"fill:#999\"><svg width=\"32px\" height=\"20px\" xmlns=\"http:\/\/www.w3.org\/2000\/svg\" viewBox=\"0 0 32 32\"><path fill=\"#999\" d=\"M32 12.7v14.2q0 1.2-0.8 2t-2 0.9h-26.3q-1.2 0-2-0.9t-0.8-2v-14.2q0.8 0.9 1.8 1.6 6.5 4.4 8.9 6.1 1 0.8 1.6 1.2t1.7 0.9 2 0.4h0.1q0.9 0 2-0.4t1.7-0.9 1.6-1.2q3-2.2 8.9-6.1 1-0.7 1.8-1.6zM32 7.4q0 1.4-0.9 2.7t-2.2 2.2q-6.7 4.7-8.4 5.8-0.2 0.1-0.7 0.5t-1 0.7-0.9 0.6-1.1 0.5-0.9 0.2h-0.1q-0.4 0-0.9-0.2t-1.1-0.5-0.9-0.6-1-0.7-0.7-0.5q-1.6-1.1-4.7-3.2t-3.6-2.6q-1.1-0.7-2.1-2t-1-2.5q0-1.4 0.7-2.3t2.1-0.9h26.3q1.2 0 2 0.8t0.9 2z\"\/><\/svg><\/span><span class=\"shariff-text\" style=\"color:#999\">courriel<\/span>&nbsp;<\/a><\/li><li class=\"shariff-button info shariff-nocustomcolor\" style=\"background-color:#a8a8a8\"><a href=\"http:\/\/ct.de\/-2467514\" title=\"Datenschutz-Infos\" aria-label=\"Datenschutz-Infos\" role=\"button\" rel=\"noopener \" class=\"shariff-link\" style=\"; background-color:#999; color:#999\" target=\"_blank\"><span class=\"shariff-icon\" style=\"fill:#999\"><svg width=\"32px\" height=\"20px\" xmlns=\"http:\/\/www.w3.org\/2000\/svg\" viewBox=\"0 0 11 32\"><path fill=\"#999\" d=\"M11.4 24v2.3q0 0.5-0.3 0.8t-0.8 0.4h-9.1q-0.5 0-0.8-0.4t-0.4-0.8v-2.3q0-0.5 0.4-0.8t0.8-0.4h1.1v-6.8h-1.1q-0.5 0-0.8-0.4t-0.4-0.8v-2.3q0-0.5 0.4-0.8t0.8-0.4h6.8q0.5 0 0.8 0.4t0.4 0.8v10.3h1.1q0.5 0 0.8 0.4t0.3 0.8zM9.2 3.4v3.4q0 0.5-0.4 0.8t-0.8 0.4h-4.6q-0.4 0-0.8-0.4t-0.4-0.8v-3.4q0-0.4 0.4-0.8t0.8-0.4h4.6q0.5 0 0.8 0.4t0.4 0.8z\"\/><\/svg><\/span><\/a><\/li><\/ul><\/div>","protected":false},"excerpt":{"rendered":"","protected":false},"author":2,"featured_media":52457,"parent":20,"menu_order":0,"comment_status":"closed","ping_status":"closed","template":"","meta":{"inline_featured_image":false,"_mc_calendar":{"weekends":"true","shortcode":"[my_calendar weekends=&quot;true&quot;]","append":""},"footnotes":""},"class_list":["post-30422","page","type-page","status-publish","has-post-thumbnail","hentry"],"yoast_head":"<!-- This site is optimized with the Yoast SEO plugin v28.4 - https:\/\/yoast.com\/product\/yoast-seo-wordpress\/ -->\n<title>Calendrier 2026-27 - Lyc\u00e9e Franco-Allemand de Sarrebruck<\/title>\n<meta name=\"description\" content=\"Kalender des aktuellen Schuljahres am Deutsch-Franz\u00f6sischen Gymnasium Saarbr\u00fccken\" \/>\n<meta name=\"robots\" content=\"index, follow, max-snippet:-1, max-image-preview:large, max-video-preview:-1\" \/>\n<link rel=\"canonical\" href=\"https:\/\/dfg-lfa.org\/fr\/termine\/kalender\/\" \/>\n<meta property=\"og:locale\" content=\"fr_FR\" \/>\n<meta property=\"og:type\" content=\"article\" \/>\n<meta property=\"og:title\" content=\"Calendrier 2026-27 - Lyc\u00e9e Franco-Allemand de Sarrebruck\" \/>\n<meta property=\"og:description\" content=\"Kalender des aktuellen Schuljahres am Deutsch-Franz\u00f6sischen Gymnasium Saarbr\u00fccken\" \/>\n<meta property=\"og:url\" content=\"https:\/\/dfg-lfa.org\/fr\/termine\/kalender\/\" \/>\n<meta property=\"og:site_name\" content=\"Lyc\u00e9e Franco-Allemand de Sarrebruck\" \/>\n<meta property=\"article:publisher\" content=\"https:\/\/www.facebook.com\/dfglfa\/\" \/>\n<meta property=\"article:modified_time\" content=\"2026-08-26T14:23:01+00:00\" \/>\n<meta property=\"og:image\" content=\"https:\/\/dfg-lfa.org\/wp-content\/uploads\/time-273857_1280.jpg\" \/>\n\t<meta property=\"og:image:width\" content=\"1280\" \/>\n\t<meta property=\"og:image:height\" content=\"853\" \/>\n\t<meta property=\"og:image:type\" content=\"image\/jpeg\" \/>\n<meta name=\"twitter:card\" content=\"summary_large_image\" \/>\n<meta name=\"twitter:site\" content=\"@DFGLFA\" \/>\n<meta name=\"twitter:label1\" content=\"Dur\u00e9e de lecture estim\u00e9e\" \/>\n\t<meta name=\"twitter:data1\" content=\"1 minute\" \/>\n<script type=\"application\/ld+json\" class=\"yoast-schema-graph\">{\"@context\":\"https:\\\/\\\/schema.org\",\"@graph\":[{\"@type\":\"WebPage\",\"@id\":\"https:\\\/\\\/dfg-lfa.org\\\/fr\\\/termine\\\/kalender\\\/\",\"url\":\"https:\\\/\\\/dfg-lfa.org\\\/fr\\\/termine\\\/kalender\\\/\",\"name\":\"Calendrier 2026-27 - Lyc\u00e9e Franco-Allemand de Sarrebruck\",\"isPartOf\":{\"@id\":\"https:\\\/\\\/dfg-lfa.org\\\/fr\\\/#website\"},\"primaryImageOfPage\":{\"@id\":\"https:\\\/\\\/dfg-lfa.org\\\/fr\\\/termine\\\/kalender\\\/#primaryimage\"},\"image\":{\"@id\":\"https:\\\/\\\/dfg-lfa.org\\\/termine\\\/kalender\\\/#primaryimage\"},\"thumbnailUrl\":\"https:\\\/\\\/dfg-lfa.org\\\/wp-content\\\/uploads\\\/time-273857_1280.jpg\",\"datePublished\":\"2016-08-26T05:34:39+00:00\",\"dateModified\":\"2026-08-26T14:23:01+00:00\",\"description\":\"Kalender des aktuellen Schuljahres am Deutsch-Franz\u00f6sischen Gymnasium Saarbr\u00fccken\",\"breadcrumb\":{\"@id\":\"https:\\\/\\\/dfg-lfa.org\\\/fr\\\/termine\\\/kalender\\\/#breadcrumb\"},\"inLanguage\":\"fr-FR\",\"potentialAction\":[{\"@type\":\"ReadAction\",\"target\":[[\"https:\\\/\\\/dfg-lfa.org\\\/fr\\\/termine\\\/kalender\\\/\"]]}]},{\"@type\":\"ImageObject\",\"inLanguage\":\"fr-FR\",\"@id\":\"https:\\\/\\\/dfg-lfa.org\\\/fr\\\/termine\\\/kalender\\\/#primaryimage\",\"url\":\"https:\\\/\\\/dfg-lfa.org\\\/wp-content\\\/uploads\\\/time-273857_1280.jpg\",\"contentUrl\":\"https:\\\/\\\/dfg-lfa.org\\\/wp-content\\\/uploads\\\/time-273857_1280.jpg\",\"width\":1280,\"height\":853,\"caption\":\"Kalender\"},{\"@type\":\"BreadcrumbList\",\"@id\":\"https:\\\/\\\/dfg-lfa.org\\\/fr\\\/termine\\\/kalender\\\/#breadcrumb\",\"itemListElement\":[{\"@type\":\"ListItem\",\"position\":1,\"name\":\"Startseite\",\"item\":\"https:\\\/\\\/dfg-lfa.org\\\/fr\\\/\"},{\"@type\":\"ListItem\",\"position\":2,\"name\":\"Termine\",\"item\":\"https:\\\/\\\/dfg-lfa.org\\\/fr\\\/termine\\\/\"},{\"@type\":\"ListItem\",\"position\":3,\"name\":\"Kalender 2026\\\/27\"}]},{\"@type\":\"WebSite\",\"@id\":\"https:\\\/\\\/dfg-lfa.org\\\/fr\\\/#website\",\"url\":\"https:\\\/\\\/dfg-lfa.org\\\/fr\\\/\",\"name\":\"Lyc\u00e9e Franco-Allemand de Sarrebruck\",\"description\":\"Einander begegnen \u2013 Avancer ensemble \u2013 We make Europe happen\",\"publisher\":{\"@id\":\"https:\\\/\\\/dfg-lfa.org\\\/fr\\\/#organization\"},\"potentialAction\":[{\"@type\":\"SearchAction\",\"target\":{\"@type\":\"EntryPoint\",\"urlTemplate\":\"https:\\\/\\\/dfg-lfa.org\\\/fr\\\/?s={search_term_string}\"},\"query-input\":{\"@type\":\"PropertyValueSpecification\",\"valueRequired\":true,\"valueName\":\"search_term_string\"}}],\"inLanguage\":\"fr-FR\"},{\"@type\":\"Organization\",\"@id\":\"https:\\\/\\\/dfg-lfa.org\\\/fr\\\/#organization\",\"name\":\"Deutsch-Franz\u00f6sisches Gymnasium Saarbr\u00fccken\",\"url\":\"https:\\\/\\\/dfg-lfa.org\\\/fr\\\/\",\"logo\":{\"@type\":\"ImageObject\",\"inLanguage\":\"fr-FR\",\"@id\":\"https:\\\/\\\/dfg-lfa.org\\\/fr\\\/#\\\/schema\\\/logo\\\/image\\\/\",\"url\":\"https:\\\/\\\/dfg-lfa.org\\\/wp-content\\\/uploads\\\/DFG-logo.png\",\"contentUrl\":\"https:\\\/\\\/dfg-lfa.org\\\/wp-content\\\/uploads\\\/DFG-logo.png\",\"width\":200,\"height\":77,\"caption\":\"Deutsch-Franz\u00f6sisches Gymnasium Saarbr\u00fccken\"},\"image\":{\"@id\":\"https:\\\/\\\/dfg-lfa.org\\\/fr\\\/#\\\/schema\\\/logo\\\/image\\\/\"},\"sameAs\":[\"https:\\\/\\\/www.facebook.com\\\/dfglfa\\\/\",\"https:\\\/\\\/x.com\\\/DFGLFA\",\"https:\\\/\\\/www.instagram.com\\\/dfg_lfa_saarbruecken\\\/\",\"https:\\\/\\\/www.youtube.com\\\/channel\\\/UCoxV4_gnJ3blV1U7iOjCV7w\\\/\",\"https:\\\/\\\/de.wikipedia.org\\\/wiki\\\/Deutsch-Franz\u00f6sisches_Gymnasium_in_Saarbr\u00fccken\"]}]}<\/script>\n<!-- \/ Yoast SEO plugin. -->","yoast_head_json":{"title":"Calendrier 2026-27 - Lyc\u00e9e Franco-Allemand de Sarrebruck","description":"Kalender des aktuellen Schuljahres am Deutsch-Franz\u00f6sischen Gymnasium Saarbr\u00fccken","robots":{"index":"index","follow":"follow","max-snippet":"max-snippet:-1","max-image-preview":"max-image-preview:large","max-video-preview":"max-video-preview:-1"},"canonical":"https:\/\/dfg-lfa.org\/fr\/termine\/kalender\/","og_locale":"fr_FR","og_type":"article","og_title":"Calendrier 2026-27 - Lyc\u00e9e Franco-Allemand de Sarrebruck","og_description":"Kalender des aktuellen Schuljahres am Deutsch-Franz\u00f6sischen Gymnasium Saarbr\u00fccken","og_url":"https:\/\/dfg-lfa.org\/fr\/termine\/kalender\/","og_site_name":"Lyc\u00e9e Franco-Allemand de Sarrebruck","article_publisher":"https:\/\/www.facebook.com\/dfglfa\/","article_modified_time":"2026-08-26T14:23:01+00:00","og_image":[{"width":1280,"height":853,"url":"https:\/\/dfg-lfa.org\/wp-content\/uploads\/time-273857_1280.jpg","type":"image\/jpeg"}],"twitter_card":"summary_large_image","twitter_site":"@DFGLFA","twitter_misc":{"Dur\u00e9e de lecture estim\u00e9e":"1 minute"},"schema":{"@context":"https:\/\/schema.org","@graph":[{"@type":"WebPage","@id":"https:\/\/dfg-lfa.org\/fr\/termine\/kalender\/","url":"https:\/\/dfg-lfa.org\/fr\/termine\/kalender\/","name":"Calendrier 2026-27 - Lyc\u00e9e Franco-Allemand de Sarrebruck","isPartOf":{"@id":"https:\/\/dfg-lfa.org\/fr\/#website"},"primaryImageOfPage":{"@id":"https:\/\/dfg-lfa.org\/fr\/termine\/kalender\/#primaryimage"},"image":{"@id":"https:\/\/dfg-lfa.org\/termine\/kalender\/#primaryimage"},"thumbnailUrl":"https:\/\/dfg-lfa.org\/wp-content\/uploads\/time-273857_1280.jpg","datePublished":"2016-08-26T05:34:39+00:00","dateModified":"2026-08-26T14:23:01+00:00","description":"Kalender des aktuellen Schuljahres am Deutsch-Franz\u00f6sischen Gymnasium Saarbr\u00fccken","breadcrumb":{"@id":"https:\/\/dfg-lfa.org\/fr\/termine\/kalender\/#breadcrumb"},"inLanguage":"fr-FR","potentialAction":[{"@type":"ReadAction","target":[["https:\/\/dfg-lfa.org\/fr\/termine\/kalender\/"]]}]},{"@type":"ImageObject","inLanguage":"fr-FR","@id":"https:\/\/dfg-lfa.org\/fr\/termine\/kalender\/#primaryimage","url":"https:\/\/dfg-lfa.org\/wp-content\/uploads\/time-273857_1280.jpg","contentUrl":"https:\/\/dfg-lfa.org\/wp-content\/uploads\/time-273857_1280.jpg","width":1280,"height":853,"caption":"Kalender"},{"@type":"BreadcrumbList","@id":"https:\/\/dfg-lfa.org\/fr\/termine\/kalender\/#breadcrumb","itemListElement":[{"@type":"ListItem","position":1,"name":"Startseite","item":"https:\/\/dfg-lfa.org\/fr\/"},{"@type":"ListItem","position":2,"name":"Termine","item":"https:\/\/dfg-lfa.org\/fr\/termine\/"},{"@type":"ListItem","position":3,"name":"Kalender 2026\/27"}]},{"@type":"WebSite","@id":"https:\/\/dfg-lfa.org\/fr\/#website","url":"https:\/\/dfg-lfa.org\/fr\/","name":"Lyc\u00e9e Franco-Allemand de Sarrebruck","description":"Einander begegnen \u2013 Avancer ensemble \u2013 We make Europe happen","publisher":{"@id":"https:\/\/dfg-lfa.org\/fr\/#organization"},"potentialAction":[{"@type":"SearchAction","target":{"@type":"EntryPoint","urlTemplate":"https:\/\/dfg-lfa.org\/fr\/?s={search_term_string}"},"query-input":{"@type":"PropertyValueSpecification","valueRequired":true,"valueName":"search_term_string"}}],"inLanguage":"fr-FR"},{"@type":"Organization","@id":"https:\/\/dfg-lfa.org\/fr\/#organization","name":"Deutsch-Franz\u00f6sisches Gymnasium Saarbr\u00fccken","url":"https:\/\/dfg-lfa.org\/fr\/","logo":{"@type":"ImageObject","inLanguage":"fr-FR","@id":"https:\/\/dfg-lfa.org\/fr\/#\/schema\/logo\/image\/","url":"https:\/\/dfg-lfa.org\/wp-content\/uploads\/DFG-logo.png","contentUrl":"https:\/\/dfg-lfa.org\/wp-content\/uploads\/DFG-logo.png","width":200,"height":77,"caption":"Deutsch-Franz\u00f6sisches Gymnasium Saarbr\u00fccken"},"image":{"@id":"https:\/\/dfg-lfa.org\/fr\/#\/schema\/logo\/image\/"},"sameAs":["https:\/\/www.facebook.com\/dfglfa\/","https:\/\/x.com\/DFGLFA","https:\/\/www.instagram.com\/dfg_lfa_saarbruecken\/","https:\/\/www.youtube.com\/channel\/UCoxV4_gnJ3blV1U7iOjCV7w\/","https:\/\/de.wikipedia.org\/wiki\/Deutsch-Franz\u00f6sisches_Gymnasium_in_Saarbr\u00fccken"]}]}},"_links":{"self":[{"href":"https:\/\/dfg-lfa.org\/fr\/wp-json\/wp\/v2\/pages\/30422","targetHints":{"allow":["GET"]}}],"collection":[{"href":"https:\/\/dfg-lfa.org\/fr\/wp-json\/wp\/v2\/pages"}],"about":[{"href":"https:\/\/dfg-lfa.org\/fr\/wp-json\/wp\/v2\/types\/page"}],"author":[{"embeddable":true,"href":"https:\/\/dfg-lfa.org\/fr\/wp-json\/wp\/v2\/users\/2"}],"replies":[{"embeddable":true,"href":"https:\/\/dfg-lfa.org\/fr\/wp-json\/wp\/v2\/comments?post=30422"}],"version-history":[{"count":18,"href":"https:\/\/dfg-lfa.org\/fr\/wp-json\/wp\/v2\/pages\/30422\/revisions"}],"predecessor-version":[{"id":72778,"href":"https:\/\/dfg-lfa.org\/fr\/wp-json\/wp\/v2\/pages\/30422\/revisions\/72778"}],"up":[{"embeddable":true,"href":"https:\/\/dfg-lfa.org\/fr\/wp-json\/wp\/v2\/pages\/20"}],"wp:featuredmedia":[{"embeddable":true,"href":"https:\/\/dfg-lfa.org\/fr\/wp-json\/wp\/v2\/media\/52457"}],"wp:attachment":[{"href":"https:\/\/dfg-lfa.org\/fr\/wp-json\/wp\/v2\/media?parent=30422"}],"curies":[{"name":"wp","href":"https:\/\/api.w.org\/{rel}","templated":true}]}}