{"id":43,"date":"2009-09-02T12:10:29","date_gmt":"2009-09-02T10:10:29","guid":{"rendered":"http:\/\/dfg-lfa.org.dd7110.kasserver.com\/dfg-lfa-saarbrucken\/personen\/eltern\/"},"modified":"2023-10-04T09:33:35","modified_gmt":"2023-10-04T07:33:35","slug":"eltern","status":"publish","type":"page","link":"https:\/\/dfg-lfa.org\/fr\/personen\/eltern\/","title":{"rendered":"Repr\u00e9sentants des parents"},"content":{"rendered":"<h6><strong>Repr\u00e9sentants des parents d\u2019\u00e9l\u00e8ves au LFA de Saarbruck: Madame Isabelle R\u00f6sler et Madame karina kornmann<br \/>\n<\/strong><\/h6>\n<p>Au Lyc\u00e9e de Sarrebruck, il n\u2019existe pas un(e) repr\u00e9sentant(e) des parents d\u2019\u00e9l\u00e8ves et un(e) suppl\u00e9ant(e) comme c\u2019est le cas dans d\u2019autres lyc\u00e9es en Allemagne mais une repr\u00e9sentation binationale compos\u00e9e d\u2019un parent allemand et d\u2019un parent fran\u00e7ais. Encore un point qui diff\u00e9rencie notre lyc\u00e9e et enrichit la vie scolaire. Madame Seyler et moi-m\u00eame avons \u00e9t\u00e9 \u00e9lues en septembre 2018 par les d\u00e9l\u00e9gu\u00e9s de classes comme le pr\u00e9conise la loi sur la co-d\u00e9termination scolaire et agissons en v\u00e9ritable tandem.<\/p>\n<p>Dans le cadre de t\u00e2ches vari\u00e9es et \u00e9tendues, nous nous consid\u00e9rons comme :<\/p>\n<ul>\n<li>interlocutrices pour les parents, d\u00e9l\u00e9gu\u00e9s de classe et professeurs quelles que soient leurs questions, suggestions ou critiques constructives<\/li>\n<li>le maillon de communication entre parents, professeurs et direction de l\u2019\u00e9cole.<\/li>\n<\/ul>\n<p>Nos t\u00e2ches\u00a0:<\/p>\n<ul>\n<li>Organisation de rencontres trimestrielles des d\u00e9l\u00e9gu\u00e9s de classes<\/li>\n<li>Echange permanent d\u2019informations avec la direction de l\u2019\u00e9cole<\/li>\n<li>D\u00e9fense des int\u00e9r\u00eats des parents aupr\u00e8s des autorit\u00e9s fran\u00e7aises et allemandes<\/li>\n<li>D\u00e9fense de nos int\u00e9r\u00eats au Conseil d\u2018\u00e9tablissement, et conf\u00e9rences p\u00e9dagogiques th\u00e9matiques<\/li>\n<li>Participation \u00e0 l\u2019am\u00e9lioration permanente de l\u2019image de marque de l\u2018\u00e9cole aussi bien au niveau des relations publiques que via le site Internet<\/li>\n<li>Organisation et co-organisation des projets scolaires, par exemple sur le th\u00e8me de la pr\u00e9vention ou s\u00e9minaires pour les parents (\u00ab\u00a0Einfach clever lernen\u00a0\u00bb).<\/li>\n<\/ul>\n<p>Vous pouvez le constater par vous-m\u00eame : nous participons activement et constamment \u00e0 la vie de l&rsquo;\u00e9cole &#8211; m\u00eame si cela n&rsquo;est pas toujours visible pour tout le monde &#8211; et nous souhaitons avoir un impact positif sur la vie scolaire de nos enfants.<\/p>\n<p><a href=\"https:\/\/dfg-lfa.org\/fr\/kontakt\/kontakt\/\">Myriam Best et Karina Kornmann<\/a><\/p>\n<h6>LA REPRESENTATION DES PARENTS : COMPOSITION ET TACHES<\/h6>\n<h6>QUI FORME L&rsquo;ASSEMBLEE REPRESENTATIVE DES PARENTS ET QUELLES SONT SES TACHES ?<\/h6>\n<p>Les <strong>repr\u00e9sentants des parents et leurs suppl\u00e9ants respectifs<\/strong> de chaque classe sont <strong>\u00e9lus<\/strong> pour <strong>deux ans <\/strong>et forment <strong>l&rsquo;assembl\u00e9e des repr\u00e9sentants des parents<\/strong>. Ceux-ci <strong>\u00e9lisent en leur sein<\/strong> les <strong>deux repr\u00e9sentants<\/strong> des parents d&rsquo;\u00e9l\u00e8ves <strong>du lyc\u00e9e franco-allemand<\/strong>. Ce<strong> tandem <\/strong>doit \u00eatre compos\u00e9 d&rsquo;un repr\u00e9sentant de chaque pays partenaire.<\/p>\n<p>Ce tandem repr\u00e9sente les int\u00e9r\u00eats des parents dans leur ensemble vis-\u00e0-vis de la direction de l&rsquo;\u00e9cole et du personnel enseignant, ainsi que du conseil d\u2019\u00e9tablissement et du minist\u00e8re de l&rsquo;\u00e9ducation.<\/p>\n<p>Les repr\u00e9sentants \u00e9lus des parents se <strong>r\u00e9unissent une fois par trimestre <\/strong>lors de <strong>l\u2019assembl\u00e9e des repr\u00e9sentants des parents<\/strong>. Sous la direction du tandem \u00e9lu de repr\u00e9sentants des parents, l\u2019assembl\u00e9e aborde les questions internes et externes \u00e0 l&rsquo;\u00e9cole que les repr\u00e9sentants des parents sont cens\u00e9s communiquer aux diff\u00e9rentes classes.<\/p>\n<h6>QUELLE EST LA FONCTION DES REPRESENTANTS DES PARENTS AU SEIN DE L&rsquo;ECOLE ?<\/h6>\n<p>Outre le tandem binational, <strong>deux autres personnes<\/strong> doivent \u00eatre <strong>\u00e9lues<\/strong> (un d\u00e9l\u00e9gu\u00e9 et un suppl\u00e9ant) qui vont <strong>repr\u00e9senter les int\u00e9r\u00eats du LFA aupr\u00e8s de l\u2019assembl\u00e9e des parents d\u2019\u00e9l\u00e8ves au niveau du Land de la Sarre<\/strong>. Ces fonctions sont actuellement cumul\u00e9es par Mmes Seyler et R\u00f6sler.<\/p>\n<p>Ces quatre personnes donnent des conseils sur des questions importantes pour les parents au niveau de l&rsquo;\u00e9cole et lancent des activit\u00e9s parentales sp\u00e9cifiques. Les repr\u00e9sentants des parents peuvent participer \u00e0 la vie de l&rsquo;\u00e9cole en&#8230;<\/p>\n<p>&#8230; participant \u00e0 l&rsquo;organisation et \u00e0 la mise en \u0153uvre d&rsquo;\u00e9v\u00e9nements scolaires :<\/p>\n<p>Il peut s&rsquo;agir de l&rsquo;organisation ou de la participation \u00e0 diverses activit\u00e9s \u00e0 l&rsquo;\u00e9cole, telles que des journ\u00e9es portes ouvertes, la rencontre de nouveaux \u00e9l\u00e8ves et parents, des f\u00eates scolaires, la collaboration \u00e0 des projets.<\/p>\n<p>&#8230; donnant leur opinion sur ce qui se passe \u00e0 l&rsquo;\u00e9cole :<\/p>\n<p>Lors de la r\u00e9union des repr\u00e9sentants des parents, quatre repr\u00e9sentants sont \u00e9galement \u00e9lus au <strong>Conseil d\u2019\u00e9tablissement<\/strong>, trois repr\u00e9sentants \u00e0 la <strong>conf\u00e9rence g\u00e9n\u00e9rale<\/strong> et les repr\u00e9sentants respectifs aux <strong>conf\u00e9rences p\u00e9dagogiques th\u00e9matiques<\/strong> respectives. Les parents et les \u00e9l\u00e8ves sont repr\u00e9sent\u00e9s dans tous ces organes et sont autoris\u00e9s \u00e0 participer aux discussions et au processus d\u00e9cisionnel.<\/p>\n<h6>Quelles sont les t\u00e2ches des diff\u00e9rents comit\u00e9s ?<\/h6>\n<p>Le <strong>Conseil d\u2019\u00e9tablissement <\/strong>est compos\u00e9 de quatre repr\u00e9sentants en nombre \u00e9gal des enseignants, des parents et des \u00e9l\u00e8ves sous la direction du directeur. Il statue sur les questions fondamentales de l&rsquo;organisation scolaire (r\u00e8glement int\u00e9rieur, rythme scolaire, r\u00e8glement des vacances du LFA, modification des horaires, surveillance des devoirs), sur les propositions d&rsquo;am\u00e9nagement de l&rsquo;\u00e9cole ou sur les mesures de construction.<\/p>\n<p>La <strong>conf\u00e9rence g\u00e9n\u00e9rale<\/strong> se r\u00e9unit une fois par trimestre et traite de toutes les questions qui sont d&rsquo;une importance essentielle pour le travail du LFA, telles que les plans de travail et les m\u00e9thodes d&rsquo;enseignement, la mesure des performances, les investissements, l&rsquo;exclusion des \u00e9l\u00e8ves.<\/p>\n<p>Les <strong>conf\u00e9rences p\u00e9dagogiques<\/strong> abordent les questions relatives au sujet respectif. Il s&rsquo;agit, par exemple, de questions de didactique, de mesure des performances, d&rsquo;acquisition de mat\u00e9riel d&rsquo;enseignement et d&rsquo;apprentissage, et de coordination des plans de travail.<\/p>\n<h6>Travaillez avec nous ! Le LFA a besoin de vous.<\/h6>\n<p>Comme toute \u00e9cole, le LFA d\u00e9pend de parents actifs et engag\u00e9s. Participez au travail des parents ! Que ce soit en tant que membre d&rsquo;un de ses comit\u00e9s ou en tant que participant \u00e0 des projets et activit\u00e9s sp\u00e9cifiques. Votre aide est toujours la bienvenue et souhait\u00e9e. Qu\u2019il s\u2019agisse de soutien lors de f\u00eates scolaires ou dans les groupes de travail pour le d\u00e9veloppement scolaire. Ou bien dans le cadre de l&rsquo;association de soutien <a href=\"https:\/\/dfg-lfa.org\/fr\/vereine-schulen\/alfa-3\/alfa\/\">ALFA<\/a> ou encore en tant que membre de l&rsquo;<a href=\"https:\/\/dfg-lfa.org\/fr\/nachmittags-betreuung\/verein\/\">ETUDE<\/a> &#8211; association de soutien de l&rsquo;\u00e9cole volontaire \u00e0 temps plein.<\/p>\n<div class=\"shariff shariff-align-left shariff-widget-align-left shariff-buttonstretch\" style=\"display:none\"><ul class=\"shariff-buttons theme-white orientation-horizontal buttonsize-medium\"><li class=\"shariff-button facebook shariff-nocustomcolor\" style=\"background-color:#4273c8\"><a href=\"https:\/\/www.facebook.com\/sharer\/sharer.php?u=https%3A%2F%2Fdfg-lfa.org%2Ffr%2Fpersonen%2Feltern%2F\" title=\"Envoyer par Facebook\" aria-label=\"Envoyer par Facebook\" role=\"button\" rel=\"nofollow\" class=\"shariff-link\" style=\"; background-color:#3b5998; color:#3b5998\" target=\"_blank\"><span class=\"shariff-icon\" style=\"fill:#3b5998\"><svg width=\"32px\" height=\"20px\" xmlns=\"http:\/\/www.w3.org\/2000\/svg\" viewBox=\"0 0 18 32\"><path fill=\"#3b5998\" d=\"M17.1 0.2v4.7h-2.8q-1.5 0-2.1 0.6t-0.5 1.9v3.4h5.2l-0.7 5.3h-4.5v13.6h-5.5v-13.6h-4.5v-5.3h4.5v-3.9q0-3.3 1.9-5.2t5-1.8q2.6 0 4.1 0.2z\"\/><\/svg><\/span><span class=\"shariff-text\" style=\"color:#3b5998\">partager<\/span>&nbsp;<\/a><\/li><li class=\"shariff-button whatsapp shariff-nocustomcolor\" style=\"background-color:#5cbe4a\"><a href=\"https:\/\/api.whatsapp.com\/send?text=https%3A%2F%2Fdfg-lfa.org%2Ffr%2Fpersonen%2Feltern%2F%20Repr%C3%A9sentants%20des%20parents\" title=\"Envoyer par Whatsapp\" aria-label=\"Envoyer par Whatsapp\" role=\"button\" rel=\"noopener nofollow\" class=\"shariff-link\" style=\"; background-color:#34af23; color:#34af23\" target=\"_blank\"><span class=\"shariff-icon\" style=\"fill:#34af23\"><svg width=\"32px\" height=\"20px\" xmlns=\"http:\/\/www.w3.org\/2000\/svg\" viewBox=\"0 0 32 32\"><path fill=\"#34af23\" d=\"M17.6 17.4q0.2 0 1.7 0.8t1.6 0.9q0 0.1 0 0.3 0 0.6-0.3 1.4-0.3 0.7-1.3 1.2t-1.8 0.5q-1 0-3.4-1.1-1.7-0.8-3-2.1t-2.6-3.3q-1.3-1.9-1.3-3.5v-0.1q0.1-1.6 1.3-2.8 0.4-0.4 0.9-0.4 0.1 0 0.3 0t0.3 0q0.3 0 0.5 0.1t0.3 0.5q0.1 0.4 0.6 1.6t0.4 1.3q0 0.4-0.6 1t-0.6 0.8q0 0.1 0.1 0.3 0.6 1.3 1.8 2.4 1 0.9 2.7 1.8 0.2 0.1 0.4 0.1 0.3 0 1-0.9t0.9-0.9zM14 26.9q2.3 0 4.3-0.9t3.6-2.4 2.4-3.6 0.9-4.3-0.9-4.3-2.4-3.6-3.6-2.4-4.3-0.9-4.3 0.9-3.6 2.4-2.4 3.6-0.9 4.3q0 3.6 2.1 6.6l-1.4 4.2 4.3-1.4q2.8 1.9 6.2 1.9zM14 2.2q2.7 0 5.2 1.1t4.3 2.9 2.9 4.3 1.1 5.2-1.1 5.2-2.9 4.3-4.3 2.9-5.2 1.1q-3.5 0-6.5-1.7l-7.4 2.4 2.4-7.2q-1.9-3.2-1.9-6.9 0-2.7 1.1-5.2t2.9-4.3 4.3-2.9 5.2-1.1z\"\/><\/svg><\/span><span class=\"shariff-text\" style=\"color:#34af23\">partager<\/span>&nbsp;<\/a><\/li><li class=\"shariff-button threema shariff-nocustomcolor shariff-mobile\" style=\"background-color:#4fbc24\"><a href=\"threema:\/\/compose?text=Repr%C3%A9sentants%20des%20parents%20https%3A%2F%2Fdfg-lfa.org%2Ffr%2Fpersonen%2Feltern%2F\" title=\"Envoyer par Threema\" aria-label=\"Envoyer par Threema\" role=\"button\" rel=\"noopener nofollow\" class=\"shariff-link\" style=\"; background-color:#1f1f1f; color:#1f1f1f\" target=\"_blank\"><span class=\"shariff-icon\" style=\"fill:#1f1f1f\"><svg width=\"32px\" height=\"20px\" xmlns=\"http:\/\/www.w3.org\/2000\/svg\" viewBox=\"0 0 32 32\"><path fill=\"#1f1f1f\" d=\"M30.8 10.9c-0.3-1.4-0.9-2.6-1.8-3.8-2-2.6-5.5-4.5-9.4-5.2-1.3-0.2-1.9-0.3-3.5-0.3s-2.2 0-3.5 0.3c-4 0.7-7.4 2.6-9.4 5.2-0.9 1.2-1.5 2.4-1.8 3.8-0.1 0.5-0.2 1.2-0.2 1.6 0 0.4 0.1 1.1 0.2 1.6 0.4 1.9 1.3 3.4 2.9 5 0.8 0.8 0.8 0.8 0.7 1.3 0 0.6-0.5 1.6-1.7 3.6-0.3 0.5-0.5 0.9-0.5 0.9 0 0.1 0.1 0.1 0.5 0 0.8-0.2 2.3-0.6 5.6-1.6 1.1-0.3 1.3-0.4 2.3-0.4 0.8 0 1.1 0 2.3 0.2 1.5 0.2 3.5 0.2 4.9 0 5.1-0.6 9.3-2.9 11.4-6.3 0.5-0.9 0.9-1.8 1.1-2.8 0.1-0.5 0.2-1.1 0.2-1.6 0-0.7-0.1-1.1-0.2-1.6-0.3-1.4 0.1 0.5 0 0zM20.6 17.3c0 0.4-0.4 0.8-0.8 0.8h-7.7c-0.4 0-0.8-0.4-0.8-0.8v-4.6c0-0.4 0.4-0.8 0.8-0.8h0.2l0-1.6c0-0.9 0-1.8 0.1-2 0.1-0.6 0.6-1.2 1.1-1.7s1.1-0.7 1.9-0.8c1.8-0.3 3.7 0.7 4.2 2.2 0.1 0.3 0.1 0.7 0.1 2.1v0 1.7h0.1c0.4 0 0.8 0.4 0.8 0.8v4.6zM15.6 7.3c-0.5 0.1-0.8 0.3-1.2 0.6s-0.6 0.8-0.7 1.3c0 0.2 0 0.8 0 1.5l0 1.2h4.6v-1.3c0-1 0-1.4-0.1-1.6-0.3-1.1-1.5-1.9-2.6-1.7zM25.8 28.2c0 1.2-1 2.2-2.1 2.2s-2.1-1-2.1-2.1c0-1.2 1-2.1 2.2-2.1s2.2 1 2.2 2.2zM18.1 28.2c0 1.2-1 2.2-2.1 2.2s-2.1-1-2.1-2.1c0-1.2 1-2.1 2.2-2.1s2.2 1 2.2 2.2zM10.4 28.2c0 1.2-1 2.2-2.1 2.2s-2.1-1-2.1-2.1c0-1.2 1-2.1 2.2-2.1s2.2 1 2.2 2.2z\"\/><\/svg><\/span><span class=\"shariff-text\" style=\"color:#1f1f1f\">partager<\/span>&nbsp;<\/a><\/li><li class=\"shariff-button mastodon shariff-nocustomcolor\" style=\"background-color:#563ACC\"><a href=\"https:\/\/s2f.kytta.dev\/?text=Repr%C3%A9sentants%20des%20parents https%3A%2F%2Fdfg-lfa.org%2Ffr%2Fpersonen%2Feltern%2F\" title=\"Envoyer par Mastodon\" aria-label=\"Envoyer par Mastodon\" role=\"button\" rel=\"noopener nofollow\" class=\"shariff-link\" style=\"; background-color:#6364FF; color:#6364FF\" target=\"_blank\"><span class=\"shariff-icon\" style=\"fill:#6364FF\"><svg width=\"75\" height=\"79\" viewBox=\"0 0 75 79\" fill=\"none\" xmlns=\"http:\/\/www.w3.org\/2000\/svg\"><path d=\"M37.813-.025C32.462-.058 27.114.13 21.79.598c-8.544.621-17.214 5.58-20.203 13.931C-1.12 23.318.408 32.622.465 41.65c.375 7.316.943 14.78 3.392 21.73 4.365 9.465 14.781 14.537 24.782 15.385 7.64.698 15.761-.213 22.517-4.026a54.1 54.1 0 0 0 .01-6.232c-6.855 1.316-14.101 2.609-21.049 1.074-3.883-.88-6.876-4.237-7.25-8.215-1.53-3.988 3.78-.43 5.584-.883 9.048 1.224 18.282.776 27.303-.462 7.044-.837 14.26-4.788 16.65-11.833 2.263-6.135 1.215-12.79 1.698-19.177.06-3.84.09-7.692-.262-11.52C72.596 7.844 63.223.981 53.834.684a219.453 219.453 0 0 0-16.022-.71zm11.294 12.882c5.5-.067 10.801 4.143 11.67 9.653.338 1.48.471 3 .471 4.515v21.088h-8.357c-.07-7.588.153-15.182-.131-22.765-.587-4.368-7.04-5.747-9.672-2.397-2.422 3.04-1.47 7.155-1.67 10.735v6.392h-8.307c-.146-4.996.359-10.045-.404-15.002-1.108-4.218-7.809-5.565-10.094-1.666-1.685 3.046-.712 6.634-.976 9.936v14.767h-8.354c.109-8.165-.238-16.344.215-24.5.674-5.346 5.095-10.389 10.676-10.627 4.902-.739 10.103 2.038 12.053 6.631.375 1.435 1.76 1.932 1.994.084 1.844-3.704 5.501-6.739 9.785-6.771.367-.044.735-.068 1.101-.073z\"\/><defs><linearGradient id=\"paint0_linear_549_34\" x1=\"37.0692\" y1=\"0\" x2=\"37.0692\" y2=\"79\" gradientUnits=\"userSpaceOnUse\"><stop stop-color=\"#6364FF\"\/><stop offset=\"1\" stop-color=\"#563ACC\"\/><\/linearGradient><\/defs><\/svg><\/span><span class=\"shariff-text\" style=\"color:#6364FF\">partager<\/span>&nbsp;<\/a><\/li><li class=\"shariff-button mailto shariff-nocustomcolor\" style=\"background-color:#a8a8a8\"><a href=\"mailto:?body=https%3A%2F%2Fdfg-lfa.org%2Ffr%2Fpersonen%2Feltern%2F&subject=Repr%C3%A9sentants%20des%20parents\" title=\"Envoyer par courriel\" aria-label=\"Envoyer par courriel\" role=\"button\" rel=\"noopener nofollow\" class=\"shariff-link\" style=\"; background-color:#999; color:#999\"><span class=\"shariff-icon\" style=\"fill:#999\"><svg width=\"32px\" height=\"20px\" xmlns=\"http:\/\/www.w3.org\/2000\/svg\" viewBox=\"0 0 32 32\"><path fill=\"#999\" d=\"M32 12.7v14.2q0 1.2-0.8 2t-2 0.9h-26.3q-1.2 0-2-0.9t-0.8-2v-14.2q0.8 0.9 1.8 1.6 6.5 4.4 8.9 6.1 1 0.8 1.6 1.2t1.7 0.9 2 0.4h0.1q0.9 0 2-0.4t1.7-0.9 1.6-1.2q3-2.2 8.9-6.1 1-0.7 1.8-1.6zM32 7.4q0 1.4-0.9 2.7t-2.2 2.2q-6.7 4.7-8.4 5.8-0.2 0.1-0.7 0.5t-1 0.7-0.9 0.6-1.1 0.5-0.9 0.2h-0.1q-0.4 0-0.9-0.2t-1.1-0.5-0.9-0.6-1-0.7-0.7-0.5q-1.6-1.1-4.7-3.2t-3.6-2.6q-1.1-0.7-2.1-2t-1-2.5q0-1.4 0.7-2.3t2.1-0.9h26.3q1.2 0 2 0.8t0.9 2z\"\/><\/svg><\/span><span class=\"shariff-text\" style=\"color:#999\">courriel<\/span>&nbsp;<\/a><\/li><li class=\"shariff-button info shariff-nocustomcolor\" style=\"background-color:#a8a8a8\"><a href=\"http:\/\/ct.de\/-2467514\" title=\"Datenschutz-Infos\" aria-label=\"Datenschutz-Infos\" role=\"button\" rel=\"noopener \" class=\"shariff-link\" style=\"; background-color:#999; color:#999\" target=\"_blank\"><span class=\"shariff-icon\" style=\"fill:#999\"><svg width=\"32px\" height=\"20px\" xmlns=\"http:\/\/www.w3.org\/2000\/svg\" viewBox=\"0 0 11 32\"><path fill=\"#999\" d=\"M11.4 24v2.3q0 0.5-0.3 0.8t-0.8 0.4h-9.1q-0.5 0-0.8-0.4t-0.4-0.8v-2.3q0-0.5 0.4-0.8t0.8-0.4h1.1v-6.8h-1.1q-0.5 0-0.8-0.4t-0.4-0.8v-2.3q0-0.5 0.4-0.8t0.8-0.4h6.8q0.5 0 0.8 0.4t0.4 0.8v10.3h1.1q0.5 0 0.8 0.4t0.3 0.8zM9.2 3.4v3.4q0 0.5-0.4 0.8t-0.8 0.4h-4.6q-0.4 0-0.8-0.4t-0.4-0.8v-3.4q0-0.4 0.4-0.8t0.8-0.4h4.6q0.5 0 0.8 0.4t0.4 0.8z\"\/><\/svg><\/span><\/a><\/li><\/ul><\/div>","protected":false},"excerpt":{"rendered":"<p>Repr\u00e9sentants des parents d\u2019\u00e9l\u00e8ves au LFA de Saarbruck: Madame Isabelle R\u00f6sler et Madame karina kornmann Au Lyc\u00e9e de Sarrebruck, il n\u2019existe pas un(e) repr\u00e9sentant(e) des parents d\u2019\u00e9l\u00e8ves et un(e) suppl\u00e9ant(e) comme c\u2019est le cas dans d\u2019autres lyc\u00e9es en Allemagne mais une repr\u00e9sentation binationale compos\u00e9e d\u2019un parent allemand et d\u2019un parent &hellip;<\/p>\n","protected":false},"author":2,"featured_media":25095,"parent":18,"menu_order":4,"comment_status":"closed","ping_status":"open","template":"","meta":{"inline_featured_image":false,"_mc_calendar":[],"footnotes":""},"class_list":["post-43","page","type-page","status-publish","has-post-thumbnail","hentry"],"yoast_head":"<!-- This site is optimized with the Yoast SEO plugin v27.4 - https:\/\/yoast.com\/product\/yoast-seo-wordpress\/ -->\n<title>Repr\u00e9sentants des parents - Lyc\u00e9e Franco-Allemand de Sarrebruck<\/title>\n<meta name=\"robots\" content=\"index, follow, max-snippet:-1, max-image-preview:large, max-video-preview:-1\" \/>\n<link rel=\"canonical\" href=\"https:\/\/dfg-lfa.org\/fr\/personen\/eltern\/\" \/>\n<meta property=\"og:locale\" content=\"fr_FR\" \/>\n<meta property=\"og:type\" content=\"article\" \/>\n<meta property=\"og:title\" content=\"Repr\u00e9sentants des parents - Lyc\u00e9e Franco-Allemand de Sarrebruck\" \/>\n<meta property=\"og:description\" content=\"Repr\u00e9sentants des parents d\u2019\u00e9l\u00e8ves au LFA de Saarbruck: Madame Isabelle R\u00f6sler et Madame karina kornmann Au Lyc\u00e9e de Sarrebruck, il n\u2019existe pas un(e) repr\u00e9sentant(e) des parents d\u2019\u00e9l\u00e8ves et un(e) suppl\u00e9ant(e) comme c\u2019est le cas dans d\u2019autres lyc\u00e9es en Allemagne mais une repr\u00e9sentation binationale compos\u00e9e d\u2019un parent allemand et d\u2019un parent &hellip;\" \/>\n<meta property=\"og:url\" content=\"https:\/\/dfg-lfa.org\/fr\/personen\/eltern\/\" \/>\n<meta property=\"og:site_name\" content=\"Lyc\u00e9e Franco-Allemand de Sarrebruck\" \/>\n<meta property=\"article:publisher\" content=\"https:\/\/www.facebook.com\/dfglfa\/\" \/>\n<meta property=\"article:modified_time\" content=\"2023-10-04T07:33:35+00:00\" \/>\n<meta property=\"og:image\" content=\"https:\/\/dfg-lfa.org\/wp-content\/uploads\/Elternvertretungen.jpg\" \/>\n\t<meta property=\"og:image:width\" content=\"600\" \/>\n\t<meta property=\"og:image:height\" content=\"400\" \/>\n\t<meta property=\"og:image:type\" content=\"image\/jpeg\" \/>\n<meta name=\"twitter:card\" content=\"summary_large_image\" \/>\n<meta name=\"twitter:site\" content=\"@DFGLFA\" \/>\n<meta name=\"twitter:label1\" content=\"Dur\u00e9e de lecture estim\u00e9e\" \/>\n\t<meta name=\"twitter:data1\" content=\"5 minutes\" \/>\n<script type=\"application\/ld+json\" class=\"yoast-schema-graph\">{\"@context\":\"https:\\\/\\\/schema.org\",\"@graph\":[{\"@type\":\"WebPage\",\"@id\":\"https:\\\/\\\/dfg-lfa.org\\\/fr\\\/personen\\\/eltern\\\/\",\"url\":\"https:\\\/\\\/dfg-lfa.org\\\/fr\\\/personen\\\/eltern\\\/\",\"name\":\"Repr\u00e9sentants des parents - Lyc\u00e9e Franco-Allemand de Sarrebruck\",\"isPartOf\":{\"@id\":\"https:\\\/\\\/dfg-lfa.org\\\/fr\\\/#website\"},\"primaryImageOfPage\":{\"@id\":\"https:\\\/\\\/dfg-lfa.org\\\/fr\\\/personen\\\/eltern\\\/#primaryimage\"},\"image\":{\"@id\":\"https:\\\/\\\/dfg-lfa.org\\\/personen\\\/eltern\\\/#primaryimage\"},\"thumbnailUrl\":\"https:\\\/\\\/dfg-lfa.org\\\/wp-content\\\/uploads\\\/Elternvertretungen.jpg\",\"datePublished\":\"2009-09-02T10:10:29+00:00\",\"dateModified\":\"2023-10-04T07:33:35+00:00\",\"breadcrumb\":{\"@id\":\"https:\\\/\\\/dfg-lfa.org\\\/fr\\\/personen\\\/eltern\\\/#breadcrumb\"},\"inLanguage\":\"fr-FR\",\"potentialAction\":[{\"@type\":\"ReadAction\",\"target\":[[\"https:\\\/\\\/dfg-lfa.org\\\/fr\\\/personen\\\/eltern\\\/\"]]}]},{\"@type\":\"ImageObject\",\"inLanguage\":\"fr-FR\",\"@id\":\"https:\\\/\\\/dfg-lfa.org\\\/fr\\\/personen\\\/eltern\\\/#primaryimage\",\"url\":\"https:\\\/\\\/dfg-lfa.org\\\/wp-content\\\/uploads\\\/Elternvertretungen.jpg\",\"contentUrl\":\"https:\\\/\\\/dfg-lfa.org\\\/wp-content\\\/uploads\\\/Elternvertretungen.jpg\",\"width\":600,\"height\":400,\"caption\":\"\"},{\"@type\":\"BreadcrumbList\",\"@id\":\"https:\\\/\\\/dfg-lfa.org\\\/fr\\\/personen\\\/eltern\\\/#breadcrumb\",\"itemListElement\":[{\"@type\":\"ListItem\",\"position\":1,\"name\":\"Startseite\",\"item\":\"https:\\\/\\\/dfg-lfa.org\\\/fr\\\/\"},{\"@type\":\"ListItem\",\"position\":2,\"name\":\"Personen\",\"item\":\"https:\\\/\\\/dfg-lfa.org\\\/fr\\\/personen\\\/\"},{\"@type\":\"ListItem\",\"position\":3,\"name\":\"Elternvertretung\"}]},{\"@type\":\"WebSite\",\"@id\":\"https:\\\/\\\/dfg-lfa.org\\\/fr\\\/#website\",\"url\":\"https:\\\/\\\/dfg-lfa.org\\\/fr\\\/\",\"name\":\"Lyc\u00e9e Franco-Allemand de Sarrebruck\",\"description\":\"Einander begegnen \u2013 Avancer ensemble \u2013 We make Europe happen\",\"publisher\":{\"@id\":\"https:\\\/\\\/dfg-lfa.org\\\/fr\\\/#organization\"},\"potentialAction\":[{\"@type\":\"SearchAction\",\"target\":{\"@type\":\"EntryPoint\",\"urlTemplate\":\"https:\\\/\\\/dfg-lfa.org\\\/fr\\\/?s={search_term_string}\"},\"query-input\":{\"@type\":\"PropertyValueSpecification\",\"valueRequired\":true,\"valueName\":\"search_term_string\"}}],\"inLanguage\":\"fr-FR\"},{\"@type\":\"Organization\",\"@id\":\"https:\\\/\\\/dfg-lfa.org\\\/fr\\\/#organization\",\"name\":\"Deutsch-Franz\u00f6sisches Gymnasium Saarbr\u00fccken\",\"url\":\"https:\\\/\\\/dfg-lfa.org\\\/fr\\\/\",\"logo\":{\"@type\":\"ImageObject\",\"inLanguage\":\"fr-FR\",\"@id\":\"https:\\\/\\\/dfg-lfa.org\\\/fr\\\/#\\\/schema\\\/logo\\\/image\\\/\",\"url\":\"https:\\\/\\\/dfg-lfa.org\\\/wp-content\\\/uploads\\\/DFG-logo.png\",\"contentUrl\":\"https:\\\/\\\/dfg-lfa.org\\\/wp-content\\\/uploads\\\/DFG-logo.png\",\"width\":200,\"height\":77,\"caption\":\"Deutsch-Franz\u00f6sisches Gymnasium Saarbr\u00fccken\"},\"image\":{\"@id\":\"https:\\\/\\\/dfg-lfa.org\\\/fr\\\/#\\\/schema\\\/logo\\\/image\\\/\"},\"sameAs\":[\"https:\\\/\\\/www.facebook.com\\\/dfglfa\\\/\",\"https:\\\/\\\/x.com\\\/DFGLFA\",\"https:\\\/\\\/www.instagram.com\\\/dfg_lfa_saarbruecken\\\/\",\"https:\\\/\\\/www.youtube.com\\\/channel\\\/UCoxV4_gnJ3blV1U7iOjCV7w\\\/\",\"https:\\\/\\\/de.wikipedia.org\\\/wiki\\\/Deutsch-Franz\u00f6sisches_Gymnasium_in_Saarbr\u00fccken\"]}]}<\/script>\n<!-- \/ Yoast SEO plugin. -->","yoast_head_json":{"title":"Repr\u00e9sentants des parents - Lyc\u00e9e Franco-Allemand de Sarrebruck","robots":{"index":"index","follow":"follow","max-snippet":"max-snippet:-1","max-image-preview":"max-image-preview:large","max-video-preview":"max-video-preview:-1"},"canonical":"https:\/\/dfg-lfa.org\/fr\/personen\/eltern\/","og_locale":"fr_FR","og_type":"article","og_title":"Repr\u00e9sentants des parents - Lyc\u00e9e Franco-Allemand de Sarrebruck","og_description":"Repr\u00e9sentants des parents d\u2019\u00e9l\u00e8ves au LFA de Saarbruck: Madame Isabelle R\u00f6sler et Madame karina kornmann Au Lyc\u00e9e de Sarrebruck, il n\u2019existe pas un(e) repr\u00e9sentant(e) des parents d\u2019\u00e9l\u00e8ves et un(e) suppl\u00e9ant(e) comme c\u2019est le cas dans d\u2019autres lyc\u00e9es en Allemagne mais une repr\u00e9sentation binationale compos\u00e9e d\u2019un parent allemand et d\u2019un parent &hellip;","og_url":"https:\/\/dfg-lfa.org\/fr\/personen\/eltern\/","og_site_name":"Lyc\u00e9e Franco-Allemand de Sarrebruck","article_publisher":"https:\/\/www.facebook.com\/dfglfa\/","article_modified_time":"2023-10-04T07:33:35+00:00","og_image":[{"width":600,"height":400,"url":"https:\/\/dfg-lfa.org\/wp-content\/uploads\/Elternvertretungen.jpg","type":"image\/jpeg"}],"twitter_card":"summary_large_image","twitter_site":"@DFGLFA","twitter_misc":{"Dur\u00e9e de lecture estim\u00e9e":"5 minutes"},"schema":{"@context":"https:\/\/schema.org","@graph":[{"@type":"WebPage","@id":"https:\/\/dfg-lfa.org\/fr\/personen\/eltern\/","url":"https:\/\/dfg-lfa.org\/fr\/personen\/eltern\/","name":"Repr\u00e9sentants des parents - Lyc\u00e9e Franco-Allemand de Sarrebruck","isPartOf":{"@id":"https:\/\/dfg-lfa.org\/fr\/#website"},"primaryImageOfPage":{"@id":"https:\/\/dfg-lfa.org\/fr\/personen\/eltern\/#primaryimage"},"image":{"@id":"https:\/\/dfg-lfa.org\/personen\/eltern\/#primaryimage"},"thumbnailUrl":"https:\/\/dfg-lfa.org\/wp-content\/uploads\/Elternvertretungen.jpg","datePublished":"2009-09-02T10:10:29+00:00","dateModified":"2023-10-04T07:33:35+00:00","breadcrumb":{"@id":"https:\/\/dfg-lfa.org\/fr\/personen\/eltern\/#breadcrumb"},"inLanguage":"fr-FR","potentialAction":[{"@type":"ReadAction","target":[["https:\/\/dfg-lfa.org\/fr\/personen\/eltern\/"]]}]},{"@type":"ImageObject","inLanguage":"fr-FR","@id":"https:\/\/dfg-lfa.org\/fr\/personen\/eltern\/#primaryimage","url":"https:\/\/dfg-lfa.org\/wp-content\/uploads\/Elternvertretungen.jpg","contentUrl":"https:\/\/dfg-lfa.org\/wp-content\/uploads\/Elternvertretungen.jpg","width":600,"height":400,"caption":""},{"@type":"BreadcrumbList","@id":"https:\/\/dfg-lfa.org\/fr\/personen\/eltern\/#breadcrumb","itemListElement":[{"@type":"ListItem","position":1,"name":"Startseite","item":"https:\/\/dfg-lfa.org\/fr\/"},{"@type":"ListItem","position":2,"name":"Personen","item":"https:\/\/dfg-lfa.org\/fr\/personen\/"},{"@type":"ListItem","position":3,"name":"Elternvertretung"}]},{"@type":"WebSite","@id":"https:\/\/dfg-lfa.org\/fr\/#website","url":"https:\/\/dfg-lfa.org\/fr\/","name":"Lyc\u00e9e Franco-Allemand de Sarrebruck","description":"Einander begegnen \u2013 Avancer ensemble \u2013 We make Europe happen","publisher":{"@id":"https:\/\/dfg-lfa.org\/fr\/#organization"},"potentialAction":[{"@type":"SearchAction","target":{"@type":"EntryPoint","urlTemplate":"https:\/\/dfg-lfa.org\/fr\/?s={search_term_string}"},"query-input":{"@type":"PropertyValueSpecification","valueRequired":true,"valueName":"search_term_string"}}],"inLanguage":"fr-FR"},{"@type":"Organization","@id":"https:\/\/dfg-lfa.org\/fr\/#organization","name":"Deutsch-Franz\u00f6sisches Gymnasium Saarbr\u00fccken","url":"https:\/\/dfg-lfa.org\/fr\/","logo":{"@type":"ImageObject","inLanguage":"fr-FR","@id":"https:\/\/dfg-lfa.org\/fr\/#\/schema\/logo\/image\/","url":"https:\/\/dfg-lfa.org\/wp-content\/uploads\/DFG-logo.png","contentUrl":"https:\/\/dfg-lfa.org\/wp-content\/uploads\/DFG-logo.png","width":200,"height":77,"caption":"Deutsch-Franz\u00f6sisches Gymnasium Saarbr\u00fccken"},"image":{"@id":"https:\/\/dfg-lfa.org\/fr\/#\/schema\/logo\/image\/"},"sameAs":["https:\/\/www.facebook.com\/dfglfa\/","https:\/\/x.com\/DFGLFA","https:\/\/www.instagram.com\/dfg_lfa_saarbruecken\/","https:\/\/www.youtube.com\/channel\/UCoxV4_gnJ3blV1U7iOjCV7w\/","https:\/\/de.wikipedia.org\/wiki\/Deutsch-Franz\u00f6sisches_Gymnasium_in_Saarbr\u00fccken"]}]}},"_links":{"self":[{"href":"https:\/\/dfg-lfa.org\/fr\/wp-json\/wp\/v2\/pages\/43","targetHints":{"allow":["GET"]}}],"collection":[{"href":"https:\/\/dfg-lfa.org\/fr\/wp-json\/wp\/v2\/pages"}],"about":[{"href":"https:\/\/dfg-lfa.org\/fr\/wp-json\/wp\/v2\/types\/page"}],"author":[{"embeddable":true,"href":"https:\/\/dfg-lfa.org\/fr\/wp-json\/wp\/v2\/users\/2"}],"replies":[{"embeddable":true,"href":"https:\/\/dfg-lfa.org\/fr\/wp-json\/wp\/v2\/comments?post=43"}],"version-history":[{"count":2,"href":"https:\/\/dfg-lfa.org\/fr\/wp-json\/wp\/v2\/pages\/43\/revisions"}],"predecessor-version":[{"id":61899,"href":"https:\/\/dfg-lfa.org\/fr\/wp-json\/wp\/v2\/pages\/43\/revisions\/61899"}],"up":[{"embeddable":true,"href":"https:\/\/dfg-lfa.org\/fr\/wp-json\/wp\/v2\/pages\/18"}],"wp:featuredmedia":[{"embeddable":true,"href":"https:\/\/dfg-lfa.org\/fr\/wp-json\/wp\/v2\/media\/25095"}],"wp:attachment":[{"href":"https:\/\/dfg-lfa.org\/fr\/wp-json\/wp\/v2\/media?parent=43"}],"curies":[{"name":"wp","href":"https:\/\/api.w.org\/{rel}","templated":true}]}}