{"id":50,"date":"2009-09-02T12:13:19","date_gmt":"2009-09-02T10:13:19","guid":{"rendered":"http:\/\/dfg-lfa.org.dd7110.kasserver.com\/dfg-lfa-saarbrucken\/schuleraktivitaten\/schulerzeitung\/"},"modified":"2026-01-30T21:31:00","modified_gmt":"2026-01-30T20:31:00","slug":"schulerzeitung","status":"publish","type":"page","link":"https:\/\/dfg-lfa.org\/fr\/unterricht\/ags\/schulerzeitung\/","title":{"rendered":"Journal scolaire \u00a0\u00bb C&rsquo;est la vie \u00ab\u00a0"},"content":{"rendered":"<p><em><a href=\"https:\/\/dfg-lfa.org\/wp-content\/uploads\/20230615_090711.jpg\"><img loading=\"lazy\" decoding=\"async\" class=\"alignright size-medium wp-image-60840\" src=\"https:\/\/dfg-lfa.org\/wp-content\/uploads\/20230615_090711-300x225.jpg\" alt=\"C'est la vie\" width=\"300\" height=\"225\" srcset=\"https:\/\/dfg-lfa.org\/wp-content\/uploads\/20230615_090711-300x225.jpg 300w, https:\/\/dfg-lfa.org\/wp-content\/uploads\/20230615_090711-150x113.jpg 150w, https:\/\/dfg-lfa.org\/wp-content\/uploads\/20230615_090711-768x576.jpg 768w, https:\/\/dfg-lfa.org\/wp-content\/uploads\/20230615_090711-1536x1152.jpg 1536w, https:\/\/dfg-lfa.org\/wp-content\/uploads\/20230615_090711-267x200.jpg 267w, https:\/\/dfg-lfa.org\/wp-content\/uploads\/20230615_090711.jpg 2000w\" sizes=\"auto, (max-width: 300px) 100vw, 300px\" \/><\/a>C\u2019est La Vie<\/em> (kurz: <em>CLV<\/em>) hei\u00dft die bekannte und mehrfach preisgekr\u00f6nte Sch\u00fclerzeitung des DFG. Seit der Erstausgabe im Winter 1996 erscheinen in jedem Schuljahr regelm\u00e4\u00dfig aktuelle Themenhefte. Die Zeitung konzentriert sich in jeder Ausgabe auf ein bestimmtes Titelthema, unter dem viele verschiedene Einzelartikel rund um dieses Motto versammelt sind. Au\u00dferdem gibt es noch aktuelle CD-, Buch- und Filmkritiken sowie die Vorstellung von neuen Lehrern, die uns im ausf\u00fchrlichen Interview Rede und Antwort stehen. Abgerundet wird jede Ausgabe durch die traditionelle \u201eIn- und Out-Liste\u201c und das klassische \u201eABC\u201c zum jeweils aktuellen Thema.<\/p>\n<p>Die Redaktion der C\u2019est La Vie besteht neben zwei betreuenden Lehrern ausschlie\u00dflich aus Sch\u00fclern und Sch\u00fclerinnen des DFG. Die Planung und Ausarbeitung der Artikel, das Layout, die finanzielle Absicherung durch Werbepartner und letztlich der Verkauf \u2013 das alles wird von den Sch\u00fclern eigenst\u00e4ndig bewerkstelligt und im Rahmen der AG geleistet. Die fertigen Zeitschriften werden dann in den Pausen oder zu besonderen Anl\u00e4ssen, wie z.B. dem Schulfest, f\u00fcr Sch\u00fcler und Lehrer zum Verkauf angeboten.<\/p>\n<p><strong>Die Redaktion trifft sich mittwochs im Anschluss an die 6. Stunde in Raum 2.21 (Bibliothek), um zusammen neue Ideen zu sammeln, fertige Artikel zu besprechen und um Verk\u00e4ufe, au\u00dferschulische Treffen und \u00e4hnliche Aktionen zu planen. Interessierte Sch\u00fclerInnen, die gerne die aktuelle oder auch die n\u00e4chste Ausgabe mitgestalten wollen, sind ab Klasse 8 herzlich und auch ohne Voranmeldung eingeladen, zur angegeben Zeit im CDI unverbindlich vorbeizuschauen.<\/strong><\/p>\n<p>Regelm\u00e4\u00dfig nimmt die C\u2019est La Vie auch an Sch\u00fclerzeitungs-Wettbewerben teil und wurde dabei auch mehrmals zur <strong>\u201eBesten Sch\u00fclerzeitung des Saarlandes\u201c<\/strong> gek\u00fcrt. So wie im Jahr 2007, in dem sie f\u00fcr die Ausgabe mit dem Titelthema \u201eSchein und Sein\u201c eine einw\u00f6chige Reise nach Marokko (siehe auch <a href=\"https:\/\/dfg-lfa.org\/wp-content\/uploads\/schzeitung01.pdf\">diesen Bericht<\/a>) gewann. Auch in den Jahren 2012 (Ausgabe \u201eUntergang\u201c), 2014 (Ausgabe \u201eSucht\u201c), 2016 (Ausgabe \u00ab\u00a0Unter Druck\u00a0\u00bb) konnte unsere Sch\u00fclerzeitung den Preis als beste Sch\u00fclerzeitung des Saarlandes (\u201eAxel-Buchholz-Preis\u201c) in der Kategorie \u201ePrint\u201c gewinnen. Mit der Ausgabe \u00ab\u00a0Wandel\u00a0\u00bb gewann C&rsquo;est la viel 2017 den Axel-Buchholz-Preis in der Kategorie \u00ab\u00a0Europapreis\u00a0\u00bb.<\/p>\n<p>Ausgabe \u00ab\u00a0Unter Druck\u00a0\u00bb: Axel-Buchholz-Preis 2016 als Beste Printausgabe<br \/>\nAusgabe: \u00ab\u00a0Wandel\u00a0\u00bb: Axel-Buchholz-Preis \/ Europapreis 2017<\/p>\n<p><strong>Redakteure gesucht! <\/strong>\u2013 Wer am Schreiben interessiert ist und Lust h\u00e4tte die n\u00e4chste Ausgabe der <em>C\u2019est La Vie<\/em> mit zu gestalten, soll sich doch unbedingt an <a href=\"https:\/\/dfg-lfa.org\/dfg-lfa-saarbrucken\/personen\/kollegium\/e-mail-an-andres-julia\/\">Frau Dussing<\/a> oder an <a href=\"https:\/\/dfg-lfa.org\/dfg-lfa-saarbrucken\/personen\/kollegium\/e-mail-an-schroder-thomas\/\">Herrn Schr\u00f6der<\/a> wenden.<\/p>\n<h5>C&rsquo;est la vie (\u00c9T\u00c9 2025)<\/h5>\n<p><strong>Titre: Avanc\u00e9s mais paum\u00e9s<\/strong><\/p>\n<p>\u00bbTechnik &#8211; mehr als nur Fortschritt<\/p>\n<p>\u00bbAch Siri, was soll nur aus dir werden?<\/p>\n<p>\u00bbAppsolut musikalisch: Klavierapps im Vergleich<\/p>\n<p>\u00bbTraurig, aber VAR<\/p>\n<h5>C&rsquo;est la vie (HERBST\/AUTOMNE 2023)<\/h5>\n<p><strong>Titelthema: Fails<br \/>\n<\/strong><\/p>\n<p>\u00bbE-Autos: Top oder Flop?<\/p>\n<p>\u00bb\u00a0\u00bbHeute ca. 45 Minuten sp\u00e4ter\u00a0\u00bb<\/p>\n<p>\u00bbLa coupe du monde et le Quatar<\/p>\n<p>\u00bbFail-ABC<\/p>\n<p>\u00bbAuf der \u00dcberholspur \u00fcberholt<\/p>\n<h5>C&rsquo;est la vie (sommer\/\u00e9t\u00e9 2022)<\/h5>\n<p><strong>Titelthema: Sport+Spiel<br \/>\n<\/strong><\/p>\n<p>\u00bbDas K\u00f6lner Sportmuseum \u2013 Sport goes museum<\/p>\n<p>\u00bbSaarland \u2013 Sportland<\/p>\n<p>\u00bbDie Neuheiten der Brettspielindustrie<\/p>\n<p>\u00bbTerraria \u2013 Keine Weltneuheit aber eine gute Spielidee<\/p>\n<p>\u00bbSchule, Zocken, Schlafen und durch Fortnite etwas lernen?<\/p>\n<h5>C&rsquo;est la vie (sommer\/\u00e9t\u00e9 2021)<\/h5>\n<p><strong>Titelthema: Bleibt alles anders?<br \/>\n<\/strong><\/p>\n<p>\u00bbWenn #WirBleibenZuhause wie Hohn klingen muss<\/p>\n<p>\u00bb\u00a0\u00bbCorona ist noch lange nicht vorbei &#8230;\u00a0\u00bb<\/p>\n<p>\u00bbTotgeglaubte leben l\u00e4nger<\/p>\n<p>\u00bbUne critique litt\u00e9raire du livre \u00ab Ferme des animaux \u00bb de George Orwell<\/p>\n<p>\u00bbCorona stiehlt die Show<\/p>\n<h5>C&rsquo;est la vie (HERBST\/AUTOMNE 2019)<\/h5>\n<p><strong>Titelthema: Engagierst du dich?<br \/>\n<\/strong><\/p>\n<p>\u00bbABC des Engagement<\/p>\n<p>\u00bbInterview mit einer Krankenschwester<\/p>\n<p>\u00bbInterview mit Patrick Herrmann<\/p>\n<p>\u00bbJugendengagement f\u00fcr Europa<\/p>\n<p>\u00bbM\u00e9decins sans fronti\u00e8res<\/p>\n<h5>C&rsquo;est la vie (HERBST\/AUTOMNE 2018)<\/h5>\n<p><strong>Titelthema: Viva la m\u00fasica<br \/>\n<\/strong><\/p>\n<p>\u00bbABC der Musik<\/p>\n<p>\u00bbOne-Hit-Wonder<\/p>\n<p>\u00bbFilmmusik<\/p>\n<p>\u00bbInterview mit UNSERDING-Moderatorin Jessi Ziegler<\/p>\n<p>\u00bbMusik in der Werbung<\/p>\n<h5>C&rsquo;est la vie (Sommer\/\u00e9t\u00e9 2017)<\/h5>\n<p><strong>Titelthema: Wandel<br \/>\n<\/strong><\/p>\n<p>\u00bbABC des Wandels<\/p>\n<p>\u00bble froot, \u00e7a change tout<\/p>\n<p>\u00bbApp nach Wadgassen<\/p>\n<p>\u00bbEducation d&rsquo;hier et d&rsquo;aujourd&rsquo;hui<\/p>\n<p>\u00bbAlle Jahre wieder &#8211; Trends im Wandel der Zeit<\/p>\n<h5 style=\"text-align: left;\">C&rsquo;est la vie (Sommer\/\u00e9t\u00e9 2016)<\/h5>\n<p style=\"text-align: left;\"><strong>Titelthema: Unter Druck<br \/>\n<\/strong><\/p>\n<p>\u00bbCLV testet&#8230; Anti-Stress-Methoden<\/p>\n<p>\u00bbDer CLV-Psychotest: Welcher Drucktyp bist du?<\/p>\n<p>\u00bbABC des Drucks<\/p>\n<p>\u00bbHunger vs. Zeitdruck<\/p>\n<p>\u00bbAusreden unter Zeitdruck<\/p>\n<h5 style=\"text-align: left;\">C&rsquo;est la vie (Sommer\/\u00e9t\u00e9 2015)<\/h5>\n<p style=\"text-align: left;\"><strong>Titelthema: Fernweh<br \/>\n<\/strong><\/p>\n<p>\u00bbABC des Fernwehs<\/p>\n<p>\u00bbReisen im Kinosessel<\/p>\n<p>\u00bbEine Reise durch das CLV-Universum<\/p>\n<p>\u00bbDas gro\u00dfe CLV-Gourmet-Reisequiz<\/p>\n<p>\u00bbVoyages temporels<\/p>\n<h5 style=\"text-align: left;\">C&rsquo;est la vie (Sommer\/\u00e9t\u00e9 2014)<\/h5>\n<p style=\"text-align: left;\"><strong>Titelthema: Sucht<br \/>\n<\/strong><\/p>\n<p>\u00bbLesen macht s\u00fcchtig<\/p>\n<p>\u00bbABC der Sucht<\/p>\n<p>\u00bbQuand le chien croit promener son ma\u00eetre<\/p>\n<p>\u00bbDer Mensch sucht\/Sucht nach Gl\u00fcck<\/p>\n<p>\u00bbDie Saarbahn &#8211; Warum sie ganz bestimmt nicht zur Sucht wird<\/p>\n<h5 style=\"text-align: left;\">C&rsquo;est la vie (Sommer\/\u00e9t\u00e9 2013)<\/h5>\n<p style=\"text-align: left;\"><strong>Titelthema: Mal was Positives!<br \/>\n<\/strong><\/p>\n<p>\u00bbGl\u00fcckstee &#8211; Wenn das Aufguss-Getr\u00e4nk zum Aufreg-Getr\u00e4nk wird<\/p>\n<p>\u00bbABC des Gl\u00fccks<\/p>\n<p>\u00bbWer zuerst lacht, hat gewonnen! Lachen ist gesund, beweist Lachyoga<\/p>\n<p>\u00bbA la conqu\u00eate du chocolat!<\/p>\n<p>\u00bbHeiterkeit und Lebensfreude machen stark!<\/p>\n<p>\u00bbChronique d&rsquo;une joueuse qui s&rsquo;ennuie<\/p>\n<p>\u00bbMission Gl\u00fcck<\/p>\n<p>\u00bbWie gl\u00fccklich bist du?<\/p>\n<h5 style=\"text-align: left;\">C&rsquo;est la vie (Sommer\/\u00e9t\u00e9 2012)<\/h5>\n<p style=\"text-align: left;\"><strong>Titelthema: Untergang<br \/>\n<\/strong><\/p>\n<p>\u00bbUne minute, je vais juste sauver le monde<\/p>\n<p>\u00bbABC des Weltuntergangs<\/p>\n<p>\u00bbLe temps me tue<\/p>\n<p>\u00bb\u00a0\u00bbWo ist meine Stimme?\u00a0\u00bb Wenn Religion zur Waffe wird.<\/p>\n<p>\u00bbLa fin du monde selon M. Grosse<\/p>\n<h5 style=\"text-align: left;\">C&rsquo;est la vie (Winter\/hiver 2011)<\/h5>\n<p style=\"text-align: left;\"><strong>Titelthema: Extreme Mainstream<\/strong><\/p>\n<p>\u00bbExtreme vs. Mainstream &#8211; Was zum Klabautermann ist das?<\/p>\n<p>\u00bbDas ABC des Mainstreams &#8211; Normalit\u00e4ten von Apple bis Zalando<\/p>\n<p>\u00bbVous avez dit \u00ab\u00a0extremisme\u00a0\u00bb ? &#8211; Une longue histoire&#8230;<\/p>\n<p>\u00bbSchneller, h\u00f6her, extremer! &#8211; Extremsportarten &#8211; und was uns daran fasziniert<\/p>\n<h5 style=\"text-align: left;\">C&rsquo;est la vie (Winter\/hiver 2010)<\/h5>\n<p style=\"text-align: left;\"><strong>Titelthema: Sicherheit &#8211; Libert\u00e9 Egalit\u00e9 s\u00e9curit\u00e9<\/strong><\/p>\n<p>\u00bbSicherheit in unserer Schule &#8211; Interview mit Herrn B\u00e4chle<\/p>\n<p>\u00bbEinbruch in die Schule &#8211; Ein Versuch<\/p>\n<p>\u00bbLe Franco bient\u00f4t une prison? &#8211; Qu&rsquo;est-ce qui nous attend?<\/p>\n<p>\u00bbUn petit tour \u00e0 Strasbourg &#8211; Forum d&rsquo;orientation ou d&rsquo;\u00e9garement?<\/p>\n<h5 style=\"text-align: left;\">C&rsquo;est la vie (Ostern\/P\u00e2ques 2009)<\/h5>\n<div style=\"text-align: left;\"><strong>Titelthema: Sch\u00f6nheit \u00ab\u00a0Outfit ist in\u00a0\u00bb<\/strong><\/div>\n<p>\u00bbDie Sch\u00f6nheit &#8211; &#8230;, wo sie herkommt<\/p>\n<p>\u00bbSch\u00f6nheitsoperationen &#8211; Die Sch\u00f6nheit aus der Spritze<\/p>\n<p>\u00bbBig Girl, Are You Beautiful? Wenn der eigene K\u00f6rper zum Feind erkl\u00e4rt wird<\/p>\n<p>\u00bbDigitale Sch\u00f6nheit &#8211; Die neue Generation der Animation<\/p>\n<p>\u00bbI-Net Wahnsinn &#8211; Votest du noch oder stalkst du schon?<\/p>\n<h5 style=\"text-align: left;\">C&rsquo;est la vie (Ostern\/P\u00e2ques 2008)<\/h5>\n<p style=\"text-align: left;\"><strong>Titelthema: Bewegte Bilder &#8211; Bilder die bewegen<\/strong><\/p>\n<p>\u00bbEindr\u00fccke, die uns ein Leben lang begleiten<\/p>\n<p>\u00bbUne exp\u00e9rience pour expliquer le principe du dessin anim\u00e9<\/p>\n<p>\u00bbDas Bewegte Bilder Fernsehquiz &#8211; Teste dich selbst!<\/p>\n<p>\u00bbFernsehabende &#8211; Geliebte Glotze, DU bist Deutschland<\/p>\n<p>\u00bbKindergeschichten &#8230; ein Horror-Medley<\/p>\n<p>\u00bbGood Versus Bad &#8211; Eine Hitliste der besonderen Art<\/p>\n<p>\u00bbDie Jugendidole der Jugend<\/p>\n<h5 style=\"text-align: left;\">C&rsquo;est la vie (Winter\/hiver 2007)<\/h5>\n<p style=\"text-align: left;\"><strong>Titelthema: Schein und Sein<\/strong><\/p>\n<p>\u00bbProtagonist, 50, m., sucht &#8230; Aus dem Leben eines professionellen Opportunisten<\/p>\n<p>\u00bbSatania et Candy-Sophie &#8211; Du Heavy Metal jusqu&rsquo;au Sixties<\/p>\n<p>\u00bbLiebst du es noch &#8230; oder wei\u00dft du es schon?<\/p>\n<p>\u00bbDie Maske und das wahre Gesicht &#8211; Ein philosophisches R\u00e4tsel<\/p>\n<p>\u00bbQui es-tu? Trouve la v\u00e9rit\u00e9<\/p>\n<p>\u00bbBetrug unter den Fruchtzwergen<\/p>\n<p>\u00bb\u00a0\u00bbJa wie werden die so bescheuert?\u00a0\u00bb F\u00f6rdern \u00ab\u00a0Killerspiele\u00a0\u00bb Gewalt unter Jugendlichen?<\/p>\n<p>\u00bbYour World. Your imagination. Alternative Existenz &#8211; 9.95$ im Monat<\/p>\n<h5 style=\"text-align: left;\">C&rsquo;est la vie (Sommer\/Et\u00e9 2006)<\/h5>\n<div style=\"text-align: left;\"><strong>Titelthema: Tatort Party &#8211; Feiern bis zum Umfallen<\/strong><\/div>\n<p>\u00bbNach der Party ist vor der Party &#8211; Ein Bericht \u00fcber die gef\u00e4hrlichste Krankheit der Welt<\/p>\n<p>\u00bbCocktails &#8211; Good shake it! Alles \u00fcber Long Island, Sex on the Beach, Caipirinha &amp; Co.<\/p>\n<p>\u00bbAnti-Kater-Rezepte &#8211; Die besten Anti-Kater-Mittelchen auf einen Blick<\/p>\n<p>\u00bbDe Jenny, Stacy et Brian&#8230; La chronologie d&rsquo;une f\u00eate typique<\/p>\n<p>\u00bbKatharsis &#8211; Eine moralische Kurzgeschichte?<\/p>\n<h5 style=\"text-align: left;\">C&rsquo;est la vie (Sommer\/Et\u00e9 2005)<\/h5>\n<div style=\"text-align: left;\"><strong>Titelthema: Jugendkult &#8211; Mittendrin statt nur dabei<\/strong><\/div>\n<p>\u00bbK.U.L.T. &#8211; 4 Buchstaben &#8211; unz\u00e4hlige Bedeutungen<\/p>\n<p>\u00bbJugendkult(-ur) &#8230; im Wandel der Zeit<\/p>\n<p>\u00bbA&#8230; , B&#8230; , C&#8230; Wir testen Euer Wissen \u00fcber aktuelle Kultfiguren und -gegenst\u00e4nde<\/p>\n<p>\u00bb\u00a0\u00bbSie haben zu viel Geld\u00a0\u00bb Moralbewusste Jugendliche und ihre Methoden<\/p>\n<p>\u00bb\u00a0\u00bbDas IST mein Alltag!\u00a0\u00bb Gespr\u00e4che mit Fantasy-Spielern zu unserem Titelthema Jugendkult(-ur)<\/p>\n<p>\u00bbCh\u00e9 Guevara: Foto, Bild, Vorbild? Ein Foto macht Furore&#8230;<\/p>\n<p>\u00bbL&rsquo;adolescence \u00e0 l&rsquo;\u00e9tat pur &#8211; R\u00e9cit satirique du quotidien d&rsquo;une ado comme tant d&rsquo;autres<\/p>\n<p>\u00bb\u00a0\u00bbSmells Like Teen Spirit\u00a0\u00bb Das Verm\u00e4chtnis und die Musik einer Band und ihres S\u00e4ngers<\/p>\n<p>\u00bbVon Hippies und Seehundfellschuhen &#8211; Ein Bericht von einer von gestern<\/p>\n<p>\u00bbG\u00e9n\u00e9ration Tryo \u00ab\u00a0Embrase-moi de &#8230; sus bord, viens mon ange retracer le ciel&#8230;\u00a0\u00bb<\/p>\n<p>\u00bbMal ganz anders &#8211; Interessante Ergebnisse eines interessanten Experimentes zum Thema Jugendkult<\/p>\n<div class=\"shariff shariff-align-left shariff-widget-align-left shariff-buttonstretch\" style=\"display:none\"><ul class=\"shariff-buttons theme-white orientation-horizontal buttonsize-medium\"><li class=\"shariff-button facebook shariff-nocustomcolor\" style=\"background-color:#4273c8\"><a href=\"https:\/\/www.facebook.com\/sharer\/sharer.php?u=https%3A%2F%2Fdfg-lfa.org%2Ffr%2Funterricht%2Fags%2Fschulerzeitung%2F\" title=\"Envoyer par Facebook\" aria-label=\"Envoyer par Facebook\" role=\"button\" rel=\"nofollow\" class=\"shariff-link\" style=\"; background-color:#3b5998; color:#3b5998\" target=\"_blank\"><span class=\"shariff-icon\" style=\"fill:#3b5998\"><svg width=\"32px\" height=\"20px\" xmlns=\"http:\/\/www.w3.org\/2000\/svg\" viewBox=\"0 0 18 32\"><path fill=\"#3b5998\" d=\"M17.1 0.2v4.7h-2.8q-1.5 0-2.1 0.6t-0.5 1.9v3.4h5.2l-0.7 5.3h-4.5v13.6h-5.5v-13.6h-4.5v-5.3h4.5v-3.9q0-3.3 1.9-5.2t5-1.8q2.6 0 4.1 0.2z\"\/><\/svg><\/span><span class=\"shariff-text\" style=\"color:#3b5998\">partager<\/span>&nbsp;<\/a><\/li><li class=\"shariff-button whatsapp shariff-nocustomcolor\" style=\"background-color:#5cbe4a\"><a href=\"https:\/\/api.whatsapp.com\/send?text=https%3A%2F%2Fdfg-lfa.org%2Ffr%2Funterricht%2Fags%2Fschulerzeitung%2F%20Journal%20scolaire%20%C2%A0%C2%BB%20C%E2%80%99est%20la%20vie%20%C2%AB%C2%A0\" title=\"Envoyer par Whatsapp\" aria-label=\"Envoyer par Whatsapp\" role=\"button\" rel=\"noopener nofollow\" class=\"shariff-link\" style=\"; background-color:#34af23; color:#34af23\" target=\"_blank\"><span class=\"shariff-icon\" style=\"fill:#34af23\"><svg width=\"32px\" height=\"20px\" xmlns=\"http:\/\/www.w3.org\/2000\/svg\" viewBox=\"0 0 32 32\"><path fill=\"#34af23\" d=\"M17.6 17.4q0.2 0 1.7 0.8t1.6 0.9q0 0.1 0 0.3 0 0.6-0.3 1.4-0.3 0.7-1.3 1.2t-1.8 0.5q-1 0-3.4-1.1-1.7-0.8-3-2.1t-2.6-3.3q-1.3-1.9-1.3-3.5v-0.1q0.1-1.6 1.3-2.8 0.4-0.4 0.9-0.4 0.1 0 0.3 0t0.3 0q0.3 0 0.5 0.1t0.3 0.5q0.1 0.4 0.6 1.6t0.4 1.3q0 0.4-0.6 1t-0.6 0.8q0 0.1 0.1 0.3 0.6 1.3 1.8 2.4 1 0.9 2.7 1.8 0.2 0.1 0.4 0.1 0.3 0 1-0.9t0.9-0.9zM14 26.9q2.3 0 4.3-0.9t3.6-2.4 2.4-3.6 0.9-4.3-0.9-4.3-2.4-3.6-3.6-2.4-4.3-0.9-4.3 0.9-3.6 2.4-2.4 3.6-0.9 4.3q0 3.6 2.1 6.6l-1.4 4.2 4.3-1.4q2.8 1.9 6.2 1.9zM14 2.2q2.7 0 5.2 1.1t4.3 2.9 2.9 4.3 1.1 5.2-1.1 5.2-2.9 4.3-4.3 2.9-5.2 1.1q-3.5 0-6.5-1.7l-7.4 2.4 2.4-7.2q-1.9-3.2-1.9-6.9 0-2.7 1.1-5.2t2.9-4.3 4.3-2.9 5.2-1.1z\"\/><\/svg><\/span><span class=\"shariff-text\" style=\"color:#34af23\">partager<\/span>&nbsp;<\/a><\/li><li class=\"shariff-button threema shariff-nocustomcolor shariff-mobile\" style=\"background-color:#4fbc24\"><a href=\"threema:\/\/compose?text=Journal%20scolaire%20%C2%A0%C2%BB%20C%E2%80%99est%20la%20vie%20%C2%AB%C2%A0%20https%3A%2F%2Fdfg-lfa.org%2Ffr%2Funterricht%2Fags%2Fschulerzeitung%2F\" title=\"Envoyer par Threema\" aria-label=\"Envoyer par Threema\" role=\"button\" rel=\"noopener nofollow\" class=\"shariff-link\" style=\"; background-color:#1f1f1f; color:#1f1f1f\" target=\"_blank\"><span class=\"shariff-icon\" style=\"fill:#1f1f1f\"><svg width=\"32px\" height=\"20px\" xmlns=\"http:\/\/www.w3.org\/2000\/svg\" viewBox=\"0 0 32 32\"><path fill=\"#1f1f1f\" d=\"M30.8 10.9c-0.3-1.4-0.9-2.6-1.8-3.8-2-2.6-5.5-4.5-9.4-5.2-1.3-0.2-1.9-0.3-3.5-0.3s-2.2 0-3.5 0.3c-4 0.7-7.4 2.6-9.4 5.2-0.9 1.2-1.5 2.4-1.8 3.8-0.1 0.5-0.2 1.2-0.2 1.6 0 0.4 0.1 1.1 0.2 1.6 0.4 1.9 1.3 3.4 2.9 5 0.8 0.8 0.8 0.8 0.7 1.3 0 0.6-0.5 1.6-1.7 3.6-0.3 0.5-0.5 0.9-0.5 0.9 0 0.1 0.1 0.1 0.5 0 0.8-0.2 2.3-0.6 5.6-1.6 1.1-0.3 1.3-0.4 2.3-0.4 0.8 0 1.1 0 2.3 0.2 1.5 0.2 3.5 0.2 4.9 0 5.1-0.6 9.3-2.9 11.4-6.3 0.5-0.9 0.9-1.8 1.1-2.8 0.1-0.5 0.2-1.1 0.2-1.6 0-0.7-0.1-1.1-0.2-1.6-0.3-1.4 0.1 0.5 0 0zM20.6 17.3c0 0.4-0.4 0.8-0.8 0.8h-7.7c-0.4 0-0.8-0.4-0.8-0.8v-4.6c0-0.4 0.4-0.8 0.8-0.8h0.2l0-1.6c0-0.9 0-1.8 0.1-2 0.1-0.6 0.6-1.2 1.1-1.7s1.1-0.7 1.9-0.8c1.8-0.3 3.7 0.7 4.2 2.2 0.1 0.3 0.1 0.7 0.1 2.1v0 1.7h0.1c0.4 0 0.8 0.4 0.8 0.8v4.6zM15.6 7.3c-0.5 0.1-0.8 0.3-1.2 0.6s-0.6 0.8-0.7 1.3c0 0.2 0 0.8 0 1.5l0 1.2h4.6v-1.3c0-1 0-1.4-0.1-1.6-0.3-1.1-1.5-1.9-2.6-1.7zM25.8 28.2c0 1.2-1 2.2-2.1 2.2s-2.1-1-2.1-2.1c0-1.2 1-2.1 2.2-2.1s2.2 1 2.2 2.2zM18.1 28.2c0 1.2-1 2.2-2.1 2.2s-2.1-1-2.1-2.1c0-1.2 1-2.1 2.2-2.1s2.2 1 2.2 2.2zM10.4 28.2c0 1.2-1 2.2-2.1 2.2s-2.1-1-2.1-2.1c0-1.2 1-2.1 2.2-2.1s2.2 1 2.2 2.2z\"\/><\/svg><\/span><span class=\"shariff-text\" style=\"color:#1f1f1f\">partager<\/span>&nbsp;<\/a><\/li><li class=\"shariff-button mastodon shariff-nocustomcolor\" style=\"background-color:#563ACC\"><a href=\"https:\/\/s2f.kytta.dev\/?text=Journal%20scolaire%20%C2%A0%C2%BB%20C%E2%80%99est%20la%20vie%20%C2%AB%C2%A0 https%3A%2F%2Fdfg-lfa.org%2Ffr%2Funterricht%2Fags%2Fschulerzeitung%2F\" title=\"Envoyer par Mastodon\" aria-label=\"Envoyer par Mastodon\" role=\"button\" rel=\"noopener nofollow\" class=\"shariff-link\" style=\"; background-color:#6364FF; color:#6364FF\" target=\"_blank\"><span class=\"shariff-icon\" style=\"fill:#6364FF\"><svg width=\"75\" height=\"79\" viewBox=\"0 0 75 79\" fill=\"none\" xmlns=\"http:\/\/www.w3.org\/2000\/svg\"><path d=\"M37.813-.025C32.462-.058 27.114.13 21.79.598c-8.544.621-17.214 5.58-20.203 13.931C-1.12 23.318.408 32.622.465 41.65c.375 7.316.943 14.78 3.392 21.73 4.365 9.465 14.781 14.537 24.782 15.385 7.64.698 15.761-.213 22.517-4.026a54.1 54.1 0 0 0 .01-6.232c-6.855 1.316-14.101 2.609-21.049 1.074-3.883-.88-6.876-4.237-7.25-8.215-1.53-3.988 3.78-.43 5.584-.883 9.048 1.224 18.282.776 27.303-.462 7.044-.837 14.26-4.788 16.65-11.833 2.263-6.135 1.215-12.79 1.698-19.177.06-3.84.09-7.692-.262-11.52C72.596 7.844 63.223.981 53.834.684a219.453 219.453 0 0 0-16.022-.71zm11.294 12.882c5.5-.067 10.801 4.143 11.67 9.653.338 1.48.471 3 .471 4.515v21.088h-8.357c-.07-7.588.153-15.182-.131-22.765-.587-4.368-7.04-5.747-9.672-2.397-2.422 3.04-1.47 7.155-1.67 10.735v6.392h-8.307c-.146-4.996.359-10.045-.404-15.002-1.108-4.218-7.809-5.565-10.094-1.666-1.685 3.046-.712 6.634-.976 9.936v14.767h-8.354c.109-8.165-.238-16.344.215-24.5.674-5.346 5.095-10.389 10.676-10.627 4.902-.739 10.103 2.038 12.053 6.631.375 1.435 1.76 1.932 1.994.084 1.844-3.704 5.501-6.739 9.785-6.771.367-.044.735-.068 1.101-.073z\"\/><defs><linearGradient id=\"paint0_linear_549_34\" x1=\"37.0692\" y1=\"0\" x2=\"37.0692\" y2=\"79\" gradientUnits=\"userSpaceOnUse\"><stop stop-color=\"#6364FF\"\/><stop offset=\"1\" stop-color=\"#563ACC\"\/><\/linearGradient><\/defs><\/svg><\/span><span class=\"shariff-text\" style=\"color:#6364FF\">partager<\/span>&nbsp;<\/a><\/li><li class=\"shariff-button mailto shariff-nocustomcolor\" style=\"background-color:#a8a8a8\"><a href=\"mailto:?body=https%3A%2F%2Fdfg-lfa.org%2Ffr%2Funterricht%2Fags%2Fschulerzeitung%2F&subject=Journal%20scolaire%20%C2%A0%C2%BB%20C%E2%80%99est%20la%20vie%20%C2%AB%C2%A0\" title=\"Envoyer par courriel\" aria-label=\"Envoyer par courriel\" role=\"button\" rel=\"noopener nofollow\" class=\"shariff-link\" style=\"; background-color:#999; color:#999\"><span class=\"shariff-icon\" style=\"fill:#999\"><svg width=\"32px\" height=\"20px\" xmlns=\"http:\/\/www.w3.org\/2000\/svg\" viewBox=\"0 0 32 32\"><path fill=\"#999\" d=\"M32 12.7v14.2q0 1.2-0.8 2t-2 0.9h-26.3q-1.2 0-2-0.9t-0.8-2v-14.2q0.8 0.9 1.8 1.6 6.5 4.4 8.9 6.1 1 0.8 1.6 1.2t1.7 0.9 2 0.4h0.1q0.9 0 2-0.4t1.7-0.9 1.6-1.2q3-2.2 8.9-6.1 1-0.7 1.8-1.6zM32 7.4q0 1.4-0.9 2.7t-2.2 2.2q-6.7 4.7-8.4 5.8-0.2 0.1-0.7 0.5t-1 0.7-0.9 0.6-1.1 0.5-0.9 0.2h-0.1q-0.4 0-0.9-0.2t-1.1-0.5-0.9-0.6-1-0.7-0.7-0.5q-1.6-1.1-4.7-3.2t-3.6-2.6q-1.1-0.7-2.1-2t-1-2.5q0-1.4 0.7-2.3t2.1-0.9h26.3q1.2 0 2 0.8t0.9 2z\"\/><\/svg><\/span><span class=\"shariff-text\" style=\"color:#999\">courriel<\/span>&nbsp;<\/a><\/li><li class=\"shariff-button info shariff-nocustomcolor\" style=\"background-color:#a8a8a8\"><a href=\"http:\/\/ct.de\/-2467514\" title=\"Datenschutz-Infos\" aria-label=\"Datenschutz-Infos\" role=\"button\" rel=\"noopener \" class=\"shariff-link\" style=\"; background-color:#999; color:#999\" target=\"_blank\"><span class=\"shariff-icon\" style=\"fill:#999\"><svg width=\"32px\" height=\"20px\" xmlns=\"http:\/\/www.w3.org\/2000\/svg\" viewBox=\"0 0 11 32\"><path fill=\"#999\" d=\"M11.4 24v2.3q0 0.5-0.3 0.8t-0.8 0.4h-9.1q-0.5 0-0.8-0.4t-0.4-0.8v-2.3q0-0.5 0.4-0.8t0.8-0.4h1.1v-6.8h-1.1q-0.5 0-0.8-0.4t-0.4-0.8v-2.3q0-0.5 0.4-0.8t0.8-0.4h6.8q0.5 0 0.8 0.4t0.4 0.8v10.3h1.1q0.5 0 0.8 0.4t0.3 0.8zM9.2 3.4v3.4q0 0.5-0.4 0.8t-0.8 0.4h-4.6q-0.4 0-0.8-0.4t-0.4-0.8v-3.4q0-0.4 0.4-0.8t0.8-0.4h4.6q0.5 0 0.8 0.4t0.4 0.8z\"\/><\/svg><\/span><\/a><\/li><\/ul><\/div>","protected":false},"excerpt":{"rendered":"<p>C\u2019est La Vie (kurz: CLV) hei\u00dft die bekannte und mehrfach preisgekr\u00f6nte Sch\u00fclerzeitung des DFG. Seit der Erstausgabe im Winter 1996 erscheinen in jedem Schuljahr regelm\u00e4\u00dfig aktuelle Themenhefte. Die Zeitung konzentriert sich in jeder Ausgabe auf ein bestimmtes Titelthema, unter dem viele verschiedene Einzelartikel rund um dieses Motto versammelt sind. Au\u00dferdem &hellip;<\/p>\n","protected":false},"author":2,"featured_media":475,"parent":49,"menu_order":20,"comment_status":"closed","ping_status":"open","template":"","meta":{"inline_featured_image":false,"_mc_calendar":[],"footnotes":""},"class_list":["post-50","page","type-page","status-publish","has-post-thumbnail","hentry"],"yoast_head":"<!-- This site is optimized with the Yoast SEO plugin v27.5 - https:\/\/yoast.com\/product\/yoast-seo-wordpress\/ -->\n<title>Journal scolaire &quot; C&#039;est la vie &quot; - Lyc\u00e9e Franco-Allemand de Sarrebruck<\/title>\n<meta name=\"robots\" content=\"index, follow, max-snippet:-1, max-image-preview:large, max-video-preview:-1\" \/>\n<link rel=\"canonical\" href=\"https:\/\/dfg-lfa.org\/fr\/unterricht\/ags\/schulerzeitung\/\" \/>\n<meta property=\"og:locale\" content=\"fr_FR\" \/>\n<meta property=\"og:type\" content=\"article\" \/>\n<meta property=\"og:title\" content=\"Journal scolaire &quot; C&#039;est la vie &quot; - Lyc\u00e9e Franco-Allemand de Sarrebruck\" \/>\n<meta property=\"og:description\" content=\"C\u2019est La Vie (kurz: CLV) hei\u00dft die bekannte und mehrfach preisgekr\u00f6nte Sch\u00fclerzeitung des DFG. Seit der Erstausgabe im Winter 1996 erscheinen in jedem Schuljahr regelm\u00e4\u00dfig aktuelle Themenhefte. Die Zeitung konzentriert sich in jeder Ausgabe auf ein bestimmtes Titelthema, unter dem viele verschiedene Einzelartikel rund um dieses Motto versammelt sind. Au\u00dferdem &hellip;\" \/>\n<meta property=\"og:url\" content=\"https:\/\/dfg-lfa.org\/fr\/unterricht\/ags\/schulerzeitung\/\" \/>\n<meta property=\"og:site_name\" content=\"Lyc\u00e9e Franco-Allemand de Sarrebruck\" \/>\n<meta property=\"article:publisher\" content=\"https:\/\/www.facebook.com\/dfglfa\/\" \/>\n<meta property=\"article:modified_time\" content=\"2026-01-30T20:31:00+00:00\" \/>\n<meta property=\"og:image\" content=\"https:\/\/dfg-lfa.org\/wp-content\/uploads\/schzeitung081.JPG\" \/>\n\t<meta property=\"og:image:width\" content=\"800\" \/>\n\t<meta property=\"og:image:height\" content=\"532\" \/>\n\t<meta property=\"og:image:type\" content=\"image\/jpeg\" \/>\n<meta name=\"twitter:card\" content=\"summary_large_image\" \/>\n<meta name=\"twitter:site\" content=\"@DFGLFA\" \/>\n<meta name=\"twitter:label1\" content=\"Dur\u00e9e de lecture estim\u00e9e\" \/>\n\t<meta name=\"twitter:data1\" content=\"8 minutes\" \/>\n<script type=\"application\/ld+json\" class=\"yoast-schema-graph\">{\"@context\":\"https:\\\/\\\/schema.org\",\"@graph\":[{\"@type\":\"WebPage\",\"@id\":\"https:\\\/\\\/dfg-lfa.org\\\/fr\\\/unterricht\\\/ags\\\/schulerzeitung\\\/\",\"url\":\"https:\\\/\\\/dfg-lfa.org\\\/fr\\\/unterricht\\\/ags\\\/schulerzeitung\\\/\",\"name\":\"Journal scolaire \\\" C'est la vie \\\" - Lyc\u00e9e Franco-Allemand de Sarrebruck\",\"isPartOf\":{\"@id\":\"https:\\\/\\\/dfg-lfa.org\\\/fr\\\/#website\"},\"primaryImageOfPage\":{\"@id\":\"https:\\\/\\\/dfg-lfa.org\\\/fr\\\/unterricht\\\/ags\\\/schulerzeitung\\\/#primaryimage\"},\"image\":{\"@id\":\"https:\\\/\\\/dfg-lfa.org\\\/unterricht\\\/ags\\\/schulerzeitung\\\/#primaryimage\"},\"thumbnailUrl\":\"https:\\\/\\\/dfg-lfa.org\\\/wp-content\\\/uploads\\\/schzeitung081.JPG\",\"datePublished\":\"2009-09-02T10:13:19+00:00\",\"dateModified\":\"2026-01-30T20:31:00+00:00\",\"breadcrumb\":{\"@id\":\"https:\\\/\\\/dfg-lfa.org\\\/fr\\\/unterricht\\\/ags\\\/schulerzeitung\\\/#breadcrumb\"},\"inLanguage\":\"fr-FR\",\"potentialAction\":[{\"@type\":\"ReadAction\",\"target\":[[\"https:\\\/\\\/dfg-lfa.org\\\/fr\\\/unterricht\\\/ags\\\/schulerzeitung\\\/\"]]}]},{\"@type\":\"ImageObject\",\"inLanguage\":\"fr-FR\",\"@id\":\"https:\\\/\\\/dfg-lfa.org\\\/fr\\\/unterricht\\\/ags\\\/schulerzeitung\\\/#primaryimage\",\"url\":\"https:\\\/\\\/dfg-lfa.org\\\/wp-content\\\/uploads\\\/schzeitung081.JPG\",\"contentUrl\":\"https:\\\/\\\/dfg-lfa.org\\\/wp-content\\\/uploads\\\/schzeitung081.JPG\",\"width\":\"800\",\"height\":\"532\",\"caption\":\"C'est la vie - in Marokko\"},{\"@type\":\"BreadcrumbList\",\"@id\":\"https:\\\/\\\/dfg-lfa.org\\\/fr\\\/unterricht\\\/ags\\\/schulerzeitung\\\/#breadcrumb\",\"itemListElement\":[{\"@type\":\"ListItem\",\"position\":1,\"name\":\"Startseite\",\"item\":\"https:\\\/\\\/dfg-lfa.org\\\/fr\\\/\"},{\"@type\":\"ListItem\",\"position\":2,\"name\":\"AGs &#038; Projekte\",\"item\":\"https:\\\/\\\/dfg-lfa.org\\\/fr\\\/unterricht\\\/\"},{\"@type\":\"ListItem\",\"position\":3,\"name\":\"Arbeitsgemeinschaften\",\"item\":\"https:\\\/\\\/dfg-lfa.org\\\/fr\\\/unterricht\\\/ags\\\/\"},{\"@type\":\"ListItem\",\"position\":4,\"name\":\"Sch\u00fclerzeitung &#8222;C&#8217;est la vie&#8220;\"}]},{\"@type\":\"WebSite\",\"@id\":\"https:\\\/\\\/dfg-lfa.org\\\/fr\\\/#website\",\"url\":\"https:\\\/\\\/dfg-lfa.org\\\/fr\\\/\",\"name\":\"Lyc\u00e9e Franco-Allemand de Sarrebruck\",\"description\":\"Einander begegnen \u2013 Avancer ensemble \u2013 We make Europe happen\",\"publisher\":{\"@id\":\"https:\\\/\\\/dfg-lfa.org\\\/fr\\\/#organization\"},\"potentialAction\":[{\"@type\":\"SearchAction\",\"target\":{\"@type\":\"EntryPoint\",\"urlTemplate\":\"https:\\\/\\\/dfg-lfa.org\\\/fr\\\/?s={search_term_string}\"},\"query-input\":{\"@type\":\"PropertyValueSpecification\",\"valueRequired\":true,\"valueName\":\"search_term_string\"}}],\"inLanguage\":\"fr-FR\"},{\"@type\":\"Organization\",\"@id\":\"https:\\\/\\\/dfg-lfa.org\\\/fr\\\/#organization\",\"name\":\"Deutsch-Franz\u00f6sisches Gymnasium Saarbr\u00fccken\",\"url\":\"https:\\\/\\\/dfg-lfa.org\\\/fr\\\/\",\"logo\":{\"@type\":\"ImageObject\",\"inLanguage\":\"fr-FR\",\"@id\":\"https:\\\/\\\/dfg-lfa.org\\\/fr\\\/#\\\/schema\\\/logo\\\/image\\\/\",\"url\":\"https:\\\/\\\/dfg-lfa.org\\\/wp-content\\\/uploads\\\/DFG-logo.png\",\"contentUrl\":\"https:\\\/\\\/dfg-lfa.org\\\/wp-content\\\/uploads\\\/DFG-logo.png\",\"width\":200,\"height\":77,\"caption\":\"Deutsch-Franz\u00f6sisches Gymnasium Saarbr\u00fccken\"},\"image\":{\"@id\":\"https:\\\/\\\/dfg-lfa.org\\\/fr\\\/#\\\/schema\\\/logo\\\/image\\\/\"},\"sameAs\":[\"https:\\\/\\\/www.facebook.com\\\/dfglfa\\\/\",\"https:\\\/\\\/x.com\\\/DFGLFA\",\"https:\\\/\\\/www.instagram.com\\\/dfg_lfa_saarbruecken\\\/\",\"https:\\\/\\\/www.youtube.com\\\/channel\\\/UCoxV4_gnJ3blV1U7iOjCV7w\\\/\",\"https:\\\/\\\/de.wikipedia.org\\\/wiki\\\/Deutsch-Franz\u00f6sisches_Gymnasium_in_Saarbr\u00fccken\"]}]}<\/script>\n<!-- \/ Yoast SEO plugin. -->","yoast_head_json":{"title":"Journal scolaire \" C'est la vie \" - Lyc\u00e9e Franco-Allemand de Sarrebruck","robots":{"index":"index","follow":"follow","max-snippet":"max-snippet:-1","max-image-preview":"max-image-preview:large","max-video-preview":"max-video-preview:-1"},"canonical":"https:\/\/dfg-lfa.org\/fr\/unterricht\/ags\/schulerzeitung\/","og_locale":"fr_FR","og_type":"article","og_title":"Journal scolaire \" C'est la vie \" - Lyc\u00e9e Franco-Allemand de Sarrebruck","og_description":"C\u2019est La Vie (kurz: CLV) hei\u00dft die bekannte und mehrfach preisgekr\u00f6nte Sch\u00fclerzeitung des DFG. Seit der Erstausgabe im Winter 1996 erscheinen in jedem Schuljahr regelm\u00e4\u00dfig aktuelle Themenhefte. Die Zeitung konzentriert sich in jeder Ausgabe auf ein bestimmtes Titelthema, unter dem viele verschiedene Einzelartikel rund um dieses Motto versammelt sind. Au\u00dferdem &hellip;","og_url":"https:\/\/dfg-lfa.org\/fr\/unterricht\/ags\/schulerzeitung\/","og_site_name":"Lyc\u00e9e Franco-Allemand de Sarrebruck","article_publisher":"https:\/\/www.facebook.com\/dfglfa\/","article_modified_time":"2026-01-30T20:31:00+00:00","og_image":[{"width":800,"height":532,"url":"https:\/\/dfg-lfa.org\/wp-content\/uploads\/schzeitung081.JPG","type":"image\/jpeg"}],"twitter_card":"summary_large_image","twitter_site":"@DFGLFA","twitter_misc":{"Dur\u00e9e de lecture estim\u00e9e":"8 minutes"},"schema":{"@context":"https:\/\/schema.org","@graph":[{"@type":"WebPage","@id":"https:\/\/dfg-lfa.org\/fr\/unterricht\/ags\/schulerzeitung\/","url":"https:\/\/dfg-lfa.org\/fr\/unterricht\/ags\/schulerzeitung\/","name":"Journal scolaire \" C'est la vie \" - Lyc\u00e9e Franco-Allemand de Sarrebruck","isPartOf":{"@id":"https:\/\/dfg-lfa.org\/fr\/#website"},"primaryImageOfPage":{"@id":"https:\/\/dfg-lfa.org\/fr\/unterricht\/ags\/schulerzeitung\/#primaryimage"},"image":{"@id":"https:\/\/dfg-lfa.org\/unterricht\/ags\/schulerzeitung\/#primaryimage"},"thumbnailUrl":"https:\/\/dfg-lfa.org\/wp-content\/uploads\/schzeitung081.JPG","datePublished":"2009-09-02T10:13:19+00:00","dateModified":"2026-01-30T20:31:00+00:00","breadcrumb":{"@id":"https:\/\/dfg-lfa.org\/fr\/unterricht\/ags\/schulerzeitung\/#breadcrumb"},"inLanguage":"fr-FR","potentialAction":[{"@type":"ReadAction","target":[["https:\/\/dfg-lfa.org\/fr\/unterricht\/ags\/schulerzeitung\/"]]}]},{"@type":"ImageObject","inLanguage":"fr-FR","@id":"https:\/\/dfg-lfa.org\/fr\/unterricht\/ags\/schulerzeitung\/#primaryimage","url":"https:\/\/dfg-lfa.org\/wp-content\/uploads\/schzeitung081.JPG","contentUrl":"https:\/\/dfg-lfa.org\/wp-content\/uploads\/schzeitung081.JPG","width":"800","height":"532","caption":"C'est la vie - in Marokko"},{"@type":"BreadcrumbList","@id":"https:\/\/dfg-lfa.org\/fr\/unterricht\/ags\/schulerzeitung\/#breadcrumb","itemListElement":[{"@type":"ListItem","position":1,"name":"Startseite","item":"https:\/\/dfg-lfa.org\/fr\/"},{"@type":"ListItem","position":2,"name":"AGs &#038; Projekte","item":"https:\/\/dfg-lfa.org\/fr\/unterricht\/"},{"@type":"ListItem","position":3,"name":"Arbeitsgemeinschaften","item":"https:\/\/dfg-lfa.org\/fr\/unterricht\/ags\/"},{"@type":"ListItem","position":4,"name":"Sch\u00fclerzeitung &#8222;C&#8217;est la vie&#8220;"}]},{"@type":"WebSite","@id":"https:\/\/dfg-lfa.org\/fr\/#website","url":"https:\/\/dfg-lfa.org\/fr\/","name":"Lyc\u00e9e Franco-Allemand de Sarrebruck","description":"Einander begegnen \u2013 Avancer ensemble \u2013 We make Europe happen","publisher":{"@id":"https:\/\/dfg-lfa.org\/fr\/#organization"},"potentialAction":[{"@type":"SearchAction","target":{"@type":"EntryPoint","urlTemplate":"https:\/\/dfg-lfa.org\/fr\/?s={search_term_string}"},"query-input":{"@type":"PropertyValueSpecification","valueRequired":true,"valueName":"search_term_string"}}],"inLanguage":"fr-FR"},{"@type":"Organization","@id":"https:\/\/dfg-lfa.org\/fr\/#organization","name":"Deutsch-Franz\u00f6sisches Gymnasium Saarbr\u00fccken","url":"https:\/\/dfg-lfa.org\/fr\/","logo":{"@type":"ImageObject","inLanguage":"fr-FR","@id":"https:\/\/dfg-lfa.org\/fr\/#\/schema\/logo\/image\/","url":"https:\/\/dfg-lfa.org\/wp-content\/uploads\/DFG-logo.png","contentUrl":"https:\/\/dfg-lfa.org\/wp-content\/uploads\/DFG-logo.png","width":200,"height":77,"caption":"Deutsch-Franz\u00f6sisches Gymnasium Saarbr\u00fccken"},"image":{"@id":"https:\/\/dfg-lfa.org\/fr\/#\/schema\/logo\/image\/"},"sameAs":["https:\/\/www.facebook.com\/dfglfa\/","https:\/\/x.com\/DFGLFA","https:\/\/www.instagram.com\/dfg_lfa_saarbruecken\/","https:\/\/www.youtube.com\/channel\/UCoxV4_gnJ3blV1U7iOjCV7w\/","https:\/\/de.wikipedia.org\/wiki\/Deutsch-Franz\u00f6sisches_Gymnasium_in_Saarbr\u00fccken"]}]}},"_links":{"self":[{"href":"https:\/\/dfg-lfa.org\/fr\/wp-json\/wp\/v2\/pages\/50","targetHints":{"allow":["GET"]}}],"collection":[{"href":"https:\/\/dfg-lfa.org\/fr\/wp-json\/wp\/v2\/pages"}],"about":[{"href":"https:\/\/dfg-lfa.org\/fr\/wp-json\/wp\/v2\/types\/page"}],"author":[{"embeddable":true,"href":"https:\/\/dfg-lfa.org\/fr\/wp-json\/wp\/v2\/users\/2"}],"replies":[{"embeddable":true,"href":"https:\/\/dfg-lfa.org\/fr\/wp-json\/wp\/v2\/comments?post=50"}],"version-history":[{"count":13,"href":"https:\/\/dfg-lfa.org\/fr\/wp-json\/wp\/v2\/pages\/50\/revisions"}],"predecessor-version":[{"id":69741,"href":"https:\/\/dfg-lfa.org\/fr\/wp-json\/wp\/v2\/pages\/50\/revisions\/69741"}],"up":[{"embeddable":true,"href":"https:\/\/dfg-lfa.org\/fr\/wp-json\/wp\/v2\/pages\/49"}],"wp:featuredmedia":[{"embeddable":true,"href":"https:\/\/dfg-lfa.org\/fr\/wp-json\/wp\/v2\/media\/475"}],"wp:attachment":[{"href":"https:\/\/dfg-lfa.org\/fr\/wp-json\/wp\/v2\/media?parent=50"}],"curies":[{"name":"wp","href":"https:\/\/api.w.org\/{rel}","templated":true}]}}